{"id":3,"date":"2019-08-06T12:10:39","date_gmt":"2019-08-06T12:10:39","guid":{"rendered":"https:\/\/ujravezetni.hu\/cimlap\/?page_id=3"},"modified":"2019-09-17T10:21:26","modified_gmt":"2019-09-17T10:21:26","slug":"privacy-policy","status":"publish","type":"page","link":"https:\/\/ujravezetni.hu\/cimlap\/privacy-policy\/","title":{"rendered":"ADATV\u00c9DELMI POLITIKA"},"content":{"rendered":"<p>Tartalma: \u00c1ltal\u00e1nos Szerz\u0151d\u00e9si Felt\u00e9tele \u2013 Adatv\u00e9delmi Szab\u00e1lyzat, Adatkezel\u00e9si Szab\u00e1lyzat<\/p>\n<p>&nbsp;<\/p>\n<h2>ADATV\u00c9DELMI SZAB\u00c1LYZAT<\/h2>\n<p>Adatv\u00e9delmi Szab\u00e1lyzat<br \/>\nAdatv\u00e9delmi politika<br \/>\nAdatv\u00e9delmi Szab\u00e1lyzata az InfoCart-Team Bt. tulajdon\u00e1ban l\u00e9v\u0151 weboldalakra vonatkoz\u00f3an. T\u00e9telesen: infocart.hu, bal1.hu, ujravezetni.hu honlapok<br \/>\n\u00c9rv\u00e9nyess\u00e9g kezdete: 2019.09.17.<br \/>\nAz \u00fczemeltet\u0151-tulajdonos Infocart-Team Bt. tiszteletben tartja a l\u00e1togat\u00f3k \u00e9s felhaszn\u00e1l\u00f3k szem\u00e9lyhez f\u0171z\u0151d\u0151 jogait \u00e9s biztos\u00edtja a l\u00e1togat\u00f3k \u00e9s felhaszn\u00e1l\u00f3k mag\u00e1nszf\u00e9r\u00e1j\u00e1nak v\u00e9delm\u00e9t. Infocart-team bt. akkor gy\u0171jt \u00d6nr\u0151l adatokat, amikor honlapjainkat \u00e9s m\u00e1s online term\u00e9keinket, valamint szolg\u00e1ltat\u00e1sainkat (egy\u00fcttesen: \u201eSzolg\u00e1ltat\u00e1sok\u201d) ig\u00e9nybe veszi, egyszersmind egy\u00e9b m\u00f3don egy\u00fcttm\u0171k\u00f6dik, valamint kommunik\u00e1ci\u00f3t folytat vel\u00fcnk.<br \/>\nA jelen Adatv\u00e9delmi nyilatkozat (\u201eNyilatkozat\u201d) a vil\u00e1gon b\u00e1rhol \u00e9rv\u00e9nyes azon szem\u00e9lyekre, akik a mi Szolg\u00e1ltat\u00e1sainkat arra haszn\u00e1lj\u00e1k, hogy szolg\u00e1ltat\u00e1sainkat ig\u00e9nyeljenek (\u201eFelhaszn\u00e1l\u00f3k\u201d). Szem\u00e9lyes adatok alatt \u00e9rtj\u00fck azon adatokat, melyek alapj\u00e1n l\u00e1togat\u00f3inkat \u00e9s felhaszn\u00e1l\u00f3inkat azonos\u00edtani tudjuk, p\u00e9ld\u00e1ul felhaszn\u00e1l\u00f3n\u00e9v \u00e9s e-mail c\u00edm. A l\u00e1togat\u00f3k \u00e9s felhaszn\u00e1l\u00f3k fizikai el\u00e9r\u00e9s\u00e9re alkalmas adatokat (pl. lakc\u00edm) kiz\u00e1r\u00f3lag a l\u00e1togat\u00f3 \u00e9s felhaszn\u00e1l\u00f3 el\u0151zetes \u00f6nk\u00e9ntes kifejezett hozz\u00e1j\u00e1rul\u00e1sa alapj\u00e1n kezel\u00fcnk, amely hozz\u00e1j\u00e1rul\u00e1s megfelel\u0151 t\u00e1j\u00e9koztat\u00e1son alapul, \u00e9s amellyel a jogosult f\u00e9lre\u00e9rthetetlen \u00e9s konkr\u00e9t beleegyez\u00e9s\u00e9t adja a r\u00e1 vonatkoz\u00f3 szem\u00e9lyes adatok kezel\u00e9s\u00e9hez.<br \/>\nAz Infocart-team bt. csak olyan szem\u00e9lyes adatokat r\u00f6gz\u00edt, melyeket a l\u00e1togat\u00f3 vagy a felhaszn\u00e1l\u00f3 \u00f6nk\u00e9ntesen ad meg a regisztr\u00e1ci\u00f3kor, illet\u0151leg a \u00e1ltal ny\u00fajtott regisztr\u00e1ci\u00f3mentes szolg\u00e1ltat\u00e1sok ig\u00e9nybev\u00e9telekor. Szem\u00e9lyes adatait kiz\u00e1r\u00f3lag a szolg\u00e1ltat\u00e1s ny\u00fajt\u00e1s\u00e1val kapcsolatos c\u00e9lokra haszn\u00e1ljuk fel, tov\u00e1bb\u00e1 csak olyan szem\u00e9lyes adatokat kezel\u00fcnk, amelyek a szolg\u00e1ltat\u00e1s ny\u00fajt\u00e1s\u00e1hoz elengedhetetlenek, a szolg\u00e1ltat\u00e1s ny\u00fajt\u00e1s\u00e1val kapcsolatos c\u00e9l el\u00e9r\u00e9s\u00e9re alkalmasak \u00e9s azokat csak a c\u00e9l megval\u00f3sul\u00e1s\u00e1hoz sz\u00fcks\u00e9ges m\u00e9rt\u00e9kben \u00e9s ideig kezelj\u00fck.<br \/>\nSZOLG\u00c1LTAT\u00c1SAINKNAK AZ \u00d6N R\u00c9SZ\u00c9R\u0150L T\u00d6RT\u00c9N\u0150 IG\u00c9NYBEV\u00c9TELE R\u00c9V\u00c9N GY\u0170JT\u00d6TT ADATOK:<br \/>\nAmikor Szolg\u00e1ltat\u00e1sainkat ig\u00e9nybe veszi, a k\u00f6vetkez\u0151 \u00e1ltal\u00e1nos kateg\u00f3ri\u00e1kban gy\u0171jt\u00fcnk \u00d6nr\u0151l adatokat:<br \/>\nHelymeghat\u00e1roz\u00e1si adatok: Amikor \u00d6n a Szolg\u00e1ltat\u00e1sokat ismeretszerz\u00e9s vagy ismeretmegoszt\u00e1s c\u00e9lj\u00e1b\u00f3l ig\u00e9nybe veszi, pontos helymeghat\u00e1roz\u00e1si adatokat gy\u0171jt\u00fcnk kapcsolattart\u00e1si c\u00e9lb\u00f3l. Amennyiben \u00d6n a Infocart-team bt. weboldalait haszn\u00e1lja, hozz\u00e1vet\u0151leges tart\u00f3zkod\u00e1si hely\u00e9t IP-c\u00edm\u00e9b\u0151l ki tudjuk k\u00f6vetkeztetni.<br \/>\nSzem\u00e9lyes profilra vonatkoz\u00f3 adatok: Amikor \u00d6n a Infocart-team bt. honlapjain regisztr\u00e1l a ismeretszerz\u00e9s vagy ismeretmegoszt\u00e1s szolg\u00e1ltat\u00e1s c\u00e9lj\u00e1b\u00f3l t\u00f6rt\u00e9n\u0151 ig\u00e9nybev\u00e9tel\u00e9re, ki kell t\u00f6ltenie a profil adatokat. Itt olyan szem\u00e9lyes adatait k\u00e9rj\u00fck, melyek sz\u00fcks\u00e9gesek a kapcsolattart\u00e1shoz, \u00e9s p\u00e9nz\u00fcgyi rendszer m\u0171k\u00f6dtet\u00e9s\u00e9hez.<br \/>\nTranzakci\u00f3s, statisztikai adatok: A Szolg\u00e1ltat\u00e1sainknak az \u00d6n r\u00e9sz\u00e9r\u0151l t\u00f6rt\u00e9n\u0151 ig\u00e9nybev\u00e9tel\u00e9vel kapcsolatos tranzakci\u00f3s statisztikai r\u00e9szleteit gy\u0171jtj\u00fck, bele\u00e9rtve az ig\u00e9nyelt szolg\u00e1ltat\u00e1s t\u00edpus\u00e1t, a ny\u00fajtott szolg\u00e1ltat\u00e1s d\u00e1tum\u00e1t \u00e9s id\u0151pontj\u00e1t, a felsz\u00e1m\u00edtott \u00f6sszeget, \u00e9s egy\u00e9b fontos tranzakci\u00f3s r\u00e9szleteket.<br \/>\nAz alkalmaz\u00e1ssal \u00e9s be\u00e1ll\u00edt\u00e1sokkal kapcsolatos adatok: Adatokat gy\u0171jt\u00fcnk azzal kapcsolatban, hogyan kommunik\u00e1l \u00d6n \u00e9s a weboldal l\u00e1togat\u00f3i Szolg\u00e1ltat\u00e1sainkkal, valamint melyek a kifejezett preferenci\u00e1k, illetve a v\u00e1lasztott be\u00e1ll\u00edt\u00e1sok. Egyes szolg\u00e1ltat\u00e1saink egyedi azonos\u00edt\u00f3t, \u00fagynevezett cookie-t helyeznek el felhaszn\u00e1l\u00f3ink sz\u00e1m\u00edt\u00f3g\u00e9p\u00e9n. A cookie-k kiz\u00e1r\u00f3lag a felhaszn\u00e1l\u00f3k azonos\u00edt\u00e1s\u00e1nak megk\u00f6nny\u00edt\u00e9s\u00e9t szolg\u00e1lj\u00e1k, m\u00e1s c\u00e9lra nem vessz\u00fck \u0151ket ig\u00e9nybe. A cookie-fogad\u00e1s l\u00e1togat\u00f3i, felhaszn\u00e1l\u00f3i tilt\u00e1sa szolg\u00e1ltat\u00e1saink ig\u00e9nybev\u00e9tel\u00e9nek nem akad\u00e1lya. Kiv\u00e9telt k\u00e9pez ez al\u00f3l, ha a Szolg\u00e1ltat\u00f3 el\u0151zetesen t\u00e1j\u00e9koztatja a l\u00e1togat\u00f3t, felhaszn\u00e1l\u00f3t ennek ellenkez\u0151j\u00e9r\u0151l.<br \/>\nAz oldalra beregisztr\u00e1l\u00f3 Felhaszn\u00e1l\u00f3 a regisztr\u00e1ci\u00f3 sor\u00e1n kifejezett \u00e9s \u00f6nk\u00e9ntes hozz\u00e1j\u00e1rul\u00e1s\u00e1t adja ahhoz is, hogy a Infocart-team bt. \u00e9s weboldalai r\u00f6gz\u00edtse a lakc\u00edmek\u00e9nt megjel\u00f6lt megy\u00e9re\/v\u00e1rosra vonatkoz\u00f3 adat\u00e1t is \u00e9s ezen adat a profilj\u00e1hoz hozz\u00e1rendel\u00e9sre ker\u00fclj\u00f6n. Ezen adat harmadik szem\u00e9lyek fel\u00e9 \u2013 a jogszab\u00e1lyban meghat\u00e1rozott eseteken, valamint a felhaszn\u00e1l\u00f3 erre vonatkoz\u00f3 kifejezett \u00e9s \u00f6nk\u00e9ntes hozz\u00e1j\u00e1rul\u00e1s\u00e1n t\u00fal \u2013 nem ker\u00fclnek tov\u00e1bb\u00edt\u00e1sra. Infocart-team bt. az adatkezel\u00e9s sor\u00e1n biztos\u00edtja az adatok pontoss\u00e1g\u00e1t, teljess\u00e9g\u00e9t \u00e9s naprak\u00e9szs\u00e9g\u00e9t, valamint azt, hogy a l\u00e1togat\u00f3kat \u00e9s a felhaszn\u00e1l\u00f3kat csak az adatkezel\u00e9s c\u00e9lj\u00e1hoz sz\u00fcks\u00e9ges ideig lehessen azonos\u00edtani, az adataik t\u00f6rl\u00e9s\u00e9t b\u00e1rmikor kezdem\u00e9nyezhess\u00e9k. Ha b\u00e1rmelyik l\u00e1togat\u00f3nk, vagy felhaszn\u00e1l\u00f3nk k\u00e9ri, hogy szem\u00e9lyes adatait t\u00f6r\u00f6lj\u00fck ki saj\u00e1t rendszer\u00fcnkb\u0151l (term\u00e9szetesen bizonyos esetben v\u00e1llalva azt, hogy att\u00f3l fogva nem, vagy nem teljes m\u00f3don tudja ig\u00e9nybe venni a szolg\u00e1ltat\u00e1st), ezt halad\u00e9ktalanul teljes\u00edtj\u00fck. K\u00e9rj\u00fck, hogy ezt az ig\u00e9ny\u00e9t vagy a szem\u00e9lyes adatok kezel\u00e9s\u00e9vel kapcsolatos b\u00e1rmely k\u00e9rd\u00e9s\u00e9t, megjegyz\u00e9s\u00e9t e-mailen jelezze nek\u00fcnk az info@infocart.hu c\u00edmre.<br \/>\nAZ \u00c1LTALUNK EGY\u00c9B FORR\u00c1SOKB\u00d3L GY\u0170JT\u00d6TT ADATOK<br \/>\nAdatokat m\u00e1s forr\u00e1sokb\u00f3l sz\u00e1rmaz\u00f3an is kaphatunk, amelyeket \u00f6sszevonunk a Szolg\u00e1ltat\u00e1sainkon kereszt\u00fcl gy\u0171jt\u00f6tt adatokkal. P\u00e9ld\u00e1ul:<br \/>\nHa \u00fagy d\u00f6nt, hogy az Infocart-team bt. honlapjainak fi\u00f3kj\u00e1ra k\u00f6z\u00f6ss\u00e9gi m\u00e9dia szolg\u00e1ltat\u00e1sok (pl., Facebook) seg\u00edts\u00e9g\u00e9vel hivatkozik, vagy azok seg\u00edts\u00e9g\u00e9vel hozza azt l\u00e9tre, illetve jelentkezik be oda, vagy amennyiben \u00d6n k\u00fcl\u00f6n alkalmaz\u00e1ssal, illetve honlappal van kapcsolatban, amely egy\u00e9bk\u00e9nt a mi API-nket haszn\u00e1lja (vagy amelynek API-j\u00e9t mi haszn\u00e1ljuk), el\u0151fordulhat, hogy az \u00d6nnel vagy az \u00d6n csatlakoz\u00e1saival kapcsolatos adatokat az eml\u00edtett weboldalr\u00f3l vagy alkalmaz\u00e1st\u00f3l kapjuk.<br \/>\nA Infocart-team bt. gondoskodik az adatok biztons\u00e1g\u00e1r\u00f3l, tov\u00e1bb\u00e1 megteszi azokat a technikai \u00e9s szervez\u00e9si int\u00e9zked\u00e9seket \u00e9s kialak\u00edtja azokat az elj\u00e1r\u00e1si szab\u00e1lyokat, amelyek az inform\u00e1ci\u00f3s \u00f6nrendelkez\u00e9si jogr\u00f3l \u00e9s az inform\u00e1ci\u00f3szabads\u00e1gr\u00f3l sz\u00f3l\u00f3 2011. \u00e9vi CXII. t\u00f6rv\u00e9ny, valamint az egy\u00e9b adat- \u00e9s titokv\u00e9delmi szab\u00e1lyok \u00e9rv\u00e9nyre juttat\u00e1s\u00e1hoz sz\u00fcks\u00e9gesek. Az adatokat megfelel\u0151 int\u00e9zked\u00e9sekkel v\u00e9dj\u00fck a jogosulatlan hozz\u00e1f\u00e9r\u00e9s, megv\u00e1ltoztat\u00e1s, tov\u00e1bb\u00edt\u00e1s, nyilv\u00e1noss\u00e1gra hozatal, t\u00f6rl\u00e9s vagy megsemmis\u00edt\u00e9s, valamint a v\u00e9letlen megsemmis\u00fcl\u00e9s \u00e9s s\u00e9r\u00fcl\u00e9s, tov\u00e1bb\u00e1 az alkalmazott technika megv\u00e1ltoz\u00e1s\u00e1b\u00f3l fakad\u00f3 hozz\u00e1f\u00e9rhetetlenn\u00e9 v\u00e1l\u00e1s ellen.<br \/>\nA szolg\u00e1ltat\u00e1saink r\u00e9sz\u00e9t k\u00e9pez\u0151 nyilv\u00e1nos kommunik\u00e1ci\u00f3s csatorn\u00e1kat (ismeretszerz\u0151 vagy ismeretmegoszt\u00f3 \u00e9rt\u00e9kel\u00e9se) minden felhaszn\u00e1l\u00f3nk saj\u00e1t felel\u0151ss\u00e9g\u00e9re veszi ig\u00e9nybe. A k\u00fcl\u00f6nb\u00f6z\u0151 sz\u00f6veges \u00e9rt\u00e9kel\u00e9sek szerz\u0151i joga az adott felhaszn\u00e1l\u00f3t illeti, ugyanakkor a Szolg\u00e1ltat\u00f3nak joga van azokb\u00f3l korl\u00e1toz\u00e1s n\u00e9lk\u00fcl id\u00e9zni, illetve azokat sokszoros\u00edtani. A hozz\u00e1sz\u00f3l\u00e1sok harmadik f\u00e9l \u00e1ltal csak szem\u00e9lyes haszn\u00e1latra nyomtathat\u00f3k, t\u00f6lthet\u0151ek le, illetve terjeszthet\u0151k, \u00e9s kiz\u00e1r\u00f3lag a Szolg\u00e1ltat\u00f3 \u00edr\u00e1sbeli hozz\u00e1j\u00e1rul\u00e1s\u00e1val lehet \u0151ket felhaszn\u00e1lni. Felh\u00edvjuk l\u00e1togat\u00f3ink \u00e9s felhaszn\u00e1l\u00f3ink figyelm\u00e9t, hogy a nyilv\u00e1nos kommunik\u00e1ci\u00f3s csatorn\u00e1kon megjelen\u0151 hozz\u00e1sz\u00f3l\u00e1sokra, a nyilv\u00e1nos k\u00f6zl\u00e9sekre \u00e9rv\u00e9nyes k\u00fcl\u00f6nb\u00f6z\u0151 jogszab\u00e1lyok az ir\u00e1nyad\u00f3ak (2010. \u00e9vi CLXXXV. t\u00f6rv\u00e9ny, 1978. \u00e9vi IV. t\u00f6rv\u00e9ny). A kommunik\u00e1ci\u00f3s szolg\u00e1ltat\u00e1sokat ig\u00e9nybe vev\u0151 felhaszn\u00e1l\u00f3k egyedi el\u00e9r\u00e9s\u00e9re alkalmas adatokat a legnagyobb k\u00f6r\u00fcltekint\u00e9ssel, szigor\u00faan bizalmasan kezelj\u00fck, azokhoz illet\u00e9ktelenek nem f\u00e9rhetnek hozz\u00e1, azokat \u2013 a t\u00f6rv\u00e9nyben el\u0151\u00edrt kiv\u00e9telekt\u0151l eltekintve \u2013 harmadik f\u00e9l r\u00e9sz\u00e9re nem adjuk \u00e1t. A sz\u00f6veges \u00e9rt\u00e9kel\u00e9sekbe tilos az olyan tev\u00e9kenys\u00e9g hirdet\u00e9se, megjelen\u00edt\u00e9se, amely\u00e9rt p\u00e9nzt, vagy m\u00e1s ellenszolg\u00e1ltat\u00e1st k\u00e9rnek illetve fogadnak el, vagy amellyel b\u00e1rmilyen a Szolg\u00e1ltat\u00f3val \u00fczleti vagy partnerkapcsolatban nem \u00e1ll\u00f3 szolg\u00e1ltat\u00f3 term\u00e9k\u00e9t, vagy szolg\u00e1ltat\u00e1s\u00e1t n\u00e9pszer\u0171s\u00edtenek, aj\u00e1nlanak, vagy azokra utalnak.<br \/>\nAz adatb\u00e1zis kezel\u00e9s\u00e9t, az informatikai fejleszt\u00e9st az InfoCart-Team Bt. v\u00e9gzi. A Szolg\u00e1ltat\u00f3 \u00e1tadhatja szerz\u0151d\u00e9ses partnerei r\u00e9sz\u00e9re a felhaszn\u00e1l\u00f3k adatait \u2013 n\u00e9v, e-mail c\u00edm \u2013, melynek \u00e1tad\u00e1s\u00e1hoz a felhaszn\u00e1l\u00f3 jelen szab\u00e1lyzat el\u0151zetesen, kifejezetten \u00e9s \u00f6nk\u00e9ntesen hozz\u00e1j\u00e1rul. Az adatkezel\u00e9s sor\u00e1n a Szolg\u00e1ltat\u00f3 biztos\u00edtja az adatok pontoss\u00e1g\u00e1t, teljess\u00e9g\u00e9t \u00e9s naprak\u00e9szs\u00e9g\u00e9t, valamint azt,<br \/>\nhogy a felhaszn\u00e1l\u00f3t csak az adatkezel\u00e9s c\u00e9lj\u00e1hoz sz\u00fcks\u00e9ges ideig lehessen azonos\u00edtani. Szolg\u00e1ltat\u00f3 kijelenti, hogy amennyiben az adatkezel\u0151 \u2013 jelen pontban r\u00f6gz\u00edtett \u2013 szem\u00e9ly\u00e9ben v\u00e1ltoz\u00e1s t\u00f6rt\u00e9nik, \u00fagy halad\u00e9ktalanul t\u00e1j\u00e9koztatja a felhaszn\u00e1l\u00f3t.<br \/>\nA Felhaszn\u00e1l\u00f3k fizet\u00e9sre vonatkoz\u00f3 bank\u00e1rtyainform\u00e1ci\u00f3t \u2013 a PayPal (Europe) S.\u00e0 r.l. et Cie, S.C.A. v\u00e9gzi, melyre a PayPal szigor\u00fa adatv\u00e9delmi el\u0151\u00edr\u00e1sai vonatkoznak.<br \/>\nAz \u00fczemeltet\u0151 InfoCart-Team Bt. az adatkezel\u00e9si tev\u00e9kenys\u00e9g\u00e9t bejelentette az adatv\u00e9delmi nyilv\u00e1ntart\u00e1shoz.<br \/>\nAz InfoCart-Team Bt. adatkezel\u00e9si nyilv\u00e1ntart\u00e1si sz\u00e1ma: NAIH-89187\/2015.<br \/>\nUtols\u00f3 m\u00f3dos\u00edt\u00e1s: 2015. szeptember 22., kedd, 17:24<\/p>\n<p>&nbsp;<\/p>\n<h2>\u00c1ltal\u00e1nos Szerz\u0151d\u00e9si Felt\u00e9telek<\/h2>\n<p>Fogalmak:<br \/>\nOldalak: infocart.hu, bal1.hu, ujravezetni.hu<br \/>\nAlkalmaz\u00e1s: az infocart.hu, bal1.hu, ujravezetni.hu weboldalr\u00f3l el\u00e9rhet\u0151 felhaszn\u00e1l\u00f3i fel\u00fcletek.<br \/>\nSzolg\u00e1ltat\u00e1sok: az infocart.hu, bal1.hu, ujravezetni.hu szolg\u00e1ltat\u00e1sai olyan online fel\u00fcleten kereszt\u00fcl, amelyek lehet\u0151s\u00e9get biztos\u00edtanak mind az ismeretanyaggal rendelkez\u0151nek (tov\u00e1bbiakban tan\u00edt\u00f3) mind az ismeretanyagot elsaj\u00e1t\u00edt\u00f3nak (tov\u00e1bbiakban tanul\u00f3), hogy a tud\u00e1sanyagot megoszthass\u00e1k egym\u00e1s k\u00f6z\u00f6tt.<br \/>\nTartalom: az \u00f6sszes tartalom, amelyet a T\u00e1rsas\u00e1g el\u00e9rhet\u0151v\u00e9 tesz az Oldalon, a Szolg\u00e1ltat\u00e1sokon kereszt\u00fcl, ide\u00e9rtve b\u00e1rmely harmadik f\u00e9lt\u0151l licenck\u00e9nt v\u00e1s\u00e1rolt tartalmat, de ide nem \u00e9rtve a Tag (regisztr\u00e1lt felhaszn\u00e1l\u00f3) \u00e1ltal k\u00f6zz\u00e9tett vagy szolg\u00e1ltatott tartalmat, \u00edgy k\u00fcl\u00f6n\u00f6sen, de nem kiz\u00e1r\u00f3lag a sz\u00f6vegeket, grafik\u00e1kat, k\u00e9peket, zen\u00e9t, szoftvert, hanganyagokat, k\u00e9panyagokat, inform\u00e1ci\u00f3kat vagy egy\u00e9b anyagokat.<br \/>\nT\u00e1rsas\u00e1g: az InfoCart-Team Bt. mint az Oldal m\u0171k\u00f6dtet\u0151je (a tov\u00e1bbiakban \u201emi\u201d).<br \/>\nVend\u00e9g: az az internetet haszn\u00e1l\u00f3 szem\u00e9ly, aki nem regisztr\u00e1l a infocart.hu, bal1.hu, ujravezetni.hu -ra, ott kiz\u00e1r\u00f3lag olvashatja a megosztott tartalmat, \u00e9s csak a vend\u00e9g l\u00e1togat\u00f3knak enged\u00e9lyezett nyilv\u00e1nos tartalomhoz f\u00e9r hozz\u00e1.<br \/>\nTan\u00edt\u00f3: olyan mag\u00e1nszem\u00e9ly (term\u00e9szetes szem\u00e9ly) vagy jogi szem\u00e9ly, aki tud\u00e1sanyaggal, ismeretekkel rendelkezik, amit megoszthat az alkalmaz\u00e1son kereszt\u00fcl, a T\u00e1rsas\u00e1gnak pedig az Oldal \u00e9s az Alkalmaz\u00e1s haszn\u00e1lat\u00e1\u00e9rt d\u00edjat fizet.<br \/>\nTanul\u00f3: a Tan\u00edt\u00f3 \u00e1ltal elk\u00e9sz\u00edtett, \u00e9s a \u201eINFOCART.HU, BAL1.HU, UJRAVEZETNI.HU HONLAPOK\u201d-ra felt\u00f6lt\u00f6tt tud\u00e1sanyag megismer\u00e9s\u00e9re lehet\u0151s\u00e9get kap\u00f3 regisztr\u00e1lt felhaszn\u00e1l\u00f3.<br \/>\nTag: azon szem\u00e9ly, aki a fi\u00f3k-regisztr\u00e1ci\u00f3s folyamatunkat b\u00e1rmely szintig kit\u00f6lti, k\u00fcl\u00f6n\u00f6sen, de nem kiz\u00e1r\u00f3lagosan az itt k\u00f6r\u00fcl\u00edrt Tan\u00edt\u00f3k \u00e9s Tanul\u00f3k.<br \/>\nIsmeretanyag: az a tud\u00e1smennyis\u00e9g, amit a Tan\u00edt\u00f3 bocs\u00e1t rendelkez\u00e9sre a Tanul\u00f3k r\u00e9sz\u00e9re, ak\u00e1r d\u00edjmentes, ak\u00e1r t\u00e9r\u00edt\u00e9ses form\u00e1ban.<br \/>\nKurzus: az ismeretanyagot tartalmaz\u00f3 oktat\u00e1si egys\u00e9g az oktat\u00f3i online fel\u00fcleten<br \/>\nKurzus felv\u00e9tele: Kurzus megtekint\u00e9s\u00e9hez a kurzusba be kell l\u00e9pni. Ez a folyamat a kurzus felv\u00e9tele.<br \/>\nPayPal Fizet\u00e9s: jelenti a Szolg\u00e1ltat\u00e1sokhoz kapcsol\u00f3d\u00f3, a tanul\u00f3knak a tan\u00e1rok fel\u00e9 ir\u00e1nyul\u00f3 d\u00edjaz\u00e1s lebonyol\u00edt\u00e1s\u00e1nak szolg\u00e1ltat\u00f3j\u00e1t, mint harmadik f\u00e9l szolg\u00e1ltat\u00f3t. Valamennyi, a tanul\u00f3 r\u00e9sz\u00e9r\u0151l t\u00f6rt\u00e9n\u0151 fizet\u00e9st kiz\u00e1r\u00f3lag a PayPal<br \/>\nkezeli an\u00e9lk\u00fcl, hogy a T\u00e1rsas\u00e1g fel\u00e9 b\u00e1rmilyen bankk\u00e1rtya adatot k\u00f6z\u00f6lne vagy tov\u00e1bb\u00edtana. A PayPal a Tag \u00e1ltal megadott banki adatokat ellen\u0151rizheti a hat\u00e1lyos PayPal szab\u00e1lyzatoknak megfelel\u0151en. Tov\u00e1bbi inform\u00e1ci\u00f3k a PayPal Fizet\u00e9s rendszerr\u0151l a https:\/\/www.paypal.com oldalon.<br \/>\n\u00c9rt\u00e9kel\u00e9s: minden Tagot \u00e9rt\u00e9kelhetnek a vele kapcsolatba ker\u00fcl\u0151 m\u00e1s Tagok. A \u201eINFOCART.HU, BAL1.HU, UJRAVEZETNI.HU HONLAPOK\u201d f\u0151 c\u00e9lja az ismeretszerz\u00e9snek olyan megb\u00edzhat\u00f3 rendszer\u00e9t l\u00e9trehozni, melyet egym\u00e1s \u00e9rt\u00e9kel\u00e9se is biztos\u00edt.<br \/>\nR\u00e9szv\u00e9teli Felt\u00e9telek<br \/>\nAz Oldal, az Alkalmaz\u00e1s vagy Szolg\u00e1ltat\u00e1sok haszn\u00e1lat\u00e1val a Tag szerz\u0151d\u00e9st k\u00f6t a T\u00e1rsas\u00e1ggal a fent eml\u00edtettek haszn\u00e1lat\u00e1ra. Az Oldal vagy az Alkalmaz\u00e1s haszn\u00e1lat\u00e1val a Tag kifejezetten elismeri, hogy a jelen \u00c1ltal\u00e1nos Szerz\u0151d\u00e9si Felt\u00e9telek (&#8222;Felt\u00e9telek&#8221;) szerz\u0151d\u00e9si felt\u00e9teleket megismerte, azokat elfogadja, \u00e9s azoknak eleget tesz, \u00edgy azok a Tagokat jogilag k\u00f6tik, ak\u00e1r a Szolg\u00e1ltat\u00e1sok regisztr\u00e1lt haszn\u00e1l\u00f3j\u00e1v\u00e1 v\u00e1lnak, ak\u00e1r nem. A jelen Felt\u00e9telek ir\u00e1nyad\u00f3ak a Tag Oldalhoz, Alkalmaz\u00e1shoz \u00e9s Szolg\u00e1ltat\u00e1sokhoz, valamint valamennyi Tartalomhoz val\u00f3 hozz\u00e1f\u00e9r\u00e9s\u00e9hez, illetve azok haszn\u00e1lat\u00e1hoz, \u00e9s azok a Tag \u00e9s a T\u00e1rsas\u00e1g k\u00f6z\u00f6tt l\u00e9trej\u00f6v\u0151, k\u00f6telez\u0151 jogi erej\u0171 meg\u00e1llapod\u00e1st jelentenek.<br \/>\nK\u00c9J\u00dcK, FIGYELMESEN OLVASSA EL ADATV\u00c9DELMI SZAB\u00c1LYZATUNKAT IS!<br \/>\nAz a szem\u00e9ly, aki nem fogadja el jelen Felt\u00e9teleket, nem jogosult az Oldalr\u00f3l, az Alkalmaz\u00e1sr\u00f3l vagy a Szolg\u00e1ltat\u00e1sokr\u00f3l inform\u00e1ci\u00f3hoz jutni, illetve nem jogosult az Oldal, az Alkalmaz\u00e1s vagy a Szolg\u00e1ltat\u00e1sok tov\u00e1bbi haszn\u00e1lat\u00e1ra. Az Oldal \u00e9s az Alkalmaz\u00e1s jelen Felt\u00e9teleknek meg nem felel\u0151 haszn\u00e1lata a haszn\u00e1l\u00f3 szem\u00e9ly polg\u00e1ri jogi \u00e9s b\u00fcntet\u0151jogi felel\u0151ss\u00e9gre von\u00e1s\u00e1t vonhatja maga ut\u00e1n.<br \/>\nMinden Tag tudom\u00e1sul veszi, hogy az Oldal \u00e9s az Alkalmaz\u00e1s bizonyos r\u00e9szei (valamint a Tag hozz\u00e1f\u00e9r\u00e9se a Szolg\u00e1ltat\u00e1sok vagy a Teljes Tartalom bizonyos vonatkoz\u00e1saihoz, illetve azok haszn\u00e1lata) elt\u00e9r\u0151 szerz\u0151d\u00e9si felt\u00e9telek hat\u00e1lya al\u00e1 tartozhatnak, \u00e9s azok haszn\u00e1lat\u00e1hoz, valamint az azokhoz val\u00f3 hozz\u00e1f\u00e9r\u00e9shez tov\u00e1bbi szerz\u0151d\u00e9ses felt\u00e9telek elfogad\u00e1s\u00e1ra lehet sz\u00fcks\u00e9g. Amennyiben az Oldal, Alkalmaz\u00e1s, Szolg\u00e1ltat\u00e1sok, vagy Tartalom speci\u00e1lis ter\u00fcletei vonatkoz\u00e1s\u00e1ban k\u00f6zz\u00e9tett szerz\u0151d\u00e9ses felt\u00e9telek \u00e9s a jelen Felt\u00e9telek k\u00f6z\u00f6tt ellentmond\u00e1s lenne, a speci\u00e1lis szerz\u0151d\u00e9si felt\u00e9telek rendelkeznek els\u0151bbs\u00e9ggel az Oldal, az Alkalmaz\u00e1s, a Szolg\u00e1ltat\u00e1sok, vagy a Tartalom \u00e9rintett r\u00e9szeinek a Tag \u00e1ltali haszn\u00e1lata, ahhoz val\u00f3 hozz\u00e1f\u00e9r\u00e9se tekintet\u00e9ben.<br \/>\nA TAG TUDOM\u00c1SUL VESZI \u00c9S BELEEGYEZIK, HOGY AZ OLDALHOZ, AZ ALKALMAZ\u00c1SHOZ VAGY A SZOLG\u00c1LTAT\u00c1SOKHOZ VAL\u00d3 HOZZ\u00c1F\u00c9R\u00c9SSEL, ANNAK HASZN\u00c1LAT\u00c1VAL, ILLETVE B\u00c1RMELY TARTALOMNAK AZ OLDALR\u00d3L VAL\u00d3 LET\u00d6LT\u00c9S\u00c9VEL VAGY B\u00c1RMELY TARTALOMNAK AZ OLDALON VAL\u00d3 K\u00d6ZZ\u00c9T\u00c9TEL\u00c9VEL AZ ALKALMAZ\u00c1S R\u00c9V\u00c9N VAGY A SZOLG\u00c1LTAT\u00c1SOKON<br \/>\nKERESZT\u00dcL, VALAMINT AZ \u00c9RT\u00c9KEL\u00c9SI PROGRAMBAN VAL\u00d3 R\u00c9SZV\u00c9TELLEL KIFEJEZI AZT, HOGY A JELEN FELT\u00c9TELEKET ELOLVASTA, AZOKAT MEG\u00c9RTETTE \u00c9S ELFOGADTA, HOGY AZOK R\u00c1 N\u00c9ZVE K\u00d6TELEZ\u0150EK, AK\u00c1R REGISZTR\u00c1LT AZ OLDALRA VAGY AZ ALKALMAZ\u00c1SRA, AK\u00c1R NEM. AZ A TAG, AKI JELEN FELT\u00c9TELEKET NEM FOGADJA EL, NEM JOGOSULT AZ OLDALHOZ, AZ ALKALMAZ\u00c1SHOZ, A SZOLG\u00c1LTAT\u00c1SOKHOZ VAGY A TARTALOMHOZ HOZZ\u00c1F\u00c9RNI, AZOKAT HASZN\u00c1LNI.<br \/>\nAmennyiben a Tag a jelen Felt\u00e9teleket jogi szem\u00e9ly nev\u00e9ben fogadja el vagy egyezik azokba bele, a Tag kijelenti \u00e9s szavatolja, hogy megfelel\u0151 felhatalmaz\u00e1ssal rendelkezik az \u00e9rintett jogi k\u00e9pviselet\u00e9re \u00e9s a nev\u00e9ben t\u00f6rt\u00e9n\u0151 szerz\u0151d\u00e9sk\u00f6t\u00e9sre, amely esetben a \u201eTag\u201d az \u00e9rintett jogi szem\u00e9lyre vonatkozik, illetve arra alkalmazand\u00f3.<br \/>\nA haszn\u00e1lat korl\u00e1toz\u00e1sa<br \/>\nAz Oldalt, az Alkalmaz\u00e1st \u00e9s a Szolg\u00e1ltat\u00e1sokat kiz\u00e1r\u00f3lag 18. \u00e9let\u00e9v\u00fcket bet\u00f6lt\u00f6tt szem\u00e9lyek haszn\u00e1lhatj\u00e1k. Az Oldal, Alkalmaz\u00e1s vagy Szolg\u00e1ltat\u00e1sok haszn\u00e1lat\u00e1val a Tag kijelenti \u00e9s szavatolja, hogy 18. \u00e9let\u00e9v\u00e9t bet\u00f6lt\u00f6tte. Valamennyi Tag k\u00f6teles szavatolni \u00e9s elfogadni, hogy:<br \/>\na) 18. \u00e9let\u00e9v\u00e9t bet\u00f6lt\u00f6tte, nem \u00e1ll cselekv\u0151k\u00e9pess\u00e9g\u00e9t korl\u00e1toz\u00f3 vagy kiz\u00e1r\u00f3 gondnoks\u00e1g alatt, valamint \u00e9rv\u00e9nyes jognyilatkozatok t\u00e9tel\u00e9re bel\u00e1t\u00e1si k\u00e9pess\u00e9ggel rendelkezik;<br \/>\nb) a regisztr\u00e1ci\u00f3 sor\u00e1n k\u00f6z\u00f6lt adatok val\u00f3sak \u00e9s pontosak. A megadott adatokban bek\u00f6vetkezett v\u00e1ltoz\u00e1st 48 \u00f3r\u00e1n bel\u00fcl m\u00f3dos\u00edtani k\u00f6teles a weboldal regisztr\u00e1ci\u00f3s fel\u00fclet\u00e9n annak \u00e9rdek\u00e9ben, hogy a Szolg\u00e1ltat\u00e1sokhoz z\u00f6kken\u0151mentesen hozz\u00e1f\u00e9rjen, valamint k\u00f6teles biztos\u00edtani, hogy ezen adatok a regisztr\u00e1ci\u00f3 teljes ideje alatt val\u00f3sak \u00e9s pontosak maradjanak;<br \/>\nc) nem keltheti azt a l\u00e1tszatot, hogy egy m\u00e1sik l\u00e9tez\u0151 szem\u00e9ly, \u00e9s nem regisztr\u00e1lhat a weboldalon m\u00e1s szem\u00e9ly nev\u00e9vel \u00e9s\/vagy szem\u00e9lyes adataival. A T\u00e1rsas\u00e1g ezennel kiz\u00e1r valamennyi felel\u0151ss\u00e9get ilyen hamis regisztr\u00e1ci\u00f3b\u00f3l ered\u0151 b\u00e1rmely k\u00f6vetel\u00e9s\u00e9rt, \u00e9s kiz\u00e1r\u00f3lag a Tag felel valamennyi k\u00e1r\u00e9rt, amelyet harmadik szem\u00e9lynek okozott ilyen regisztr\u00e1ci\u00f3j\u00e1val;<br \/>\nd) a T\u00e1rsas\u00e1gnak nincs lehet\u0151s\u00e9ge r\u00e1, \u00edgy nem is ellen\u0151rzi a regisztr\u00e1ci\u00f3 sor\u00e1n \u00e9s az Oldal\/Alkalmaz\u00e1s haszn\u00e1lata kapcs\u00e1n k\u00f6z\u00f6lt adatok val\u00f3dis\u00e1g\u00e1t \u00e9s pontoss\u00e1g\u00e1t, ezzel kapcsolatban a T\u00e1rsas\u00e1got semmilyen felel\u0151ss\u00e9g nem terheli;<br \/>\ne) k\u00f6teles tart\u00f3zkodni att\u00f3l, hogy megfelel\u0151 felhatalmaz\u00e1s n\u00e9lk\u00fcl megpr\u00f3b\u00e1ljon bel\u00e9pni a weboldalra, annak szervereire \u00e9s h\u00e1l\u00f3zataira, illetve a weboldalhoz kapcsol\u00f3d\u00f3 egy\u00e9b sz\u00e1m\u00edt\u00f3g\u00e9pes rendszerbe vagy h\u00e1l\u00f3zatba.<br \/>\nA Tag k\u00f6teles mindenkor betartani a jelen \u00c1ltal\u00e1nos Szerz\u0151d\u00e9si Felt\u00e9telek valamennyi felt\u00e9tel\u00e9t, \u00e9s tart\u00f3zkodnia kell azok b\u00e1rmilyen form\u00e1ban t\u00f6rt\u00e9n\u0151 megszeg\u00e9s\u00e9t\u0151l.<br \/>\nA Tag tudom\u00e1sul veszi, hogy az \u00c1ltal\u00e1nos Szerz\u0151d\u00e9si Felt\u00e9telek megszeg\u00e9se a weboldalr\u00f3l t\u00f6rt\u00e9n\u0151 azonnali kiz\u00e1r\u00e1s\u00e1t eredm\u00e9nyezheti.<br \/>\nA regisztr\u00e1ci\u00f3val a Tag elfogadja, hogy k\u00f6teles a T\u00e1rsas\u00e1got \u00e9s annak kapcsol\u00f3d\u00f3 v\u00e1llalkoz\u00e1sait, valamint tiszts\u00e9gvisel\u0151it, vezet\u0151it, munkav\u00e1llal\u00f3it \u00e9s megb\u00edzottait valamennyi olyan k\u00f6vetel\u00e9s, k\u00e1r, k\u00f6telezetts\u00e9g, vesztes\u00e9g, felel\u0151ss\u00e9g, k\u00f6lts\u00e9g vagy tartoz\u00e1s, kiad\u00e1s (ide\u00e9rtve de nem kiz\u00e1r\u00f3lagosan a jogi k\u00f6lts\u00e9geket is) tekintet\u00e9ben k\u00e1rtalan\u00edtani, \u00e9s az al\u00f3l mentes\u00edteni, amely abb\u00f3l ered, hogy a Tag a jelen \u00c1ltal\u00e1nos Szerz\u0151d\u00e9si Felt\u00e9telek b\u00e1rmely rendelkez\u00e9s\u00e9t megszegi; \u00e9s\/vagy harmadik szem\u00e9ly b\u00e1rmely jog\u00e1t megs\u00e9rti. Az itt foglalt k\u00e1rtalan\u00edt\u00e1si\/k\u00e1rt\u00e9r\u00edt\u00e9si k\u00f6telezetts\u00e9g a jelen \u00c1ltal\u00e1nos Szerz\u0151d\u00e9si Felt\u00e9telek hat\u00e1ly\u00e1nak megsz\u0171nt\u00e9t, valamint a weboldal haszn\u00e1lat\u00e1nak befejez\u00e9s\u00e9t k\u00f6vet\u0151en is fennmarad.<br \/>\nA Tag regisztr\u00e1ci\u00f3j\u00e1val elfogadja, hogy az \u00e1ltala felt\u00f6lt\u00f6tt tud\u00e1sanyag (mely ak\u00e1r d\u00edjaz\u00e1s ellen\u00e9ben, ak\u00e1r ingyenesen el\u00e9rhet\u0151), nem tartalmazhat semmif\u00e9le olyan tartalmat, tartalmakat. melyek szem\u00e9lyis\u00e9gi jogot, szerz\u0151i jogot, k\u00f6zerk\u00f6lcs\u00f6t, vagy j\u00f3 \u00edzl\u00e9st s\u00e9rthetnek. A \u201eINFOCART.HU, BAL1.HU, UJRAVEZETNI.HU HONLAPOK\u201d fenntartja a jogot, hogy a Tag Felhaszn\u00e1l\u00f3i Fi\u00f3kj\u00e1t, illetve a Tag Oldalhoz \u00e9s Szolg\u00e1ltat\u00e1shoz val\u00f3 hozz\u00e1f\u00e9r\u00e9s\u00e9t felf\u00fcggessze vagy t\u00f6r\u00f6lje, ha a fentiekben megfogalmazott felt\u00e9teleknek nem felel meg.<br \/>\nAz Oldal \u00e9s a Szolg\u00e1ltat\u00e1sok m\u0171k\u00f6d\u00e9se<br \/>\nFi\u00f3kregisztr\u00e1ci\u00f3 (\u00daj fi\u00f3k l\u00e9trehoz\u00e1sa)<br \/>\nAz Oldal bizonyos funkci\u00f3inak el\u00e9r\u00e9s\u00e9hez, illetve a Szolg\u00e1ltat\u00e1sok el\u00e9r\u00e9s\u00e9hez Tagg\u00e1 v\u00e1l\u00e1s, azaz regisztr\u00e1ci\u00f3 \u00e9s felhaszn\u00e1l\u00f3i fi\u00f3k l\u00e9trehoz\u00e1sa sz\u00fcks\u00e9ges. A Tagoknak k\u00f6telez\u0151en meg kell adniuk szem\u00e9lyes adataikat (n\u00e9v, nem, sz\u00fclet\u00e9si d\u00e1tum, telefonsz\u00e1m, e-mail c\u00edm), profiljukat, valamint a Tan\u00edt\u00f3knak banksz\u00e1mlasz\u00e1mukat is (a Tanul\u00f3i d\u00edjaz\u00e1s tov\u00e1bb\u00edt\u00e1s\u00e1nak biztos\u00edt\u00e1s\u00e1hoz). A Tagok el\u00e9rhet\u0151s\u00e9gi adatai (c\u00edm, navig\u00e1ci\u00f3s adatok) azonban csak visszaigazol\u00e1st k\u00f6vet\u0151en v\u00e1lnak el\u00e9rhet\u0151v\u00e9. A Tagok \u00e1ltal k\u00f6zz\u00e9tett adatok \u00e9s inform\u00e1ci\u00f3k helyess\u00e9g\u00e9\u00e9rt \u00e9s val\u00f3s\u00e1gnak megfelel\u0151s\u00e9g\u00e9\u00e9rt a T\u00e1rsas\u00e1got semmilyen felel\u0151ss\u00e9g nem terheli.<br \/>\nA Szolg\u00e1ltat\u00e1sokhoz val\u00f3 csatlakoz\u00e1s \u00e9rdek\u00e9ben a l\u00e1togat\u00f3 az Oldalon kereszt\u00fcl k\u00f6zvetlen\u00fcl, vagy a jelen szakaszban le\u00edrtak szerint k\u00f6zvetve regisztr\u00e1lhat. A csatlakoz\u00e1shoz egyes harmadik f\u00e9l k\u00f6z\u00f6ss\u00e9gi h\u00e1l\u00f3 oldalakon (\u201eK\u00f6z\u00f6ss\u00e9gi H\u00e1l\u00f3\u201d, ide\u00e9rtve, de nem kiz\u00e1r\u00f3lagosan a Facebookot) megl\u00e9v\u0151 fi\u00f3kba (minden ilyen fi\u00f3k \u201eHarmadik F\u00e9ln\u00e9l Regisztr\u00e1lt Fi\u00f3k\u201d) t\u00f6rt\u00e9n\u0151 bel\u00e9p\u00e9ssel is lehet regisztr\u00e1lni az Oldalunkon vagy az Alkalmaz\u00e1sunkon kereszt\u00fcl, az al\u00e1bbiak szerint.<br \/>\nAz Oldal a Szolg\u00e1ltat\u00e1sok m\u0171k\u00f6d\u00e9s\u00e9nek r\u00e9sze, hogy a Tag a felhaszn\u00e1l\u00f3i Fi\u00f3kj\u00e1t \u00f6sszekapcsolhatja Harmadik F\u00e9ln\u00e9l Regisztr\u00e1lt Fi\u00f3kj\u00e1val a k\u00f6vetkez\u0151 m\u00f3dok valamelyike r\u00e9v\u00e9n:<br \/>\na Harmadik F\u00e9ln\u00e9l Regisztr\u00e1lt Fi\u00f3kj\u00e1nak bel\u00e9p\u00e9si adatait megadja a \u201eINFOCART.HU, BAL1.HU, UJRAVEZETNI.HU HONLAPOK\u201d r\u00e9sz\u00e9re az Oldalon, a Szolg\u00e1ltat\u00e1sokon vagy az Alkalmaz\u00e1son kereszt\u00fcl; vagy enged\u00e9lyezi, hogy a \u201eINFOCART.HU, BAL1.HU, UJRAVEZETNI.HU HONLAPOK\u201d hozz\u00e1f\u00e9rjen Harmadik F\u00e9ln\u00e9l Regisztr\u00e1lt Fi\u00f3kj\u00e1hoz az egyes Harmadik F\u00e9ln\u00e9l Regisztr\u00e1lt Fi\u00f3k haszn\u00e1lat\u00e1ra vonatkoz\u00f3 szerz\u0151d\u00e9si felt\u00e9telekben megengedettek szerint. A Tag kijelenti, hogy jogosult a Harmadik F\u00e9ln\u00e9l Regisztr\u00e1lt Fi\u00f3kj\u00e1nak bel\u00e9p\u00e9si adatait a \u201eINFOCART.HU, BAL1.HU, UJRAVEZETNI.HU HONLAPOK\u201d-nak felt\u00e1rni, \u00e9s\/vagy a \u201eINFOCART.HU, BAL1.HU, UJRAVEZETNI.HU HONLAPOK\u201d-nak hozz\u00e1f\u00e9r\u00e9st engedni a Harmadik F\u00e9ln\u00e9l Regisztr\u00e1lt Fi\u00f3kj\u00e1hoz (ide\u00e9rtve de nem kiz\u00e1r\u00f3lagosan az itt le\u00edrt c\u00e9lok \u00e9rdek\u00e9ben), an\u00e9lk\u00fcl, hogy azzal a Harmadik F\u00e9ln\u00e9l Regisztr\u00e1lt Fi\u00f3kra ir\u00e1nyad\u00f3 szerz\u0151d\u00e9si felt\u00e9telek b\u00e1rmelyik\u00e9t megs\u00e9rten\u00e9, valamint an\u00e9lk\u00fcl, hogy az a \u201eINFOCART.HU, BAL1.HU, UJRAVEZETNI.HU HONLAPOK\u201d-t b\u00e1rmilyen d\u00edjfizet\u00e9sre k\u00f6telezn\u00e9, vagy a \u201eINFOCART.HU, BAL1.HU, UJRAVEZETNI.HU HONLAPOK\u201d-t b\u00e1rmely olyan haszn\u00e1lati korl\u00e1toz\u00e1snak vetn\u00e9 al\u00e1, amelyet ezen harmadik f\u00e9l szolg\u00e1ltat\u00f3 alkalmaz. Azzal, hogy a \u201eINFOCART.HU, BAL1.HU, UJRAVEZETNI.HU HONLAPOK\u201d-nak hozz\u00e1f\u00e9r\u00e9st enged b\u00e1rmely Harmadik F\u00e9ln\u00e9l Regisztr\u00e1lt Fi\u00f3khoz, a Tag tudom\u00e1sul veszi, hogy a \u201eINFOCART.HU, BAL1.HU, UJRAVEZETNI.HU HONLAPOK\u201d hozz\u00e1 fog f\u00e9rni, hozz\u00e1f\u00e9rhet\u0151v\u00e9 fog tenni, \u00e9s (ha alkalmazand\u00f3) t\u00e1rolni fog b\u00e1rmely olyan tartalmat, amelyet a Tag a Harmadik F\u00e9ln\u00e9l Regisztr\u00e1lt Fi\u00f3kj\u00e1ban megadott vagy ott t\u00e1rol (\u201eK\u00f6z\u00f6ss\u00e9gi H\u00e1l\u00f3 Tartalom\u201d) akk\u00e9nt, hogy az az Oldalon, a Szolg\u00e1ltat\u00e1sokon \u00e9s az Alkalmaz\u00e1son, illetve azokon kereszt\u00fcl a Tag Felhaszn\u00e1l\u00f3i Fi\u00f3kja \u00e9s a Felhaszn\u00e1l\u00f3i Fi\u00f3k profiloldal\u00e1n kereszt\u00fcl el\u00e9rhet\u0151v\u00e9 v\u00e1lik. Hacsak a jelen Felt\u00e9telekben m\u00e1sk\u00e9nt nem ker\u00fcl szab\u00e1lyoz\u00e1sra, valamennyi K\u00f6z\u00f6ss\u00e9gi H\u00e1l\u00f3 Tartalom, ha van ilyen, a Tag Tartalm\u00e1nak tekintend\u0151 a jelen Felt\u00e9telek alkalmaz\u00e1sa szempontj\u00e1b\u00f3l. A Tag \u00e1ltal v\u00e1lasztott Harmadik F\u00e9ln\u00e9l Regisztr\u00e1lt Fi\u00f3kt\u00f3l f\u00fcgg\u0151en, valamint a Tag ezen Harmadik F\u00e9ln\u00e9l Regisztr\u00e1lt Fi\u00f3kj\u00e1ban megadott adatv\u00e9delmi be\u00e1ll\u00edt\u00e1sainak megfelel\u0151en a Tag \u00e1ltal a Harmadik F\u00e9ln\u00e9l Regisztr\u00e1lt Fi\u00f3kj\u00e1ban k\u00f6zz\u00e9tett szem\u00e9lyazonos\u00edt\u00e1sra alkalmas inform\u00e1ci\u00f3 a Tag Felhaszn\u00e1l\u00f3i Fi\u00f3kj\u00e1n \u00e9s azon kereszt\u00fcl az Oldalon, a Szolg\u00e1ltat\u00e1sokon \u00e9s az Alkalmaz\u00e1son el\u00e9rhet\u0151v\u00e9 v\u00e1lik. Felh\u00edvjuk figyelm\u00e9t, hogy amennyiben valamely Harmadik F\u00e9ln\u00e9l Regisztr\u00e1lt Fi\u00f3k vagy kapcsol\u00f3d\u00f3 szolg\u00e1ltat\u00e1s a tov\u00e1bbiakban nem lesz el\u00e9rhet\u0151, vagy a \u201eINFOCART.HU, BAL1.HU, UJRAVEZETNI.HU HONLAPOK\u201d hozz\u00e1f\u00e9r\u00e9s\u00e9t ezen Harmadik F\u00e9ln\u00e9l Regisztr\u00e1lt Fi\u00f3khoz a harmadik f\u00e9l szolg\u00e1ltat\u00f3 megsz\u00fcnteti, a K\u00f6z\u00f6ss\u00e9gi H\u00e1l\u00f3 Tartalom a tov\u00e1bbiakban nem lesz el\u00e9rhet\u0151 az Oldalon, a Szolg\u00e1ltat\u00e1sokon vagy az Alkalmaz\u00e1son, illetve azokon kereszt\u00fcl. A Tag b\u00e1rmikor letilthatja a felhaszn\u00e1l\u00f3i Fi\u00f3kja \u00e9s a Harmadik F\u00e9ln\u00e9l Regisztr\u00e1lt Fi\u00f3kja k\u00f6z\u00f6tti kapcsolatot.<br \/>\nFELH\u00cdVJUK FIGYELM\u00c9T, HOGY A TAG HARMADIK F\u00c9LN\u00c9L REGISZTR\u00c1LT FI\u00d3KJ\u00c1HOZ KAPCSOL\u00d3D\u00d3 HARMADIK F\u00c9L SZOLG\u00c1LTAT\u00d3KKAL VAL\u00d3 JOGVISZONY\u00c1RA KIZ\u00c1R\u00d3LAG A TAG EZEN HARMADIK F\u00c9L SZOLG\u00c1LTAT\u00d3KKAL FENN\u00c1L\u00d3 MEG\u00c1LLAPOD\u00c1SA(I )IR\u00c1NYAD\u00d3(K).<br \/>\nA \u201eINFOCART.HU, BAL1.HU, UJRAVEZETNI.HU HONLAPOK\u201d nem tesz l\u00e9p\u00e9seket annak \u00e9rdek\u00e9ben, hogy b\u00e1rmely K\u00f6z\u00f6ss\u00e9gi H\u00e1l\u00f3 Tartalmat b\u00e1rmely c\u00e9lb\u00f3l vizsg\u00e1ljon, ide\u00e9rtve, de nem kiz\u00e1r\u00f3lagosan annak pontoss\u00e1ga, jogszer\u0171s\u00e9ge vagy jogs\u00e9rt\u00e9s-mentess\u00e9ge c\u00e9lj\u00e1b\u00f3l, valamint a \u201eINFOCART.HU, BAL1.HU, UJRAVEZETNI.HU HONLAPOK\u201d nem felel semmilyen K\u00f6z\u00f6ss\u00e9gi H\u00e1l\u00f3 Tartalom\u00e9rt.<br \/>\nMi a Tag Felhaszn\u00e1l\u00f3i Fi\u00f3kj\u00e1t azon szem\u00e9lyes adatok alapj\u00e1n hozzuk l\u00e9tre, amelyeket a Tag megad, vagy amihez a K\u00f6z\u00f6ss\u00e9gi H\u00e1l\u00f3n kereszt\u00fcl jutunk a fent \u00edrtak szerint. A Tagnak nem lehet egyn\u00e9l t\u00f6bb akt\u00edv Felhaszn\u00e1l\u00f3i Fi\u00f3kja. A Tag v\u00e1llalja, hogy a regisztr\u00e1ci\u00f3 sor\u00e1n pontos, \u00e9rv\u00e9nyes \u00e9s teljes inform\u00e1ci\u00f3kat ad meg, illetve hogy ezen adatokat friss\u00edti annak \u00e9rdek\u00e9ben, hogy azok pontosak, \u00e9rv\u00e9nyesek \u00e9s teljesek maradjanak. A \u201eINFOCART.HU, BAL1.HU, UJRAVEZETNI.HU HONLAPOK\u201d fenntartja a jogot, hogy A Tag Felhaszn\u00e1l\u00f3i Fi\u00f3kj\u00e1t, illetve a Tag Oldalhoz \u00e9s Szolg\u00e1ltat\u00e1shoz val\u00f3 hozz\u00e1f\u00e9r\u00e9s\u00e9t felf\u00fcggessze vagy t\u00f6r\u00f6lje, ha t\u00f6bb, mint egy Felhaszn\u00e1l\u00f3i Fi\u00f3kot hoz l\u00e9tre, vagy ha a regisztr\u00e1ci\u00f3 sor\u00e1n vagy a k\u00e9s\u0151bbiekben megadott adatokr\u00f3l kider\u00fcl, hogy nem pontosak, nem \u00e9rv\u00e9nyesek vagy nem teljesek, illetve amennyiben egy\u00e9b m\u00f3don megs\u00e9rtik a jelen Felt\u00e9telekben foglalt rendelkez\u00e9seket.<br \/>\nA Tag felel a jelszava meg\u0151rz\u00e9s\u00e9\u00e9rt, \u00e9s v\u00e1llalja, hogy harmadik f\u00e9l r\u00e9sz\u00e9re nem t\u00e1rja fel a jelszav\u00e1t. A Tag tudom\u00e1sul veszi, hogy kiz\u00e1r\u00f3lagosan felel minden, az \u0151 Felhaszn\u00e1l\u00f3i Fi\u00f3kja alatti tev\u00e9kenys\u00e9g\u00e9rt vagy tett\u00e9rt, legyen az ak\u00e1r a Tag \u00e1ltal enged\u00e9lyezett tev\u00e9kenys\u00e9g vagy tett, ak\u00e1r nem. A Tag k\u00f6teles a Felhaszn\u00e1l\u00f3i Fi\u00f3kj\u00e1nak b\u00e1rmely felhatalmaz\u00e1s n\u00e9lk\u00fcli haszn\u00e1lat\u00e1t azonnal jelezni a \u201eINFOCART.HU, BAL1.HU, UJRAVEZETNI.HU HONLAPOK\u201d fel\u00e9.<br \/>\nFELH\u00cdVJUK FIGYELM\u00c9T, HOGY A \u201eINFOCART.HU, BAL1.HU, UJRAVEZETNI.HU HONLAPOK\u201d SEM FELEL\u0150SS\u00c9GET, SEM B\u00c1RMILYEN K\u00d6TELEZETTS\u00c9GET NEM V\u00c1LLAL AZ\u00c9RT, HOGY EGYES TAGOK HARMADIK FELEKKEL K\u00d6T\u00d6TT B\u00c1RMELY MEG\u00c1LLAPOD\u00c1SUKAT VAGY FEL\u00c9J\u00dcK VAL\u00d3 K\u00d6TELEZETTS\u00c9GEIKET, ILLETVE AZ ALKALMAZAND\u00d3 JOGSZAB\u00c1LYOKAT, SZAB\u00c1LYOKAT \u00c9S SZAB\u00c1LYOZ\u00c1SOKAT BETARTJ\u00c1K-E.<br \/>\nA \u201eINFOCART.HU, BAL1.HU, UJRAVEZETNI.HU HONLAPOK\u201d fenntartja a jogot, hogy b\u00e1rmikor \u00e9s el\u0151zetes \u00e9rtes\u00edt\u00e9s n\u00e9lk\u00fcl b\u00e1rmely okb\u00f3l t\u00f6r\u00f6lj\u0151n vagy letiltson b\u00e1rmely tartalmat vagy ahhoz val\u00f3 hozz\u00e1f\u00e9r\u00e9st, ide\u00e9rtve azon tartalmakat, amelyekr\u0151l a \u201eINFOCART.HU, BAL1.HU, UJRAVEZETNI.HU HONLAPOK\u201d saj\u00e1t bel\u00e1t\u00e1sa szerint \u00fagy gondolja, hogy b\u00e1rmely okb\u00f3l kifog\u00e1solhat\u00f3k, a jelen Felt\u00e9teleket vagy egy\u00e9b \u201eINFOCART.HU, BAL1.HU, UJRAVEZETNI.HU HONLAPOK\u201d szab\u00e1lyzatot s\u00e9rtenek, vagy egy\u00e9bk\u00e9nt k\u00e1rosak az Oldalra, vagy a Szolg\u00e1ltat\u00e1sokra. A t\u00f6rl\u00e9ssel \u00e9s letilt\u00e1ssal kapcsolatban a \u201eINFOCART.HU, BAL1.HU, UJRAVEZETNI.HU HONLAPOK\u201d-t semmilyen k\u00e1rt\u00e9r\u00edt\u00e9si vagy k\u00e1rtalan\u00edt\u00e1si k\u00f6telezetts\u00e9g nem terheli.<br \/>\nA fentiek mellett a \u201eINFOCART.HU, BAL1.HU, UJRAVEZETNI.HU HONLAPOK\u201d \u00e9s ez\u00e1ltal az InfoCart-Team Bt. korl\u00e1tozott felhatalmaz\u00e1ssal b\u00edr\u00f3, fizet\u00e9s elsz\u00e1mol\u00e1si \u00fcgyn\u00f6kk\u00e9nt NEM m\u0171k\u00f6dik k\u00f6zre a Tanul\u00f3k \u00e9s Tan\u00edt\u00f3k k\u00f6zti kifizet\u00e9sben, a Tan\u00edt\u00f3 \u00e1ltal meghat\u00e1rozott \u00f6sszegek Tan\u00edt\u00f3 nev\u00e9ben t\u00f6rt\u00e9n\u0151 fogad\u00e1sa c\u00e9lj\u00e1b\u00f3l.<br \/>\nJ\u00f3v\u00e1hagy\u00e1s hi\u00e1nya<br \/>\nA \u201eINFOCART.HU, BAL1.HU, UJRAVEZETNI.HU HONLAPOK\u201d-nak nem feladata, ez\u00e9rt a Tagoknak vagy a felt\u00f6lt\u00e9sre ker\u00fcl\u0151 ismeretanyagoknak a j\u00f3v\u00e1hagy\u00e1s\u00e1t nem v\u00e9gzi el, de fenntartja mag\u00e1nak a jogot azok esetenk\u00e9nti ellen\u0151rz\u00e9s\u00e9re. Az Oldal, az Alkalmaz\u00e1s vagy a Szolg\u00e1ltat\u00e1sok haszn\u00e1lat\u00e1val a Tag beleegyezik, hogy b\u00e1rmely jogorvoslat vagy felel\u0151ss\u00e9gre von\u00e1s, amelyet b\u00e1rmely Tag valamely m\u00e1sik Tag vagy harmadik f\u00e9l tette vagy mulaszt\u00e1sa miatt \u00e9rv\u00e9nyes\u00edteni k\u00edv\u00e1n, arra a konkr\u00e9t Tag vagy harmadik f\u00e9l elleni k\u00f6vetel\u00e9sre korl\u00e1toz\u00f3dik, aki neki k\u00e1rt okozott. Ezen ig\u00e9nyekkel kapcsolatban a T\u00e1rsas\u00e1got sem k\u00f6zvetlen\u00fcl sem k\u00f6zvetetten semmilyen felel\u0151ss\u00e9g nem terheli. A Tag beleegyezik, hogy nem k\u00eds\u00e9rel meg felel\u0151ss\u00e9get r\u00f3ni a \u201eINFOCART.HU, BAL1.HU, UJRAVEZETNI.HU HONLAPOK\u201d-ra, vagy b\u00e1rmely jogorvoslatot ig\u00e9nyelni a \u201eINFOCART.HU, BAL1.HU, UJRAVEZETNI.HU HONLAPOK\u201d-t\u00f3l, ezen tettek vagy mulaszt\u00e1sok tekintet\u00e9ben. Ennek megfelel\u0151en a \u201eINFOCART.HU, BAL1.HU, UJRAVEZETNI.HU HONLAPOK\u201d tagjait arra \u00f6szt\u00f6nzi, hogy m\u00e1s Tagokkal k\u00f6zvetlen\u00fcl kommunik\u00e1ljanak az Oldalon \u00e9s a Szolg\u00e1ltat\u00e1sokon b\u00e1rmely tud\u00e1sanyaga kapcs\u00e1n.<br \/>\nA Tagok magatart\u00e1sa<br \/>\nA Tag tudom\u00e1sul veszi \u00e9s beleegyezik, hogy az Oldal, Alkalmaz\u00e1s, Szolg\u00e1ltat\u00e1sok \u00e9s Tartalom haszn\u00e1lata sor\u00e1n kiz\u00e1r\u00f3lagos felel\u0151ss\u00e9ggel tartozik b\u00e1rmely \u00e9s valamennyi alkalmazand\u00f3 jogszab\u00e1lynak val\u00f3 megfelel\u00e9s\u00e9rt, szab\u00e1lyok, szab\u00e1lyoz\u00e1s \u00e9s ad\u00f3k\u00f6telezetts\u00e9g betart\u00e1s\u00e1\u00e9rt. Az Oldal, Alkalmaz\u00e1s, Szolg\u00e1ltat\u00e1sok \u00e9s Tartalom haszn\u00e1lata kapcs\u00e1n a Tag v\u00e1llalja, hogy nem fog: semmilyen helyi szab\u00e1lyzatot vagy egy\u00e9b jogszab\u00e1lyt vagy szab\u00e1lyoz\u00e1st, b\u00e1rmely b\u00edr\u00f3s\u00e1gi hat\u00e1rozatot, ide\u00e9rtve, de nem kiz\u00e1r\u00f3lagosan ad\u00f3szab\u00e1lyoz\u00e1st megs\u00e9rteni; manu\u00e1lis vagy automatiz\u00e1lt szoftvert, eszk\u00f6zt, szkriptet, robotot vagy egy\u00e9b eszk\u00f6zt, elj\u00e1r\u00e1st haszn\u00e1lni annak \u00e9rdek\u00e9ben, hogy az Oldalban, az Alkalmaz\u00e1sban, a Szolg\u00e1ltat\u00e1sokban vagy a Tartalomban foglalt b\u00e1rmely weboldalhoz vagy egy\u00e9b szolg\u00e1ltat\u00e1sokhoz hozz\u00e1f\u00e9rjen, programozott adatkinyer\u00e9st (\u201escraping\u201d) nem alkalmaz, valamint nem haszn\u00e1l keres\u0151robotot vagy web spider jelleg\u0171 alkalmaz\u00e1st; az Oldalt, az Alkalmaz\u00e1st, a Szolg\u00e1ltat\u00e1sokat vagy a Tartalmat b\u00e1rmilyen olyan kereskedelmi vagy egy\u00e9b c\u00e9lra haszn\u00e1lni, amit a jelen Felt\u00e9telek kifejezetten meg nem engednek; az Oldalon, az Alkalmaz\u00e1sban, a Szolg\u00e1ltat\u00e1sokban vagy a Tartalomban tal\u00e1lhat\u00f3 b\u00e1rmely inform\u00e1ci\u00f3t m\u00e1solni, t\u00e1rolni vagy egy\u00e9bk\u00e9nt hozz\u00e1f\u00e9rni olyan c\u00e9lokb\u00f3l, amit a jelen Felt\u00e9telek kifejezetten meg nem engednek; b\u00e1rmely szem\u00e9ly vagy jogi szem\u00e9ly jogait, ide\u00e9rtve a szellemi alkot\u00e1sokhoz, szem\u00e9lyis\u00e9gi, nyilv\u00e1noss\u00e1ghoz val\u00f3 vagy szerz\u0151d\u00e9ses jogokat is megs\u00e9rteni; az Oldalt, az Alkalmaz\u00e1st vagy a Szolg\u00e1ltat\u00e1sokat zavarni vagy azokban k\u00e1rt okozni, ide\u00e9rtve, de nem kiz\u00e1r\u00f3lagosan v\u00edrusok, t\u00f6rl\u0151 robotok, tr\u00f3jaiak, \u00e1rtalmas k\u00f3dok, t\u00f6meges pingek, szolg\u00e1ltat\u00e1st megtagad\u00f3 t\u00e1mad\u00e1sok, IP vagy csomag spoofing-t\u00e1mad\u00e1sok,<br \/>\nhamis\u00edtott \u00fatv\u00e1laszt\u00e1s vagy elektronikus levelez\u00e9si c\u00edm, illetve hasonl\u00f3 m\u00f3dszerek vagy technol\u00f3gi\u00e1k alkalmaz\u00e1s\u00e1t; az Oldalt, Alkalmaz\u00e1st vagy a Szolg\u00e1ltat\u00e1sokat arra haszn\u00e1lni, hogy tov\u00e1bb\u00edtson, terjesszen, k\u00f6zz\u00e9tegyen vagy el\u0151terjesszen b\u00e1rmely egy\u00e9b szem\u00e9lyr\u0151l vagy jogi szem\u00e9lyr\u0151l b\u00e1rmilyen inform\u00e1ci\u00f3t, ide\u00e9rtve, de nem kiz\u00e1r\u00f3lagosan m\u00e1sokr\u00f3l k\u00e9sz\u00fclt f\u00e9nyk\u00e9peket a rajta szerepl\u0151 enged\u00e9lye n\u00e9lk\u00fcl, szem\u00e9lyes el\u00e9rhet\u0151s\u00e9gre vonatkoz\u00f3 inform\u00e1ci\u00f3kat vagy bankk\u00e1rtya, vagy banksz\u00e1mlasz\u00e1m adatokat is; az Oldalt, Alkalmaz\u00e1st, Szolg\u00e1ltat\u00e1sokat vagy a Tartalmat k\u00e9retlen kereskedelmi emailek (spamek), vagy a \u201eINFOCART.HU, BAL1.HU, UJRAVEZETNI.HU HONLAPOK\u201d-hoz nem kapcsol\u00f3d\u00f3 hirdet\u00e9sek terjeszt\u00e9s\u00e9vel kapcsolatosan haszn\u00e1lni; az Oldal, Alkalmaz\u00e1s, Szolg\u00e1ltat\u00e1sok vagy a Tartalom b\u00e1rmely felhaszn\u00e1l\u00f3j\u00e1t titokban \u201ek\u00f6vetni\u201d vagy zaklatni, b\u00e1rmely m\u00e1sik Tagr\u00f3l b\u00e1rmilyen szem\u00e9lyes azonos\u00edt\u00e1sra alkalmas inform\u00e1ci\u00f3t gy\u0171jteni vagy t\u00e1rolni \u201eINFOCART.HU, BAL1.HU, UJRAVEZETNI.HU HONLAPOK\u201d Tanul\u00f3k\u00e9nt vagy Tan\u00edt\u00f3k\u00e9nt val\u00f3 kapcsolatba l\u00e9p\u00e9sen k\u00edv\u00fcli m\u00e1s c\u00e9lb\u00f3l; Vend\u00e9gl\u00e1t\u00f3k\u00e9nt b\u00e1rmely olyan Szolg\u00e1ltat\u00e1st aj\u00e1nlani, amely nem saj\u00e1tja, vagy amelynek aj\u00e1nl\u00e1s\u00e1ra nem rendelkezik enged\u00e9llyel; regisztr\u00e1lni t\u00f6bb, mint egy Felhaszn\u00e1l\u00f3i Fi\u00f3kot, illetve regisztr\u00e1lni Felhaszn\u00e1l\u00f3i Fi\u00f3kot m\u00e1s szem\u00e9ly nev\u00e9ben; Tagokkal kapcsolatba l\u00e9pni b\u00e1rmely m\u00e1s c\u00e9lb\u00f3l, mint a megosztott ismeretanyag, ismeretanyagokkal kapcsolatos, vagy az Oldal, Alkalmaz\u00e1s \u00e9s Szolg\u00e1ltat\u00e1sok haszn\u00e1lat\u00e1val kapcsolatos k\u00e9rd\u00e9s feltev\u00e9s\u00e9vel \u00f6sszef\u00fcgg\u00e9sben; b\u00e1rmely Tag toborz\u00e1sa vagy elcs\u00e1b\u00edt\u00e1sa harmadik f\u00e9l szolg\u00e1ltat\u00e1saihoz vagy weboldal\u00e1hoz, amelyek a \u201eINFOCART.HU, BAL1.HU, UJRAVEZETNI.HU HONLAPOK\u201d versenyt\u00e1rsai a \u201eINFOCART.HU, BAL1.HU, UJRAVEZETNI.HU HONLAPOK\u201d el\u0151zetes \u00edr\u00e1sbeli hozz\u00e1j\u00e1rul\u00e1sa n\u00e9lk\u00fcl; b\u00e1rmely m\u00e1sik szem\u00e9lynek vagy jogi szem\u00e9lynek kiadni mag\u00e1t, \u00f6nmag\u00e1t vagy m\u00e1s szem\u00e9lyhez, jogi szem\u00e9lyhez val\u00f3 kapcsolat\u00e1t hamis\u00edtani vagy egy\u00e9bk\u00e9nt hamisan le\u00edrni; automatiz\u00e1lt szkripteket haszn\u00e1lni, hogy az Oldalr\u00f3l, az Alkalmaz\u00e1sr\u00f3l, a Szolg\u00e1ltat\u00e1sokr\u00f3l vagy Tartalomb\u00f3l inform\u00e1ci\u00f3kat gy\u0171jts\u00f6n, vagy azokkal egy\u00e9bk\u00e9nt b\u00e1rmilyen k\u00f6lcs\u00f6nhat\u00e1sba l\u00e9pjen az Oldalt, az Alkalmaz\u00e1st, a Szolg\u00e1ltat\u00e1sokat vagy a Tartalmat arra haszn\u00e1lni, hogy megtal\u00e1ljon egy Tan\u00edt\u00f3t vagy Tanul\u00f3t, majd a \u201eINFOCART.HU, BAL1.HU, UJRAVEZETNI.HU HONLAPOK\u201d-n is megtal\u00e1lhat\u00f3 ismeretanyagot az Oldalt\u00f3l, az Alkalmaz\u00e1st\u00f3l vagy a Szolg\u00e1ltat\u00e1sokt\u00f3l f\u00fcggetlen\u00fcl alkalmazza annak \u00e9rdek\u00e9ben, hogy elker\u00fclje b\u00e1rmely, a \u201eINFOCART.HU, BAL1.HU, UJRAVEZETNI.HU HONLAPOK\u201d fel\u00e9 teljes\u00edtend\u0151 Szolg\u00e1ltat\u00e1si D\u00edj megfizet\u00e9s\u00e9nek k\u00f6telezetts\u00e9g\u00e9t; Tan\u00edt\u00f3k\u00e9nt hamis vagy f\u00e9lrevezet\u0151 \u00e1rinform\u00e1ci\u00f3val ismeretanyagot el\u0151terjeszteni, illetve olyan \u00e1ron terjeszteni el\u0151 b\u00e1rmely ismeretanyagot, amelyet nem k\u00edv\u00e1n biztos\u00edtani; b\u00e1rmely olyan Tartalmat k\u00f6zz\u00e9tenni, felt\u00f6lteni, nyilv\u00e1noss\u00e1gra hozni, el\u0151terjeszteni vagy tov\u00e1bb\u00edtani, ami: bitorolja, jogellenesen haszn\u00e1lja vagy s\u00e9rti harmadik f\u00e9l szabadalm\u00e1t, szerz\u0151i jog\u00e1t, v\u00e9djegy\u00e9t \u00fczleti titkot, szem\u00e9lyhez f\u0171z\u0151d\u0151 jog\u00e1t vagy egy\u00e9b szellemi alkot\u00e1sokhoz f\u0171z\u0151d\u0151 jog\u00e1t, illetve a k\u00f6zz\u00e9t\u00e9telhez vagy mag\u00e1ntitokhoz val\u00f3 jogokat; b\u00e1rmely alkalmazand\u00f3 jogszab\u00e1lyt vagy szab\u00e1lyoz\u00e1st s\u00e9rt, vagy polg\u00e1ri jogi felel\u0151ss\u00e9get alapoz meg, illetve erre buzd\u00edt; csal\u00e1rd, hamis, f\u00e9lrevezet\u0151 vagy megt\u00e9veszt\u0151; obszc\u00e9n, pornogr\u00e1f, vulg\u00e1ris vagy s\u00e9rt\u0151; b\u00e1rmely egy\u00e9n vagy csoport elleni megk\u00fcl\u00f6nb\u00f6ztet\u00e9st, fanatiz\u00e1l\u00e1st, rasszizmust, gy\u0171l\u00f6letet, zaklat\u00e1st vagy k\u00e1rokoz\u00e1st hirdet; er\u0151szakos vagy fenyeget\u0151, illetve er\u0151szakot vagy m\u00e1s<br \/>\nszem\u00e9ly fenyeget\u00e9s\u00e9t hirdeti; illetve illeg\u00e1lis vagy k\u00e1ros tev\u00e9kenys\u00e9geket vagy anyagokat hirdet.<br \/>\nA Tag v\u00e1llalja, hogy nem fog: az Oldalr\u00f3l, az Alkalmaz\u00e1sr\u00f3l vagy a Szolg\u00e1ltat\u00e1sokr\u00f3l m\u00f3dszeresen adatot vagy egy\u00e9b Tartalmat visszafejteni annak \u00e9rdek\u00e9ben, hogy k\u00f6zvetlen\u00fcl vagy k\u00f6zvetve, egyetlen vagy t\u00f6bb let\u00f6lt\u00e9sben gy\u0171jtem\u00e9nyt, \u00f6ssze\u00e1ll\u00edt\u00e1st, adatb\u00e1zist, c\u00edmjegyz\u00e9ket vagy hasonl\u00f3t hozzon l\u00e9tre vagy \u00e1ll\u00edtson \u00f6ssze ak\u00e1r manu\u00e1lis m\u00f3dszerrel, ak\u00e1r robotok, keres\u0151robotok, web spiderek haszn\u00e1lata r\u00e9v\u00e9n, ak\u00e1r m\u00e1sk\u00e9nt; Az Oldalt, az Alkalmaz\u00e1st, a Szolg\u00e1ltat\u00e1sokat vagy a Tartalmat, illetve b\u00e1rmely egyedi elemet az Oldalon, az Alkalmaz\u00e1son, a Szolg\u00e1ltat\u00e1sokon vagy a Tartalmon bel\u00fcl, a \u201eINFOCART.HU, BAL1.HU, UJRAVEZETNI.HU HONLAPOK\u201d nev\u00e9t, b\u00e1rmely \u201eINFOCART.HU, BAL1.HU, UJRAVEZETNI.HU HONLAPOK\u201d v\u00e9djegyet, log\u00f3t vagy egy\u00e9b v\u00e9dett inform\u00e1ci\u00f3t, illetve az Oldal, az Alkalmaz\u00e1s vagy a Szolg\u00e1ltat\u00e1sok kin\u00e9zet\u00e9t \u00e9s diz\u00e1jnj\u00e1t, oldalform\u00e1j\u00e1t haszn\u00e1lni, megjelen\u00edteni, t\u00fckr\u00f6zni vagy \u00f6ssze\u00e1ll\u00edtani a \u201eINFOCART.HU, BAL1.HU, UJRAVEZETNI.HU HONLAPOK\u201d kifejezett \u00edr\u00e1sbeli hozz\u00e1j\u00e1rul\u00e1sa n\u00e9lk\u00fcl; az Oldal, az Alkalmaz\u00e1s vagy a Szolg\u00e1ltat\u00e1sok nem nyilv\u00e1nos r\u00e9szeihez, a \u201eINFOCART.HU, BAL1.HU, UJRAVEZETNI.HU HONLAPOK\u201d sz\u00e1m\u00edt\u00f3g\u00e9pes rendszer\u00e9hez vagy a \u201eINFOCART.HU, BAL1.HU, UJRAVEZETNI.HU HONLAPOK\u201d szolg\u00e1ltat\u00f3inak m\u0171szaki sz\u00e1ll\u00edt\u00e1si rendszereihez hozz\u00e1f\u00e9rni, azokat hamis\u00edtani vagy haszn\u00e1lni; b\u00e1rmely \u201eINFOCART.HU, BAL1.HU, UJRAVEZETNI.HU HONLAPOK\u201d rendszer vagy h\u00e1l\u00f3zat sebezhet\u0151s\u00e9g\u00e9nek tesztel\u00e9s\u00e9t, kif\u00fcrk\u00e9sz\u00e9s\u00e9t vagy kinyomoz\u00e1s\u00e1t megk\u00eds\u00e9relni, illetve b\u00e1rmely biztons\u00e1gi vagy hiteles\u00edt\u00e9si int\u00e9zked\u00e9st megs\u00e9rteni; b\u00e1rmely, a \u201eINFOCART.HU, BAL1.HU, UJRAVEZETNI.HU HONLAPOK\u201d, b\u00e1rmely \u201eINFOCART.HU, BAL1.HU, UJRAVEZETNI.HU HONLAPOK\u201d szolg\u00e1ltat\u00f3 vagy egy\u00e9b harmadik f\u00e9l (ide\u00e9rtve m\u00e1sik Tagot is) \u00e1ltal az Oldal, a Szolg\u00e1ltat\u00e1sok, az Alkalmaz\u00e1s vagy a Tartalom v\u00e9delm\u00e9ben alkalmazott technol\u00f3giai int\u00e9zked\u00e9st elker\u00fclni, megker\u00fclni, inaktiv\u00e1lni, elt\u00e1vol\u00edtani, megrong\u00e1lni, dek\u00f3dolni vagy egy\u00e9bk\u00e9nt megker\u00fclni; b\u00e1rmely TCP\/IP packet headert vagy b\u00e1rmely emailben vagy h\u00edrlev\u00e9lcsoport k\u00f6zz\u00e9t\u00e9telben a header inform\u00e1ci\u00f3 b\u00e1rmely r\u00e9sz\u00e9t meghamis\u00edtani, illetve egy\u00e9bk\u00e9nt az Oldalt, a Szolg\u00e1ltat\u00e1sokat, az Alkalmaz\u00e1st vagy a Tartalmat m\u00f3dos\u00edtott, f\u00e9lrevezet\u0151 vagy hamis forr\u00e1sazonos\u00edt\u00f3j\u00fa inform\u00e1ci\u00f3 k\u00fcld\u00e9s\u00e9re haszn\u00e1lni; az Oldal, a Szolg\u00e1ltat\u00e1sok, az Alkalmaz\u00e1s vagy a Tartalom szolg\u00e1ltat\u00e1s\u00e1hoz haszn\u00e1lt b\u00e1rmely szoftvert megfejteni, sz\u00e9tbontani, visszafejteni; valamint b\u00e1rmely harmadik f\u00e9lnek a fentiek b\u00e1rmelyik\u00e9nek elk\u00f6vet\u00e9s\u00e9t tan\u00e1csolni, arra biztatni vagy abban seg\u00edteni.<br \/>\nA \u201eINFOCART.HU, BAL1.HU, UJRAVEZETNI.HU HONLAPOK\u201d-nak jog\u00e1ban \u00e1ll a jogszab\u00e1lyok \u00e1ltal lehet\u0151v\u00e9 tett legteljesebb m\u00e9rt\u00e9kig kivizsg\u00e1lni \u00e9s szankcion\u00e1lni a fenti cselekm\u00e9nyek b\u00e1rmelyik\u00e9t.<br \/>\nA \u201eINFOCART.HU, BAL1.HU, UJRAVEZETNI.HU HONLAPOK\u201d hozz\u00e1f\u00e9rhet, t\u00e1rolhatja \u00e9s felt\u00e1rhatja a Tag b\u00e1rmely inform\u00e1ci\u00f3j\u00e1t, amely kapcs\u00e1n a jogszab\u00e1lyok azt t\u0151l\u00fcnk elv\u00e1rj\u00e1k vagy ha j\u00f3hiszem\u0171en \u00fagy hissz\u00fck, hogy az \u00e9sszer\u0171en sz\u00fcks\u00e9ges ahhoz, hogy a \u201eINFOCART.HU, BAL1.HU, UJRAVEZETNI.HU HONLAPOK\u201d elleni k\u00f6vetel\u00e9sekre reag\u00e1lhasson, vagy hogy jogi folyamatoknak (mint p\u00e9ld\u00e1ul id\u00e9z\u00e9seknek, szavatoss\u00e1gnak) eleget tehessen, a Tagokkal l\u00e9trej\u00f6tt meg\u00e1llapod\u00e1sainkat, mint p\u00e9ld\u00e1ul a jelen Felt\u00e9teleket \u00e9s kapcsol\u00f3d\u00f3 szab\u00e1lyzatokat kik\u00e9nyszer\u00edthess\u00fck vagy azokat teljes\u00edts\u00fck, csal\u00e1s-megel\u0151z\u00e9si, kock\u00e1zatelemz\u00e9si, vizsg\u00e1lati, \u00fcgyf\u00e9lt\u00e1mogat\u00e1si, term\u00e9kfejleszt\u00e9si \u00e9s hibakeres\u00e9si tev\u00e9kenys\u00e9get folytassunk, illetve a \u201eINFOCART.HU, BAL1.HU, UJRAVEZETNI.HU HONLAPOK\u201d, a Tagok \u00e9s nagyk\u00f6z\u00f6ns\u00e9g jogait, tulajdon\u00e1t, illetve biztons\u00e1g\u00e1t<br \/>\nmeg\u0151rizz\u00fck. A Tag tudom\u00e1sul veszi, hogy a \u201eINFOCART.HU, BAL1.HU, UJRAVEZETNI.HU HONLAPOK\u201d-nak nem k\u00f6telezetts\u00e9ge a Tag Oldal-, Alkalmaz\u00e1s-, Szolg\u00e1ltat\u00e1s- vagy Tartalom-haszn\u00e1lat\u00e1t monitorozni, illetve b\u00e1rmely Tag Tartalm\u00e1t \u00e1ttekinteni vagy szerkeszteni, de joga van ehhez az Oldal, az Alkalmaz\u00e1s \u00e9s a Szolg\u00e1ltat\u00e1sok (ide\u00e9rtve, de nem kiz\u00e1r\u00f3lagosan a csal\u00e1s-megel\u0151z\u00e9si, kock\u00e1zatelemz\u00e9si, vizsg\u00e1lati, \u00fcgyf\u00e9l-t\u00e1mogat\u00e1si c\u00e9lokat) m\u0171k\u00f6dtet\u00e9se \u00e9s fejleszt\u00e9se, a Tag jelen Felt\u00e9teleknek val\u00f3 megfelel\u00e9se, az alkalmazand\u00f3 jogszab\u00e1lyoknak, hat\u00e1rozatnak, b\u00edr\u00f3s\u00e1gi k\u00f6telez\u00e9snek, hat\u00f3s\u00e1gi vagy korm\u00e1nyzati szerv d\u00f6nt\u00e9s\u00e9nek val\u00f3 megfelel\u00e9s, vagy a jelen Felt\u00e9telek szerint kifog\u00e1solhat\u00f3nak tekintett Tartalomra val\u00f3 reag\u00e1l\u00e1s \u00e9rdek\u00e9ben b\u00e1rmilyen egy\u00e9b okb\u00f3l. A \u201eINFOCART.HU, BAL1.HU, UJRAVEZETNI.HU HONLAPOK\u201d fenntartja a jogot hogy b\u00e1rmikor, el\u0151zetes \u00e9rtes\u00edt\u00e9s n\u00e9lk\u00fcl b\u00e1rmely olyan tartalomhoz val\u00f3 hozz\u00e1f\u00e9r\u00e9st elt\u00e1vol\u00edtson vagy megakad\u00e1lyozzon, amit a \u201eINFOCART.HU, BAL1.HU, UJRAVEZETNI.HU HONLAPOK\u201d saj\u00e1t bel\u00e1t\u00e1sa szerint b\u00e1rmely okb\u00f3l kifog\u00e1solhat\u00f3nak, a jelen Felt\u00e9teleket megszeg\u0151nek vagy az Oldalra, az Alkalmaz\u00e1sra vagy a Szolg\u00e1ltat\u00e1sokra k\u00e1rosnak tekint.<br \/>\nSzolg\u00e1ltat\u00e1si d\u00edj:<br \/>\nA Tan\u00edt\u00f3k \u00e1ltal ingyenesen el\u00e9rhet\u0151v\u00e9 tett tartalmak ut\u00e1n a \u201eINFOCART.HU, BAL1.HU, UJRAVEZETNI.HU HONLAPOK\u201d fel\u00e9 szolg\u00e1ltat\u00e1si d\u00edjat nem kell fizetni.<br \/>\nA Tan\u00edt\u00f3k t\u00f6bb kurzust is ind\u00edthatnak ak\u00e1r ingyenes ak\u00e1r d\u00edjk\u00f6teles form\u00e1ban.<br \/>\nA Tan\u00edt\u00f3k d\u00f6nt\u00e9si joga a kurzusl\u00e1togat\u00e1s d\u00edj\u00e1nak m\u00e9rt\u00e9k\u00e9t meghat\u00e1rozni.<br \/>\nA Tan\u00edt\u00f3k az \u00e1ltaluk d\u00edjk\u00f6teles form\u00e1ban el\u00e9rhet\u0151v\u00e9 tett kurzusok\u00e9rt szolg\u00e1ltat\u00e1si d\u00edjat NEM fizetnek a \u201eINFOCART.HU, BAL1.HU, UJRAVEZETNI.HU HONLAPOK\u201d fel\u00e9, melynek m\u00e9rt\u00e9ke \u00edgy, a Tan\u00edt\u00f3 \u00e1ltal meghat\u00e1rozott hozz\u00e1f\u00e9r\u00e9si d\u00edj 0%-a.<br \/>\nFizet\u0151s kurzusok \u201ev\u00e1s\u00e1rl\u00e1s\u00e1nak\u201d menete:<br \/>\nFizet\u0151s kurzusok eset\u00e9n azok \u201efelv\u00e9tele\u201d a sikeres v\u00e1s\u00e1rl\u00e1s ut\u00e1n lehets\u00e9gess\u00e9 v\u00e1lik. Sikeres v\u00e1s\u00e1rl\u00e1s t\u00e9nyr\u0151l a Tanul\u00f3t, a Tan\u00e1r k\u00f6teles \u00e9rtes\u00edteni.<br \/>\nA kifizetett kurzus 365 napon kereszt\u00fcl korl\u00e1tlanul l\u00e1togathat\u00f3. Az akt\u00edv id\u0151szak letelt\u00e9vel a kurzusb\u00f3l a Tanul\u00f3 kil\u00e9ptet\u00e9sre ker\u00fcl, melyet ha sz\u00fcks\u00e9gesnek l\u00e1tja, ism\u00e9telt befizet\u00e9ssel \u00fajra el\u00e9rhet.<br \/>\nAdatv\u00e9delmi politika<br \/>\n\u00c9rv\u00e9nyess\u00e9g kezdete: 2015.09.17.<br \/>\n6\/1. A \u201einfocart.hu, bal1.hu, ujravezetni.hu honlapok\u201d \u00e9s az \u00fczemeltet\u0151 InfoCart-Team Bt. tiszteletben tartja a l\u00e1togat\u00f3k \u00e9s felhaszn\u00e1l\u00f3k szem\u00e9lyhez f\u0171z\u0151d\u0151 jogait \u00e9s biztos\u00edtja a l\u00e1togat\u00f3k \u00e9s felhaszn\u00e1l\u00f3k mag\u00e1nszf\u00e9r\u00e1j\u00e1nak v\u00e9delm\u00e9t. A \u201eINFOCART.HU, BAL1.HU, UJRAVEZETNI.HU HONLAPOK\u201d akkor gy\u0171jt a Tagr\u00f3l adatokat, amikor mobilalkalmaz\u00e1sainkat, honlapjainkat \u00e9s m\u00e1s online term\u00e9keinket, valamint szolg\u00e1ltat\u00e1sainkat (egy\u00fcttesen: \u201eSzolg\u00e1ltat\u00e1sok\u201d) ig\u00e9nybe veszi, egyszersmind egy\u00e9b m\u00f3don egy\u00fcttm\u0171k\u00f6dik, valamint kommunik\u00e1ci\u00f3t folytat vel\u00fcnk.<br \/>\n6\/2. A jelen Adatv\u00e9delmi nyilatkozat (\u201eNyilatkozat\u201d) a vil\u00e1gon b\u00e1rhol \u00e9rv\u00e9nyes azon szem\u00e9lyekre, akik a mi alkalmaz\u00e1sainkat, Szolg\u00e1ltat\u00e1sainkat arra haszn\u00e1lj\u00e1k, hogy szolg\u00e1ltat\u00e1sainkat ig\u00e9nybe vegy\u00e9k (\u201eFelhaszn\u00e1l\u00f3k\u201d). Szem\u00e9lyes adatok alatt \u00e9rtj\u00fck azon adatokat, melyek alapj\u00e1n l\u00e1togat\u00f3inkat \u00e9s felhaszn\u00e1l\u00f3inkat azonos\u00edtani tudjuk, p\u00e9ld\u00e1ul felhaszn\u00e1l\u00f3n\u00e9v \u00e9s e-mail c\u00edm. A l\u00e1togat\u00f3k \u00e9s felhaszn\u00e1l\u00f3k fizikai el\u00e9r\u00e9s\u00e9re alkalmas adatokat (pl. lakc\u00edm) kiz\u00e1r\u00f3lag a l\u00e1togat\u00f3 \u00e9s felhaszn\u00e1l\u00f3 el\u0151zetes, \u00f6nk\u00e9ntes, kifejezett hozz\u00e1j\u00e1rul\u00e1sa alapj\u00e1n kezel\u00fcnk, amely hozz\u00e1j\u00e1rul\u00e1s megfelel\u0151 t\u00e1j\u00e9koztat\u00e1son alapul, \u00e9s amellyel a jogosult f\u00e9lre\u00e9rthetetlen \u00e9s konkr\u00e9t beleegyez\u00e9s\u00e9t adja a r\u00e1 vonatkoz\u00f3 szem\u00e9lyes adatok kezel\u00e9s\u00e9hez.<br \/>\n6\/3. A \u201einfocart.hu, bal1.hu, ujravezetni.hu honlapok\u201d.hu csak olyan szem\u00e9lyes adatokat r\u00f6gz\u00edt, melyeket a l\u00e1togat\u00f3 vagy a felhaszn\u00e1l\u00f3 \u00f6nk\u00e9ntesen ad meg a regisztr\u00e1ci\u00f3kor, illet\u0151leg a \u201einfocart.hu, bal1.hu, ujravezetni.hu honlapok\u201d.hu \u00e1ltal ny\u00fajtott regisztr\u00e1ci\u00f3mentes szolg\u00e1ltat\u00e1sok ig\u00e9nybev\u00e9telekor. Szem\u00e9lyes adatait kiz\u00e1r\u00f3lag a szolg\u00e1ltat\u00e1s ny\u00fajt\u00e1s\u00e1val kapcsolatos c\u00e9lokra haszn\u00e1ljuk fel, tov\u00e1bb\u00e1 csak olyan szem\u00e9lyes adatokat kezel\u00fcnk, amelyek a szolg\u00e1ltat\u00e1s ny\u00fajt\u00e1s\u00e1hoz elengedhetetlenek, a szolg\u00e1ltat\u00e1s ny\u00fajt\u00e1s\u00e1val kapcsolatos c\u00e9l el\u00e9r\u00e9s\u00e9re alkalmasak \u00e9s azokat csak a c\u00e9l megval\u00f3sul\u00e1s\u00e1hoz sz\u00fcks\u00e9ges m\u00e9rt\u00e9kben \u00e9s ideig kezelj\u00fck.<br \/>\nSZOLG\u00c1LTAT\u00c1SAINK IG\u00c9NYBEV\u00c9TELE SOR\u00c1N GY\u0170JT\u00d6TT ADATOK<br \/>\nAmikor Szolg\u00e1ltat\u00e1sainkat ig\u00e9nybe veszi, a k\u00f6vetkez\u0151 \u00e1ltal\u00e1nos kateg\u00f3ri\u00e1kban gy\u0171jt\u00fcnk adatokat:<br \/>\nHelymeghat\u00e1roz\u00e1si adatok: Amikor Tag a Szolg\u00e1ltat\u00e1sokat ig\u00e9nybe veszi, pontos helymeghat\u00e1roz\u00e1si adatokat gy\u0171jt\u00fcnk a Tagok \u00e1ltal profiljukban megadott c\u00edmadatok alapj\u00e1n.<br \/>\nHelymeghat\u00e1roz\u00e1si adatokat gy\u0171jthet\u00fcnk Tag eszk\u00f6z\u00e9r\u0151l is, amikor az alkalmaz\u00e1s az el\u0151t\u00e9rben vagy a h\u00e1tt\u00e9rben fut. Hozz\u00e1vet\u0151leges tart\u00f3zkod\u00e1si hely\u00e9t IP-c\u00edm\u00e9b\u0151l is ki tudjuk k\u00f6vetkeztetni.<br \/>\nFelhaszn\u00e1l\u00f3i Profilra vonatkoz\u00f3 adatok:<br \/>\nAmikor Tag a \u201einfocart.hu, bal1.hu, ujravezetni.hu honlapok\u201d.hu oldalra regisztr\u00e1l a szolg\u00e1ltat\u00e1s haszn\u00e1lata c\u00e9lj\u00e1b\u00f3l t\u00f6rt\u00e9n\u0151 ig\u00e9nybev\u00e9tel\u00e9re, ki kell t\u00f6ltenie a \u201cFelhaszn\u00e1l\u00f3i Profilj\u00e1t\u201d. Itt az e-mail, n\u00e9v, lakc\u00edm,<br \/>\nnem, banksz\u00e1mlasz\u00e1m adatait t\u00e1roljuk annak \u00e9rdek\u00e9ben, hogy a lehet\u0151 legjobb \u00e9lm\u00e9nyben legyen r\u00e9sz a szolg\u00e1ltat\u00e1s haszn\u00e1latakor.<br \/>\nTranzakci\u00f3s adatok: A Szolg\u00e1ltat\u00e1sainknak a Tag r\u00e9sz\u00e9r\u0151l t\u00f6rt\u00e9n\u0151 ig\u00e9nybev\u00e9tel\u00e9vel kapcsolatos tranzakci\u00f3s r\u00e9szleteket gy\u0171jtj\u00fck, bele\u00e9rtve az ig\u00e9nyelt szolg\u00e1ltat\u00e1s t\u00edpus\u00e1t, a ny\u00fajtott szolg\u00e1ltat\u00e1s d\u00e1tum\u00e1t \u00e9s id\u0151pontj\u00e1t, a felsz\u00e1m\u00edtott d\u00edjakat \u00e9s egy\u00e9b fontos tranzakci\u00f3s r\u00e9szleteket. Bankk\u00e1rtya adatokat semmilyen form\u00e1ban \u00e9s m\u00f3don nem gy\u0171jt\u00fcnk, \u00e9s ezzel kapcsolatos adatokat nem is kezel\u00fcnk.<br \/>\nAz alkalmaz\u00e1ssal \u00e9s be\u00e1ll\u00edt\u00e1sokkal kapcsolatos adatok: Adatokat gy\u0171jt\u00fcnk azzal kapcsolatban, hogyan kommunik\u00e1l a Tag a weboldalon el\u00e9rhet\u0151 Szolg\u00e1ltat\u00e1sainkkal, valamint melyek a kifejezett preferenci\u00e1k, illetve a v\u00e1lasztott be\u00e1ll\u00edt\u00e1sok. Egyes szolg\u00e1ltat\u00e1saink egyedi azonos\u00edt\u00f3t, \u00fagynevezett cookie-t helyeznek el felhaszn\u00e1l\u00f3ink sz\u00e1m\u00edt\u00f3g\u00e9p\u00e9n. A cookie-k kiz\u00e1r\u00f3lag a felhaszn\u00e1l\u00f3k azonos\u00edt\u00e1s\u00e1nak megk\u00f6nny\u00edt\u00e9s\u00e9t szolg\u00e1lj\u00e1k, m\u00e1s c\u00e9lra nem vessz\u00fck \u0151ket ig\u00e9nybe. A cookie-fogad\u00e1s l\u00e1togat\u00f3i, felhaszn\u00e1l\u00f3i tilt\u00e1sa szolg\u00e1ltat\u00e1saink ig\u00e9nybev\u00e9tel\u00e9nek nem akad\u00e1lya. Kiv\u00e9telt k\u00e9pez ez al\u00f3l, ha a Szolg\u00e1ltat\u00f3 el\u0151zetesen t\u00e1j\u00e9koztatja a l\u00e1togat\u00f3t, felhaszn\u00e1l\u00f3t ennek ellenkez\u0151j\u00e9r\u0151l.<br \/>\nAz oldalra beregisztr\u00e1l\u00f3 Felhaszn\u00e1l\u00f3 a regisztr\u00e1ci\u00f3 sor\u00e1n kifejezett \u00e9s \u00f6nk\u00e9ntes hozz\u00e1j\u00e1rul\u00e1s\u00e1t adja ahhoz is, hogy a \u201einfocart.hu, bal1.hu, ujravezetni.hu honlapok\u201d r\u00f6gz\u00edtse a lakc\u00edmek\u00e9nt megjel\u00f6lt megy\u00e9re\/v\u00e1rosra vonatkoz\u00f3 adat\u00e1t is, \u00e9s ezen adat a profilj\u00e1hoz hozz\u00e1rendel\u00e9sre ker\u00fclj\u00f6n. Ezen adat harmadik szem\u00e9ly fel\u00e9 \u2013 a jogszab\u00e1lyban meghat\u00e1rozott eseteken,<br \/>\nvalamint a felhaszn\u00e1l\u00f3 erre vonatkoz\u00f3 kifejezett \u00e9s \u00f6nk\u00e9ntes hozz\u00e1j\u00e1rul\u00e1s\u00e1n t\u00fal \u2013 nem ker\u00fcl tov\u00e1bb\u00edt\u00e1sra. A \u201eINFOCART.HU, BAL1.HU, UJRAVEZETNI.HU HONLAPOK\u201d az adatkezel\u00e9s sor\u00e1n biztos\u00edtja az adatok pontoss\u00e1g\u00e1t, teljess\u00e9g\u00e9t \u00e9s naprak\u00e9szs\u00e9g\u00e9t, valamint azt, hogy a l\u00e1togat\u00f3kat \u00e9s a felhaszn\u00e1l\u00f3kat csak az adatkezel\u00e9s c\u00e9lj\u00e1hoz sz\u00fcks\u00e9ges ideig lehessen azonos\u00edtani, az adataik t\u00f6rl\u00e9s\u00e9t b\u00e1rmikor kezdem\u00e9nyezhess\u00e9k. Ha b\u00e1rmelyik l\u00e1togat\u00f3nk vagy felhaszn\u00e1l\u00f3nk k\u00e9ri, hogy szem\u00e9lyes adatait t\u00f6r\u00f6lj\u00fck saj\u00e1t rendszer\u00fcnkb\u0151l (term\u00e9szetesen bizonyos esetben v\u00e1llalva azt, hogy att\u00f3l fogva nem, vagy nem teljes m\u00f3don tudja ig\u00e9nybe venni a szolg\u00e1ltat\u00e1st), ezt halad\u00e9ktalanul teljes\u00edtj\u00fck. K\u00e9rj\u00fck, hogy ezt az ig\u00e9ny\u00e9t vagy a szem\u00e9lyes adatok kezel\u00e9s\u00e9vel kapcsolatos b\u00e1rmely k\u00e9rd\u00e9s\u00e9t, megjegyz\u00e9s\u00e9t e-mailen jelezze nek\u00fcnk az info@infocart.hu c\u00edmre.<br \/>\nAZ \u00c1LTALUNK EGY\u00c9B FORR\u00c1SOKB\u00d3L GY\u0170JT\u00d6TT ADATOK<br \/>\nAdatokat m\u00e1s forr\u00e1sokb\u00f3l sz\u00e1rmaz\u00f3an is kaphatunk, amelyeket \u00f6sszevonunk a Szolg\u00e1ltat\u00e1sainkon kereszt\u00fcl gy\u0171jt\u00f6tt adatokkal. P\u00e9ld\u00e1ul:<br \/>\nHa \u00fagy d\u00f6nt, hogy \u201eINFOCART.HU, BAL1.HU, UJRAVEZETNI.HU HONLAPOK\u201d fi\u00f3kj\u00e1ra k\u00f6z\u00f6ss\u00e9gi m\u00e9dia szolg\u00e1ltat\u00e1sok (pl. Facebook) seg\u00edts\u00e9g\u00e9vel hivatkozik, vagy azok seg\u00edts\u00e9g\u00e9vel hozza azt l\u00e9tre, illetve jelentkezik be oda, vagy amennyiben a Tag k\u00fcl\u00f6n alkalmaz\u00e1ssal, illetve honlappal van<br \/>\nkapcsolatban, amely egy\u00e9bk\u00e9nt a mi API-nket haszn\u00e1lja (vagy amelynek API-j\u00e9t mi haszn\u00e1ljuk), el\u0151fordulhat, hogy a Taggal, vagy a Tag csatlakoz\u00e1saival kapcsolatos adatokat az eml\u00edtett weboldalr\u00f3l vagy alkalmaz\u00e1st\u00f3l kapjuk.<br \/>\n6\/4. A \u201einfocart.hu, bal1.hu, ujravezetni.hu honlapok\u201d.hu gondoskodik az adatok biztons\u00e1g\u00e1r\u00f3l, tov\u00e1bb\u00e1 megteszi azokat a technikai \u00e9s szervez\u00e9si int\u00e9zked\u00e9seket, \u00e9s kialak\u00edtja azokat az elj\u00e1r\u00e1si szab\u00e1lyokat, amelyek az inform\u00e1ci\u00f3s \u00f6nrendelkez\u00e9si jogr\u00f3l \u00e9s az inform\u00e1ci\u00f3szabads\u00e1gr\u00f3l sz\u00f3l\u00f3 2011. \u00e9vi CXII. t\u00f6rv\u00e9ny, valamint az egy\u00e9b adat- \u00e9s titokv\u00e9delmi szab\u00e1lyok \u00e9rv\u00e9nyre juttat\u00e1s\u00e1hoz sz\u00fcks\u00e9gesek. Az adatokat megfelel\u0151 int\u00e9zked\u00e9sekkel v\u00e9dj\u00fck a jogosulatlan hozz\u00e1f\u00e9r\u00e9s, megv\u00e1ltoztat\u00e1s, tov\u00e1bb\u00edt\u00e1s, nyilv\u00e1noss\u00e1gra hozatal, t\u00f6rl\u00e9s vagy megsemmis\u00edt\u00e9s, valamint a v\u00e9letlen megsemmis\u00fcl\u00e9s \u00e9s s\u00e9r\u00fcl\u00e9s, tov\u00e1bb\u00e1 az alkalmazott technika megv\u00e1ltoz\u00e1s\u00e1b\u00f3l fakad\u00f3 hozz\u00e1f\u00e9rhetetlenn\u00e9 v\u00e1l\u00e1s ellen.<br \/>\n6\/5. A szolg\u00e1ltat\u00e1saink r\u00e9sz\u00e9t k\u00e9pez\u0151 nyilv\u00e1nos kommunik\u00e1ci\u00f3s csatorn\u00e1kat minden felhaszn\u00e1l\u00f3nk saj\u00e1t felel\u0151ss\u00e9g\u00e9re veszi ig\u00e9nybe. A k\u00fcl\u00f6nb\u00f6z\u0151 sz\u00f6veges \u00e9rt\u00e9kel\u00e9sek szerz\u0151i joga az adott felhaszn\u00e1l\u00f3t illeti, ugyanakkor a Szolg\u00e1ltat\u00f3nak joga van azokb\u00f3l korl\u00e1toz\u00e1s n\u00e9lk\u00fcl id\u00e9zni, illetve azokat sokszoros\u00edtani. A hozz\u00e1sz\u00f3l\u00e1sok harmadik f\u00e9l \u00e1ltal csak szem\u00e9lyes haszn\u00e1latra nyomtathat\u00f3k, t\u00f6lthet\u0151ek le, illetve terjeszthet\u0151k, \u00e9s kiz\u00e1r\u00f3lag a Szolg\u00e1ltat\u00f3 \u00edr\u00e1sbeli hozz\u00e1j\u00e1rul\u00e1s\u00e1val lehet \u0151ket felhaszn\u00e1lni. Felh\u00edvjuk l\u00e1togat\u00f3ink \u00e9s felhaszn\u00e1l\u00f3ink figyelm\u00e9t, hogy a nyilv\u00e1nos kommunik\u00e1ci\u00f3s csatorn\u00e1kon megjelen\u0151 hozz\u00e1sz\u00f3l\u00e1sokra, a nyilv\u00e1nos k\u00f6zl\u00e9sekre \u00e9rv\u00e9nyes k\u00fcl\u00f6nb\u00f6z\u0151 jogszab\u00e1lyok az ir\u00e1nyad\u00f3ak (2010. \u00e9vi CLXXXV. t\u00f6rv\u00e9ny, 1978. \u00e9vi IV. t\u00f6rv\u00e9ny). A kommunik\u00e1ci\u00f3s szolg\u00e1ltat\u00e1sokat ig\u00e9nybe vev\u0151 felhaszn\u00e1l\u00f3k egyedi el\u00e9r\u00e9s\u00e9re alkalmas adatait a legnagyobb k\u00f6r\u00fcltekint\u00e9ssel, szigor\u00faan bizalmasan kezelj\u00fck, azokhoz illet\u00e9ktelenek nem f\u00e9rhetnek hozz\u00e1, azokat \u2013 a t\u00f6rv\u00e9nyben el\u0151\u00edrt kiv\u00e9telekt\u0151l eltekintve \u2013 harmadik f\u00e9l r\u00e9sz\u00e9re nem adjuk \u00e1t. A sz\u00f6veges \u00e9rt\u00e9kel\u00e9sekben tilos az olyan tev\u00e9kenys\u00e9g hirdet\u00e9se, megjelen\u00edt\u00e9se, amely\u00e9rt p\u00e9nzt, vagy m\u00e1s ellenszolg\u00e1ltat\u00e1st k\u00e9rnek, illetve fogadnak el, vagy amellyel b\u00e1rmilyen, a Szolg\u00e1ltat\u00f3val \u00fczleti vagy partnerkapcsolatban nem \u00e1ll\u00f3 szolg\u00e1ltat\u00f3 term\u00e9k\u00e9t vagy szolg\u00e1ltat\u00e1s\u00e1t n\u00e9pszer\u0171s\u00edtik, aj\u00e1nlj\u00e1k, vagy azokra utalnak.<br \/>\n6\/6. Az adatb\u00e1zis kezel\u00e9s\u00e9t az informatikai fejleszt\u00e9s c\u00e9lj\u00e1b\u00f3l az InfoCart-Team Bt. v\u00e9gzi a felhaszn\u00e1l\u00f3k adatainak r\u00f6gz\u00edt\u00e9s\u00e9vel \u2013 n\u00e9v, e-mail c\u00edm \u2013, melyek haszn\u00e1lat\u00e1hoz a felhaszn\u00e1l\u00f3 jelen szab\u00e1lyzatban el\u0151zetesen, kifejezetten \u00e9s \u00f6nk\u00e9ntesen hozz\u00e1j\u00e1rul. Az adatkezel\u00e9s sor\u00e1n a Szolg\u00e1ltat\u00f3 biztos\u00edtja az adatok pontoss\u00e1g\u00e1t, teljess\u00e9g\u00e9t \u00e9s naprak\u00e9szs\u00e9g\u00e9t, valamint azt, hogy a felhaszn\u00e1l\u00f3t csak az adatkezel\u00e9s c\u00e9lj\u00e1hoz sz\u00fcks\u00e9ges ideig lehessen azonos\u00edtani. Szolg\u00e1ltat\u00f3 kijelenti, hogy amennyiben az adatkezel\u0151 \u2013 jelen pontban r\u00f6gz\u00edtett \u2013 szem\u00e9ly\u00e9ben v\u00e1ltoz\u00e1s t\u00f6rt\u00e9nik, \u00fagy arr\u00f3l halad\u00e9ktalanul t\u00e1j\u00e9koztatja a felhaszn\u00e1l\u00f3t.<br \/>\n6\/7. A Felhaszn\u00e1l\u00f3k fizet\u00e9sre vonatkoz\u00f3 adatait \u2013 p\u00e9ld\u00e1ul bankk\u00e1rtyainform\u00e1ci\u00f3t \u2013 harmadik f\u00e9lk\u00e9nt a PayPal (Europe) S.\u00e0 r.l. et Cie, S.C.A. kezeli, melyre a PayPal<br \/>\nszigor\u00fa adatv\u00e9delmi el\u0151\u00edr\u00e1sai vonatkoznak. A https:\/\/www.paypal.com oldalr\u00f3l let\u00f6lthet\u0151 a PayPalre vonatkoz\u00f3 adatv\u00e9delmi szab\u00e1lyzat.<br \/>\n6\/8. A \u201einfocart.hu, bal1.hu, ujravezetni.hu honlapok\u201dat \u00fczemeltet\u0151 InfoCart-Team Bt. az adatkezel\u00e9si tev\u00e9kenys\u00e9g\u00e9t bejelentette az adatv\u00e9delmi nyilv\u00e1ntart\u00e1shoz.<br \/>\n\u00c9rt\u00e9kel\u00e9si Program<br \/>\nA Tagok minden alkalommal, amikor egy kurzust ig\u00e9nybe vesznek, (kurzust felvesznek) \u00e9rt\u00e9kelhetik a benne tal\u00e1lhat\u00f3 ismeretanyagot. A Tan\u00edt\u00f3k is \u00e9rt\u00e9kelhetik a Tanul\u00f3ikat. Az \u00e9rt\u00e9kel\u00e9s megt\u00f6rt\u00e9nhet sz\u00f6vegesen, amelynek \u2013 Tartalma tekintet\u00e9ben \u2013 \u00f6sszhangban kell lennie a vonatkoz\u00f3 jogszab\u00e1lyokkal \u00e9s a jelen Felt\u00e9telekkel.<br \/>\nTulajdonjog<br \/>\nAz Oldal, az Alkalmaz\u00e1s, a Szolg\u00e1ltat\u00e1sok \u00e9s a Tartalom szerz\u0151i jogi, v\u00e9djegyjogi \u00e9s egy\u00e9b jogszab\u00e1lyai v\u00e9delme alatt \u00e1llnak. A Tag tudom\u00e1sul veszi \u00e9s beleegyezik, hogy az Oldal, az Alkalmaz\u00e1s, a Szolg\u00e1ltat\u00e1sok \u00e9s a Tartalom, ide\u00e9rtve valamennyi kapcsol\u00f3d\u00f3 szellemi alkot\u00e1sokhoz f\u0171z\u0151d\u0151 jogot is, a T\u00e1rsas\u00e1g \u00e9s annak licenc-ad\u00f3inak a kiz\u00e1r\u00f3lagos tulajdon\u00e1t k\u00e9pezi. A Tag nem t\u00e1vol\u00edtja el, m\u00f3dos\u00edtja vagy rejti el az Oldalon, az Alkalmaz\u00e1sban, a Szolg\u00e1ltat\u00e1sokban vagy a Tartalomban benne foglalt vagy az ahhoz kapcsol\u00f3d\u00f3 szerz\u0151i joghoz, szolg\u00e1ltat\u00e1s-v\u00e9djegyhez vagy egy\u00e9b szellemi alkot\u00e1sokhoz f\u0171z\u0151d\u0151 figyelmeztet\u00e9seket.<br \/>\nA \u201eINFOCART.HU, BAL1.HU, UJRAVEZETNI.HU HONLAPOK\u201d Tartalom \u00e9s a Tag Tartalm\u00e1nak enged\u00e9lyei<br \/>\nAmennyiben a Tag jelen Felt\u00e9teleknek megfelel, a \u201eINFOCART.HU, BAL1.HU, UJRAVEZETNI.HU HONLAPOK\u201d korl\u00e1tozott, nem kiz\u00e1r\u00f3lagos, nem \u00e1truh\u00e1zhat\u00f3 enged\u00e9lyt ny\u00fajt a Tag r\u00e9sz\u00e9re, hogy b\u00e1rmely \u201eINFOCART.HU, BAL1.HU, UJRAVEZETNI.HU HONLAPOK\u201d Tartalomhoz hozz\u00e1f\u00e9rjen, \u00e9s azt megtekintse kiz\u00e1r\u00f3lag szem\u00e9lyes \u00e9s nem kereskedelmi c\u00e9lb\u00f3l.<br \/>\nNem \u201eINFOCART.HU, BAL1.HU, UJRAVEZETNI.HU HONLAPOK\u201d tartalomnak min\u0151s\u00fcl a Tan\u00edt\u00f3k \u00e1ltal felt\u00f6lt\u00f6tt \u00e9s ingyenesen vagy d\u00edjaz\u00e1s ellen\u00e9ben megtekinthet\u0151 tartalom.<br \/>\nA Tag nem haszn\u00e1lhatja, m\u00e1solhatja, adapt\u00e1lhatja, m\u00f3dos\u00edthatja, k\u00e9sz\u00edthet sz\u00e1rmaz\u00e9kos m\u0171vet, terjesztheti, \u00e9rt\u00e9kes\u00edtheti, ruh\u00e1zhatja \u00e1t, jelen\u00edtheti meg nyilv\u00e1nosan, adhatja el\u0151 nyilv\u00e1nosan, sug\u00e1rozhatja, tov\u00e1bb\u00edthatja, vagy egy\u00e9bk\u00e9nt hasznos\u00edthatja az Oldalt, az Alkalmaz\u00e1st, a Szolg\u00e1ltat\u00e1sokat, vagy a Teljes Tartalmat a jelen Felt\u00e9telekben kifejezetten megengedettek k\u00edv\u00fcl.<br \/>\nSemmilyen enged\u00e9lyt vagy jogot nem biztos\u00edtunk a Tagnak hallgat\u00f3lagosan vagy egy\u00e9bk\u00e9nt semmilyen, a \u201eINFOCART.HU, BAL1.HU, UJRAVEZETNI.HU HONLAPOK\u201d tulajdon\u00e1ban vagy ellen\u0151rz\u00e9se alatt \u00e1ll\u00f3 szellemi alkot\u00e1sokhoz f\u0171z\u0151d\u0151 jog alapj\u00e1n a jelen Felt\u00e9telekben kifejezetten biztos\u00edtott enged\u00e9lyeken \u00e9s jogokon k\u00edv\u00fcl.<br \/>\nHivatkoz\u00e1sok, cookie-k haszn\u00e1lata<br \/>\nAz Oldal, az Alkalmaz\u00e1s \u00e9s a Szolg\u00e1ltat\u00e1sok helyes m\u0171k\u00f6d\u00e9se cookie-k haszn\u00e1lat\u00e1t ig\u00e9nyelheti. Ezekben az esetekben, amennyiben a l\u00e1togat\u00f3 b\u00f6ng\u00e9sz\u0151j\u00e9ben a cookie-k enged\u00e9lyezve vannak, a cookie-k haszn\u00e1lata automatikus. A cookie-k, melyeket a l\u00e1togat\u00f3 b\u00f6ng\u00e9sz\u0151je ment le a l\u00e1togat\u00f3 sz\u00e1m\u00edt\u00f3g\u00e9p\u00e9re, nem tartalmaznak szem\u00e9lyes adatokat, csak az Oldal, az Alkalmaz\u00e1s \u00e1ltal felhaszn\u00e1lhat\u00f3 inform\u00e1ci\u00f3darabk\u00e1kat tartalmazhatnak, melyek c\u00e9lja az, hogy a \u201eINFOCART.HU, BAL1.HU, UJRAVEZETNI.HU HONLAPOK\u201d ezeken kereszt\u00fcl azonos\u00edtani legyen k\u00e9pes a l\u00e1togat\u00f3t, \u00edgy a visszat\u00e9r\u0151 l\u00e1togat\u00f3nak bizonyos, m\u00e1r az Oldalon, az Alkalmaz\u00e1sban megadott \u00e9s r\u00f6gz\u00edtett adatait nem kell \u00fajra megadnia. A cookie-k haszn\u00e1lata egy lehet\u0151s\u00e9g a \u201eINFOCART.HU, BAL1.HU, UJRAVEZETNI.HU HONLAPOK\u201d k\u00e9nyelmesebb b\u00f6ng\u00e9sz\u00e9s\u00e9hez, A cookie-k haszn\u00e1lat\u00e1t a Tag b\u00e1rmikor saj\u00e1t b\u00f6ng\u00e9sz\u0151j\u00e9ben letilthatja. Az Oldal, az Alkalmaz\u00e1s egyes szolg\u00e1ltat\u00e1sai \u00e9s tartalmai ugyanakkor nem kiz\u00e1rt, hogy ig\u00e9nylik a cookie-k adta lehet\u0151s\u00e9geket, \u00edgy ezen szolg\u00e1ltat\u00e1sok \u00e9s tartalmak olyan b\u00f6ng\u00e9sz\u0151kkel, amikben a cookie-k lehet\u0151s\u00e9ge ki van kapcsolva, el\u0151fordulhat, hogy nem lesznek el\u00e9rhet\u0151ek. A T\u00e1rsas\u00e1g az ilyen automatikus m\u00f3don gy\u0171jt\u00f6tt anonim adatokat nem kapcsolja \u00f6ssze szem\u00e9lyes adatokkal, \u00e9s azokat semmilyen egy\u00e9b c\u00e9lb\u00f3l nem haszn\u00e1lja fel. Az Oldal, az Alkalmaz\u00e1s \u00e9s a Szolg\u00e1ltat\u00e1sok tartalmazhatnak harmadik f\u00e9l weboldalakra vagy forr\u00e1sokra mutat\u00f3 hivatkoz\u00e1sokat. A Tag tudom\u00e1sul veszi \u00e9s beleegyezik, hogy a \u201eINFOCART.HU, BAL1.HU, UJRAVEZETNI.HU HONLAPOK\u201d nem tartozik felel\u0151ss\u00e9ggel ezen weboldalak el\u00e9rhet\u0151s\u00e9g\u00e9\u00e9rt vagy pontoss\u00e1g\u00e1\u00e9rt, valamint ezen weboldalak tartalma vagy szolg\u00e1ltat\u00e1sai tekintet\u00e9ben. Ezen weboldalakra mutat\u00f3 hivatkoz\u00e1sok nem jelentenek semmilyen \u00e9rt\u00e9kel\u00e9st, j\u00f3v\u00e1hagy\u00e1st. A Tag tudom\u00e1sul veszi, hogy kiz\u00e1r\u00f3lagos felel\u0151ss\u00e9ggel tartozik \u00e9s v\u00e1llal valamennyi kock\u00e1zatot ezen weboldalak haszn\u00e1lata kapcs\u00e1n.<br \/>\nA \u201eINFOCART.HU, BAL1.HU, UJRAVEZETNI.HU HONLAPOK\u201d egyes r\u00e9szei alkalmazz\u00e1k a Google Maps\/Earth mapping szolg\u00e1ltat\u00e1sokat, ide\u00e9rtve a Google Maps API-t is, amely Google Maps\/Earth Tag \u00e1ltali haszn\u00e1lat\u00e1ra a Google felhaszn\u00e1l\u00e1si felt\u00e9telei vonatkoznak (el\u00e9rhet\u0151: http:\/\/www.google.com\/intl\/en_us\/help\/terms_maps.html oldalon).<br \/>\nSzellemi alkot\u00e1sokhoz kapcsol\u00f3d\u00f3 figyelmeztet\u00e9sek<br \/>\nAz \u00f6sszes \u201eINFOCART.HU, BAL1.HU, UJRAVEZETNI.HU HONLAPOK\u201d \u00e1ltal haszn\u00e1lt v\u00e9djegy, szolg\u00e1ltat\u00e1si v\u00e9djegy, embl\u00e9ma, kereskedelmi n\u00e9v \u00e9s minden egy\u00e9b kapcsol\u00f3d\u00f3 megnevez\u00e9s a \u201eINFOCART.HU, BAL1.HU, UJRAVEZETNI.HU HONLAPOK\u201d tulajdon\u00e1t k\u00e9pezi. Minden m\u00e1s v\u00e9djegy, szolg\u00e1ltat\u00e1si v\u00e9djegy, embl\u00e9ma, kereskedelmi n\u00e9v \u00e9s minden egy\u00e9b kapcsol\u00f3d\u00f3 megnevez\u00e9s v\u00e9djegye vagy bejegyzett v\u00e9djegye a vonatkoz\u00f3 tulajdonosok tulajdon\u00e1t k\u00e9pezi.<br \/>\nSzerz\u0151i jogi szab\u00e1lyzat<br \/>\nA \u201eINFOCART.HU, BAL1.HU, UJRAVEZETNI.HU HONLAPOK\u201d tiszteletben tartja a szerz\u0151i jogi jogszab\u00e1lyokat, \u00e9s ugyanezt v\u00e1rja el a Tagokt\u00f3l. A \u201eINFOCART.HU, BAL1.HU, UJRAVEZETNI.HU HONLAPOK\u201d Szab\u00e1lyzatban foglalt k\u00f6r\u00fclm\u00e9nyek eset\u00e9n a \u201eINFOCART.HU, BAL1.HU, UJRAVEZETNI.HU HONLAPOK\u201d jogosult arra, hogy az olyan Tagok vagy egy\u00e9b fi\u00f3ktulajdonosok \u201eINFOCART.HU, BAL1.HU, UJRAVEZETNI.HU HONLAPOK\u201d Felhaszn\u00e1l\u00f3i Fi\u00f3kj\u00e1t megsz\u00fcntesse, akik ism\u00e9tl\u0151d\u0151en megszegt\u00e9k vagy felt\u00e9telezhet\u0151, hogy<br \/>\nism\u00e9tl\u0151d\u0151en megszegt\u00e9k szerz\u0151i jogok jogosultjainak jogait. L\u00e1sd: \u201eSzellemi alkot\u00e1sokhoz kapcsol\u00f3d\u00f3 figyelmeztet\u00e9sek\u201d.<br \/>\nFelf\u00fcggeszt\u00e9s, megsz\u00fcntet\u00e9s, \u00e9s a \u201eINFOCART.HU, BAL1.HU, UJRAVEZETNI.HU HONLAPOK\u201d Felhaszn\u00e1l\u00f3i Fi\u00f3k t\u00f6rl\u00e9se<br \/>\nA \u201eINFOCART.HU, BAL1.HU, UJRAVEZETNI.HU HONLAPOK\u201d saj\u00e1t m\u00e9rlegel\u00e9se alapj\u00e1n, a Tag fel\u00e9 val\u00f3 felel\u0151ss\u00e9g n\u00e9lk\u00fcl, el\u0151zetes \u00e9rtes\u00edt\u00e9s mellett vagy n\u00e9lk\u00fcl, indokol\u00e1s mellett vagy n\u00e9lk\u00fcl, b\u00e1rmikor a Tag \u201eINFOCART.HU, BAL1.HU, UJRAVEZETNI.HU HONLAPOK\u201d Felhaszn\u00e1l\u00f3i Fi\u00f3kj\u00e1nak korl\u00e1toz\u00e1sa, felf\u00fcggeszt\u00e9se, deaktiv\u00e1l\u00e1sa vagy t\u00f6rl\u00e9se mellett d\u00f6nthet. Amennyiben saj\u00e1t bel\u00e1t\u00e1sunk szerint ezen felt\u00e9teleket \u00e9rv\u00e9nyes\u00edtj\u00fck, az al\u00e1bbiak k\u00f6z\u00fcl b\u00e1rmelyik vagy az \u00f6sszes k\u00f6vetkezm\u00e9ny el\u0151zetes bejelent\u00e9s vagy magyar\u00e1zat n\u00e9lk\u00fcl megt\u00f6rt\u00e9nhet:<br \/>\na) a \u201eINFOCART.HU, BAL1.HU, UJRAVEZETNI.HU HONLAPOK\u201d fi\u00f3kja inakt\u00edvv\u00e1 v\u00e1lik, vagy felf\u00fcggeszt\u00e9sre ker\u00fcl, jelszav\u00e1t tiltjuk, ez\u00e1ltal nem lesz k\u00e9pes el\u00e9rni az Oldalt, az Alkalmaz\u00e1st, a Szolg\u00e1ltat\u00e1sokat, illetve a \u201eINFOCART.HU, BAL1.HU, UJRAVEZETNI.HU HONLAPOK\u201d Account-j\u00e1t, \u00e9s nem kap seg\u00edts\u00e9get a \u201eINFOCART.HU, BAL1.HU, UJRAVEZETNI.HU HONLAPOK\u201d \u00fcgyf\u00e9lszolg\u00e1latt\u00f3l sem.<br \/>\nb) a f\u00fcgg\u0151ben l\u00e9v\u0151 Felhaszn\u00e1l\u00f3i Fi\u00f3kokon kereszt\u00fcl a felvett kurzusok el\u00e9rhetetlenn\u00e9 v\u00e1lnak \u00e9s\/vagy a Tagot err\u0151l t\u00e1j\u00e9koztatjuk.<br \/>\nA \u201eINFOCART.HU, BAL1.HU, UJRAVEZETNI.HU HONLAPOK\u201d Felhaszn\u00e1l\u00f3i Fi\u00f3kj\u00e1t a Tag b\u00e1rmikor t\u00f6r\u00f6lheti a Szolg\u00e1ltat\u00e1sok \u201eFi\u00f3k t\u00f6rl\u00e9se\u201d funkci\u00f3val vagy az \u00dcgyf\u00e9lszolg\u00e1latnak ( info@infocart.hu) megk\u00fcld\u00f6tt e-mail \u00fatj\u00e1n. Felh\u00edvjuk figyelm\u00e9t, hogy \u201eINFOCART.HU, BAL1.HU, UJRAVEZETNI.HU HONLAPOK\u201d Fi\u00f3kja t\u00f6rl\u00e9se eset\u00e9n nem k\u00f6telezetts\u00e9g\u00fcnk b\u00e1rmely Oldal, Alkalmaz\u00e1s \u00e9s Szolg\u00e1ltat\u00e1sok r\u00e9v\u00e9n k\u00f6zz\u00e9tett Tag Tartalom t\u00f6rl\u00e9se vagy visszajuttat\u00e1sa, ide\u00e9rtve, de nem kiz\u00e1r\u00f3lagosan a visszajelz\u00e9seket \u00e9s \u00e9rt\u00e9kel\u00e9seket is.<br \/>\nJognyilatkozatok<br \/>\nA Tag a jelen Felt\u00e9telekben r\u00f6gz\u00edtett kiv\u00e9telekkel kiz\u00e1r\u00f3lag saj\u00e1t maga jogosult az Oldalt, az Alkalmaz\u00e1st \u00e9s a Szolg\u00e1ltat\u00e1sokat haszn\u00e1lni, hasznos\u00edtani, azzal rendelkezni. A Tag az Oldalt, az Alkalmaz\u00e1st \u00e9s a Szolg\u00e1ltat\u00e1sokat kiz\u00e1r\u00f3lag rendeltet\u00e9sszer\u0171en, a vonatkoz\u00f3 jogszab\u00e1lyi, valamint a saj\u00e1t tev\u00e9kenys\u00e9g\u00e9re vonatkoz\u00f3 el\u0151\u00edr\u00e1sok figyelembe v\u00e9tel\u00e9vel haszn\u00e1lhatja, \u00edgy minden Tag sz\u00e1m\u00e1ra k\u00fcl\u00f6n\u00f6sen tilos az Oldalt, az Alkalmaz\u00e1st \u00e9s a Szolg\u00e1ltat\u00e1sokat valamely t\u00f6rv\u00e9nyt, szab\u00e1lyoz\u00e1st, szabv\u00e1nyt, nemzetk\u00f6zi egyezm\u00e9nyt s\u00e9rt\u0151 m\u00f3don haszn\u00e1lni; az Oldallal, az Alkalmaz\u00e1ssal, a Szolg\u00e1ltat\u00e1sokkal \u00e9s az \u00c9rt\u00e9kel\u00e9si Programmal vagy annak felhaszn\u00e1l\u00e1s\u00e1val b\u00e1rmely szem\u00e9lyt vagy szervezetet fenyegetni, zaklatni, s\u00e9rtegetni vagy megf\u00e9leml\u00edteni; az Oldal, az Alkalmaz\u00e1s \u00e9s a Szolg\u00e1ltat\u00e1sok olyan ig\u00e9nybev\u00e9tele, felhaszn\u00e1l\u00e1sa, b\u00e1rmilyen anyag vagy adat tov\u00e1bb\u00edt\u00e1sa, t\u00e1rol\u00e1sa, elektronikus \u00faton t\u00f6rt\u00e9n\u0151 \u00e9rt\u00e9kes\u00edt\u00e9se, amely sz\u00e1nd\u00e9kosan vagy sz\u00e1nd\u00e9kon k\u00edv\u00fcl ellent\u00e9tes b\u00e1rmely vonatkoz\u00f3 jogszab\u00e1llyal, vagy erre vezet\u0151 megt\u00e9veszt\u0151 tartalommal b\u00edr, vagy eredm\u00e9nnyel j\u00e1rhat; m\u00e1s Tag jogosults\u00e1g\u00e1t jogosulatlanul haszn\u00e1lni, vagy m\u00e1s Tagot megg\u00e1tolni abban, hogy haszn\u00e1lja a \u201eINFOCART.HU, BAL1.HU, UJRAVEZETNI.HU HONLAPOK\u201d \u00e1ltal ny\u00fajtott Szolg\u00e1ltat\u00e1sokat, vagy adatot gy\u0171jteni egy m\u00e1sik Tagr\u00f3l, m\u00e1s Taghoz kapcsol\u00f3d\u00f3 inform\u00e1ci\u00f3kr\u00f3l, az \u00e9rintett Tag tudta \u00e9s kifejezett \u00edr\u00e1sbeli<br \/>\nhozz\u00e1j\u00e1rul\u00e1sa n\u00e9lk\u00fcl; b\u00e1rmely szellemi alkot\u00e1shoz f\u0171z\u0151d\u0151 jogot megs\u00e9rteni az Oldal, az Alkalmaz\u00e1s \u00e9s a Szolg\u00e1ltat\u00e1sok haszn\u00e1lata, ig\u00e9nybev\u00e9tele \u00fatj\u00e1n.<br \/>\nAz Oldalt, az Alkalmaz\u00e1st \u00e9s a Szolg\u00e1ltat\u00e1sokat, vagy annak b\u00e1rmely elem\u00e9t a \u201eINFOCART.HU, BAL1.HU, UJRAVEZETNI.HU HONLAPOK\u201d kifejezett \u00edr\u00e1sbeli enged\u00e9lye n\u00e9lk\u00fcl a Tag nem m\u00e1solhatja, m\u00e1snak a m\u00e1sol\u00e1s\u00e1t nem enged\u00e9lyezheti, semmilyen m\u00f3don nem reproduk\u00e1lhatja, ruh\u00e1zhatja \u00e1t, adhatja b\u00e9rbe, m\u00f3dos\u00edthatja, publik\u00e1lhatja, tov\u00e1bb\u00e1 semmilyen m\u00f3don nem haszn\u00e1lhatja a jelen Felt\u00e9telekben meghat\u00e1rozott m\u00f3don k\u00edv\u00fcl, vagy att\u00f3l elt\u00e9r\u0151en. Ennek elmulaszt\u00e1sa vagy nem a jelen Felt\u00e9telekben meghat\u00e1rozottak szerinti teljes\u00edt\u00e9se eset\u00e9n a Tag felel\u0151s minden olyan k\u00e1r\u00e9rt, amely en\u00e9lk\u00fcl nem k\u00f6vetkezett volna be; Amennyiben a Tag tudom\u00e1s\u00e1ra jut, hogy a saj\u00e1t vagy m\u00e1s Tag felhaszn\u00e1l\u00f3nev\u00e9t, jelszav\u00e1t vagy \u201eINFOCART.HU, BAL1.HU, UJRAVEZETNI.HU HONLAPOK\u201d Felhaszn\u00e1l\u00f3i Fi\u00f3kj\u00e1t jogosulatlanul haszn\u00e1lt\u00e1k, vagy m\u00e1s Tag vagy egy\u00e9b harmadik szem\u00e9ly jogszab\u00e1lyba, a jelen Felt\u00e9telekbe \u00fctk\u00f6z\u0151 magatart\u00e1st tan\u00fas\u00edt, a Tag k\u00f6teles azonnal \u00e9rtes\u00edteni a \u201eINFOCART.HU, BAL1.HU, UJRAVEZETNI.HU HONLAPOK\u201d-t. A Tag minden ilyen esetben k\u00f6teles a \u201eINFOCART.HU, BAL1.HU, UJRAVEZETNI.HU HONLAPOK\u201d sz\u00e1m\u00e1ra minden, a saj\u00e1t vagy m\u00e1s Tag, m\u00e1s harmadik szem\u00e9ly vagy a \u201eINFOCART.HU, BAL1.HU, UJRAVEZETNI.HU HONLAPOK\u201d Felhaszn\u00e1l\u00f3i Fi\u00f3k azonos\u00edt\u00e1s\u00e1hoz \u00e9s a s\u00e9relem elh\u00e1r\u00edt\u00e1s\u00e1hoz egy\u00e9bk\u00e9nt sz\u00fcks\u00e9ges seg\u00edts\u00e9get \u00e9s inform\u00e1ci\u00f3t megadni. A Tag elfogadja, hogy a \u201eINFOCART.HU, BAL1.HU, UJRAVEZETNI.HU HONLAPOK\u201d \u00e1ltal az Oldal, az Alkalmaz\u00e1s rendszer\u00e9nek rendeltet\u00e9sszer\u0171 haszn\u00e1lat\u00e1hoz biztos\u00edtott Fel\u00fcleten k\u00edv\u00fcl m\u00e1s m\u00f3don vagy m\u00e1s eszk\u00f6z\u00f6kkel nem csatlakozik (illetve nem pr\u00f3b\u00e1l meg csatlakozni) a Szolg\u00e1ltat\u00e1sokhoz. A Tag nem m\u00e1solhatja le, nem fejtheti vissza vagy szedheti sz\u00e9t, illetve m\u00e1s m\u00f3don nem pr\u00f3b\u00e1lhatja megszerezni a \u201eINFOCART.HU, BAL1.HU, UJRAVEZETNI.HU HONLAPOK\u201d forr\u00e1sk\u00f3dj\u00e1t vagy annak b\u00e1rmely r\u00e9sz\u00e9t \u00e9s nem tehet ezekre ir\u00e1nyul\u00f3 k\u00eds\u00e9rletet sem, nem hozhat l\u00e9tre bel\u0151le sz\u00e1rmaz\u00e9kos m\u0171vet, \u00e9s nem is adhat erre m\u00e1snak enged\u00e9lyt. A Tag nem engedm\u00e9nyezheti, illet\u0151leg nem adhatja tov\u00e1bb az enged\u00e9lyek haszn\u00e1lat\u00e1ra vonatkoz\u00f3 jogait, nem adhatja azokat hozz\u00e1j\u00e1rul\u00e1sk\u00e9nt m\u00e1snak, kiv\u00e9ve, ha a \u201eINFOCART.HU, BAL1.HU, UJRAVEZETNI.HU HONLAPOK\u201d ehhez k\u00fcl\u00f6n \u00edr\u00e1sbeli hozz\u00e1j\u00e1rul\u00e1s\u00e1t adja, vagy amennyiben \u00e9s amilyen m\u00e9rt\u00e9kben erre a felek k\u00f6z\u00f6tti szerz\u0151d\u00e9s lehet\u0151s\u00e9get ad. A Tag nem haszn\u00e1lhatja a \u201eINFOCART.HU, BAL1.HU, UJRAVEZETNI.HU HONLAPOK\u201d kereskedelmi nev\u00e9t, v\u00e9djegyeit, megjel\u00f6l\u00e9seit, log\u00f3it, domain neveit \u00e9s egy\u00e9b megk\u00fcl\u00f6nb\u00f6ztet\u0151 jegyeit.<br \/>\nAmennyiben a Tag tev\u00e9kenys\u00e9ge megs\u00e9rti a jelen Felt\u00e9teleket, a \u201eINFOCART.HU, BAL1.HU, UJRAVEZETNI.HU HONLAPOK\u201d fenntartja mag\u00e1nak a jogot a Szolg\u00e1ltat\u00e1sok felf\u00fcggeszt\u00e9s\u00e9re, addig az id\u0151tartamig, am\u00edg a Tag szerz\u0151d\u00e9sszeg\u0151 magatart\u00e1sa tart, valamint jogosult egy\u00e9b, a jelen Felt\u00e9telekben foglalt vagy jogszab\u00e1ly alapj\u00e1n megillet\u0151 jogk\u00f6vetkezm\u00e9nyek alkalmaz\u00e1s\u00e1ra.<br \/>\nFelel\u0151ss\u00e9gkorl\u00e1toz\u00e1s<br \/>\nHA A TAG AZ OLDAL, AZ ALKALMAZ\u00c1S, A SZOLG\u00c1LTAT\u00c1SOK VAGY A TARTALOM HAZN\u00c1LATA MELLET D\u00d6NT, ILLETVE R\u00c9SZT VESZ AZ \u00c9RT\u00c9KEL\u00c9SI PROGRAMBAN, AZT A SAJ\u00c1T KOCK\u00c1ZAT\u00c1RA TESZI. TUDOM\u00c1SUL VESZI \u00c9S BELEEGYEZIK, HOGY A \u201eINFOCART.HU, BAL1.HU, UJRAVEZETNI.HU HONLAPOK\u201d-NAK NINCS K\u00d6TELEZETTS\u00c9GE B\u00c1RMELY TAG, IDE\u00c9RTVE, DE NEM KIZ\u00c1R\u00d3LAGOSAN A TANUL\u00d3K \u00c9S TAN\u00cdT\u00d3K KAPCS\u00c1N M\u00d6G\u00d6TTES ELLEN\u0150RZ\u00c9SEKET V\u00c9GEZNI, DE V\u00c9GEZHET ILYEN ELLEN\u0150RZ\u00c9SEKET<br \/>\nSAJ\u00c1T BEL\u00c1T\u00c1SA SZERINT. AZ OLDALT, AZ ALKALMAZ\u00c1ST, A SZOLG\u00c1LTAT\u00c1SOKAT, A TARTALMAT \u00c9S AZ \u00c9RT\u00c9KEL\u00c9SI PROGRAMOT A \u201eINFOCART.HU, BAL1.HU, UJRAVEZETNI.HU HONLAPOK\u201d B\u00c1RMILYEN FAJTA SZAVATOSS\u00c1G N\u00c9LK\u00dcL NY\u00daJTJA, LEGYEN AZ KIFEJEZETT VAGY HALLGAT\u00d3LAGOS. AZ EL\u0150Z\u0150EK KORL\u00c1TOZ\u00c1SA N\u00c9LK\u00dcL A \u201eINFOCART.HU, BAL1.HU, UJRAVEZETNI.HU HONLAPOK\u201d KIFEJEZETTEN ELUTAS\u00cdT B\u00c1RMELY \u00c9RT\u00c9KES\u00cdTHET\u0150S\u00c9GRE, EGY ADOTT C\u00c9LRA VAL\u00d3 ALKALMASS\u00c1GRA, EGYEDI FELHASZN\u00c1L\u00c1SRA VAGY NEMLEGES MEG\u00c1LLAP\u00cdT\u00c1SRA VONATKOZ\u00d3 SZAVATOSS\u00c1GOT, VALAMINT B\u00c1RMELY OLYAN SZAVATOSS\u00c1GOT, AMELY \u00dcZLETK\u00d6T\u00c9SB\u0150L VAGY KERESKED\u00c9SB\u0150L FAKAD. A \u201eINFOCART.HU, BAL1.HU, UJRAVEZETNI.HU HONLAPOK\u201d NEM V\u00c1LLAL SZAVATOSS\u00c1GOT, HOGY AZ OLDAL, AZ ALKALMAZ\u00c1S, A SZOLG\u00c1LTAT\u00c1SOK, A TELJES TARTALOM, IDE\u00c9RTVE, DE NEM KIZ\u00c1R\u00d3LAGOSAN A KURZUSOKAT VAGY B\u00c1RMELY SZOLG\u00c1LTAT\u00c1SOKAT IS, ILLETVE AZ \u00c9RT\u00c9KEL\u00c9SI PROGRAM MEGFELEL A TAG ELV\u00c1R\u00c1SAINAK, VALAMINT HOGY ZAVARTALAN, BIZTONS\u00c1GOS VAGY HIBAMENTES M\u00d3DON EL\u00c9RHET\u0150 LESZ. A \u201eINFOCART.HU, BAL1.HU, UJRAVEZETNI.HU HONLAPOK\u201d NEM V\u00c1LLAL SZAVATOSS\u00c1GOT B\u00c1RMELY K\u00cdN\u00c1LAT, SZOLG\u00c1LTAT\u00c1S, A SZOLG\u00c1LTAT\u00c1SOK VAGY A TELJES TARTALOM MIN\u0150S\u00c9GE, ILLETVE AZ OLDALON, ALKALMAZ\u00c1SON, SZOLG\u00c1LTAT\u00c1SOKON KERESZT\u00dcL MEGSZERZETT B\u00c1RMELY TELJES TARTALOM ALAPOSS\u00c1GA, PONTOSS\u00c1GA, VAL\u00d3DIS\u00c1GA, TELJESS\u00c9GE VAGY MEGB\u00cdZHAT\u00d3S\u00c1GA TEKINTET\u00c9BEN.<br \/>\nA \u201eINFOCART.HU, BAL1.HU, UJRAVEZETNI.HU HONLAPOK\u201d oldalait mindenki csak saj\u00e1t felel\u0151ss\u00e9g\u00e9re l\u00e1togathatja, illetve haszn\u00e1lhatja. A \u201eINFOCART.HU, BAL1.HU, UJRAVEZETNI.HU HONLAPOK\u201d nem v\u00e1llal felel\u0151ss\u00e9get azok\u00e9rt a vesztes\u00e9gek\u00e9rt, k\u00f6zvetlen vagy esetleges k\u00f6vetkezm\u00e9nyekkel j\u00e1r\u00f3 k\u00e1rok\u00e9rt, amelyek oldalain k\u00f6z\u00f6lt esetleges t\u00e9ves vagy megt\u00e9veszt\u0151 tartalomb\u00f3l, az Oldal, az Alkalmaz\u00e1s l\u00e9tez\u00e9s\u00e9b\u0151l, haszn\u00e1lat\u00e1b\u00f3l, haszn\u00e1latra k\u00e9ptelen \u00e1llapot\u00e1b\u00f3l, nem megfelel\u0151 m\u0171k\u00f6d\u00e9s\u00e9b\u0151l, meghib\u00e1sod\u00e1s\u00e1b\u00f3l, teljes eg\u00e9sz\u00e9re vagy csak egy r\u00e9sz\u00e9re vonatkoz\u00f3 &#8211; ak\u00e1r el\u0151zetes \u00e9rtes\u00edt\u00e9s n\u00e9lk\u00fcli &#8211; sz\u00fcneteltet\u00e9s\u00e9b\u0151l, illetve a teljes le\u00e1ll\u00edt\u00e1s\u00e1b\u00f3l, a webhely tartalm\u00e1nak t\u00f6rl\u00e9s\u00e9b\u0151l ered\u0151en, tov\u00e1bb\u00e1 vonal- vagy rendszerhib\u00e1b\u00f3l, esetlegesen \u00e1ltala hordozott sz\u00e1m\u00edt\u00f3g\u00e9pes v\u00edrusb\u00f3l, vagy az adatok b\u00e1rki \u00e1ltal t\u00f6rt\u00e9n\u0151 illet\u00e9ktelen megv\u00e1ltoztat\u00e1sa, illetve megsemmis\u00fcl\u00e9se k\u00f6vetkezt\u00e9ben keletkeztek.<br \/>\nA \u201eINFOCART.HU, BAL1.HU, UJRAVEZETNI.HU HONLAPOK\u201d nem tartozik felel\u0151ss\u00e9ggel a neki fel nem r\u00f3hat\u00f3 okb\u00f3l bek\u00f6vetkez\u0151 v\u00e1ratlan esem\u00e9nyekb\u0151l ered\u0151 szolg\u00e1ltat\u00e1si kimarad\u00e1sok\u00e9rt, esetleges adatvesztes\u00e9gek\u00e9rt, illetve azon k\u00e1rok\u00e9rt, amelyek rajta k\u00edv\u00fcl \u00e1ll\u00f3 okok miatt k\u00f6vetkeztek be. A \u201eINFOCART.HU, BAL1.HU, UJRAVEZETNI.HU HONLAPOK\u201d felel\u0151ss\u00e9ge \u00edgy nem terjed ki az er\u0151szakos behatol\u00e1sb\u00f3l, er\u0151szakos b\u0171ncselekm\u00e9nyb\u0151l ered\u0151 k\u00e1rok\u00e9rt, elemi k\u00e1r\u00e9rt, vis major-\u00e9rt.<br \/>\nA \u201eINFOCART.HU, BAL1.HU, UJRAVEZETNI.HU HONLAPOK\u201d nem v\u00e1llal felel\u0151ss\u00e9get a \u201eINFOCART.HU, BAL1.HU, UJRAVEZETNI.HU HONLAPOK\u201d rendszer\u00e9be bek\u00fcld\u00f6tt \u00e9s ott t\u00e1rolt adatok esetleges jogszab\u00e1lys\u00e9rt\u0151 tartalm\u00e1\u00e9rt. A \u201eINFOCART.HU, BAL1.HU, UJRAVEZETNI.HU HONLAPOK\u201d a Tag k\u00f6telezetts\u00e9gszeg\u00e9se miatt nem tartozik felel\u0151ss\u00e9ggel b\u00e1rmely m\u00e1s harmadik szem\u00e9ly fel\u00e9.<br \/>\nA \u201eINFOCART.HU, BAL1.HU, UJRAVEZETNI.HU HONLAPOK\u201d \u2013 amennyiben a szerz\u0151d\u00e9s \u00e9s a vonatkoz\u00f3 jogszab\u00e1lyok rendelkez\u00e9seinek megfelel\u0151en j\u00e1r el \u2013 saj\u00e1t felel\u0151ss\u00e9g\u00e9t kiz\u00e1rja, \u00e9s nem felel:<br \/>\n&#8211; a Tagot \u00e9rt vesztes\u00e9g\u00e9rt \u00e9s k\u00e1r\u00e9rt, amennyiben a h\u00e1tr\u00e1ny, vesztes\u00e9g vagy k\u00e1r a Tag \u00e9s harmadik f\u00e9l k\u00f6z\u00f6tti kapcsolat k\u00f6vetkezm\u00e9nye, illet\u0151leg adatvesztes\u00e9g\u00e9rt;<br \/>\n&#8211; a Tag \u00e1ltal a Szolg\u00e1ltat\u00e1sokban alkalmazott v\u00e1ltoztat\u00e1s\u00e9rt;<br \/>\n&#8211; a Szolg\u00e1ltat\u00e1sokon kereszt\u00fcl vagy annak haszn\u00e1lat\u00e1val \u0151rz\u00f6tt vagy elk\u00fcld\u00f6tt adat jogszer\u0171 t\u00f6rl\u00e9s\u00e9\u00e9rt;<br \/>\n&#8211; a Tag \u00e1ltal m\u00e1s Tag fel\u00e9 a hozz\u00e1f\u00e9r\u00e9ssel, jogosults\u00e1ggal, azonos\u00edt\u00f3 adatokkal \u00e9s regisztr\u00e1ci\u00f3val kapcsolatos inform\u00e1ci\u00f3 szolg\u00e1ltat\u00e1s\u00e1\u00e9rt vagy a szolg\u00e1ltatott inform\u00e1ci\u00f3 hib\u00e1s volt\u00e1\u00e9rt;<br \/>\n&#8211; b\u00e1rmely Tagnak a jelsz\u00f3val vagy a hozz\u00e1f\u00e9r\u00e9s\u00e9vel kapcsolatos inform\u00e1ci\u00f3k titokban tart\u00e1si \u00e9s meg\u0151rz\u00e9si k\u00f6telezetts\u00e9g\u00e9nek elmulaszt\u00e1s\u00e1\u00e9rt;<br \/>\n&#8211; a Tagot k\u00f6zvetlen\u00fcl vagy k\u00f6zvetve \u00e9rt, m\u00e1s Tag \u00e1ltal okozott k\u00e1r\u00e9rt vagy b\u00e1rmilyen h\u00e1tr\u00e1ny\u00e9rt, amennyiben azok elh\u00e1r\u00edt\u00e1sa \u00e9rdek\u00e9ben a \u201eINFOCART.HU, BAL1.HU, UJRAVEZETNI.HU HONLAPOK\u201d a t\u0151le elv\u00e1rhat\u00f3 int\u00e9zked\u00e9seket megtette;<br \/>\n&#8211; b\u00e1rmely Tagot \u00e9rt olyan k\u00e1r\u00e9rt vagy h\u00e1tr\u00e1ny\u00e9rt, amelynek oka az, hogy \u201eINFOCART.HU, BAL1.HU, UJRAVEZETNI.HU HONLAPOK\u201d az arra jogosult hat\u00f3s\u00e1gnak vagy szervezetnek a Tagokhoz kapcsol\u00f3d\u00f3an \u2013 jogszab\u00e1lyi k\u00f6telezetts\u00e9g\u00e9nek eleget t\u00e9ve \u2013 adatot szolg\u00e1ltatott.<br \/>\nA \u201eINFOCART.HU, BAL1.HU, UJRAVEZETNI.HU HONLAPOK\u201d nem felel az Oldalon, az Alkalmaz\u00e1son harmadik szem\u00e9ly \u00e1ltal elk\u00f6vetett vissza\u00e9l\u00e9s, valamint az internetes szolg\u00e1ltat\u00e1s kimarad\u00e1sa vagy min\u0151s\u00e9gi roml\u00e1sa eset\u00e9n.<br \/>\nK\u00e1rtalan\u00edt\u00e1s<br \/>\nA Tag felel minden \u00e1ltala megadott adat val\u00f3dis\u00e1g\u00e1\u00e9rt, valamint az\u00e9rt, hogy jogosult az \u00e1ltala megadott adat haszn\u00e1lat\u00e1ra, kezel\u00e9s\u00e9re. A Tag felel a \u201eINFOCART.HU, BAL1.HU, UJRAVEZETNI.HU HONLAPOK\u201d fel\u00e9 mindazon k\u00f6vetkezm\u00e9nyek\u00e9rt, amelyek abb\u00f3l erednek, hogy \u0151 vagy az \u00e1ltala szerz\u0151d\u00e9s- vagy jogellenesen t\u00e1j\u00e9koztatott harmadik szem\u00e9ly a Szolg\u00e1ltat\u00e1s felhaszn\u00e1l\u00e1s\u00e1ra vonatkoz\u00f3 rendelkez\u00e9seket megszegi. Amennyiben a Tag jogszab\u00e1lyba \u00fctk\u00f6z\u0151 tartalm\u00fa adatot, inform\u00e1ci\u00f3t ad \u00e1t a \u201eINFOCART.HU, BAL1.HU, UJRAVEZETNI.HU HONLAPOK\u201d r\u00e9sz\u00e9re, vagy jogszab\u00e1lyba, vagy szerz\u0151d\u00e9sbe \u00fctk\u00f6z\u0151 m\u00f3don ad \u00e1t adatot, inform\u00e1ci\u00f3t a \u201eINFOCART.HU, BAL1.HU, UJRAVEZETNI.HU HONLAPOK\u201d r\u00e9sz\u00e9re, k\u00f6teles megt\u00e9r\u00edteni a \u201eINFOCART.HU, BAL1.HU, UJRAVEZETNI.HU HONLAPOK\u201d minden ebb\u0151l ered\u0151 k\u00e1r\u00e1t.<br \/>\nA Tag elismeri \u00e9s elfogadja, hogy felel\u0151s mindazon jelszavai \u00e9s egy\u00e9b hozz\u00e1f\u00e9r\u00e9st biztos\u00edt\u00f3 azonos\u00edt\u00f3inak titokban tart\u00e1s\u00e1\u00e9rt, amelyekkel a Szolg\u00e1ltat\u00e1st el tudja \u00e9rni.<br \/>\nA Tagot a szolg\u00e1ltat\u00e1s ig\u00e9nybev\u00e9tel\u00e9hez sz\u00fcks\u00e9ges azonos\u00edt\u00f3 \u00e9s jelsz\u00f3 tekintet\u00e9ben harmadik illet\u00e9ktelen szem\u00e9lyekkel szemben titoktart\u00e1si k\u00f6telezetts\u00e9g terheli, melynek megszeg\u00e9se eset\u00e9n az ezzel okozott k\u00e1r\u00e9rt teljes felel\u0151ss\u00e9ggel tartozik.<br \/>\nA Tag tudom\u00e1sul veszi, hogy a szerz\u0151d\u00e9s megs\u00e9rt\u00e9se, vagy a \u201eINFOCART.HU, BAL1.HU, UJRAVEZETNI.HU HONLAPOK\u201d rendszer\u00e9be juttatott jogszab\u00e1lys\u00e9rt\u0151 tartalom, adat miatt a \u201eINFOCART.HU, BAL1.HU, UJRAVEZETNI.HU HONLAPOK\u201d-val szemben t\u00e1masztott ig\u00e9nyek al\u00f3l a \u201eINFOCART.HU, BAL1.HU, UJRAVEZETNI.HU HONLAPOK\u201d-at mentes\u00edteni k\u00f6teles.<br \/>\nA Tag felel\u0151s a \u201eINFOCART.HU, BAL1.HU, UJRAVEZETNI.HU HONLAPOK\u201d fel\u00e9 azok\u00e9rt a tev\u00e9kenys\u00e9gek\u00e9rt, amelyek a hozz\u00e1f\u00e9r\u00e9s\u00e9n kereszt\u00fcl t\u00f6rt\u00e9nnek. A Tag teljes felel\u0151ss\u00e9get v\u00e1llal az \u00e1ltala, illet\u0151leg az \u00e1ltala hozz\u00e1f\u00e9r\u00e9sre feljogos\u00edtott harmadik szem\u00e9lyek \u00e1ltal a \u201eINFOCART.HU, BAL1.HU, UJRAVEZETNI.HU HONLAPOK\u201d rendszer\u00e9be bek\u00fcld\u00f6tt \u00e9s t\u00e1rolt adatok tartalm\u00e1\u00e9rt, azok lek\u00e9rdez\u00e9s\u00e9\u00e9rt, t\u00f6rl\u00e9s\u00e9\u00e9rt, valamint a magyar, illet\u0151leg a vonatkoz\u00f3 nemzetk\u00f6zi jogszab\u00e1lyok esetleges megs\u00e9rt\u00e9s\u00e9\u00e9rt, \u00e9s elfogadja, hogy ezen k\u00f6telezetts\u00e9gekb\u0151l ered\u0151 jogi felel\u0151ss\u00e9g\u00e9t viselni k\u00f6teles, azt a \u201eINFOCART.HU, BAL1.HU, UJRAVEZETNI.HU HONLAPOK\u201d-ra nem h\u00e1r\u00edthatja \u00e1t. Az Alkalmaz\u00e1shoz val\u00f3 hozz\u00e1f\u00e9r\u00e9s \u00e9s annak let\u00f6lt\u00e9se az iTunes, a GooglePlay \u00e9s a Windows Phone web\u00e1ruh\u00e1zakb\u00f3l biztos\u00edtott.<br \/>\nA Szolg\u00e1ltat\u00e1s asztali \u00e9s hordozhat\u00f3 sz\u00e1m\u00edt\u00f3g\u00e9peken, valamint mobil eszk\u00f6z\u00f6k\u00f6n egyar\u00e1nt el\u00e9rhet\u0151 \u00e9s azonos tartalommal haszn\u00e1lhat\u00f3. A Mobil Alkalmaz\u00e1s haszn\u00e1lat\u00e1hoz sz\u00fcks\u00e9ges szoftver az Apple AppStore, GooglePlay \u00e9s a Windows Phone web\u00e1ruh\u00e1zakon kereszt\u00fcl t\u00f6lthet\u0151 le. Az Apple App Store web\u00e1ruh\u00e1z haszn\u00e1lat\u00e1ra vonatkoz\u00f3 \u00e1ltal\u00e1nos szerz\u0151d\u00e9si felt\u00e9telek az al\u00e1bbi linken kereszt\u00fcl \u00e9rhet\u0151ek el: http:\/\/www.apple.com\/legal\/internet-services\/itunes\/hu\/terms.html#privacy<br \/>\nA GooglePlay web\u00e1ruh\u00e1z haszn\u00e1lat\u00e1ra vonatkoz\u00f3 \u00e1ltal\u00e1nos szerz\u0151d\u00e9si felt\u00e9telek az al\u00e1bbi linken kereszt\u00fcl \u00e9rhet\u0151ek el: https:\/\/play.google.com\/intl\/hu_hu\/about\/play-terms.html<br \/>\nA Windows Phone web\u00e1ruh\u00e1z haszn\u00e1lat\u00e1ra vonatkoz\u00f3 \u00e1ltal\u00e1nos szerz\u0151d\u00e9si felt\u00e9telek az al\u00e1bbi linken kereszt\u00fcl \u00e9rhet\u0151ek el:<br \/>\nhttp:\/\/www.microsoft.com\/en-us\/legal\/intellectualproperty\/copyright\/default.aspx<br \/>\nA Szolg\u00e1ltat\u00e1s asztali \u00e9s hordozhat\u00f3 sz\u00e1m\u00edt\u00f3g\u00e9peken, valamint mobil eszk\u00f6z\u00f6k\u00f6n t\u00f6rt\u00e9n\u0151 haszn\u00e1lat\u00e1hoz megfelel\u0151 internet hozz\u00e1f\u00e9r\u00e9sre \u00e9s a \u201eINFOCART.HU, BAL1.HU, UJRAVEZETNI.HU HONLAPOK\u201d Alkalmaz\u00e1s megjelen\u00edt\u00e9s\u00e9hez sz\u00fcks\u00e9ges rendszerk\u00f6vetelm\u00e9nyekre, egy\u00e9b szoftverekre \u00e9s annak esetleges friss\u00edt\u00e9s\u00e9re van sz\u00fcks\u00e9g. Az Oldal, az Alkalmaz\u00e1s \u00e9s a Szolg\u00e1ltat\u00e1sok haszn\u00e1lat\u00e1t \u00e9s megjelen\u00edt\u00e9s\u00e9nek gyorsas\u00e1g\u00e1t a h\u00e1l\u00f3zati lefedetts\u00e9g, az internet hozz\u00e1f\u00e9r\u00e9s \u00e9s az internetsebess\u00e9g befoly\u00e1solhatja.<br \/>\nA Tag, amennyiben a Szolg\u00e1ltat\u00e1sokat az Apple App Store, a GooglePlay, illetve a Windows Phone Shop web \u00e1ruh\u00e1zon kereszt\u00fcl veszi ig\u00e9nybe, \u00fagy a jelen \u00c1SZF elfogad\u00e1s\u00e1val kijelenti, hogy az Apple App Store, a GooglePlay, illetve a Windows Phone Shop web\u00e1ruh\u00e1z mindenkor hat\u00e1lyos, fenti linken el\u00e9rhet\u0151 \u00e1ltal\u00e1nos szerz\u0151d\u00e9si felt\u00e9teleit elolvasta, meg\u00e9rtette \u00e9s az abban foglalt rendelkez\u00e9seket, ide \u00e9rtve k\u00fcl\u00f6n\u00f6sen az Apple App Store, a GooglePlay illetve a Windows Phone Shop web\u00e1ruh\u00e1z haszn\u00e1lat\u00e1ra vonatkoz\u00f3 rendelkez\u00e9seket mag\u00e1ra n\u00e9zve<br \/>\nk\u00f6telez\u0151nek tekinti. A jelen Felt\u00e9telek elfogad\u00e1s\u00e1val a Tag egyben elfogadja, hogy a T\u00e1rsas\u00e1gnak a Google Play, az App Store illetve a Windows Phone Shop szab\u00e1lyzat\u00e1ra \u00e9s tev\u00e9kenys\u00e9g\u00e9re semmilyen r\u00e1hat\u00e1sa nincs. Amennyiben ezen szab\u00e1lyzatban vagy tev\u00e9kenys\u00e9gben v\u00e1ltoz\u00e1s \u00e1ll be, \u00fagy a T\u00e1rsas\u00e1g felel\u0151ss\u00e9get nem v\u00e1llal a megrendelt szolg\u00e1ltat\u00e1sok marad\u00e9ktalan teljes\u00edt\u00e9s\u00e9\u00e9rt.<br \/>\nA Tag tudom\u00e1sul veszi tov\u00e1bb\u00e1, hogy a \u201eINFOCART.HU, BAL1.HU, UJRAVEZETNI.HU HONLAPOK\u201d-nak nincsen k\u00f6telezetts\u00e9ge a Mobil Alkalmaz\u00e1s karbantart\u00e1sa \u00e9s t\u00e1mogat\u00e1sa vonatkoz\u00e1s\u00e1ban, illetve hogy a Mobil Alkalmaz\u00e1s b\u00e1rmely hib\u00e1j\u00e1b\u00f3l, hi\u00e1nyoss\u00e1g\u00e1b\u00f3l fakad\u00f3 k\u00e1rok vonatkoz\u00e1s\u00e1ban a Mobil Alkalmaz\u00e1s szolg\u00e1ltat\u00f3ja tartozik felel\u0151ss\u00e9ggel, \u00edgy ilyen esetekre vonatkoz\u00f3an tudom\u00e1sul veszi, \u00e9s elfogadja, hogy a T\u00e1rsas\u00e1g fel\u00e9 semmilyen k\u00e1rt\u00e9r\u00edt\u00e9si ig\u00e9nnyel nem l\u00e9phet fel.<br \/>\nVegyes rendelkez\u00e9sek<br \/>\nK\u00f6telezetts\u00e9gszeg\u00e9s jelent\u00e9se<br \/>\nHa a Tag b\u00e1rmely olyan kurzust vett fel vagy l\u00e1tott a \u201eINFOCART.HU, BAL1.HU, UJRAVEZETNI.HU HONLAPOK\u201d-n, mely t\u00f6rv\u00e9nyt, rendelkez\u00e9st, rendeletet s\u00e9rt, a rend\u0151rkapit\u00e1nys\u00e1g \u00e9s a be- vagy feljelent\u00e9s \u00fcgysz\u00e1m\u00e1nak megad\u00e1s\u00e1val jeleznie sz\u00fcks\u00e9ges az info@infocart.hu e-mail c\u00edmen, azzal, hogy a Tag bejelent\u00e9se nem k\u00f6telezi a \u201eINFOCART.HU, BAL1.HU, UJRAVEZETNI.HU HONLAPOK\u201dat arra, hogy b\u00e1rmilyen l\u00e9p\u00e9st tegyen azokon k\u00edv\u00fcl, amelyeket jogszab\u00e1lyok \u00edrnak el\u0151 (ha vannak ilyenek). Az ilyen bejelent\u00e9sek eset\u00e9n a \u201eINFOCART.HU, BAL1.HU, UJRAVEZETNI.HU HONLAPOK\u201d-nak semmilyen felel\u0151ss\u00e9ge nem keletkezik a Taggal, vagy b\u00e1rmelyik m\u00e1s Taggal szemben.<br \/>\nA meg\u00e1llapod\u00e1s teljess\u00e9ge<br \/>\nA jelen Felt\u00e9telek testes\u00edtik meg a Tag \u00e9s \u201eINFOCART.HU, BAL1.HU, UJRAVEZETNI.HU HONLAPOK\u201d k\u00f6z\u00f6tt teljes \u00e9s kiz\u00e1r\u00f3lagos meg\u00e1llapod\u00e1st az Oldal, az Alkalmaz\u00e1s, a Szolg\u00e1ltat\u00e1sok, a Tartalom, az \u00c9rt\u00e9kel\u00e9si Program, valamint b\u00e1rmely, az Oldalon, az Alkalmaz\u00e1son \u00e9s a Szolg\u00e1ltat\u00e1sokon kereszt\u00fcl ny\u00fajtott k\u00edn\u00e1lat tekintet\u00e9ben. Jelen Felt\u00e9telek meghaladnak \u00e9s hely\u00e9be l\u00e9pnek b\u00e1rmely \u00e9s valamennyi kor\u00e1bbi sz\u00f3beli vagy \u00edr\u00e1sbeli meg\u00e1llapod\u00e1snak a Tag \u00e9s a \u201eINFOCART.HU, BAL1.HU, UJRAVEZETNI.HU HONLAPOK\u201d k\u00f6z\u00f6tt az Oldal, az Alkalmaz\u00e1s, a Szolg\u00e1ltat\u00e1sok, a Tartalom, az \u00c9rt\u00e9kel\u00e9si Program, valamint b\u00e1rmely, az Oldalon, az Alkalmaz\u00e1son \u00e9s a Szolg\u00e1ltat\u00e1sokon kereszt\u00fcl a kurzusok vagy egy\u00e9b szolg\u00e1ltat\u00e1sok k\u00edn\u00e1lata tekintet\u00e9ben.<br \/>\nEngedm\u00e9nyez\u00e9s<br \/>\nA Tag a jelen Felt\u00e9teleket nem engedm\u00e9nyezheti, nem ruh\u00e1zhatja \u00e1t sem a t\u00f6rv\u00e9ny erej\u00e9n\u00e9l fogva, sem m\u00e1sk\u00e9nt a \u201eINFOCART.HU, BAL1.HU, UJRAVEZETNI.HU HONLAPOK\u201d el\u0151zetes \u00edr\u00e1sbeli hozz\u00e1j\u00e1rul\u00e1sa n\u00e9lk\u00fcl. B\u00e1rmely k\u00eds\u00e9rlet a jelen Felt\u00e9telek ezen enged\u00e9ly n\u00e9lk\u00fcli engedm\u00e9nyez\u00e9s\u00e9re vagy \u00e1truh\u00e1z\u00e1s\u00e1ra \u00e9rv\u00e9nytelen \u00e9s hat\u00e1lytalan. A T\u00e1rsas\u00e1g korl\u00e1toz\u00e1s n\u00e9lk\u00fcl saj\u00e1t bel\u00e1t\u00e1sa szerint engedm\u00e9nyezheti vagy \u00e1truh\u00e1zhatja a<br \/>\njelen Felt\u00e9teleket. Az el\u0151bb eml\u00edtetteknek megfelel\u0151en a jelen Felt\u00e9telek a feleket, jogut\u00f3djaikat \u00e9s enged\u00e9lyezett engedm\u00e9nyeseiket k\u00f6ti \u00e9s az \u0151 javukat szolg\u00e1lja.<br \/>\n\u00c9rtes\u00edt\u00e9sek<br \/>\nValamennyi, a jelen Felt\u00e9telek \u00e1ltal megengedett vagy megk\u00f6vetelt \u00e9rtes\u00edt\u00e9st vagy egy\u00e9b kommunik\u00e1ci\u00f3t, ide\u00e9rtve a jelen Felt\u00e9telek m\u00f3dos\u00edt\u00e1s\u00e1t is, a \u201eINFOCART.HU, BAL1.HU, UJRAVEZETNI.HU HONLAPOK\u201d \u00edr\u00e1sban, a k\u00f6vetkez\u0151 m\u00f3dok valamelyik\u00e9n k\u00f6zli:<br \/>\ne-mailen kereszt\u00fcl (minden esetben arra a c\u00edmre, amit a Tag megad) vagy<br \/>\nk\u00f6zz\u00e9t\u00e9tellel az Oldalon vagy az Alkalmaz\u00e1s r\u00e9v\u00e9n.<br \/>\nE-mailen k\u00fcld\u00f6tt \u00e9rtes\u00edt\u00e9sek eset\u00e9n az \u00e1tv\u00e9tel id\u0151pontja az az id\u0151pont, amikor ezen \u00fczenet megk\u00fcld\u00e9sre ker\u00fcl.<br \/>\nAlkalmazand\u00f3 jog \u00e9s joghat\u00f3s\u00e1g<br \/>\nJelen Felt\u00e9telek a vonatkoz\u00f3 jogszab\u00e1lyi k\u00f6rnyezetnek megfelel\u0151en \u00e9rtelmezend\u0151k.<br \/>\n\u00c1ltal\u00e1nos<br \/>\nAz, hogy a \u201eINFOCART.HU, BAL1.HU, UJRAVEZETNI.HU HONLAPOK\u201d elmulasztja valamely jog vagy a jelen Felt\u00e9telek valamely kik\u00f6t\u00e9s\u00e9nek \u00e9rv\u00e9nyes\u00edt\u00e9s\u00e9t, nem tekintend\u0151 akk\u00e9nt, hogy e jog vagy kik\u00f6t\u00e9s j\u00f6v\u0151beni \u00e9rv\u00e9nyes\u00edt\u00e9s\u00e9r\u0151l lemondana. B\u00e1rmely ilyen jogr\u00f3l vagy kik\u00f6t\u00e9sr\u0151l lemond\u00e1s csak akkor hat\u00e1lyos, ha az \u00edr\u00e1sban, a \u201eINFOCART.HU, BAL1.HU, UJRAVEZETNI.HU HONLAPOK\u201d jogszer\u0171en felhatalmazott k\u00e9pvisel\u0151j\u00e9t\u0151l t\u00f6rt\u00e9nik. Hacsak a jelen Felt\u00e9telekben kifejezetten nincsen r\u00f6gz\u00edtve, b\u00e1rmely f\u00e9l \u00e1ltal gyakorolt b\u00e1rmely, jelen Felt\u00e9telek szerinti jogorvoslat nem z\u00e1r ki egy\u00e9b jelen Felt\u00e9telek szerinti vagy m\u00e1s jogorvoslatokat.<br \/>\nHa a jelen Felt\u00e9telek b\u00e1rmely rendelkez\u00e9s\u00e9t az illet\u00e9kess\u00e9ggel b\u00edr\u00f3 b\u00edr\u00f3s\u00e1g b\u00e1rmely okb\u00f3l \u00e9rv\u00e9nytelennek vagy kik\u00e9nyszer\u00edthetetlennek tal\u00e1lja, azon rendelkez\u00e9s a megengedett legteljesebb m\u00e9rt\u00e9kig \u00e9rv\u00e9nyes\u00edthet\u0151, m\u00edg a jelen Felt\u00e9telek egy\u00e9b rendelkez\u00e9sei teljes m\u00e9rt\u00e9kig \u00e9rv\u00e9nyben \u00e9s hat\u00e1lyban maradnak.<br \/>\nM\u00f3dos\u00edt\u00e1sok<br \/>\nA T\u00e1rsas\u00e1g fenntartja a jogot, hogy saj\u00e1t bel\u00e1t\u00e1sa szerint b\u00e1rmikor, el\u0151zetes \u00e9rtes\u00edt\u00e9s n\u00e9lk\u00fcl megv\u00e1ltoztassa az Oldalt, az Alkalmaz\u00e1st vagy a Szolg\u00e1ltat\u00e1sokat, valamint m\u00f3dos\u00edtsa a jelen Felt\u00e9teleket, ide\u00e9rtve a d\u00edjakat is.<br \/>\nJelen Felt\u00e9telek esetleges m\u00f3dos\u00edt\u00e1sakor a T\u00e1rsas\u00e1g k\u00f6telezetts\u00e9get v\u00e1llal, hogy a m\u00f3dos\u00edt\u00e1st az Oldalon vagy az Alkalmaz\u00e1son kereszt\u00fcl k\u00f6zz\u00e9teszi, vagy a Tagot a<br \/>\nm\u00f3dos\u00edt\u00e1sr\u00f3l \u00e9rtes\u00edti. Az Oldalra, az Alkalmaz\u00e1sba vagy a Szolg\u00e1ltat\u00e1sokba val\u00f3 tov\u00e1bbi bel\u00e9p\u00e9ssel, azok tov\u00e1bbi haszn\u00e1lat\u00e1val azt k\u00f6vet\u0151en, hogy az Oldalon vagy az Alkalmaz\u00e1son kereszt\u00fcl m\u00f3dos\u00edt\u00e1st tett\u00fcnk k\u00f6zz\u00e9, vagy a Tagot a m\u00f3dos\u00edt\u00e1sr\u00f3l \u00e9rtes\u00edtett\u00fck, a Tag azt juttatja kifejez\u00e9sre, hogy r\u00e1 n\u00e9zve a m\u00f3dos\u00edtott Felt\u00e9telek k\u00f6telez\u0151ek. Ha a m\u00f3dos\u00edtott Felt\u00e9telek a Tag sz\u00e1m\u00e1ra elfogadhatatlanok, k\u00e9rj\u00fck, a tov\u00e1bbiakban ne haszn\u00e1lja az Oldalt, az Alkalmaz\u00e1st \u00e9s a Szolg\u00e1ltat\u00e1sokat, valamint, iratkozzon le \u00e9s\/vagy t\u00f6r\u00f6lje, t\u00f6r\u00f6ltesse regisztr\u00e1ci\u00f3j\u00e1t a \u201eINFOCART.HU, BAL1.HU, UJRAVEZETNI.HU HONLAPOK\u201d-n\u00e1l.<br \/>\nHat\u00e1lybal\u00e9p\u00e9s: 2019.09.15.<br \/>\nUtols\u00f3 m\u00f3dos\u00edt\u00e1s 2019.09.17.<\/p>\n<p>&nbsp;<\/p>\n<p>&nbsp;<\/p>\n<p>&nbsp;<\/p>\n<p>&nbsp;<\/p>\n<h2>GDPR &#8211; ADATKEZL\u00c9SI SZAB\u00c1LYZAT<\/h2>\n<p>C\u00c9GN\u00c9V:<br \/>\nInfoCart-Team Bt.<br \/>\nSZ\u00c9KHELY:<br \/>\n1034 Budapest, B\u00e9csi \u00fat 125. 3\/18<br \/>\nAD\u00d3SZ\u00c1M:<br \/>\n25327474-1-41<br \/>\nC\u00c9GJEGYZ\u00c9KSZ\u00c1M:<br \/>\n01-06-789704<br \/>\nK\u00c9PVISELI:<br \/>\nPet\u0151 Attila P\u00e9ter \u00fcgyvezet\u00f3<br \/>\n(a tov\u00e1bbiakban: T\u00e1rsas\u00e1g)<\/p>\n<p>Jelen Szab\u00e1lyzat a T\u00e1rsas\u00e1g adatkezel\u00e9si tev\u00e9kenys\u00e9g\u00e9nek bels\u0151 szab\u00e1lyait tartalmazza AZ EUR\u00d3PAI PARLAMENT \u00c9S A TAN\u00c1CS (EU) 2016\/679 RENDELET\u00c9NEK \u2013 (2016. \u00e1prilis 27.) a term\u00e9szetes szem\u00e9lyeknek a szem\u00e9lyes adatok kezel\u00e9se tekintet\u00e9ben t\u00f6rt\u00e9n\u0151 v\u00e9delm\u00e9r\u0151l \u00e9s az ilyen adatok szabad \u00e1raml\u00e1s\u00e1r\u00f3l, valamint a 95\/46\/EK rendelet hat\u00e1lyon k\u00edv\u00fcl helyez\u00e9s\u00e9r\u0151l (\u00e1ltal\u00e1nos adatv\u00e9delmi rendelet) \u2013 val\u00f3 megfelel\u00e9s c\u00e9lj\u00e1b\u00f3l.<br \/>\nA Szab\u00e1lyzat meg\u00e1llap\u00edt\u00e1sa \u00e9s m\u00f3dos\u00edt\u00e1sa az \u00fcgyvezet\u0151 hat\u00e1sk\u00f6r\u00e9be tartozik.<br \/>\nKelt, Budapest 2019 m\u00e1rcius h\u00f3 10. napj\u00e1n<\/p>\n<p>Pet\u0151 Attila P\u00e9ter<br \/>\n\u00fcgyvezet\u0151<\/p>\n<p>TARTALOMJEGYZ\u00c9K<\/p>\n<p>I. FEJEZET \u2013 \u00c1LTAL\u00c1NOS RENDELKEZ\u00c9SEK<br \/>\n1. \u00a7 Bevezet\u00e9s<br \/>\n2. \u00a7 A Szab\u00e1lyzat c\u00e9lja<br \/>\n3. \u00a7 A Szab\u00e1lyzat hat\u00e1lya<br \/>\n4. \u00a7 Fogalommeghat\u00e1roz\u00e1sok<br \/>\nII. FEJEZET \u2013 AZ ADATKEZEL\u00c9S JOGSZER\u0170S\u00c9G\u00c9NEK BIZTOS\u00cdT\u00c1SA<br \/>\n5. \u00a7 Adatkezel\u00e9s az \u00e9rintett hozz\u00e1j\u00e1rul\u00e1sa alapj\u00e1n<br \/>\nIII. FEJEZET \u2013 MUNKAVISZONNYAL KAPCSOLATOS ADATKEZEL\u00c9SEK<br \/>\n6. \u00a7 Munka\u00fcgyi, szem\u00e9lyzeti nyilv\u00e1ntart\u00e1s<br \/>\n7. \u00a7 Alkalmass\u00e1gi vizsg\u00e1latokkal kapcsolatos adatkezel\u00e9s<br \/>\n8.\u00a7 Felv\u00e9telre jelentkez\u0151 munkav\u00e1llal\u00f3k adatainak kezel\u00e9se, p\u00e1ly\u00e1zatok, \u00f6n\u00e9letrajzok<br \/>\n9. \u00a7 E-mail fi\u00f3k haszn\u00e1lat\u00e1nak ellen\u0151rz\u00e9s\u00e9vel kapcsolatos adatkezel\u00e9s<br \/>\n10. \u00a7 Sz\u00e1m\u00edt\u00f3g\u00e9p, laptop, tablet ellen\u0151rz\u00e9s\u00e9vel kapcsolatos adatkezel\u00e9s<br \/>\n11. \u00a7 A munkahelyi internethaszn\u00e1lat ellen\u0151rz\u00e9s\u00e9vel kapcsolatos adatkezel\u00e9s<br \/>\n12.\u00a7 C\u00e9ges mobiltelefon haszn\u00e1lat\u00e1nak ellen\u0151rz\u00e9s\u00e9vel kapcsolatos adatkezel\u00e9s<br \/>\n13. \u00a7 GPS navig\u00e1ci\u00f3s rendszer alkalmaz\u00e1s\u00e1val kapcsolatos adatkezel\u00e9s<br \/>\n14. \u00a7 Munkahelyi be- \u00e9s kil\u00e9ptet\u00e9ssel kapcsolatos adatkezel\u00e9s<br \/>\n15. \u00a7 Munkahelyi kamer\u00e1s megfigyel\u00e9ssel kapcsolatos adatkezel\u00e9s<br \/>\nIV. FEJEZET \u2013 SZERZ\u0150D\u00c9SHEZ KAPCSOL\u00d3D\u00d3 ADATKEZEL\u00c9SEK<br \/>\n16. \u00a7 Szerz\u0151d\u0151 partnerek adatainak kezel\u00e9se \u2013 vev\u0151k, sz\u00e1ll\u00edt\u00f3k nyilv\u00e1ntart\u00e1sa<br \/>\n17.\u00a7 Jogi szem\u00e9ly \u00fcgyfelek, vev\u0151k, sz\u00e1ll\u00edt\u00f3k term\u00e9szetes szem\u00e9ly k\u00e9pvisel\u0151inek el\u00e9rhet\u0151s\u00e9gi adatai<br \/>\n18.\u00a7 Az \u00fcgyf\u00e9lszolg\u00e1lat telefonos hangfelv\u00e9tel k\u00e9sz\u00edt\u00e9se<br \/>\n19. \u00a7 L\u00e1togat\u00f3i adatkezel\u00e9s a T\u00e1rsas\u00e1g honlapj\u00e1n \u2013 T\u00e1j\u00e9koztat\u00e1s s\u00fctik (cookie) alkalmaz\u00e1s\u00e1r\u00f3l<br \/>\n20. \u00a7 Regisztr\u00e1ci\u00f3 a T\u00e1rsas\u00e1g honlapj\u00e1n<br \/>\n21 \u00a7 H\u00edrlev\u00e9l szolg\u00e1ltat\u00e1shoz kapcsol\u00f3d\u00f3 adatkezel\u00e9s<br \/>\n22. \u00a7 K\u00f6z\u00f6ss\u00e9gi ir\u00e1nyelvek \/ Adatkezel\u00e9s a T\u00e1rsas\u00e1g Facebook oldal\u00e1n<br \/>\n23. \u00a7 Adatkezel\u00e9s a T\u00e1rsas\u00e1g web\u00e1ruh\u00e1z\u00e1ban<br \/>\n24. \u00a7 Aj\u00e1nd\u00e9ksorsol\u00e1s szervez\u00e9s\u00e9vel kapcsolatos adatkezel\u00e9s<br \/>\n25. \u00a7 Direkt marketing c\u00e9l\u00fa adatkezel\u00e9s<br \/>\nV. FEJEZET \u2013 JOGI K\u00d6TELEZETTS\u00c9GEN ALAPUL\u00d3 ADATKEZEL\u00c9SEK<br \/>\n26. \u00a7 Adatkezel\u00e9s ad\u00f3- \u00e9s sz\u00e1mviteli k\u00f6telezetts\u00e9gek teljes\u00edt\u00e9se c\u00e9lj\u00e1b\u00f3l<br \/>\n27. \u00a7 Kifizet\u0151i adatkezel\u00e9s<br \/>\n28. \u00a7 Adatkezel\u00e9s p\u00e9nzmos\u00e1s elleni k\u00f6telezetts\u00e9gek teljes\u00edt\u00e9se c\u00e9lj\u00e1b\u00f3l<br \/>\nVI. FEJEZET \u2013 ADATBIZONS\u00c1GI INT\u00c9ZKED\u00c9SEK<br \/>\n29. \u00a7 Adatbiztons\u00e1gi int\u00e9zked\u00e9sek<br \/>\nVII. FEJEZET \u2013 A T\u00c1RSAS\u00c1G ADATFELDOLGOZ\u00d3 TEV\u00c9KENYS\u00c9GE<br \/>\n30.\u00a7 Adatfeldolgoz\u00f3 tev\u00e9kenys\u00e9gek<br \/>\n31. \u00a7 Adatfeldolgoz\u00f3i garanciany\u00fajt\u00e1s<br \/>\n32. \u00a7 A megbiz\u00f3 (adatkezel\u0151) k\u00f6telezetts\u00e9gei \u00e9s jogai<br \/>\n33. \u00a7 T\u00e1rsas\u00e1gunk, mint adatfeldolgoz\u00f3 k\u00f6telezetts\u00e9gei \u00e9s jogai<br \/>\n34. A T\u00e1rsas\u00e1g adatfeldolgoz\u00e1si tev\u00e9kenys\u00e9g\u00e9nek \u00e1ltal\u00e1nos szerz\u0151d\u00e9si felt\u00e9telei<br \/>\nVIII. FEJEZET \u2013 ADATV\u00c9DELMI INCIDENSEK KEZEL\u00c9SE<br \/>\n35. \u00a7 Az adatv\u00e9delmi incidens fogalma<br \/>\n36. \u00a7 Adatv\u00e9delmi incidensek kezel\u00e9s, orvosl\u00e1sa<br \/>\n37. \u00a7 Adatv\u00e9delmi incidensek nyilv\u00e1ntart\u00e1sa<br \/>\nIX. FEJEZET \u2013 AZ \u00c9RINTETT SZEM\u00c9LY JOGAI<br \/>\n38.\u00a7 \u00d6sszefoglal\u00f3 t\u00e1j\u00e9koztat\u00e1s az \u00e9rintett jogair\u00f3l<br \/>\n39.\u00a7 R\u00e9szletes t\u00e1j\u00e9koztat\u00e1s az \u00e9rintett jogair\u00f3l<br \/>\nX. FEJEZET \u2013 AZ \u00c9RINTETT K\u00c9RELM\u00c9NEK EL\u0150TERJESZT\u00c9SE, AZ ADATKEZEL\u0150 INT\u00c9ZKED\u00c9SEI<br \/>\n40.\u00a7 Int\u00e9zked\u00e9sek az \u00e9rintett k\u00e9relme alapj\u00e1n<br \/>\nXI. FEJEZET \u2013 Z\u00c1R\u00d3 RENDELKEZ\u00c9SEK<br \/>\n41. \u00a7 A Szab\u00e1lyzat meg\u00e1llap\u00edt\u00e1sa \u00e9s m\u00f3dos\u00edt\u00e1sa<br \/>\n42. \u00a7 Int\u00e9zked\u00e9sek a szab\u00e1lyzat megismertet\u00e9se<br \/>\nMELL\u00c9KLETEK<br \/>\n1. mell\u00e9klet Adatk\u00e9r\u0151 lap szem\u00e9lyes adatok hozz\u00e1j\u00e1rul\u00e1son alapul\u00f3 kezel\u00e9s\u00e9hez<br \/>\n2. mell\u00e9klet Adatkezel\u00e9si t\u00e1j\u00e9koztat\u00f3 az \u00e9rintett term\u00e9szetes szem\u00e9ly jogair\u00f3l szem\u00e9lyes adatai kezel\u00e9se vonatkoz\u00e1s\u00e1ban<br \/>\n3. mell\u00e9klet T\u00e1j\u00e9koztat\u00f3 a munkav\u00e1llal\u00f3 szem\u00e9lyes adatainak kezel\u00e9s\u00e9r\u0151l \u00e9s szem\u00e9lyhez f\u0171z\u0151d\u0151 jogokr\u00f3l<br \/>\n4. mell\u00e9klet T\u00e1j\u00e9koztat\u00f3 munkav\u00e1llal\u00f3 r\u00e9sz\u00e9re alkalmass\u00e1gi vizsg\u00e1lat\u00e1r\u00f3l<br \/>\n5. mell\u00e9klet L\u00e1togat\u00f3i t\u00e1j\u00e9koztat\u00f3 kamer\u00e1s megfigyel\u0151rendszer alkalmaz\u00e1s\u00e1r\u00f3l<br \/>\n6. mell\u00e9klet Adatkezel\u00e9si kik\u00f6t\u00e9s term\u00e9szetes szem\u00e9llyel k\u00f6t\u00f6tt szerz\u0151d\u00e9shez<br \/>\n7. mell\u00e9klet Hozz\u00e1j\u00e1rul\u00f3 nyilatkozat jogi szem\u00e9ly szerz\u0151d\u0151 partnerek term\u00e9szetes szem\u00e9ly k\u00e9pvisel\u0151inek el\u00e9rhet\u0151s\u00e9gi adatai kezel\u00e9s\u00e9hez<br \/>\n8. mell\u00e9klet Az adatfeldolgoz\u00f3 munkav\u00e1llal\u00f3inak titoktart\u00e1si nyilatkozata<br \/>\n9.a mell\u00e9klet Az adatfeldolgoz\u00e1si tev\u00e9kenys\u00e9g \u00e1ltal\u00e1nos szerz\u0151d\u00e9si felt\u00e9telei \u2013 standard<br \/>\n9.b mell\u00e9klet Az adatfeldolgoz\u00e1si tev\u00e9kenys\u00e9g \u00e1ltal\u00e1nos szerz\u0151d\u00e9si felt\u00e9telei \u2013 k\u00f6nyvel\u0151irod\u00e1k r\u00e9sz\u00e9re<br \/>\n10. mell\u00e9klet Munkaszerz\u0151d\u00e9si kik\u00f6t\u00e9s az adatkezel\u00e9si szab\u00e1lyzat megismer\u00e9s\u00e9r\u0151l, alkalmaz\u00e1s\u00e1r\u00f3l \u00e9s titoktart\u00e1si k\u00f6telezetts\u00e9gr\u0151l<\/p>\n<p>I. FEJEZET<br \/>\n\u00c1LTAL\u00c1NOS RENDELKEZ\u00c9SEK<br \/>\n1.\u00a7 Bevezet\u00e9s<br \/>\nA T\u00e1rsas\u00e1g kinyilv\u00e1n\u00edtja, hogy adatkezel\u00e9si tev\u00e9kenys\u00e9g\u00e9t \u2013 a megfelel\u0151 bels\u0151 szab\u00e1lyok, technikai \u00e9s szervez\u00e9si int\u00e9zked\u00e9sek meghozatal\u00e1val \u2013 \u00fagy v\u00e9gzi, hogy az minden k\u00f6r\u00fclm\u00e9nyek k\u00f6z\u00f6tt feleljen meg AZ EUR\u00d3PAI PARLAMENT \u00c9S A TAN\u00c1CS (EU) 2016\/679 RENDELET\u00c9NEK \u2013 (2016. \u00e1prilis 27.) a term\u00e9szetes szem\u00e9lyeknek a szem\u00e9lyes adatok kezel\u00e9se tekintet\u00e9ben t\u00f6rt\u00e9n\u0151 v\u00e9delm\u00e9r\u0151l \u00e9s az ilyen adatok szabad \u00e1raml\u00e1s\u00e1r\u00f3l, valamint a 95\/46\/EK rendelet hat\u00e1lyon k\u00edv\u00fcl helyez\u00e9s\u00e9r\u0151l (\u00e1ltal\u00e1nos adatv\u00e9delmi rendelet, a tov\u00e1bbiakban: Rendelet) \u2013 tov\u00e1bb\u00e1 az inform\u00e1ci\u00f3s \u00f6nrendelkez\u00e9si jogr\u00f3l \u00e9s az inform\u00e1ci\u00f3szabads\u00e1gr\u00f3l sz\u00f3l\u00f3 2011. \u00e9vi CXII. t\u00f6rv\u00e9ny (a tov\u00e1bbiakban: Infotv.) rendelkez\u00e9seinek.<br \/>\n2. \u00a7 A Szab\u00e1lyzat c\u00e9lja<br \/>\n1. A Szab\u00e1lyzat c\u00e9lja azon bels\u0151 szab\u00e1lyok meg\u00e1llap\u00edt\u00e1sa \u00e9s int\u00e9zked\u00e9sek megalapoz\u00e1sa, amelyek biztos\u00edtj\u00e1k, hogy a T\u00e1rsas\u00e1g adatkezel\u0151 tev\u00e9kenys\u00e9ge megfeleljen a Rendelet, \u00e9s az Infotv. rendelkez\u00e9seinek.<br \/>\n2. A Szab\u00e1lyzat c\u00e9lja tov\u00e1bb\u00e1, hogy a Rendeletnek, \u00e9s az abban megfogalmazott, a szem\u00e9lyes adatok kezel\u00e9s\u00e9re vonatkoz\u00f3 elveknek (5. cikk) val\u00f3 megfelel\u00e9s T\u00e1rsas\u00e1g \u00e1ltali igazol\u00e1s\u00e1ra szolg\u00e1ljon.<br \/>\n3. \u00a7 A Szab\u00e1lyzat hat\u00e1lya<br \/>\n(1) E Szab\u00e1lyzat hat\u00e1lya term\u00e9szetes szem\u00e9lyre vonatkoz\u00f3 szem\u00e9lyes adatok T\u00e1rsas\u00e1g \u00e1ltali kezel\u00e9s\u00e9re terjed ki.<br \/>\n(2) Egy\u00e9ni v\u00e1llalkoz\u00f3, egy\u00e9ni c\u00e9g, \u0151stermel\u0151 \u00fcgyfeleket, vev\u0151ket, sz\u00e1ll\u00edt\u00f3kat e szab\u00e1lyzat alkalmaz\u00e1s\u00e1ban term\u00e9szetes szem\u00e9lynek kell tekinteni.<br \/>\n(3) A Szab\u00e1lyzat hat\u00e1lya nem terjed ki az olyan szem\u00e9lyes adatkezel\u00e9sre, amely jogi szem\u00e9lyekre vonatkozik, bele\u00e9rtve a jogi szem\u00e9ly nev\u00e9t \u00e9s form\u00e1j\u00e1t, valamint a jogi szem\u00e9ly el\u00e9rhet\u0151s\u00e9g\u00e9re vonatkoz\u00f3 adatokat. (GDPR (14))<br \/>\n4. \u00a7 Fogalommeghat\u00e1roz\u00e1sok<br \/>\nE Szab\u00e1lyzat alkalmaz\u00e1s\u00e1ban ir\u00e1nyad\u00f3 fogalommeghat\u00e1roz\u00e1sokat a Rendelet 4. cikke tartalmazza. Ennek megfelel\u0151en emelj\u00fck ki a f\u0151bb fogalmakat:<br \/>\n1. \u201eszem\u00e9lyes adat\u201d: azonos\u00edtott vagy azonos\u00edthat\u00f3 term\u00e9szetes szem\u00e9lyre (\u201e\u00e9rintett\u201d) vonatkoz\u00f3 b\u00e1rmely inform\u00e1ci\u00f3; azonos\u00edthat\u00f3 az a term\u00e9szetes szem\u00e9ly, aki k\u00f6zvetlen vagy k\u00f6zvetett m\u00f3don, k\u00fcl\u00f6n\u00f6sen valamely azonos\u00edt\u00f3, p\u00e9ld\u00e1ul n\u00e9v, sz\u00e1m, helymeghat\u00e1roz\u00f3 adat, online azonos\u00edt\u00f3 vagy a term\u00e9szetes szem\u00e9ly testi, fiziol\u00f3giai, genetikai, szellemi, gazdas\u00e1gi, kultur\u00e1lis vagy szoci\u00e1lis azonoss\u00e1g\u00e1ra vonatkoz\u00f3 egy vagy t\u00f6bb t\u00e9nyez\u0151 alapj\u00e1n azonos\u00edthat\u00f3;<br \/>\n2. \u201eadatkezel\u00e9s\u201d: a szem\u00e9lyes adatokon vagy adat\u00e1llom\u00e1nyokon automatiz\u00e1lt vagy nem automatiz\u00e1lt m\u00f3don v\u00e9gzett b\u00e1rmely m\u0171velet vagy m\u0171veletek \u00f6sszess\u00e9ge, \u00edgy a gy\u0171jt\u00e9s, r\u00f6gz\u00edt\u00e9s, rendszerez\u00e9s, tagol\u00e1s, t\u00e1rol\u00e1s, \u00e1talak\u00edt\u00e1s vagy megv\u00e1ltoztat\u00e1s, lek\u00e9rdez\u00e9s, betekint\u00e9s, felhaszn\u00e1l\u00e1s, k\u00f6zl\u00e9s tov\u00e1bb\u00edt\u00e1s, terjeszt\u00e9s vagy egy\u00e9b m\u00f3don t\u00f6rt\u00e9n\u0151 hozz\u00e1f\u00e9rhet\u0151v\u00e9 t\u00e9tel \u00fatj\u00e1n, \u00f6sszehangol\u00e1s vagy \u00f6sszekapcsol\u00e1s, korl\u00e1toz\u00e1s, t\u00f6rl\u00e9s, illetve megsemmis\u00edt\u00e9s;<br \/>\n3. \u201eaz adatkezel\u00e9s korl\u00e1toz\u00e1sa\u201d: a t\u00e1rolt szem\u00e9lyes adatok megjel\u00f6l\u00e9se j\u00f6v\u0151beli kezel\u00e9s\u00fck korl\u00e1toz\u00e1sa c\u00e9lj\u00e1b\u00f3l;<br \/>\n4. \u201eprofilalkot\u00e1s\u201d: szem\u00e9lyes adatok automatiz\u00e1lt kezel\u00e9s\u00e9nek b\u00e1rmely olyan form\u00e1ja, amelynek sor\u00e1n a szem\u00e9lyes adatokat valamely term\u00e9szetes szem\u00e9lyhez f\u0171z\u0151d\u0151 bizonyos szem\u00e9lyes jellemz\u0151k \u00e9rt\u00e9kel\u00e9s\u00e9re, k\u00fcl\u00f6n\u00f6sen a munkahelyi teljes\u00edtm\u00e9nyhez, gazdas\u00e1gi helyzethez, eg\u00e9szs\u00e9gi \u00e1llapothoz, szem\u00e9lyes preferenci\u00e1khoz, \u00e9rdekl\u0151d\u00e9shez, megb\u00edzhat\u00f3s\u00e1ghoz, viselked\u00e9shez, tart\u00f3zkod\u00e1si helyhez vagy mozg\u00e1shoz kapcsol\u00f3d\u00f3 jellemz\u0151k elemz\u00e9s\u00e9re vagy el\u0151rejelz\u00e9s\u00e9re haszn\u00e1lj\u00e1k;<br \/>\n5. \u201e\u00e1lneves\u00edt\u00e9s\u201d: a szem\u00e9lyes adatok olyan m\u00f3don t\u00f6rt\u00e9n\u0151 kezel\u00e9se, amelynek k\u00f6vetkezt\u00e9ben tov\u00e1bbi inform\u00e1ci\u00f3k felhaszn\u00e1l\u00e1sa n\u00e9lk\u00fcl t\u00f6bb\u00e9 m\u00e1r nem \u00e1llap\u00edthat\u00f3 meg, hogy a szem\u00e9lyes adat mely konkr\u00e9t term\u00e9szetes szem\u00e9lyre vonatkozik, felt\u00e9ve hogy az ilyen tov\u00e1bbi inform\u00e1ci\u00f3t k\u00fcl\u00f6n t\u00e1rolj\u00e1k, \u00e9s technikai \u00e9s szervez\u00e9si int\u00e9zked\u00e9sek megt\u00e9tel\u00e9vel biztos\u00edtott, hogy azonos\u00edtott vagy azonos\u00edthat\u00f3 term\u00e9szetes szem\u00e9lyekhez ezt a szem\u00e9lyes adatot nem lehet kapcsolni;<br \/>\n6. \u201enyilv\u00e1ntart\u00e1si rendszer\u201d: a szem\u00e9lyes adatok b\u00e1rmely m\u00f3don \u2013 centraliz\u00e1lt, decentraliz\u00e1lt vagy funkcion\u00e1lis vagy f\u00f6ldrajzi szempontok szerint \u2013 tagolt \u00e1llom\u00e1nya, amely meghat\u00e1rozott ism\u00e9rvek alapj\u00e1n hozz\u00e1f\u00e9rhet\u0151;<br \/>\n7. \u201eadatkezel\u0151\u201d: az a term\u00e9szetes vagy jogi szem\u00e9ly, k\u00f6zhatalmi szerv, \u00fcgyn\u00f6ks\u00e9g vagy b\u00e1rmely egy\u00e9b szerv, amely a szem\u00e9lyes adatok kezel\u00e9s\u00e9nek c\u00e9ljait \u00e9s eszk\u00f6zeit \u00f6n\u00e1ll\u00f3an vagy m\u00e1sokkal egy\u00fctt meghat\u00e1rozza; ha az adatkezel\u00e9s c\u00e9ljait \u00e9s eszk\u00f6zeit az uni\u00f3s vagy a tag\u00e1llami jog hat\u00e1rozza meg, az adatkezel\u0151t vagy az adatkezel\u0151 kijel\u00f6l\u00e9s\u00e9re vonatkoz\u00f3 k\u00fcl\u00f6n\u00f6s szempontokat az uni\u00f3s vagy a tag\u00e1llami jog is meghat\u00e1rozhatja;<br \/>\n8. \u201eadatfeldolgoz\u00f3\u201d: az a term\u00e9szetes vagy jogi szem\u00e9ly, k\u00f6zhatalmi szerv, \u00fcgyn\u00f6ks\u00e9g vagy b\u00e1rmely egy\u00e9b szerv, amely az adatkezel\u0151 nev\u00e9ben szem\u00e9lyes adatokat kezel;<br \/>\n9. \u201ec\u00edmzett\u201d: az a term\u00e9szetes vagy jogi szem\u00e9ly, k\u00f6zhatalmi szerv, \u00fcgyn\u00f6ks\u00e9g vagy b\u00e1rmely egy\u00e9b szerv, akivel vagy amellyel a szem\u00e9lyes adatot k\u00f6zlik, f\u00fcggetlen\u00fcl att\u00f3l, hogy harmadik f\u00e9l-e. Azon k\u00f6zhatalmi szervek, amelyek egy egyedi vizsg\u00e1lat keret\u00e9ben az uni\u00f3s vagy a tag\u00e1llami joggal \u00f6sszhangban f\u00e9rhetnek hozz\u00e1 szem\u00e9lyes adatokhoz, nem min\u0151s\u00fclnek c\u00edmzettnek; az eml\u00edtett adatok e k\u00f6zhatalmi szervek \u00e1ltali kezel\u00e9se meg kell, hogy feleljen az adatkezel\u00e9s c\u00e9ljainak megfelel\u0151en az alkalmazand\u00f3 adatv\u00e9delmi szab\u00e1lyoknak;<br \/>\n10. \u201eharmadik f\u00e9l\u201d: az a term\u00e9szetes vagy jogi szem\u00e9ly, k\u00f6zhatalmi szerv, \u00fcgyn\u00f6ks\u00e9g vagy b\u00e1rmely egy\u00e9b szerv, amely nem azonos az \u00e9rintettel, az adatkezel\u0151vel, az adatfeldolgoz\u00f3val vagy azokkal a szem\u00e9lyekkel, akik az adatkezel\u0151 vagy adatfeldolgoz\u00f3 k\u00f6zvetlen ir\u00e1ny\u00edt\u00e1sa alatt a szem\u00e9lyes adatok kezel\u00e9s\u00e9re felhatalmaz\u00e1st kaptak;<br \/>\n11. \u201eaz \u00e9rintett hozz\u00e1j\u00e1rul\u00e1sa\u201d: az \u00e9rintett akarat\u00e1nak \u00f6nk\u00e9ntes, konkr\u00e9t \u00e9s megfelel\u0151 t\u00e1j\u00e9koztat\u00e1son alapul\u00f3 \u00e9s egy\u00e9rtelm\u0171 kinyilv\u00e1n\u00edt\u00e1sa, amellyel az \u00e9rintett nyilatkozat vagy a meger\u0151s\u00edt\u00e9st f\u00e9lre\u00e9rthetetlen\u00fcl kifejez\u0151 cselekedet \u00fatj\u00e1n jelzi, hogy beleegyez\u00e9s\u00e9t adja az \u0151t \u00e9rint\u0151 szem\u00e9lyes adatok kezel\u00e9s\u00e9hez;<br \/>\n12. \u201eadatv\u00e9delmi incidens\u201d: a biztons\u00e1g olyan s\u00e9r\u00fcl\u00e9se, amely a tov\u00e1bb\u00edtott, t\u00e1rolt vagy m\u00e1s m\u00f3don kezelt szem\u00e9lyes adatok v\u00e9letlen vagy jogellenes megsemmis\u00edt\u00e9s\u00e9t, elveszt\u00e9s\u00e9t, megv\u00e1ltoztat\u00e1s\u00e1t, jogosulatlan k\u00f6zl\u00e9s\u00e9t vagy az azokhoz val\u00f3 jogosulatlan hozz\u00e1f\u00e9r\u00e9st eredm\u00e9nyezi.<br \/>\nII. FEJEZET<br \/>\nAZ ADATKEZEL\u00c9S JOGSZER\u0170S\u00c9G\u00c9NEK BIZTOS\u00cdT\u00c1SA<br \/>\n5. \u00a7 Adatkezel\u00e9s az \u00e9rintett hozz\u00e1j\u00e1rul\u00e1sa alapj\u00e1n<br \/>\n(1) A hozz\u00e1j\u00e1rul\u00e1son alapul\u00f3 adatkezel\u00e9s eset\u00e9n az \u00e9rintett hozz\u00e1j\u00e1rul\u00e1s\u00e1t szem\u00e9lyes adatai kezel\u00e9s\u00e9hez az 1. sz\u00e1m\u00fa mell\u00e9klet szerinti adatk\u00e9r\u0151 lapon kell k\u00e9rni.<br \/>\n(2) Hozz\u00e1j\u00e1rul\u00e1snak min\u0151s\u00fcl az is, ha az \u00e9rintett a T\u00e1rsas\u00e1g internetes honlapj\u00e1nak megtekint\u00e9se sor\u00e1n bejel\u00f6l egy erre vonatkoz\u00f3 n\u00e9gyzetet, az inform\u00e1ci\u00f3s t\u00e1rsadalommal \u00f6sszef\u00fcgg\u0151 szolg\u00e1ltat\u00e1sok ig\u00e9nybev\u00e9tele sor\u00e1n erre vonatkoz\u00f3 technikai be\u00e1ll\u00edt\u00e1sokat hajt v\u00e9gre, valamint b\u00e1rmely egy\u00e9b olyan nyilatkozat vagy cselekedet is, amely az adott \u00f6sszef\u00fcgg\u00e9sben az \u00e9rintett hozz\u00e1j\u00e1rul\u00e1s\u00e1t szem\u00e9lyes adatainak tervezett kezel\u00e9s\u00e9hez egy\u00e9rtelm\u0171en jelzi. A hallgat\u00e1s, az el\u0151re bejel\u00f6lt n\u00e9gyzet vagy a nem cselekv\u00e9s ez\u00e9rt nem min\u0151s\u00fcl hozz\u00e1j\u00e1rul\u00e1snak.<br \/>\n(3) A hozz\u00e1j\u00e1rul\u00e1s az ugyanazon c\u00e9l vagy c\u00e9lok \u00e9rdek\u00e9ben v\u00e9gzett \u00f6sszes adatkezel\u00e9si tev\u00e9kenys\u00e9gre kiterjed. Ha az adatkezel\u00e9s egyszerre t\u00f6bb c\u00e9lt is szolg\u00e1l, akkor a hozz\u00e1j\u00e1rul\u00e1st az \u00f6sszes adatkezel\u00e9si c\u00e9lra vonatkoz\u00f3an meg kell adni.<br \/>\n(4) Ha az \u00e9rintett hozz\u00e1j\u00e1rul\u00e1s\u00e1t olyan \u00edr\u00e1sbeli nyilatkozat keret\u00e9ben adja meg, amely m\u00e1s \u00fcgyekre is vonatkozik \u2013 pl, \u00e9rt\u00e9kes\u00edt\u00e9si, szolg\u00e1ltat\u00e1si szerz\u0151d\u00e9s megk\u00f6t\u00e9se \u2013 a hozz\u00e1j\u00e1rul\u00e1s ir\u00e1nti k\u00e9relmet ezekt\u0151l a m\u00e1s \u00fcgyekt\u0151l egy\u00e9rtelm\u0171en megk\u00fcl\u00f6nb\u00f6ztethet\u0151 m\u00f3don kell el\u0151adni, \u00e9rthet\u0151 \u00e9s k\u00f6nnyen hozz\u00e1f\u00e9rhet\u0151 form\u00e1ban, vil\u00e1gos \u00e9s egyszer\u0171 nyelvezettel. Az \u00e9rintett hozz\u00e1j\u00e1rul\u00e1s\u00e1t tartalmaz\u00f3 ilyen nyilatkozat b\u00e1rmely olyan r\u00e9sze, amely s\u00e9rti a Rendeletet, k\u00f6telez\u0151 er\u0151vel nem b\u00edr.<br \/>\n(5) A T\u00e1rsas\u00e1g nem k\u00f6theti szerz\u0151d\u00e9s megk\u00f6t\u00e9s\u00e9t, teljes\u00edt\u00e9s\u00e9t olyan szem\u00e9lyes adatok kezel\u00e9s\u00e9hez val\u00f3 hozz\u00e1j\u00e1rul\u00e1s megad\u00e1s\u00e1hoz, amelyek nem sz\u00fcks\u00e9gesek a szerz\u0151d\u00e9s teljes\u00edt\u00e9s\u00e9hez.<br \/>\n(6) A hozz\u00e1j\u00e1rul\u00e1s visszavon\u00e1s\u00e1t ugyanolyan egyszer\u0171 m\u00f3don kell lehet\u0151v\u00e9 tenni, mint annak megad\u00e1s\u00e1t.<br \/>\n(7) Ha a szem\u00e9lyes adat felv\u00e9tel\u00e9re az \u00e9rintett hozz\u00e1j\u00e1rul\u00e1s\u00e1val ker\u00fclt sor, az adatkezel\u0151 a felvett adatokat t\u00f6rv\u00e9ny elt\u00e9r\u0151 rendelkez\u00e9s\u00e9nek hi\u00e1ny\u00e1ban a r\u00e1 vonatkoz\u00f3 jogi k\u00f6telezetts\u00e9g teljes\u00edt\u00e9se c\u00e9lj\u00e1b\u00f3l tov\u00e1bbi k\u00fcl\u00f6n hozz\u00e1j\u00e1rul\u00e1s n\u00e9lk\u00fcl, valamint az \u00e9rintett hozz\u00e1j\u00e1rul\u00e1s\u00e1nak visszavon\u00e1s\u00e1t k\u00f6vet\u0151en is kezelheti.<br \/>\n(8) A T\u00e1rsas\u00e1g a 2. sz\u00e1m\u00fa mell\u00e9klet szerinti \u00e1ltal\u00e1nos adatkezel\u00e9si t\u00e1j\u00e9koztat\u00f3j\u00e1t a honlapj\u00e1n a l\u00e1bl\u00e9cben el\u00e9rhet\u0151v\u00e9 teszi az \u00e9rintettek sz\u00e1m\u00e1ra. E t\u00e1j\u00e9koztat\u00f3 c\u00e9lja, hogy az \u00e9rintetteket e nyilv\u00e1nosan is el\u00e9rhet\u0151 form\u00e1ban az adatkezel\u00e9s megkezd\u00e9se el\u0151tt \u00e9s annak folyam\u00e1n is egy\u00e9rtelm\u0171en \u00e9s r\u00e9szletesen t\u00e1j\u00e9koztassa az adataik kezel\u00e9s\u00e9vel kapcsolatos minden t\u00e9nyr\u0151l, \u00edgy k\u00fcl\u00f6n\u00f6sen az adatkezel\u00e9s c\u00e9lj\u00e1r\u00f3l \u00e9s jogalapj\u00e1r\u00f3l, az adatkezel\u00e9sre \u00e9s az adatfeldolgoz\u00e1sra jogosult szem\u00e9ly\u00e9r\u0151l, az adatkezel\u00e9s id\u0151tartam\u00e1r\u00f3l, arr\u00f3l, ha az \u00e9rintett szem\u00e9lyes adatait az adatkezel\u0151 az Infotv. 6. \u00a7 (5) bekezd\u00e9se alapj\u00e1n kezeli, illetve arr\u00f3l, hogy kik ismerhetik meg az adatokat. A t\u00e1j\u00e9koztat\u00e1snak ki kell terjednie az \u00e9rintett adatkezel\u00e9ssel kapcsolatos jogaira \u00e9s jogorvoslati lehet\u0151s\u00e9geire is. Ezen adatkezel\u00e9si t\u00e1j\u00e9koztat\u00f3t a legfontosabb adatkezel\u00e9si l\u00e9p\u00e9sek mindegyik\u00e9n\u00e9l k\u00fcl\u00f6n linkkel jel\u00f6lve megismerhet\u0151v\u00e9 kell tenni (p\u00e9ld\u00e1ul egy regisztr\u00e1ci\u00f3 eset\u00e9ben a regisztr\u00e1ci\u00f3 el\u0151tt, a regisztr\u00e1ci\u00f3 folyamat\u00e1n\u00e1l, stb.). E t\u00e1j\u00e9koztat\u00f3 el\u00e9ehet\u0151s\u00e9g\u00e9r\u0151l az \u00e9rintetteket t\u00e1j\u00e9koztatni kell.<br \/>\n(9) A jogi k\u00f6telezetts\u00e9g teljes\u00edt\u00e9se jogc\u00edm\u00e9n alapul\u00f3 adatkezel\u00e9s az \u00e9rintett hozz\u00e1j\u00e1rul\u00e1s\u00e1t\u00f3l f\u00fcggetlen, mivel az adatkezel\u00e9st t\u00f6rv\u00e9ny hat\u00e1rozta meg. Az \u00e9rintettel az adatkezel\u00e9s megkezd\u00e9se el\u0151tt ezesetben k\u00f6z\u00f6lni kell, hogy az adatkezel\u00e9s k\u00f6telez\u0151, tov\u00e1bb\u00e1 az \u00e9rintettet az adatkezel\u00e9s megkezd\u00e9se el\u0151tt egy\u00e9rtelm\u0171en \u00e9s r\u00e9szletesen t\u00e1j\u00e9koztatni kell az adatai kezel\u00e9s\u00e9vel kapcsolatos minden t\u00e9nyr\u0151l, \u00edgy k\u00fcl\u00f6n\u00f6sen az adatkezel\u00e9s c\u00e9lj\u00e1r\u00f3l \u00e9s jogalapj\u00e1r\u00f3l, az adatkezel\u00e9sre \u00e9s az adatfeldolgoz\u00e1sra jogosult szem\u00e9ly\u00e9r\u0151l, az adatkezel\u00e9s id\u0151tartam\u00e1r\u00f3l, arr\u00f3l, ha az \u00e9rintett szem\u00e9lyes adatait az adatkezel\u0151 a r\u00e1 vonatkoz\u00f3 jogi k\u00f6telezetts\u00e9g alapj\u00e1n kezeli, illetve arr\u00f3l, hogy kik ismerhetik meg az adatokat. A t\u00e1j\u00e9koztat\u00e1snak ki kell terjednie az \u00e9rintett adatkezel\u00e9ssel kapcsolatos jogaira \u00e9s jogorvoslati lehet\u0151s\u00e9geire is. K\u00f6telez\u0151 adatkezel\u00e9s eset\u00e9n a t\u00e1j\u00e9koztat\u00e1s megt\u00f6rt\u00e9nhet az el\u0151bbi inform\u00e1ci\u00f3kat tartalmaz\u00f3 jogszab\u00e1lyi rendelkez\u00e9sekre val\u00f3 utal\u00e1s nyilv\u00e1noss\u00e1gra hozatal\u00e1val is.<\/p>\n<p>III. FEJEZET<br \/>\nMUNKAVISZONNYAL KAPCSOLATOS ADATKEZEL\u00c9SEK<br \/>\n6. \u00a7 Munka\u00fcgyi, szem\u00e9lyzeti nyilv\u00e1ntart\u00e1s<br \/>\n(1) A munkav\u00e1llal\u00f3kt\u00f3l kiz\u00e1r\u00f3lag olyan adatok k\u00e9rhet\u0151k \u00e9s tarthat\u00f3k nyilv\u00e1n, valamint olyan munkak\u00f6ri orvosi alkalmass\u00e1gi vizsg\u00e1latok v\u00e9gezhet\u0151k, amelyek munkaviszony l\u00e9tes\u00edt\u00e9s\u00e9hez, fenntart\u00e1s\u00e1hoz \u00e9s megsz\u00fcntet\u00e9s\u00e9hez, illetve a szoci\u00e1lis-j\u00f3l\u00e9ti juttat\u00e1sok biztos\u00edt\u00e1s\u00e1hoz sz\u00fcks\u00e9gesek \u00e9s a munkav\u00e1llal\u00f3 szem\u00e9lyhez f\u0171z\u0151d\u0151 jogait nem s\u00e9rtik.<br \/>\n(2) A T\u00e1rsas\u00e1g munk\u00e1ltat\u00f3i jogos \u00e9rdekeinek \u00e9rv\u00e9nyes\u00edt\u00e9se (Rendelet 6. cikk (1) bekezd\u00e9se f)) jogc\u00edm\u00e9n munkaviszony l\u00e9tes\u00edt\u00e9se, teljes\u00edt\u00e9se vagy megsz\u0171n\u00e9se c\u00e9lj\u00e1b\u00f3l kezeli a munkav\u00e1llal\u00f3 al\u00e1bbi adatait:<br \/>\n1. n\u00e9v<br \/>\n2. sz\u00fclet\u00e9si n\u00e9v,,<br \/>\n3. sz\u00fclet\u00e9si ideje,<br \/>\n4. anyja neve,<br \/>\n5. lakc\u00edme,<br \/>\n6. \u00e1llampolg\u00e1rs\u00e1ga,<br \/>\n7. ad\u00f3azonos\u00edt\u00f3 jele,<br \/>\n8. TAJ sz\u00e1ma,<br \/>\n9. nyugd\u00edjas t\u00f6rzssz\u00e1m (nyugd\u00edjas munkav\u00e1llal\u00f3 eset\u00e9n),<br \/>\n10. telefonsz\u00e1m,<br \/>\n11. e-mail c\u00edm,<br \/>\n12. szem\u00e9lyi igazolv\u00e1ny sz\u00e1ma,<br \/>\n13. lakc\u00edmet igazol\u00f3 hat\u00f3s\u00e1gi igazolv\u00e1ny sz\u00e1ma,<br \/>\n14. banksz\u00e1mlasz\u00e1ma,<br \/>\n15. online azonos\u00edt\u00f3 (ha van)<br \/>\n16. munk\u00e1ba l\u00e9p\u00e9s\u00e9nek kezd\u0151 \u00e9s befejez\u0151 id\u0151pontja,<br \/>\n17. munkak\u00f6r,<br \/>\n18. iskolai v\u00e9gzetts\u00e9g\u00e9t, szakk\u00e9pzetts\u00e9g\u00e9t igazol\u00f3 okm\u00e1ny m\u00e1solata,<br \/>\n19. f\u00e9nyk\u00e9p,<br \/>\n20. \u00f6n\u00e9letrajz,<br \/>\n21. munkab\u00e9r\u00e9nek \u00f6sszege, a b\u00e9rfizet\u00e9ssel, egy\u00e9b juttat\u00e1saival kapcsolatos adatok,<br \/>\n22. a munkav\u00e1llal\u00f3 munkab\u00e9r\u00e9b\u0151l joger\u0151s hat\u00e1rozat vagy jogszab\u00e1ly, illetve \u00edr\u00e1sbeli hozz\u00e1j\u00e1rul\u00e1sa alapj\u00e1n levonand\u00f3 tartoz\u00e1st, illetve ennek jogosults\u00e1g\u00e1t,<br \/>\n23. a munkav\u00e1llal\u00f3 munk\u00e1j\u00e1nak \u00e9rt\u00e9kel\u00e9se,<br \/>\n24. a munkaviszony megsz\u0171n\u00e9s\u00e9nek m\u00f3dja, indokai,<br \/>\n25. munkak\u00f6rt\u0151l f\u00fcgg\u0151en erk\u00f6lcsi bizony\u00edtv\u00e1nya<br \/>\n26. a munkak\u00f6ri alkalmass\u00e1gi vizsg\u00e1latok \u00f6sszegz\u00e9se,<br \/>\n27. mag\u00e1nnyugd\u00edjp\u00e9nzt\u00e1ri \u00e9s \u00f6nk\u00e9ntes k\u00f6lcs\u00f6n\u00f6s biztos\u00edt\u00f3 p\u00e9nzt\u00e1ri tags\u00e1g eset\u00e9n a p\u00e9nzt\u00e1r megnevez\u00e9se, azonos\u00edt\u00f3 sz\u00e1ma \u00e9s a munkav\u00e1llal\u00f3 tags\u00e1gi sz\u00e1ma,<br \/>\n28. k\u00fclf\u00f6ldi munkav\u00e1llal\u00f3 eset\u00e9n \u00fatlev\u00e9lsz\u00e1m; munkav\u00e1llal\u00e1si jogosults\u00e1got igazol\u00f3 dokumentum\u00e1nak megnevez\u00e9s\u00e9t \u00e9s sz\u00e1ma,<br \/>\n29 munkav\u00e1llal\u00f3t \u00e9rt balesetek jegyz\u0151k\u00f6nyveiben r\u00f6gz\u00edtett adatokat;<br \/>\n30. a j\u00f3l\u00e9ti szolg\u00e1ltat\u00e1s, kereskedelmi sz\u00e1ll\u00e1shely ig\u00e9nybe v\u00e9tel\u00e9hez sz\u00fcks\u00e9ges adatokat;<br \/>\n31. a T\u00e1rsas\u00e1gn\u00e1l biztons\u00e1gi \u00e9s vagyonv\u00e9delmi c\u00e9lb\u00f3l alkalmazott kamera \u00e9s bel\u00e9ptet\u0151 rendszer,<br \/>\nilletve a helymeghat\u00e1roz\u00f3 rendszerek \u00e1ltal r\u00f6gz\u00edtett adatokat.<br \/>\n(3) Betegs\u00e9gre \u00e9s szakszervezeti tags\u00e1g\u00e1ra vonatkoz\u00f3 adatokat a munk\u00e1ltat\u00f3 csak a Munka T\u00f6rv\u00e9nyk\u00f6nyvben meghat\u00e1rozott jog, vagy k\u00f6telezetts\u00e9g teljes\u00edt\u00e9se c\u00e9lj\u00e1b\u00f3l kezel.<br \/>\n(4) A szem\u00e9lyes adatok c\u00edmzettjei: a munk\u00e1ltat\u00f3 vezet\u0151je, munk\u00e1ltat\u00f3i jogk\u00f6r gyakorl\u00f3ja, a T\u00e1rsas\u00e1g munka\u00fcgyi feladatokat ell\u00e1t\u00f3 munkav\u00e1llal\u00f3i \u00e9s adatfeldolgoz\u00f3i.<br \/>\n(5) A T\u00e1rsas\u00e1g tulajdonosai r\u00e9sz\u00e9re csak a vezet\u0151 \u00e1ll\u00e1s\u00fa munkav\u00e1llal\u00f3k szem\u00e9lyes adatai tov\u00e1bb\u00edthat\u00f3k.<br \/>\n(6) A szem\u00e9lyes adatok t\u00e1rol\u00e1s\u00e1nak id\u0151tartama: a munkaviszony megsz\u0171n\u00e9s\u00e9t k\u00f6vet\u0151 3 \u00e9v.<br \/>\n(7) Az \u00e9rintettel az adatkezel\u00e9s megkezd\u00e9se el\u0151tt k\u00f6z\u00f6lni kell, hogy az adatkezel\u00e9s a Munka t\u00f6rv\u00e9nyk\u00f6nyv\u00e9n \u00e9s a munk\u00e1ltat\u00f3 jogos \u00e9rdekeinek \u00e9rv\u00e9nyes\u00edt\u00e9s\u00e9n alapul<br \/>\n(8) A munk\u00e1ltat\u00f3 a munkaszerz\u0151d\u00e9s megk\u00f6t\u00e9s\u00e9vel egyidej\u0171leg a jelen szab\u00e1lyzat 3. sz\u00e1m\u00fa mell\u00e9klete szerinti T\u00e1j\u00e9koztat\u00f3 \u00e1tad\u00e1s\u00e1val t\u00e1j\u00e9koztatja a munkav\u00e1llal\u00f3t szem\u00e9lyes adatainak kezel\u00e9s\u00e9r\u0151l \u00e9s szem\u00e9lyhez f\u0171z\u0151d\u0151 jogokr\u00f3l.<br \/>\n7. \u00a7 Alkalmass\u00e1gi vizsg\u00e1latokkal kapcsolatos adatkezel\u00e9s<br \/>\n(1) A munkav\u00e1llal\u00f3val szemben csak olyan alkalmass\u00e1gi vizsg\u00e1lat alkalmazhat\u00f3, amelyet munkaviszonyra vonatkoz\u00f3 szab\u00e1ly \u00edr el\u0151, vagy amely munkaviszonyra vonatkoz\u00f3 szab\u00e1lyban meghat\u00e1rozott jog gyakorl\u00e1sa, k\u00f6telezetts\u00e9g teljes\u00edt\u00e9se \u00e9rdek\u00e9ben sz\u00fcks\u00e9ges. A vizsg\u00e1lat el\u0151tt r\u00e9szletesen t\u00e1j\u00e9koztatni kell a munkav\u00e1llal\u00f3kat t\u00f6bbek k\u00f6z\u00f6tt arr\u00f3l, hogy az alkalmass\u00e1gi vizsg\u00e1lat milyen k\u00e9szs\u00e9g, k\u00e9pess\u00e9g felm\u00e9r\u00e9s\u00e9re ir\u00e1nyul, a vizsg\u00e1lat milyen eszk\u00f6zzel, m\u00f3dszerrel t\u00f6rt\u00e9nik. Amennyiben jogszab\u00e1ly \u00edrja el\u0151 a vizsg\u00e1lat elv\u00e9gz\u00e9s\u00e9t, akkor t\u00e1j\u00e9koztatni kell a munkav\u00e1llal\u00f3kat a jogszab\u00e1ly c\u00edm\u00e9r\u0151l \u00e9s a pontos jogszab\u00e1lyhelyr\u0151l is. E T\u00e1j\u00e9koztat\u00e1shoz kapcsol\u00f3d\u00f3 adatkezel\u00e9si t\u00e1j\u00e9koztat\u00f3 mint\u00e1j\u00e1t jelen szab\u00e1lyzat 4. sz\u00e1m\u00fa mell\u00e9klete tartalmazza.<br \/>\n(2) A munkaalkalmass\u00e1gra, felk\u00e9sz\u00fclts\u00e9gre ir\u00e1nyul\u00f3 tesztlapok a munk\u00e1ltat\u00f3 mind a munkaviszony l\u00e9tes\u00edt\u00e9se el\u0151tt, mind pedig a munkaviszony fenn\u00e1ll\u00e1sa alatt kit\u00f6ltetheti a munkav\u00e1llal\u00f3kkal.<br \/>\n(3) Az egy\u00e9rtelm\u0171en munkaviszonnyal kapcsolatos, a munkafolyamatok hat\u00e9konyabb ell\u00e1t\u00e1sa, megszervez\u00e9se \u00e9rdek\u00e9ben csak akkor t\u00f6lthet\u0151 ki a munkav\u00e1llal\u00f3k nagyobb csoportj\u00e1val pszichol\u00f3giai, vagy szem\u00e9lyis\u00e9gjegyek kutat\u00e1s\u00e1ra alkalmas tesztlap, ha az elemz\u00e9s sor\u00e1n felsz\u00ednre ker\u00fclt adatok nem k\u00f6thet\u0151k az egyes konkr\u00e9t munkav\u00e1llal\u00f3khoz, vagyis anonim m\u00f3don t\u00f6rt\u00e9nik az adatok feldolgoz\u00e1sa.<br \/>\n(4) A kezelhet\u0151 szem\u00e9lyes adatok k\u00f6re: a munkak\u00f6ri alkalmass\u00e1g t\u00e9nye, \u00e9s az ehhez sz\u00fcks\u00e9ges felt\u00e9telek.<br \/>\n(5) Az adatkezel\u00e9s jogalapja: a munk\u00e1ltat\u00f3 jogos \u00e9rdeke.<br \/>\n(6) A szem\u00e9lyes adatok kezel\u00e9s\u00e9nek c\u00e9lja: munkaviszony l\u00e9tes\u00edt\u00e9se, fenntart\u00e1sa , munkak\u00f6r bet\u00f6lt\u00e9se.<br \/>\n(7) A szem\u00e9lyes adatok c\u00edmzettjei, illetve a c\u00edmzettek kateg\u00f3ri\u00e1i: A vizsg\u00e1lat eredm\u00e9nyt a vizsg\u00e1lt munkav\u00e1llal\u00f3k, illetve a vizsg\u00e1latot v\u00e9gz\u0151 szakember ismerhetik meg. A munk\u00e1ltat\u00f3 csak azt az inform\u00e1ci\u00f3t kaphatja meg, hogy a vizsg\u00e1lt szem\u00e9ly a munk\u00e1ra alkalmas-e vagy sem, illetve milyen felt\u00e9telek biztos\u00edtand\u00f3k ehhez. A vizsg\u00e1lat r\u00e9szleteit, illetve annak teljes dokument\u00e1ci\u00f3j\u00e1t azonban a munk\u00e1ltat\u00f3 nem ismerheti meg.<br \/>\n(8) A szem\u00e9lyes adatok kezel\u00e9s\u00e9nek id\u0151tartama: a munkaviszony megsz\u0171n\u00e9s\u00e9t k\u00f6vet\u0151 3 \u00e9v.<br \/>\n8. \u00a7 Felv\u00e9telre jelentkez\u0151 munkav\u00e1llal\u00f3k adatainak kezel\u00e9se, p\u00e1ly\u00e1zatok, \u00f6n\u00e9letrajzok<br \/>\n(1) A kezelhet\u0151 szem\u00e9lyes adatok k\u00f6re: a term\u00e9szetes szem\u00e9ly neve, sz\u00fclet\u00e9si ideje, helye, anyja neve, lakc\u00edm, k\u00e9pes\u00edt\u00e9si adatok, f\u00e9nyk\u00e9p, telefonsz\u00e1m, e-mail c\u00edm, a jelentkez\u0151r\u0151l k\u00e9sz\u00edtett munk\u00e1ltat\u00f3i feljegyz\u00e9s (ha van).<br \/>\n(2) A szem\u00e9lyes adatok kezel\u00e9s\u00e9nek c\u00e9lja: jelentkez\u00e9s, p\u00e1ly\u00e1zat elb\u00edr\u00e1l\u00e1sa, a kiv\u00e1lasztottal munkaszerz\u0151d\u00e9s k\u00f6t\u00e9se. Az \u00e9rintettet t\u00e1j\u00e9koztatni kell arr\u00f3l, ha a munk\u00e1ltat\u00f3 nem \u0151t v\u00e1lasztotta az adott \u00e1ll\u00e1sra.<br \/>\n(3) Az adatkezel\u00e9s jogalapja: az \u00e9rintett hozz\u00e1j\u00e1rul\u00e1sa.<br \/>\n(4) A szem\u00e9lyes adatok c\u00edmzettjei, illetve a c\u00edmzettek kateg\u00f3ri\u00e1i: a T\u00e1rsas\u00e1gn\u00e1l munk\u00e1ltat\u00f3i jogok gyakorl\u00e1s\u00e1ra jogosult vezet\u0151, munka\u00fcgyi feladatokat ell\u00e1t\u00f3 munkav\u00e1llal\u00f3k.<br \/>\n(5) A szem\u00e9lyes adatok t\u00e1rol\u00e1s\u00e1nak id\u0151tartama: A jelentkez\u00e9s, p\u00e1ly\u00e1zat elb\u00edr\u00e1l\u00e1s\u00e1ig. A ki nem v\u00e1lasztott jelentkez\u0151k szem\u00e9lyes adatait t\u00f6r\u00f6lni kell. T\u00f6r\u00f6lni kell annak adatait is, aki jelentkez\u00e9s\u00e9t, p\u00e1ly\u00e1zat\u00e1t visszavonta.<br \/>\n(6) A munk\u00e1ltat\u00f3 csak az \u00e9rintett kifejezett, egy\u00e9rtelm\u0171 \u00e9s \u00f6nk\u00e9ntes hozz\u00e1j\u00e1rul\u00e1sa alapj\u00e1n \u0151rizheti meg a p\u00e1ly\u00e1zatokat, felt\u00e9ve, ha azok meg\u0151rz\u00e9s\u00e9re a jogszab\u00e1lyokkal \u00f6sszhangban \u00e1ll\u00f3 adatkezel\u00e9si c\u00e9lja el\u00e9r\u00e9se \u00e9rdek\u00e9ben sz\u00fcks\u00e9g van. E hozz\u00e1j\u00e1rul\u00e1st a felv\u00e9teli elj\u00e1r\u00e1s lez\u00e1r\u00e1s\u00e1t k\u00f6vet\u0151en kell k\u00e9rni a jelentkez\u0151kt\u0151l.<br \/>\n9. \u00a7 E-mail fi\u00f3k haszn\u00e1lat\u00e1nak ellen\u0151rz\u00e9s\u00e9vel kapcsolatos adatkezel\u00e9s<br \/>\n(1) Ha a T\u00e1rsas\u00e1g e-mail fi\u00f3kot bocs\u00e1t a munkav\u00e1llal\u00f3 rendelkez\u00e9s\u00e9re \u2013 ezen e-mail c\u00edmet \u00e9s fi\u00f3kot a munkav\u00e1llal\u00f3 kiz\u00e1r\u00f3lag munkak\u00f6ri feladatai c\u00e9lj\u00e1ra haszn\u00e1lhatja, annak \u00e9rdek\u00e9ben, hogy a munkav\u00e1llal\u00f3k ezen kereszt\u00fcl tarts\u00e1k egym\u00e1ssal a kapcsolatot, vagy a munk\u00e1ltat\u00f3 k\u00e9pviselet\u00e9ben levelezzenek az \u00fcgyfelekkel, m\u00e1s szem\u00e9lyekkel, szervezetekkel.<br \/>\n(2) A munkav\u00e1llal\u00f3 az e-mail fi\u00f3kot szem\u00e9lyes c\u00e9lra nem haszn\u00e1lhatja, a fi\u00f3kban szem\u00e9lyes leveleket nem t\u00e1rolhat.<br \/>\n(3) A munk\u00e1ltat\u00f3 jogosult az e-mail fi\u00f3k teljes tartalm\u00e1t \u00e9s haszn\u00e1lat\u00e1t rendszeresen \u2013 3 havonta \u2013 ellen\u0151rizni, ennek sor\u00e1n az adatkezel\u00e9s jogalapja a munk\u00e1ltat\u00f3 jogos \u00e9rdeke. Az ellen\u0151rz\u00e9s c\u00e9lja az e-mail fi\u00f3k haszn\u00e1lat\u00e1ra vonatkoz\u00f3 munk\u00e1ltat\u00f3i rendelkez\u00e9s betart\u00e1s\u00e1nak ellen\u0151rz\u00e9se, tov\u00e1bb\u00e1 a munkav\u00e1llal\u00f3i k\u00f6telezetts\u00e9gek (Mt. 8.\u00a7, 52. \u00a7) ellen\u0151rz\u00e9se.<br \/>\n(4) Az ellen\u0151rz\u00e9sre a munk\u00e1ltat\u00f3 vezet\u0151je, vagy a munk\u00e1ltat\u00f3i jogok gyakorl\u00f3ja jogosult.<br \/>\n(5) Amennyiben az ellen\u0151rz\u00e9s k\u00f6r\u00fclm\u00e9nyei nem z\u00e1rj\u00e1k ki ennek lehet\u0151s\u00e9g\u00e9t, biztos\u00edtani kell, hogy a munkav\u00e1llal\u00f3 jelen lehessen az ellen\u0151rz\u00e9s sor\u00e1n.<br \/>\n(6) Az ellen\u0151rz\u00e9s el\u0151tt t\u00e1j\u00e9koztatni kell a munkav\u00e1llal\u00f3t arr\u00f3l, hogy milyen munk\u00e1ltat\u00f3i \u00e9rdek miatt ker\u00fcl sor az ellen\u0151rz\u00e9sre, munk\u00e1ltat\u00f3 r\u00e9sz\u00e9r\u0151l ki v\u00e9gezheti az ellen\u0151rz\u00e9st, \u2013 milyen szab\u00e1lyok szerint ker\u00fclhet sor ellen\u0151rz\u00e9sre (fokozatoss\u00e1g elv\u00e9nek betart\u00e1sa) \u00e9s mi az elj\u00e1r\u00e1s menete, \u2013 milyen jogai \u00e9s jogorvoslati lehet\u0151s\u00e9gei vannak a az e-mail fi\u00f3k ellen\u0151rz\u00e9s\u00e9vel egy\u00fctt j\u00e1r\u00f3 adatkezel\u00e9ssel kapcsolatban.<br \/>\n(7) Az ellen\u0151rz\u00e9s sor\u00e1n a fokozatoss\u00e1g elv\u00e9t kell alkalmazni, \u00edgy els\u0151dlegesen az e-mail c\u00edm\u00e9b\u0151l \u00e9s t\u00e1rgy\u00e1b\u00f3l kell meg\u00e1llap\u00edtani, hogy az a munkav\u00e1llal\u00f3 munkak\u00f6ri feladat\u00e1val kapcsolatos, \u00e9s nem szem\u00e9lyes c\u00e9l\u00fa. Nem szem\u00e9lyes c\u00e9l\u00fa e-mailek tartalm\u00e1t a munk\u00e1ltat\u00f3 korl\u00e1toz\u00e1s n\u00e9lk\u00fcl vizsg\u00e1lhatja.<br \/>\n(8) Ha jelen szab\u00e1lyzat rendelkez\u00e9seivel ellent\u00e9tben az \u00e1llap\u00edthat\u00f3 meg, hogy a munkav\u00e1llal\u00f3 az e-mail fi\u00f3kot szem\u00e9lyes c\u00e9lra haszn\u00e1lta, fel kell sz\u00f3l\u00edtani a munkav\u00e1llal\u00f3t, hogy a szem\u00e9lyes adatokat halad\u00e9ktalanul t\u00f6r\u00f6lje. A munkav\u00e1llal\u00f3 t\u00e1voll\u00e9te, vagy egy\u00fcttm\u0171k\u00f6d\u00e9s\u00e9nek hi\u00e1nya eset\u00e9n a szem\u00e9lyes adatokat az ellen\u0151rz\u00e9skor a munk\u00e1ltat\u00f3 t\u00f6rli. Az e-mail fi\u00f3k jelen szab\u00e1lyzattal ellent\u00e9tes haszn\u00e1lata miatt a munk\u00e1ltat\u00f3 a munkav\u00e1llal\u00f3val szemben munkajogi jogk\u00f6vetkezm\u00e9nyeket alkalmazhat.<br \/>\n(9) A munkav\u00e1llal\u00f3 az e-mail fi\u00f3k ellen\u0151rz\u00e9s\u00e9vel egy\u00fctt j\u00e1r\u00f3 adatkezel\u00e9ssel kapcsolatban e szab\u00e1lyzatnak az \u00e9rintett jogair\u00f3l sz\u00f3l\u00f3 fejezet\u00e9ben \u00edrt jogokkal \u00e9lhet.<br \/>\n10. \u00a7 Sz\u00e1m\u00edt\u00f3g\u00e9p, laptop, tablet ellen\u0151rz\u00e9s\u00e9vel kapcsolatos adatkezel\u00e9s<br \/>\n(1) A T\u00e1rsas\u00e1g \u00e1ltal a munkav\u00e1llal\u00f3 r\u00e9sz\u00e9re munkav\u00e9gz\u00e9s c\u00e9lj\u00e1ra rendelkez\u00e9sre bocs\u00e1tott sz\u00e1m\u00edt\u00f3g\u00e9pet, laptopot, tabletet a munkav\u00e1llal\u00f3 kiz\u00e1r\u00f3lag munkak\u00f6ri feladata ell\u00e1t\u00e1s\u00e1ra haszn\u00e1lhatja, ezek mag\u00e1nc\u00e9l\u00fa haszn\u00e1lat\u00e1t a T\u00e1rsas\u00e1g megtiltja, ezen eszk\u00f6z\u00f6k\u00f6n a munkav\u00e1llal\u00f3 semmilyen szem\u00e9lyes adatot, levelez\u00e9s\u00e9t nem kezelheti \u00e9s nem t\u00e1rolhatja. A munk\u00e1ltat\u00f3 ezen eszk\u00f6z\u00f6k\u00f6n t\u00e1rolt adatokat ellen\u0151rizheti. Ezen eszk\u00f6z\u00f6k munk\u00e1ltat\u00f3 \u00e1ltali ellen\u0151rz\u00e9s\u00e9re \u00e9s jogk\u00f6vetkezm\u00e9nyire egyebekben az el\u0151bbi 9.\u00a7 rendelkez\u00e9sei ir\u00e1nyad\u00f3k.<br \/>\n11. \u00a7 A munkahelyi internethaszn\u00e1lat ellen\u0151rz\u00e9s\u00e9vel kapcsolatos adatkezel\u00e9s<br \/>\n(1) A munkav\u00e1llal\u00f3 csak a munkak\u00f6ri feladat\u00e1val kapcsolatos honlapokat tekintheti meg, a szem\u00e9lyes c\u00e9l\u00fa munkahelyi internethaszn\u00e1latot a munk\u00e1ltat\u00f3 megtiltja.<br \/>\n(2) A munkak\u00f6ri feladatk\u00e9nt a T\u00e1rsas\u00e1g nev\u00e9ben elv\u00e9gzett internetes regisztr\u00e1ci\u00f3k jogosultja a T\u00e1rsas\u00e1g, a regisztr\u00e1ci\u00f3 sor\u00e1n a t\u00e1rsas\u00e1gra utal\u00f3 azonos\u00edt\u00f3t, jelsz\u00f3t kell alkalmazni. Amennyiben a szem\u00e9lyes adatok megad\u00e1sa is sz\u00fcks\u00e9ges a regisztr\u00e1ci\u00f3hoz, a munkaviszony megsz\u0171n\u00e9sekor azok t\u00f6rl\u00e9s\u00e9t k\u00f6teles kezdem\u00e9nyezni a T\u00e1rsas\u00e1g.<br \/>\n(3) A munkav\u00e1llal\u00f3 munkahelyi internethaszn\u00e1l\u00e1t a munk\u00e1ltat\u00f3 ellen\u0151r\u00edzheti, amelyre \u00e9s jogk\u00f6vetkezm\u00e9nyire a 9. \u00a7 rendelkez\u00e9sei ir\u00e1nyad\u00f3k.<br \/>\n12.\u00a7 C\u00e9ges mobiltelefon haszn\u00e1lat\u00e1nak ellen\u0151rz\u00e9s\u00e9vel kapcsolatos adatkezel\u00e9s<br \/>\n(1) A munk\u00e1ltat\u00f3 nem enged\u00e9lyezi a c\u00e9ges mobiltelefon mag\u00e1nc\u00e9l\u00fa haszn\u00e1lat\u00e1t, a mobiltelefon csak munkav\u00e9gz\u00e9ssel \u00f6sszef\u00fcgg\u0151 c\u00e9lokra haszn\u00e1lhat\u00f3, \u00e9s a munk\u00e1ltat\u00f3 valamennyi kimen\u0151 h\u00edv\u00e1s h\u00edv\u00f3sz\u00e1m\u00e1t \u00e9s adatait, tov\u00e1bb\u00e1 a mobiltelefonon t\u00e1rolt adatokat ellen\u0151rizheti.<br \/>\n(2) A munkav\u00e1llal\u00f3 k\u00f6teles bejelenteni a munk\u00e1ltat\u00f3nak, ha a c\u00e9ges mobiltelefont mag\u00e1nc\u00e9lra haszn\u00e1lta. Ezesetben az ellen\u0151rz\u00e9s akk\u00e9nt folytathat\u00f3 le, hogy a munk\u00e1ltat\u00f3 h\u00edv\u00e1sr\u00e9szletez\u0151t k\u00e9r a telefonszolg\u00e1ltat\u00f3t\u00f3l \u00e9s felh\u00edvja a munkav\u00e1llal\u00f3t arra, hogy a dokumentumon a mag\u00e1nc\u00e9l\u00fa h\u00edv\u00e1sok eset\u00e9ben a h\u00edvott sz\u00e1mokat tegye<br \/>\nfelismerhetetlenn\u00e9. A munk\u00e1ltat\u00f3 el\u0151\u00edrhatja, hogy a mag\u00e1nc\u00e9l\u00fa h\u00edv\u00e1sok k\u00f6lts\u00e9geit a munkav\u00e1llal\u00f3 viselje.<br \/>\n(3) Egyebekben az ellen\u0151rz\u00e9sre \u00e9s jogk\u00f6vetkezm\u00e9nyire a 9.\u00a7 rendelkez\u00e9sei ir\u00e1nyad\u00f3k.<br \/>\n13. \u00a7 GPS navig\u00e1ci\u00f3s rendszer alkalmaz\u00e1s\u00e1val kapcsolatos adatkezel\u00e9s<br \/>\n(1) A GPS rendszer alkalmaz\u00e1s\u00e1nak jogalapja a munk\u00e1ltat\u00f3i jogos \u00e9rdek, c\u00e9lja munkaszervez\u00e9s, logisztika, munkav\u00e1llal\u00f3i k\u00f6telezetts\u00e9gek teljes\u00edt\u00e9s\u00e9nek ellen\u0151rz\u00e9se.<br \/>\n(2) A kezelt adatok: g\u00e9pj\u00e1rm\u0171 rendsz\u00e1ma, a megtett \u00fatvonal, t\u00e1vols\u00e1g, g\u00e9pj\u00e1rm\u0171haszn\u00e1lat ideje.<br \/>\n(3) Az ellen\u0151rz\u00e9s csak munkaid\u0151ben t\u00f6rt\u00e9nhet \u00e9s nem ellen\u0151rizhet\u0151 a munkav\u00e1llal\u00f3k f\u00f6ldrajzi helyzete munkaid\u0151n k\u00edv\u00fcl. Egyebekben a munk\u00e1ltat\u00f3i ellen\u0151rz\u00e9sre \u00e9s jogk\u00f6vetkezm\u00e9nyire a 10. \u00a7 rendelkez\u00e9sei ir\u00e1nyad\u00f3k.<br \/>\n14. \u00a7 Munkahelyi be- \u00e9s kil\u00e9ptet\u00e9ssel kapcsolatos adatkezel\u00e9s<br \/>\n(1) Bel\u00e9ptet\u0151 rendszer (nem elektronikus) m\u0171k\u00f6dtet\u00e9se eset\u00e9n t\u00e1j\u00e9koztat\u00e1st kell elhelyezni az adatkezel\u0151 szem\u00e9ly\u00e9r\u0151l \u00e9s az adatok kezel\u00e9s\u00e9nek m\u00f3dj\u00e1r\u00f3l.<br \/>\n(2) A kezelhet\u0151 szem\u00e9lyes adatok k\u00f6re: a term\u00e9szetes szem\u00e9ly neve, lakc\u00edme, g\u00e9pkocsi rendsz\u00e1ma, bel\u00e9p\u00e9s, kil\u00e9p\u00e9s ideje.<br \/>\n(3) Az adatkezel\u00e9s jogalapja: a munk\u00e1ltat\u00f3 jogos \u00e9rdekeinek \u00e9rv\u00e9nyes\u00edt\u00e9se.<br \/>\n(4) A szem\u00e9lyes adatok kezel\u00e9s\u00e9nek c\u00e9lja: vagyonv\u00e9delem, szerz\u0151d\u00e9s teljes\u00edt\u00e9se, munkav\u00e1llal\u00f3i k\u00f6telezetts\u00e9gek teljes\u00edt\u00e9s\u00e9nek ellen\u0151rz\u00e9se.<br \/>\n(5) A szem\u00e9lyes adatok c\u00edmzettjei, illetve a c\u00edmzettek kateg\u00f3ri\u00e1i: a T\u00e1rsas\u00e1gn\u00e1l munk\u00e1ltat\u00f3i jogok gyakorl\u00e1s\u00e1ra jogosult vezet\u0151, adatfeldolgoz\u00f3k\u00e9nt a T\u00e1rsas\u00e1g vagyonv\u00e9delmi megb\u00edzottj\u00e1nak foglalkoztatottjai.<br \/>\n(6) A szem\u00e9lyes adatok kezel\u00e9s\u00e9nek id\u0151tartama: 6 h\u00f3nap.<br \/>\n15. \u00a7 Munkahelyi kamer\u00e1s megfigyel\u00e9ssel kapcsolatos adatkezel\u00e9s<br \/>\n(1) T\u00e1rsas\u00e1gunk a sz\u00e9khely\u00e9n, telephely\u00e9n, az \u00fcgyf\u00e9lfogad\u00e1sra nyitva \u00e1ll\u00f3 helyis\u00e9geiben az emberi \u00e9let, testi \u00e9ps\u00e9g, szem\u00e9lyi szabads\u00e1g, az \u00fczleti titok v\u00e9delme \u00e9s a vagyonv\u00e9delem c\u00e9lj\u00e1b\u00f3l elektronikus megfigyel\u0151rendszert alkalmaz, amely k\u00e9p-, hang-, vagy k\u00e9p- \u00e9s hangr\u00f6gz\u00edt\u00e9st is lehet\u0151v\u00e9 tesz, ez alapj\u00e1n szem\u00e9lyes adatnak tekinthet\u0151 az \u00e9rintett magatart\u00e1sa is, amit a kamera r\u00f6gz\u00edt.<br \/>\n(2) Ezen adatkezel\u00e9s jogalapja a munk\u00e1ltat\u00f3 jogos \u00e9rdekeinek \u00e9rv\u00e9nyes\u00edt\u00e9se, \u00e9s az \u00e9rintett hozz\u00e1j\u00e1rul\u00e1sa.<br \/>\n(3) Az elektronikus megfigyel\u0151rendszer adott ter\u00fcleten t\u00f6rt\u00e9n\u0151 alkalmaz\u00e1s\u00e1nak t\u00e9ny\u00e9r\u0151l j\u00f3l l\u00e1that\u00f3 helyen, j\u00f3l olvashat\u00f3an, a ter\u00fcleten megjelenni k\u00edv\u00e1n\u00f3 harmadik szem\u00e9lyek t\u00e1j\u00e9koz\u00f3d\u00e1s\u00e1t el\u0151seg\u00edt\u0151 m\u00f3don figyelemfelh\u00edv\u00f3 jelz\u00e9st, t\u00e1j\u00e9koztat\u00e1st kell elhelyezni. A t\u00e1j\u00e9koztat\u00e1st minden egyes kamera vonatkoz\u00e1s\u00e1ban meg kell adni. Ez a t\u00e1j\u00e9koztat\u00e1s tartalmazza az elektronikai vagyonv\u00e9delmi rendszer \u00e1ltal folytatott megfigyel\u00e9s t\u00e9ny\u00e9r\u0151l, valamint a rendszer \u00e1ltal r\u00f6gz\u00edtett, szem\u00e9lyes adatokat tartalmaz\u00f3 k\u00e9p- \u00e9s hangfelv\u00e9tel k\u00e9sz\u00edt\u00e9s\u00e9nek, t\u00e1rol\u00e1s\u00e1nak c\u00e9lj\u00e1r\u00f3l, az adatkezel\u00e9s jogalapj\u00e1r\u00f3l, a felv\u00e9tel t\u00e1rol\u00e1s\u00e1nak hely\u00e9r\u0151l, a t\u00e1rol\u00e1s id\u0151tartam\u00e1r\u00f3l, a rendszert alkalmaz\u00f3 (\u00fczemeltet\u0151) szem\u00e9ly\u00e9r\u0151l, az adatok megismer\u00e9s\u00e9re jogosult szem\u00e9lyek k\u00f6r\u00e9r\u0151l, tov\u00e1bb\u00e1 az \u00e9rintettek jogaira \u00e9s \u00e9rv\u00e9nyes\u00edt\u00e9s\u00fck rendj\u00e9re vonatkoz\u00f3 rendelkez\u00e9seir\u0151l sz\u00f3l\u00f3 t\u00e1j\u00e9koztat\u00e1st is. A t\u00e1j\u00e9koztat\u00e1s mint\u00e1ja jelen Szab\u00e1lyzat 5. sz\u00e1m\u00fa Mell\u00e9klet\u00e9t k\u00e9pezi.<br \/>\n(4) A megfigyelt ter\u00fcletre bel\u00e9p\u0151 harmadik szem\u00e9lyekr\u0151l (\u00fcgyfelek, l\u00e1togat\u00f3k, vend\u00e9gek) k\u00e9p \u00e9s hangfelv\u00e9tel a hozz\u00e1j\u00e1rul\u00e1sukkal k\u00e9sz\u00edthet\u0151 \u00e9s kezelhet\u0151. A hozz\u00e1j\u00e1rul\u00e1s r\u00e1utal\u00f3 magatart\u00e1ssal is megadhat\u00f3. R\u00e1utal\u00f3 magatart\u00e1s k\u00fcl\u00f6n\u00f6sen, ha az ott tart\u00f3zkod\u00f3 term\u00e9szetes szem\u00e9ly a megfigyelt ter\u00fcletre az oda kihelyezett elektronikus megfigyel\u0151-rendszer alkalmaz\u00e1s\u00e1r\u00f3l t\u00e1j\u00e9koztat\u00f3 jelz\u00e9s, ismertet\u00e9s ellen\u00e9re a ter\u00fcletre bemegy.<br \/>\n(5) A r\u00f6gz\u00edtett felv\u00e9teleket felhaszn\u00e1l\u00e1s hi\u00e1ny\u00e1ban maximum 3 (h\u00e1rom) munkanapig \u0151rizhet\u0151k meg. Felhaszn\u00e1l\u00e1snak az min\u0151s\u00fcl, ha a r\u00f6gz\u00edtett k\u00e9p-, hang-, vagy k\u00e9p- \u00e9s hangfelv\u00e9telt, valamint m\u00e1s szem\u00e9lyes adatot b\u00edr\u00f3s\u00e1gi vagy m\u00e1s hat\u00f3s\u00e1gi elj\u00e1r\u00e1sban bizony\u00edt\u00e9kk\u00e9nt k\u00edv\u00e1nj\u00e1k felhaszn\u00e1lni.<br \/>\n(6) Az, akinek jog\u00e1t vagy jogos \u00e9rdek\u00e9t a k\u00e9p-, hang-, vagy a k\u00e9p- \u00e9s hangfelv\u00e9tel adat\u00e1nak r\u00f6gz\u00edt\u00e9se \u00e9rinti, a k\u00e9p-, hang-, valamint k\u00e9p- \u00e9s hangfelv\u00e9tel r\u00f6gz\u00edt\u00e9s\u00e9t\u0151l sz\u00e1m\u00edtott h\u00e1rom munkanapon bel\u00fcl jog\u00e1nak vagy jogos \u00e9rdek\u00e9nek igazol\u00e1s\u00e1val k\u00e9rheti, hogy az adatot annak kezel\u0151je ne semmis\u00edtse meg, illetve ne t\u00f6r\u00f6lje.<br \/>\n(7) Nem lehet elektronikus megfigyel\u0151rendszert alkalmazni olyan helyis\u00e9gben, amelyben a megfigyel\u00e9s az emberi m\u00e9lt\u00f3s\u00e1got s\u00e9rtheti, \u00edgy k\u00fcl\u00f6n\u00f6sen az \u00f6lt\u00f6z\u0151kben, zuhanyz\u00f3kban, az illemhelyis\u00e9gekben vagy p\u00e9ld\u00e1ul orvosi szob\u00e1ban, illetve az ahhoz tartoz\u00f3 v\u00e1r\u00f3ban, tov\u00e1bb\u00e1 az olyan helyis\u00e9gben sem, amely a munkav\u00e1llal\u00f3k munkak\u00f6zi sz\u00fcnet\u00e9nek elt\u00f6lt\u00e9se c\u00e9lj\u00e1b\u00f3l lett kijel\u00f6lve.<br \/>\n(8) Ha a munkahely ter\u00fclet\u00e9n jogszer\u0171en senki sem tart\u00f3zkodhat \u2013 \u00edgy k\u00fcl\u00f6n\u00f6sen munkaid\u0151n k\u00edv\u00fcl vagy a munkasz\u00fcneti napokon \u2013 akkor a munkahely teljes ter\u00fclete (\u00edgy p\u00e9ld\u00e1ul az \u00f6lt\u00f6z\u0151k, illemhelyek, munkak\u00f6zi sz\u00fcnetre kijel\u00f6lt helyis\u00e9gek) megfigyelhet\u0151.<br \/>\n(9) Az elektronikus megfigyel\u0151rendszerrel r\u00f6gz\u00edtett adatok megtekint\u00e9s\u00e9re a t\u00f6rv\u00e9nyben erre feljogos\u00edtottakon k\u00edv\u00fcl a jogs\u00e9rt\u00e9sek felt\u00e1r\u00e1sa \u00e9s a rendszer m\u0171k\u00f6d\u00e9s\u00e9nek ellen\u0151rz\u00e9s c\u00e9lj\u00e1b\u00f3l a kezel\u0151 szem\u00e9lyzet, a munk\u00e1ltat\u00f3 vezet\u0151je \u00e9s helyettese, tov\u00e1bb\u00e1 a megfigyelt ter\u00fclet munkahelyi vezet\u0151je jogosult.<\/p>\n<p>IV. FEJEZET<br \/>\nSZERZ\u0150D\u00c9SHEZ KAPCSOL\u00d3D\u00d3 ADATKEZEL\u00c9SEK<br \/>\n16. \u00a7 Szerz\u0151d\u0151 partnerek adatainak kezel\u00e9se \u2013 vev\u0151k, sz\u00e1ll\u00edt\u00f3k nyilv\u00e1ntart\u00e1sa<br \/>\n(1) A T\u00e1rsas\u00e1g szerz\u0151d\u00e9s teljes\u00edt\u00e9se jogc\u00edm\u00e9n a szerz\u0151d\u00e9s megk\u00f6t\u00e9se, teljes\u00edt\u00e9se, megsz\u0171n\u00e9se, szerz\u0151d\u00e9si kedvezm\u00e9ny ny\u00fajt\u00e1sa c\u00e9lj\u00e1b\u00f3l kezeli a vele vev\u0151k\u00e9nt, sz\u00e1ll\u00edt\u00f3k\u00e9nt szerz\u0151d\u00f6tt term\u00e9szetes szem\u00e9ly nev\u00e9t, sz\u00fclet\u00e9si nev\u00e9t, sz\u00fclet\u00e9si idej\u00e9t, anyja nev\u00e9t, lakc\u00edm\u00e9t, ad\u00f3azonos\u00edt\u00f3 jel\u00e9t, ad\u00f3sz\u00e1m\u00e1t, v\u00e1llalkoz\u00f3i, \u0151stermel\u0151i igazolv\u00e1ny sz\u00e1m\u00e1t, szem\u00e9lyi igazolv\u00e1ny sz\u00e1m\u00e1t, lakc\u00edm\u00e9t, sz\u00e9khely, telephely c\u00edm\u00e9t, telefonsz\u00e1m\u00e1t, e-mail c\u00edm\u00e9t, honlap-c\u00edm\u00e9t, banksz\u00e1mlasz\u00e1m\u00e1t, vev\u0151sz\u00e1m\u00e1t (\u00fcgyf\u00e9lsz\u00e1m\u00e1t, rendel\u00e9ssz\u00e1m\u00e1t), online azonos\u00edt\u00f3j\u00e1t (vev\u0151k, sz\u00e1ll\u00edt\u00f3k list\u00e1ja, t\u00f6rzsv\u00e1s\u00e1rl\u00e1si list\u00e1k), Ezen adatkezel\u00e9s jogszer\u0171nek min\u0151s\u00fcl akkor is, ha az adatkezel\u00e9s a szerz\u0151d\u00e9s megk\u00f6t\u00e9s\u00e9t megel\u0151z\u0151en az \u00e9rintett k\u00e9r\u00e9s\u00e9re t\u00f6rt\u00e9n\u0151 l\u00e9p\u00e9sek megt\u00e9tel\u00e9hez sz\u00fcks\u00e9ges. A szem\u00e9lyes adatok c\u00edmzettjei: a T\u00e1rsas\u00e1g \u00fcgyf\u00e9lkiszolg\u00e1l\u00e1ssal kapcsolatos feladatokat ell\u00e1t\u00f3 munkav\u00e1llal\u00f3i, k\u00f6nyvel\u00e9si, ad\u00f3z\u00e1si feladatokat ell\u00e1t\u00f3 munkav\u00e1llal\u00f3i, \u00e9s adatfeldolgoz\u00f3i. A szem\u00e9lyes adatok t\u00e1rol\u00e1s\u00e1nak id\u0151tartama: a szerz\u0151d\u00e9s megsz\u0171n\u00e9s\u00e9t k\u00f6vet\u0151 5 \u00e9v.<br \/>\n(2) Az \u00e9rintett term\u00e9szetes szem\u00e9llyel az adatkezel\u00e9s megkezd\u00e9se el\u0151tt k\u00f6z\u00f6lni kell, hogy az adatkezel\u00e9s a szerz\u0151d\u00e9s teljes\u00edt\u00e9se jogc\u00edm\u00e9n alapul, az a t\u00e1j\u00e9koztat\u00e1s t\u00f6rt\u00e9nhet a szerz\u0151d\u00e9sben is. Az \u00e9rintettet szem\u00e9lyes adatai adatfeldolgoz\u00f3 r\u00e9sz\u00e9re t\u00f6rt\u00e9n\u0151 \u00e1tad\u00e1s\u00e1r\u00f3l t\u00e1j\u00e9koztatni kell. A term\u00e9szetes szem\u00e9llyel k\u00f6t\u00f6tt szerz\u0151d\u00e9shez kapcsol\u00f3d\u00f3 adatkezel\u00e9si kik\u00f6t\u00e9s sz\u00f6veg\u00e9t jelen Szab\u00e1lyzat 6. sz\u00e1m\u00fa mell\u00e9klete tartalmazza.<br \/>\n17.\u00a7 Jogi szem\u00e9ly \u00fcgyfelek, vev\u0151k, sz\u00e1ll\u00edt\u00f3k term\u00e9szetes szem\u00e9ly k\u00e9pvisel\u0151inek el\u00e9rhet\u0151s\u00e9gi adatai<br \/>\n(1) A kezelhet\u0151 szem\u00e9lyes adatok k\u00f6re: a term\u00e9szetes szem\u00e9ly neve, c\u00edme, telefonsz\u00e1ma, e-mail c\u00edme, online azonos\u00edt\u00f3ja.<br \/>\n(2) A szem\u00e9lyes adatok kezel\u00e9s\u00e9nek c\u00e9lja: a T\u00e1rsas\u00e1g jogi szem\u00e9ly partner\u00e9vel k\u00f6t\u00f6tt szerz\u0151d\u00e9s teljes\u00edt\u00e9se, \u00fczleti kapcsolattart\u00e1s, jogalapja: az \u00e9rintett hozz\u00e1j\u00e1rul\u00e1sa.<br \/>\n(3) A szem\u00e9lyes adatok c\u00edmzettjei, illetve a c\u00edmzettek kateg\u00f3ri\u00e1i: a T\u00e1rsas\u00e1g \u00fcgyf\u00e9lszolg\u00e1lattal kapcsolatos feladatokat ell\u00e1t\u00f3 munkav\u00e1llal\u00f3i.<br \/>\n(4) A szem\u00e9lyes adatok t\u00e1rol\u00e1s\u00e1nak id\u0151tartama: az \u00fczleti kapcsolat, illetve az \u00e9rintett k\u00e9pvisel\u0151i min\u0151s\u00e9g\u00e9nek fenn\u00e1ll\u00e1s\u00e1t k\u00f6vet\u0151 5 \u00e9vig.<br \/>\n(5) Az adatfelv\u00e9teli lap mint\u00e1j\u00e1t jelen Szab\u00e1lyzat 7. sz\u00e1m\u00fa mell\u00e9klete tartalmazza. Ezen nyilatkozatot az \u00fcgyf\u00e9llel, vev\u0151vel, sz\u00e1ll\u00edt\u00f3val kapcsolatban \u00e1ll\u00f3 munkav\u00e1llal\u00f3nak ismertetnie kell az \u00e9rintett szem\u00e9llyel \u00e9s a nyilatkozat al\u00e1\u00edr\u00e1s\u00e1val k\u00e9rnie kell hozz\u00e1j\u00e1rul\u00e1s\u00e1t szem\u00e9lyes adatai kezel\u00e9s\u00e9hez. A nyilatkozatot az adatkezel\u00e9s id\u0151tartam\u00e1ig meg kell \u0151r\u00edzni.<br \/>\n18.\u00a7 Az \u00fcgyf\u00e9lszolg\u00e1lat telefonos hangfelv\u00e9tel k\u00e9sz\u00edt\u00e9se<br \/>\n(1) A T\u00e1rsas\u00e1g az \u00fcgyf\u00e9lszolg\u00e1lat\u00e1val t\u00f6rt\u00e9n\u0151 telefonos kommunik\u00e1ci\u00f3t az \u00e9rt\u00e9kes\u00edt\u00e9sek, szolg\u00e1ltat\u00e1sok teljes\u00edt\u00e9se, illetve az arr\u00f3l val\u00f3 t\u00e1j\u00e9koztat\u00e1s c\u00e9lj\u00e1b\u00f3l hangfelv\u00e9tellel r\u00f6gz\u00edti. Ezen adatkezel\u00e9s jogalapja az \u00e9rintett hozz\u00e1j\u00e1rul\u00e1sa.<br \/>\n(2) A hangfelv\u00e9tel k\u00e9sz\u00edt\u00e9s\u00e9r\u0151l a hiv\u00e1s elej\u00e9n t\u00e1j\u00e9koztatni kell, \u00e9s hozz\u00e1j\u00e1rul\u00e1s\u00e1t kell k\u00e9rni.<br \/>\n(3) A telefonbesz\u00e9lget\u00e9sek r\u00f6gz\u00edt\u00e9s\u00e9n\u00e9l az al\u00e1bbi adatokat t\u00e1roljuk: telefonsz\u00e1m, a h\u00edv\u00e1s id\u0151pontja, a r\u00f6gz\u00edtett besz\u00e9lget\u00e9s hangfelv\u00e9tele, a besz\u00e9lget\u00e9s sor\u00e1n megadott szem\u00e9lyes adatok.<br \/>\n(4) A szem\u00e9lyes adatok c\u00edmzettjei, illetve a c\u00edmzettek kateg\u00f3ri\u00e1i: a T\u00e1rsas\u00e1g \u00fcgyf\u00e9lszolg\u00e1lattal kapcsolatos feladatokat ell\u00e1t\u00f3 munkav\u00e1llal\u00f3i.<br \/>\n(5) A telefonbesz\u00e9lget\u00e9seket 5 \u00e9vig \u0151rizz\u00fck. A r\u00f6gz\u00edtett hanganyagok telefonsz\u00e1m \u00e9s a besz\u00e9lget\u00e9s d\u00e1tuma alapj\u00e1n visszakereshet\u0151k.<br \/>\n19. \u00a7 L\u00e1togat\u00f3i adatkezel\u00e9s a T\u00e1rsas\u00e1g honlapj\u00e1n \u2013 T\u00e1j\u00e9koztat\u00e1s s\u00fctik (cookie) alkalmaz\u00e1s\u00e1r\u00f3l<br \/>\n(1) A S\u00fctik (cookie-k) r\u00f6vid adatf\u00e1jlok, melyeket a megl\u00e1togatott honlap helyez el a felhaszn\u00e1l\u00f3 sz\u00e1m\u00edt\u00f3g\u00e9p\u00e9n. A cookie c\u00e9lja, hogy az adott infokommunik\u00e1ci\u00f3s, internetes szolg\u00e1ltat\u00e1st megk\u00f6nny\u00edtse, k\u00e9nyelmesebb\u00e9 tegye. Sz\u00e1mos fajt\u00e1ja l\u00e9tezik, de \u00e1ltal\u00e1ban k\u00e9t nagy csoportba sorolhat\u00f3ak. Az egyik az ideiglenes cookie, amelyet a honlap csak egy adott munkamenet sor\u00e1n (pl.: egy internetes bankol\u00e1s biztons\u00e1gi azonos\u00edt\u00e1sa alatt) helyez el a felhaszn\u00e1l\u00f3 eszk\u00f6z\u00e9n, a m\u00e1sik fajt\u00e1ja az \u00e1lland\u00f3 cookie (pl.: egy honlap nyelvi be\u00e1ll\u00edt\u00e1sa), amely addig a sz\u00e1m\u00edt\u00f3g\u00e9pen marad, am\u00edg a felhaszn\u00e1l\u00f3 le nem t\u00f6rli azt. Az Eur\u00f3pai Bizotts\u00e1g ir\u00e1nyelvei alapj\u00e1n cookie-kat [kiv\u00e9ve, ha azok az adott szolg\u00e1ltat\u00e1s haszn\u00e1lat\u00e1hoz elengedhetetlen\u00fcl sz\u00fcks\u00e9gesek] csak a felhaszn\u00e1l\u00f3 enged\u00e9ly\u00e9vel lehet a felhaszn\u00e1l\u00f3 eszk\u00f6z\u00e9n elhelyezni.<br \/>\n(2) A felhaszn\u00e1l\u00f3 hozz\u00e1j\u00e1rul\u00e1s\u00e1t nem ig\u00e9nyl\u0151 s\u00fctik eset\u00e9ben a honlap els\u0151 l\u00e1togat\u00e1sa sor\u00e1n kell t\u00e1j\u00e9koztat\u00e1st ny\u00fajtani. Nem sz\u00fcks\u00e9ges, hogy a s\u00fctikre vonatkoz\u00f3 t\u00e1j\u00e9koztat\u00f3 teljes sz\u00f6vege megjelenjen a honlapon, elegend\u0151, ha a honlap \u00fczemeltet\u0151i r\u00f6viden \u00f6sszefoglalj\u00e1k a t\u00e1j\u00e9koztat\u00e1s l\u00e9nyeg\u00e9t, \u00e9s egy linken kereszt\u00fcl utalnak a teljes k\u00f6r\u0171 t\u00e1j\u00e9koztat\u00f3 el\u00e9rhet\u0151s\u00e9g\u00e9re.<br \/>\n(3) A hozz\u00e1j\u00e1rul\u00e1st ig\u00e9nyl\u0151 s\u00fctik eset\u00e9ben a t\u00e1j\u00e9koztat\u00e1s kapcsol\u00f3dhat a honlap els\u0151 l\u00e1togat\u00e1s\u00e1hoz is abban az esetben, ha a s\u00fctik alkalmaz\u00e1s\u00e1val egy\u00fctt j\u00e1r\u00f3 adatkezel\u00e9s m\u00e1r az oldal felkeres\u00e9s\u00e9vel megkezd\u0151dik. Amennyiben a s\u00fcti alkalmaz\u00e1s\u00e1ra a felhaszn\u00e1l\u00f3 \u00e1ltal kifejezetten k\u00e9rt funkci\u00f3 ig\u00e9nybev\u00e9tel\u00e9hez kapcsol\u00f3dik, akkor a t\u00e1j\u00e9koztat\u00e1s is megjelenhet e funkci\u00f3 ig\u00e9nybev\u00e9tel\u00e9hez kapcsol\u00f3d\u00f3an. Ebben az esetben sem sz\u00fcks\u00e9ges az, hogy a s\u00fctikre vonatkoz\u00f3 t\u00e1j\u00e9koztat\u00f3 teljes sz\u00f6vege megjelenjen a honlapon, elegend\u0151 egy r\u00f6vid \u00f6sszefoglal\u00f3 a t\u00e1j\u00e9koztat\u00e1s l\u00e9nyeg\u00e9r\u0151l, \u00e9s egy linken kereszt\u00fcl utal\u00e1s a teljes k\u00f6r\u0171 t\u00e1j\u00e9koztat\u00f3 el\u00e9rhet\u0151s\u00e9g\u00e9re.<br \/>\n(4) A honlapon a s\u00fctik alkalmaz\u00e1s\u00e1r\u00f3l a l\u00e1togat\u00f3t a 2. sz\u00e1m\u00fa mell\u00e9klet szerinti adatkezel\u00e9si t\u00e1j\u00e9koztat\u00f3ban t\u00e1j\u00e9koztatni kell. E t\u00e1j\u00e9koztat\u00f3val a T\u00e1rsas\u00e1g biztos\u00edtja hogy a l\u00e1togat\u00f3 a honlap inform\u00e1ci\u00f3s t\u00e1rsadalommal \u00f6sszef\u00fcgg\u0151 szolg\u00e1ltat\u00e1sainak ig\u00e9nybev\u00e9tele el\u0151tt \u00e9s az ig\u00e9nybev\u00e9tel sor\u00e1n b\u00e1rmikor megismerhesse, hogy a T\u00e1rsas\u00e1g mely adatkezel\u00e9si c\u00e9lokb\u00f3l mely adatfajt\u00e1kat kezel, ide\u00e9rtve az ig\u00e9nybe vev\u0151vel k\u00f6zvetlen\u00fcl kapcsolatba nem hozhat\u00f3 adatok kezel\u00e9s\u00e9t is.<br \/>\n20. \u00a7 Regisztr\u00e1ci\u00f3 a T\u00e1rsas\u00e1g honlapj\u00e1n<br \/>\n(1) A honlapon a regisztr\u00e1l\u00f3 term\u00e9szetes szem\u00e9ly az erre vonatkoz\u00f3 n\u00e9gyzet bejel\u00f6l\u00e9s\u00e9vel adhatja meg hozz\u00e1j\u00e1rul\u00e1s\u00e1t szem\u00e9lyes adatai kezel\u00e9s\u00e9hez. Tilos a n\u00e9gyzet el\u0151re bejel\u00f6l\u00e9se.<br \/>\n(2) A kezelhet\u0151 szem\u00e9lyes adatok k\u00f6re: a term\u00e9szetes szem\u00e9ly neve (vezet\u00e9kn\u00e9v, keresztn\u00e9v), c\u00edme, telefonsz\u00e1ma, e-mail c\u00edme, online azonos\u00edt\u00f3.<br \/>\n(3) A szem\u00e9lyes adatok kezel\u00e9s\u00e9nek c\u00e9lja:<br \/>\n1. A honlapon ny\u00fajtott szolg\u00e1ltat\u00e1sok teljes\u00edt\u00e9se.<br \/>\n2. Kapcsolatfelv\u00e9tel, elektronikus, telefonos, SMS, \u00e9s postai megkeres\u00e9ssel.<br \/>\n3. T\u00e1j\u00e9koztat\u00e1s a T\u00e1rsas\u00e1g term\u00e9keir\u0151l, szolg\u00e1ltat\u00e1sair\u00f3l, szerz\u0151d\u00e9si felt\u00e9teleir\u0151l, akci\u00f3ir\u00f3l.<br \/>\n4. Rekl\u00e1m-k\u00fcldem\u00e9ny a t\u00e1j\u00e9koztat\u00e1s sor\u00e1n elektronikusan \u00e9s postai \u00faton k\u00fcldhet\u0151.<br \/>\n5. A honlap haszn\u00e1lat\u00e1nak elemz\u00e9se.<br \/>\n(4) Az adatkezel\u00e9s jogalapja az \u00e9rintett hozz\u00e1j\u00e1rul\u00e1sa.<br \/>\n(5) A szem\u00e9lyes adatok c\u00edmzettjei, illetve a c\u00edmzettek kateg\u00f3ri\u00e1i: a T\u00e1rsas\u00e1g \u00fcgyf\u00e9lszolg\u00e1lattal, marketing tev\u00e9kenys\u00e9g\u00e9vel kapcsolatos feladatokat ell\u00e1t\u00f3 munkav\u00e1llal\u00f3i, adatfeldolgoz\u00f3k\u00e9nt a T\u00e1rsas\u00e1g IT szolg\u00e1ltat\u00f3ja t\u00e1rhelyszolg\u00e1ltat\u00e1st v\u00e9gz\u0151 munkav\u00e1llal\u00f3i.<br \/>\n(6) A szem\u00e9lyes adatok t\u00e1rol\u00e1s\u00e1nak id\u0151tartama: a regisztr\u00e1ci\u00f3 \/ szolg\u00e1ltat\u00e1s fenn\u00e1ll\u00e1s\u00e1ig, vagy az \u00e9rintett hozz\u00e1j\u00e1rul\u00e1sa visszavon\u00e1s\u00e1ig (t\u00f6rl\u00e9si k\u00e9relm\u00e9ig).<br \/>\n21 \u00a7 H\u00edrlev\u00e9l szolg\u00e1ltat\u00e1shoz kapcsol\u00f3d\u00f3 adatkezel\u00e9s<br \/>\n(1) A honlapon a h\u00edrlev\u00e9l szolg\u00e1ltat\u00e1sra regisztr\u00e1l\u00f3 term\u00e9szetes szem\u00e9ly az erre vonatkoz\u00f3 n\u00e9gyzet bejel\u00f6l\u00e9s\u00e9vel adhatja meg hozz\u00e1j\u00e1rul\u00e1s\u00e1t szem\u00e9lyes adatai kezel\u00e9s\u00e9hez. Tilos a n\u00e9gyzet el\u0151re bejel\u00f6l\u00e9se. A feliratkoz\u00e1s sor\u00e1n az Adatkezel\u00e9si t\u00e1j\u00e9koztat\u00f3t (2. mell\u00e9klet) egy linkkel el\u00e9rhet\u0151v\u00e9 kell tenni. A h\u00edrlev\u00e9r\u0151l az \u00e9rintett a h\u00edrlev\u00e9l \u201eLeiratkoz\u00e1s\u201d alkalmaz\u00e1s\u00e1nak haszn\u00e1lat\u00e1val, vagy \u00edr\u00e1sban, vagy e-mailben tett nyilatkozattal b\u00e1rmikor leiratkozhat, amely a hozz\u00e1j\u00e1rul\u00e1s visszavon\u00e1s\u00e1t jelenti. Ilyen esetben a leiratkoz\u00f3 minden adat\u00e1t halad\u00e9ktalanul t\u00f6r\u00f6lni kell.<br \/>\n(2) A kezelhet\u0151 szem\u00e9lyes adatok k\u00f6re: a term\u00e9szetes szem\u00e9ly neve (vezet\u00e9kn\u00e9v, keresztn\u00e9v), e-mail c\u00edme.<br \/>\n(3) A szem\u00e9lyes adatok kezel\u00e9s\u00e9nek c\u00e9lja:<br \/>\n1. H\u00edrlev\u00e9l k\u00fcld\u00e9se a T\u00e1rsas\u00e1g term\u00e9kei, szolg\u00e1ltat\u00e1sai t\u00e1rgy\u00e1ban<br \/>\n2. Rekl\u00e1manyag k\u00fcld\u00e9se<br \/>\n(4) Az adatkezel\u00e9s jogalapja: az \u00e9rintett hozz\u00e1j\u00e1rul\u00e1sa.<br \/>\n(5) A szem\u00e9lyes adatok c\u00edmzettjei, illetve a c\u00edmzettek kateg\u00f3ri\u00e1i: a T\u00e1rsas\u00e1g \u00fcgyf\u00e9lszolg\u00e1lattal, marketing tev\u00e9kenys\u00e9g\u00e9vel kapcsolatos feladatokat ell\u00e1t\u00f3 munkav\u00e1llal\u00f3i, adatfeldolgoz\u00f3k\u00e9nt a T\u00e1rsas\u00e1g IT szolg\u00e1ltat\u00f3ja munkav\u00e1llal\u00f3i a t\u00e1rhelyszolg\u00e1ltat\u00e1s teljes\u00edt\u00e9se c\u00e9lj\u00e1b\u00f3l,<br \/>\n(6) A szem\u00e9lyes adatok t\u00e1rol\u00e1s\u00e1nak id\u0151tartama: a h\u00edrlev\u00e9l-szolg\u00e1ltat\u00e1s fenn\u00e1ll\u00e1s\u00e1ig, vagy az \u00e9rintett hozz\u00e1j\u00e1rul\u00e1sa visszavon\u00e1s\u00e1ig (t\u00f6rl\u00e9si k\u00e9relm\u00e9ig).<\/p>\n<p>22. \u00a7 K\u00f6z\u00f6ss\u00e9gi ir\u00e1nyelvek \/ Adatkezel\u00e9s a T\u00e1rsas\u00e1g Facebook oldal\u00e1n<br \/>\n(1) A T\u00e1rsas\u00e1g term\u00e9kei, szolg\u00e1ltat\u00e1sai megismertet\u00e9se, n\u00e9pszer\u0171s\u00edt\u00e9se c\u00e9lj\u00e1b\u00f3l Facebook oldalt tart fenn.<br \/>\n(2) A T\u00e1rsas\u00e1g Facebook oldalon felett k\u00e9rd\u00e9s nem min\u0151s\u00fcl hivatalosan beny\u00fajtott panasznak.<br \/>\n(3) A T\u00e1rsas\u00e1g Facebook oldal\u00e1n a l\u00e1togat\u00f3k \u00e1ltal k\u00f6zz\u00e9tett szem\u00e9lyes adatokat a T\u00e1rsas\u00e1g nem kezeli.<br \/>\n(4) A l\u00e1togat\u00f3kra a Facebook Adatv\u00e9delmi- \u00e9s Szolg\u00e1ltat\u00e1si Felt\u00e9telei ir\u00e1nyad\u00f3k.<br \/>\n(5) Jogellenes, vagy s\u00e9rt\u0151 tartalom publik\u00e1l\u00e1sa eset\u00e9n a T\u00e1rsas\u00e1g el\u0151zetes \u00e9rtes\u00edt\u00e9s n\u00e9lk\u00fcl kiz\u00e1rhatja az \u00e9rintettet a tagok k\u00f6z\u00fcl, vagy t\u00f6r\u00f6lheti hozz\u00e1sz\u00f3l\u00e1s\u00e1t.<br \/>\n(6) A T\u00e1rsas\u00e1g nem felel a Facebook felhaszn\u00e1l\u00f3k \u00e1ltal k\u00f6zz\u00e9tett jogszab\u00e1lyt s\u00e9rt\u0151 adattartalmak\u00e9rt, hozz\u00e1sz\u00f3l\u00e1sok\u00e9rt. A T\u00e1rsas\u00e1g nem felel semmilyen, a Facebook m\u0171k\u00f6d\u00e9s\u00e9b\u0151l ad\u00f3d\u00f3 hib\u00e1\u00e9rt, \u00fczemzavar\u00e9rt vagy a rendszer m\u0171k\u00f6d\u00e9s\u00e9nek megv\u00e1ltoztat\u00e1s\u00e1b\u00f3l fakad\u00f3 probl\u00e9m\u00e1\u00e9rt.<br \/>\n23. \u00a7 Adatkezel\u00e9s a T\u00e1rsas\u00e1g web\u00e1ruh\u00e1z\u00e1ban<br \/>\n(1) A T\u00e1rsas\u00e1g \u00e1ltal m\u0171k\u00f6dtetett web\u00e1ruh\u00e1zban t\u00f6rt\u00e9n\u0151 v\u00e1s\u00e1rl\u00e1s szerz\u0151d\u00e9snek min\u0151s\u00fcl, figyelemmel az elektronikus kereskedelmi szolg\u00e1ltat\u00e1sok, valamint az inform\u00e1ci\u00f3s t\u00e1rsadalommal \u00f6sszef\u00fcgg\u0151 szolg\u00e1ltat\u00e1sok egyes k\u00e9rd\u00e9seir\u0151l sz\u00f3l\u00f3 2001. \u00e9vi CVIII. t\u00f6rv\u00e9ny 13\/A.\u00a7-\u00e1ra, \u00e9s a fogyaszt\u00f3 \u00e9s a v\u00e1llalkoz\u00e1s k\u00f6z\u00f6tti szerz\u0151d\u00e9sek r\u00e9szletes szab\u00e1lyair\u00f3l sz\u00f3l\u00f3 45\/2014. (II. 26.) Korm. rendeletre is. Web\u00e1ruh\u00e1zban t\u00f6rt\u00e9n\u0151 v\u00e1s\u00e1rl\u00e1s eset\u00e9n az adatkezel\u00e9s jogc\u00edme a szerz\u0151d\u00e9s.<br \/>\n(2) A T\u00e1rsas\u00e1g a szolg\u00e1ltat\u00f3 az inform\u00e1ci\u00f3s t\u00e1rsadalommal \u00f6sszef\u00fcgg\u0151 szolg\u00e1ltat\u00e1s ny\u00fajt\u00e1s\u00e1ra ir\u00e1nyul\u00f3 szerz\u0151d\u00e9s l\u00e9trehoz\u00e1sa, tartalm\u00e1nak meghat\u00e1roz\u00e1sa, m\u00f3dos\u00edt\u00e1sa, teljes\u00edt\u00e9s\u00e9nek figyelemmel k\u00eds\u00e9r\u00e9se, az abb\u00f3l sz\u00e1rmaz\u00f3 d\u00edjak sz\u00e1ml\u00e1z\u00e1sa, valamint az azzal kapcsolatos k\u00f6vetel\u00e9sek \u00e9rv\u00e9nyes\u00edt\u00e9se c\u00e9lj\u00e1b\u00f3l kezelheti a web\u00e1ruh\u00e1zban regisztr\u00e1l\u00f3, v\u00e1s\u00e1rl\u00f3 azonos\u00edt\u00e1s\u00e1hoz sz\u00fcks\u00e9ges term\u00e9szetes szem\u00e9lyazonos\u00edt\u00f3 adatokat \u00e9s lakc\u00edmet a 2001. \u00e9vi CVIII. t\u00f6rv\u00e9ny 13\/A.\u00a7(1) bekezd\u00e9s jogc\u00edm\u00e9n, tov\u00e1bb\u00e1 hozz\u00e1j\u00e1rul\u00e1s jogc\u00edm\u00e9n a telefonsz\u00e1m\u00e1t, e-mail c\u00edm\u00e9t, banksz\u00e1mlasz\u00e1m\u00e1t, online azonos\u00edt\u00f3j\u00e1t.<br \/>\n(3) A T\u00e1rsas\u00e1g sz\u00e1ml\u00e1z\u00e1s c\u00e9lj\u00e1b\u00f3l kezelheti az inform\u00e1ci\u00f3s t\u00e1rsadalommal \u00f6sszef\u00fcgg\u0151 szolg\u00e1ltat\u00e1s ig\u00e9nybev\u00e9tel\u00e9vel kapcsolatos term\u00e9szetes szem\u00e9lyazonos\u00edt\u00f3 adatokat, lakc\u00edmet, valamint a szolg\u00e1ltat\u00e1s ig\u00e9nybev\u00e9tel\u00e9nek id\u0151pontj\u00e1ra, id\u0151tartam\u00e1ra \u00e9s hely\u00e9re vonatkoz\u00f3 adatokat, a 2001. \u00e9vi CVIII. t\u00f6rv\u00e9ny 13\/A.\u00a7(2) bekezd\u00e9s jogc\u00edm\u00e9n.<br \/>\n(4) A szem\u00e9lyes adatok c\u00edmzettjei, illetve a c\u00edmzettek kateg\u00f3ri\u00e1i: a T\u00e1rsas\u00e1g \u00fcgyf\u00e9lszolg\u00e1lattal, marketing tev\u00e9kenys\u00e9g\u00e9vel kapcsolatos feladatokat ell\u00e1t\u00f3 munkav\u00e1llal\u00f3i, adatfeldolgoz\u00f3k\u00e9nt, a T\u00e1rsas\u00e1g ad\u00f3z\u00e1si, k\u00f6nyvviteli feladatait ell\u00e1t\u00f3 v\u00e1llalkoz\u00e1s munkav\u00e1llal\u00f3i, az ad\u00f3 \u00e9s sz\u00e1mviteli k\u00f6telezetts\u00e9gek teljes\u00edt\u00e9se c\u00e9lj\u00e1b\u00f3l, a T\u00e1rsas\u00e1g IT szolg\u00e1ltat\u00f3ja munkav\u00e1llal\u00f3i a t\u00e1rhelyszolg\u00e1ltat\u00e1s teljes\u00edt\u00e9se c\u00e9lj\u00e1b\u00f3l, a fut\u00e1rszolg\u00e1lat munkav\u00e1llal\u00f3i a sz\u00e1ll\u00edt\u00e1si adatok (n\u00e9v, c\u00edm, telefonsz\u00e1m) vonatkoz\u00e1s\u00e1ban.<br \/>\n(5) A szem\u00e9lyes adatok kezel\u00e9s\u00e9nek id\u0151tartama: a regisztr\u00e1ci\u00f3 \/ szolg\u00e1ltat\u00e1s fenn\u00e1ll\u00e1s\u00e1ig, vagy az \u00e9rintett hozz\u00e1j\u00e1rul\u00e1sa visszavon\u00e1s\u00e1ig (t\u00f6rl\u00e9si k\u00e9relm\u00e9ig), v\u00e1s\u00e1rl\u00e1s eset\u00e9n a v\u00e1s\u00e1rl\u00e1s \u00e9v\u00e9t k\u00f6vet\u0151 5 \u00e9vig.<br \/>\n(6) A web\u00e1ruh\u00e1zban t\u00f6rt\u00e9n\u0151 v\u00e1s\u00e1rl\u00e1s sor\u00e1n az Adatkezel\u00e9si t\u00e1j\u00e9koztat\u00f3t (2. mell\u00e9klet) egy linkkel el\u00e9rhet\u0151v\u00e9 kell tenni.<br \/>\n24. \u00a7 Aj\u00e1nd\u00e9ksorsol\u00e1s szervez\u00e9s\u00e9vel kapcsolatos adatkezel\u00e9s<br \/>\n(1) Ha a t\u00e1rsas\u00e1g aj\u00e1nd\u00e9ksorsol\u00e1st (1991. \u00e9vi XXXIV. t\u00f6rv\u00e9ny 23.\u00a7) szervez, hozz\u00e1j\u00e1rul\u00e1sa alapj\u00e1n kezelheti az \u00e9rintett term\u00e9szetes szem\u00e9ly nev\u00e9t, c\u00edm\u00e9t, telefonsz\u00e1m\u00e1t, e-mail c\u00edm\u00e9t, online azonos\u00edt\u00f3j\u00e1t. A j\u00e1t\u00e9kban val\u00f3 r\u00e9szv\u00e9tel \u00f6nk\u00e9ntes. Az adatkezel\u00e9si hozz\u00e1j\u00e1rul\u00e1s a jelen szab\u00e1lyzat 1. sz\u00e1m\u00fa mell\u00e9klete szerinti adatk\u00e9r\u0151 lap szerinti tartalommal k\u00e9rhet\u0151.<br \/>\n(2) A szem\u00e9lyes adatok kezel\u00e9s\u00e9nek c\u00e9lja: nyerem\u00e9nyj\u00e1t\u00e9k nyertes\u00e9nek meg\u00e1llap\u00edt\u00e1sa, \u00e9rtes\u00edt\u00e9se, a nyerem\u00e9ny megk\u00fcld\u00e9se. Az adatkezel\u00e9s jogalapja: az \u00e9rintett hozz\u00e1j\u00e1rul\u00e1sa.<br \/>\n(3) A szem\u00e9lyes adatok c\u00edmzettjei, illetve a c\u00edmzettek kateg\u00f3ri\u00e1i: a T\u00e1rsas\u00e1g \u00fcgyf\u00e9lszolg\u00e1lattal kapcsolatos feladatokat ell\u00e1t\u00f3 munkav\u00e1llal\u00f3i, adatfeldolgoz\u00f3k\u00e9nt a T\u00e1rsas\u00e1g IT szolg\u00e1ltat\u00f3ja szerverszolg\u00e1ltat\u00e1st v\u00e9gz\u0151 munkav\u00e1llal\u00f3i, fut\u00e1rszolg\u00e1lat munkav\u00e1llal\u00f3i.<br \/>\n(4) A szem\u00e9lyes adatok t\u00e1rol\u00e1s\u00e1nak id\u0151tartama: az aj\u00e1nd\u00e9ksorol\u00e1s v\u00e9gelsz\u00e1mol\u00e1s\u00e1ig.<br \/>\n25. \u00a7 Direkt marketing c\u00e9l\u00fa adatkezel\u00e9s<br \/>\n(1) Ha k\u00fcl\u00f6n t\u00f6rv\u00e9ny elt\u00e9r\u0151en nem rendelkezik, rekl\u00e1m term\u00e9szetes szem\u00e9lynek mint rekl\u00e1m c\u00edmzettj\u00e9nek k\u00f6zvetlen megkeres\u00e9se m\u00f3dszer\u00e9vel (k\u00f6zvetlen \u00fczletszerz\u00e9s), \u00edgy k\u00fcl\u00f6n\u00f6sen elektronikus levelez\u00e9s vagy azzal egyen\u00e9rt\u00e9k\u0171 m\u00e1s egy\u00e9ni kommunik\u00e1ci\u00f3s eszk\u00f6z \u00fatj\u00e1n \u2013 a 2008. \u00e9vi XLVIII. t\u00f6rv\u00e9nyben meghat\u00e1rozott kiv\u00e9tellel \u2013 kiz\u00e1r\u00f3lag akkor k\u00f6z\u00f6lhet\u0151, ha ahhoz a rekl\u00e1m c\u00edmzettje el\u0151zetesen egy\u00e9rtelm\u0171en \u00e9s kifejezetten hozz\u00e1j\u00e1rult.<br \/>\n(2) A T\u00e1rsas\u00e1g \u00e1ltal rekl\u00e1m-c\u00edmzetti megkeres\u00e9s c\u00e9lj\u00e1ra kezelhet\u0151 szem\u00e9lyes adatok k\u00f6re: a term\u00e9szetes szem\u00e9ly neve, c\u00edme, telefonsz\u00e1ma, e-mail c\u00edme, online azonos\u00edt\u00f3.<br \/>\n(3) A szem\u00e9lyes adatok kezel\u00e9s\u00e9nek c\u00e9lja a T\u00e1rsas\u00e1g tev\u00e9kenys\u00e9g\u00e9hez kapcsol\u00f3d\u00f3 direkt marketing tev\u00e9kenys\u00e9g folytat\u00e1sa, azaz rekl\u00e1mkiadv\u00e1nyok, h\u00edrlevelek, aktu\u00e1lis aj\u00e1nlatok nyomtatott (postai) vagy elektronikus form\u00e1ban (e-mail) t\u00f6rt\u00e9n\u0151 rendszeres vagy id\u0151szakonk\u00e9nti megk\u00fcld\u00e9se a regisztr\u00e1ci\u00f3kor megadott el\u00e9rhet\u0151s\u00e9gekre.<br \/>\n(4) Az adatkezel\u00e9s jogalapja: az \u00e9rintett hozz\u00e1j\u00e1rul\u00e1sa.<br \/>\n(5) A szem\u00e9lyes adatok c\u00edmzettjei, illetve a c\u00edmzettek kateg\u00f3ri\u00e1i: a T\u00e1rsas\u00e1g \u00fcgyf\u00e9lszolg\u00e1lattal kapcsolatos feladatokat ell\u00e1t\u00f3 munkav\u00e1llal\u00f3i, adatfeldolgoz\u00f3k\u00e9nt a T\u00e1rsas\u00e1g IT szolg\u00e1ltat\u00f3ja szerverszolg\u00e1ltat\u00e1st v\u00e9gz\u0151 munkav\u00e1llal\u00f3i, postai k\u00e9zbes\u00edt\u00e9s eset\u00e9n a Posta munkav\u00e1llal\u00f3i.<br \/>\n(6) A szem\u00e9lyes adatok t\u00e1rol\u00e1s\u00e1nak id\u0151tartama: a hozz\u00e1j\u00e1rul\u00e1s visszavon\u00e1s\u00e1ig.<br \/>\n(7) A direkt marketing c\u00e9l\u00fa adatkezel\u00e9shez val\u00f3 hozz\u00e1j\u00e1rul\u00e1sra a jelen szab\u00e1lyzat 1. mell\u00e9klete szerinti adatk\u00e9r\u0151 lap alkalmazhat\u00f3.<\/p>\n<p>V. FEJEZET<br \/>\nJOGI K\u00d6TELEZETTS\u00c9GEN ALAPUL\u00d3 ADATKEZEL\u00c9SEK<br \/>\n26. \u00a7 Adatkezel\u00e9s ad\u00f3- \u00e9s sz\u00e1mviteli k\u00f6telezetts\u00e9gek teljes\u00edt\u00e9se c\u00e9lj\u00e1b\u00f3l<br \/>\n(1) A T\u00e1rsas\u00e1g jogi k\u00f6telezetts\u00e9g teljes\u00edt\u00e9se jogc\u00edm\u00e9n, t\u00f6rv\u00e9nyben el\u0151\u00edrt ad\u00f3 \u00e9s sz\u00e1mviteli k\u00f6telezetts\u00e9gek teljes\u00edt\u00e9se (k\u00f6nyvel\u00e9s, ad\u00f3z\u00e1s) c\u00e9lj\u00e1b\u00f3l kezeli a vev\u0151k\u00e9nt, sz\u00e1ll\u00edt\u00f3k\u00e9nt vele \u00fczleti kapcsolatba l\u00e9p\u0151 term\u00e9szetes szem\u00e9lyek t\u00f6rv\u00e9nyben meghat\u00e1rozott adatait. A kezelt adatok az \u00e1ltal\u00e1nos forgalmi ad\u00f3r\u00f3l sz\u00f3l\u00f3 2017. \u00e9vi CXXVII. tv. 169.\u00a7, \u00e9s 202.\u00a7-a alapj\u00e1n k\u00fcl\u00f6n\u00f6sen: ad\u00f3sz\u00e1m, n\u00e9v, c\u00edm, ad\u00f3z\u00e1si st\u00e1tusz, a sz\u00e1mvitelr\u0151l sz\u00f3l\u00f3 2000. \u00e9vi C. t\u00f6rv\u00e9ny 167.\u00a7-a alapj\u00e1n: n\u00e9v, c\u00edm, a gazdas\u00e1gi m\u0171veletet elrendel\u0151 szem\u00e9ly vagy szervezet megjel\u00f6l\u00e9se, az utalv\u00e1nyoz\u00f3 \u00e9s a rendelkez\u00e9s v\u00e9grehajt\u00e1s\u00e1t igazol\u00f3 szem\u00e9ly, valamint a szervezett\u0151l f\u00fcgg\u0151en az ellen\u0151r al\u00e1\u00edr\u00e1sa; a k\u00e9szletmozg\u00e1sok bizonylatain \u00e9s a p\u00e9nzkezel\u00e9si bizonylatokon az \u00e1tvev\u0151, az ellennyugt\u00e1kon a befizet\u0151 al\u00e1\u00edr\u00e1sa, a szem\u00e9lyi j\u00f6vedelemad\u00f3r\u00f3l sz\u00f3l\u00f3 1995. \u00e9vi CXVII. t\u00f6rv\u00e9ny alapj\u00e1n: v\u00e1llalkoz\u00f3i igazolv\u00e1ny sz\u00e1ma, \u0151stermel\u0151i igazolv\u00e1ny sz\u00e1ma, ad\u00f3azonos\u00edt\u00f3 jel.<br \/>\n(2) A szem\u00e9lyes adatok t\u00e1rol\u00e1s\u00e1nak id\u0151tartama a jogalapot ad\u00f3 jogviszony megsz\u0171n\u00e9s\u00e9t k\u00f6vet\u0151 8 \u00e9v.<br \/>\n(3) A szem\u00e9lyes adatok c\u00edmzettjei: a T\u00e1rsas\u00e1g ad\u00f3z\u00e1si, k\u00f6nyvviteli, b\u00e9rsz\u00e1mfejt\u00e9si, t\u00e1rsadalombiztos\u00edt\u00e1si feladatait ell\u00e1t\u00f3 munkav\u00e1llal\u00f3i \u00e9s adatfeldolgoz\u00f3i.<br \/>\n27. \u00a7 Kifizet\u0151i adatkezel\u00e9s<br \/>\n(2) A T\u00e1rsas\u00e1g jogi k\u00f6telezetts\u00e9g teljes\u00edt\u00e9se jogc\u00edm\u00e9n, t\u00f6rv\u00e9nyben el\u0151\u00edrt ad\u00f3 \u00e9s j\u00e1rul\u00e9kk\u00f6telezetts\u00e9gek teljes\u00edt\u00e9se (ad\u00f3-, ad\u00f3el\u0151leg, j\u00e1rul\u00e9kok meg\u00e1llap\u00edt\u00e1sa, b\u00e9rsz\u00e1mfejt\u00e9s, t\u00e1rsadalombiztos\u00edt\u00e1si \u00fcgyint\u00e9z\u00e9s) c\u00e9lj\u00e1b\u00f3l kezeli azon \u00e9rintettek \u2013 munkav\u00e1llal\u00f3k, csal\u00e1dtagjaik, foglalkoztatottak, egy\u00e9b juttat\u00e1sban r\u00e9szes\u00fcl\u0151k \u2013 ad\u00f3t\u00f6rv\u00e9nyekben el\u0151\u00edrt szem\u00e9lyes adatait, akikkel kifizet\u0151i (2017:CL. t\u00f6rv\u00e9ny az ad\u00f3z\u00e1s rendj\u00e9r\u0151l (Art.) 7.\u00a7 31.) kapcsolatban \u00e1ll. A kezelt adatok k\u00f6r\u00e9t az Art. 50.\u00a7-a hat\u00e1rozza meg, k\u00fcl\u00f6n is kiemelve ebb\u0151l: a term\u00e9szetes szem\u00e9ly term\u00e9szetes szem\u00e9lyazonos\u00edt\u00f3 adatait (ide\u00e9rtve az el\u0151z\u0151 nevet \u00e9s a titulust is), nem\u00e9t, \u00e1llampolg\u00e1rs\u00e1g\u00e1t, a term\u00e9szetes szem\u00e9ly ad\u00f3azonos\u00edt\u00f3 jel\u00e9t, t\u00e1rsadalombiztos\u00edt\u00e1si azonos\u00edt\u00f3 jel\u00e9t (TAJ sz\u00e1m). Amennyiben az ad\u00f3t\u00f6rv\u00e9nyek ehhez jogk\u00f6vetkezm\u00e9nyt f\u0171znek, a T\u00e1rsas\u00e1g kezelheti a munkav\u00e1llal\u00f3k eg\u00e9szs\u00e9g\u00fcgyi (Szja tv. 40.\u00a7) \u00e9s szakszervezeti (Szja 47.\u00a7(2) b.\/) tags\u00e1gra vonatkoz\u00f3 adatokat ad\u00f3 \u00e9s j\u00e1rul\u00e9kk\u00f6telezetts\u00e9gek telj\u00e9s\u00edt\u00e9s (b\u00e9rsz\u00e1mfejt\u00e9s, t\u00e1rsadalombiztos\u00edt\u00e1si \u00fcgyint\u00e9z\u00e9s) c\u00e9lj\u00e1b\u00f3l.<br \/>\n(2) A szem\u00e9lyes adatok t\u00e1rol\u00e1s\u00e1nak id\u0151tartama a jogalapot ad\u00f3 jogviszony megsz\u0171n\u00e9s\u00e9t k\u00f6vet\u0151 8 \u00e9v.<br \/>\n(3) A szem\u00e9lyes adatok c\u00edmzettjei: a T\u00e1rsas\u00e1g ad\u00f3z\u00e1si, b\u00e9rsz\u00e1mfejt\u00e9si, t\u00e1rsadalombiztos\u00edt\u00e1si (kifizet\u0151i) feladatait ell\u00e1t\u00f3 munkav\u00e1llal\u00f3i \u00e9s adatfeldolgoz\u00f3i.<br \/>\n28. \u00a7 Adatkezel\u00e9s p\u00e9nzmos\u00e1s elleni k\u00f6telezetts\u00e9gek teljes\u00edt\u00e9se c\u00e9lj\u00e1b\u00f3l<br \/>\n(1) A T\u00e1rsas\u00e1g jogi k\u00f6telezetts\u00e9g teljes\u00edt\u00e9se jogc\u00edm\u00e9n, p\u00e9nzmos\u00e1s \u00e9s terrorizmus-finansz\u00edroz\u00e1sa megel\u0151z\u00e9se \u00e9s megakad\u00e1lyoz\u00e1sa c\u00e9lj\u00e1b\u00f3l kezeli \u00fcgyfelei, ezek k\u00e9pvisel\u0151i, \u00e9s a t\u00e9nyleges tulajdonosoknak a p\u00e9nzmos\u00e1s \u00e9s a terrorizmus finansz\u00edroz\u00e1sa megel\u0151z\u00e9s\u00e9r\u0151l \u00e9s megakad\u00e1lyoz\u00e1s\u00e1r\u00f3l sz\u00f3l\u00f3 2017. \u00e9vi LIII. t\u00f6rv\u00e9nyben (Pmt.) meghat\u00e1rozott adatait: a) term\u00e9szetes szem\u00e9ly a) csal\u00e1di \u00e9s ut\u00f3nev\u00e9t, b) sz\u00fclet\u00e9si csal\u00e1di \u00e9s ut\u00f3nev\u00e9t, c) \u00e1llampolg\u00e1rs\u00e1g\u00e1t, d) sz\u00fclet\u00e9si hely\u00e9t, idej\u00e9t, e) anyja sz\u00fclet\u00e9si nev\u00e9t, f) lakc\u00edm\u00e9t, ennek hi\u00e1ny\u00e1ban tart\u00f3zkod\u00e1si hely\u00e9t, g) azonos\u00edt\u00f3 okm\u00e1ny\u00e1nak t\u00edpus\u00e1t \u00e9s sz\u00e1m\u00e1t; lakc\u00edmet igazol\u00f3 hat\u00f3s\u00e1gi igazolv\u00e1nya sz\u00e1m\u00e1t, a bemutatott okiratok m\u00e1solat\u00e1t. (7.\u00a7).<br \/>\n(2) A szem\u00e9lyes adatok c\u00edmzettjei: a T\u00e1rsas\u00e1g \u00fcgyf\u00e9lkiszolg\u00e1l\u00e1ssal kapcsolatos feladatokat ell\u00e1t\u00f3 munkav\u00e1llal\u00f3i, a T\u00e1rsas\u00e1g vezet\u0151je \u00e9s a T\u00e1rsas\u00e1g Pmt. szerinti kijel\u00f6lt szem\u00e9lye.<br \/>\n(3) A szem\u00e9lyes adatok t\u00e1rol\u00e1s\u00e1nak id\u0151tartama az \u00fczleti kapcsolat megsz\u0171n\u00e9s\u00e9t\u0151l, illetve az \u00fcgyleti megb\u00edz\u00e1s teljes\u00edt\u00e9s\u00e9t\u0151l sz\u00e1m\u00edtott 8 \u00e9v. (Pmt. 56.\u00a7(2))<\/p>\n<p>VI. FEJEZET<br \/>\nADATBIZONS\u00c1GI INT\u00c9ZKED\u00c9SEK<br \/>\n29. \u00a7 Adatbiztons\u00e1gi int\u00e9zked\u00e9sek<br \/>\n(1) A T\u00e1rsas\u00e1g valamennyi c\u00e9l\u00fa \u00e9s jogalap\u00fa adatkezel\u00e9se vonatkoz\u00e1s\u00e1ban a szem\u00e9lyes adatok biztons\u00e1ga \u00e9rdek\u00e9ben k\u00f6teles megtenni azokat a technikai \u00e9s szervez\u00e9si int\u00e9zked\u00e9seket \u00e9s kialak\u00edtani azokat az elj\u00e1r\u00e1si szab\u00e1lyokat, amelyek a Rendelet \u00e9s az Infotv., \u00e9rv\u00e9nyre juttat\u00e1s\u00e1hoz sz\u00fcks\u00e9gesek.<br \/>\n(2) Az Adatkezel\u0151 az adatokat megfelel\u0151 int\u00e9zked\u00e9sekkel v\u00e9di a v\u00e9letlen vagy jogellenes megsemmis\u00edt\u00e9s, elveszt\u00e9s, megv\u00e1ltoztat\u00e1s, s\u00e9r\u00fcl\u00e9s, jogosulatlan nyilv\u00e1noss\u00e1gra hozatal vagy az azokhoz val\u00f3 jogosulatlan hozz\u00e1f\u00e9r\u00e9s ellen.<br \/>\n(3) A T\u00e1rsas\u00e1g a szem\u00e9lyes adatokat bizalmas adatk\u00e9nt min\u0151s\u00edti \u00e9s kezeli. A munkav\u00e1llal\u00f3kkal a szem\u00e9lyes adatok kezel\u00e9s\u00e9re vonatkoz\u00f3an titoktart\u00e1si k\u00f6telezetts\u00e9get \u00edr el\u0151, amelyre a 10. sz\u00e1m\u00fa mell\u00e9klet szerinti kik\u00f6t\u00e9st kell alkalmazni. A szem\u00e9lyes adatokhoz val\u00f3 hozz\u00e1f\u00e9r\u00e9st a T\u00e1rsas\u00e1g jogosults\u00e1gi szintek megad\u00e1s\u00e1val korl\u00e1tozza.<br \/>\n(4) A T\u00e1rsas\u00e1g az informatikai rendszereket t\u0171zfallal v\u00e9di, \u00e9s v\u00edrusv\u00e9delemmel l\u00e1tja el.<br \/>\n(5) A T\u00e1rsas\u00e1g az elektronikus adatfeldolgoz\u00e1st, nyilv\u00e1ntart\u00e1st sz\u00e1m\u00edt\u00f3g\u00e9pes program \u00fatj\u00e1n v\u00e9gzi, amely megfelel az adatbiztons\u00e1g k\u00f6vetelm\u00e9nyeinek. A program biztos\u00edtja, hogy az adatokhoz csak c\u00e9lhoz k\u00f6t\u00f6tten, ellen\u0151rz\u00f6tt k\u00f6r\u00fclm\u00e9nyek k\u00f6z\u00f6tt csak azon szem\u00e9lyek f\u00e9rjenek hozz\u00e1, akiknek a feladataik ell\u00e1t\u00e1sa \u00e9rdek\u00e9ben erre sz\u00fcks\u00e9g\u00fck van.<br \/>\n(6) A szem\u00e9lyes adatok automatiz\u00e1lt feldolgoz\u00e1sa sor\u00e1n az adatkezel\u0151 \u00e9s az adatfeldolgoz\u00f3 tov\u00e1bbi int\u00e9zked\u00e9sekkel biztos\u00edtja:<br \/>\na) a jogosulatlan adatbevitel megakad\u00e1lyoz\u00e1s\u00e1t;<br \/>\nb) az automatikus adatfeldolgoz\u00f3 rendszerek jogosulatlan szem\u00e9lyek \u00e1ltali, adat\u00e1tviteli berendez\u00e9s seg\u00edts\u00e9g\u00e9vel t\u00f6rt\u00e9n\u0151 haszn\u00e1lat\u00e1nak megakad\u00e1lyoz\u00e1s\u00e1t;<br \/>\nc) annak ellen\u0151rizhet\u0151s\u00e9g\u00e9t \u00e9s meg\u00e1llap\u00edthat\u00f3s\u00e1g\u00e1t, hogy a szem\u00e9lyes adatokat adat\u00e1tviteli berendez\u00e9s alkalmaz\u00e1s\u00e1val mely szerveknek tov\u00e1bb\u00edtott\u00e1k vagy tov\u00e1bb\u00edthatj\u00e1k;<br \/>\nd) annak ellen\u0151rizhet\u0151s\u00e9g\u00e9t \u00e9s meg\u00e1llap\u00edthat\u00f3s\u00e1g\u00e1t, hogy mely szem\u00e9lyes adatokat, mikor \u00e9s ki vitte be az automatikus adatfeldolgoz\u00f3 rendszerekbe;<br \/>\ne) a telep\u00edtett rendszerek \u00fczemzavar eset\u00e9n t\u00f6rt\u00e9n\u0151 helyre\u00e1ll\u00edthat\u00f3s\u00e1g\u00e1t \u00e9s<br \/>\nf) azt, hogy az automatiz\u00e1lt feldolgoz\u00e1s sor\u00e1n fell\u00e9p\u0151 hib\u00e1kr\u00f3l jelent\u00e9s k\u00e9sz\u00fclj\u00f6n.<br \/>\n(6) A T\u00e1rsas\u00e1g a szem\u00e9lyes adatok v\u00e9delme \u00e9rdek\u00e9ben gondoskodik az elektronikus \u00faton folytatott bej\u00f6v\u0151 \u00e9s kimen\u0151 kommunik\u00e1ci\u00f3 ellen\u0151rz\u00e9s\u00e9r\u0151l.<br \/>\n(7) A folyamatban lev\u0151 munkav\u00e9gz\u00e9s, feldolgoz\u00e1s alatt lev\u0151 iratokhoz csak az illet\u00e9kes \u00fcgyint\u00e9z\u0151k f\u00e9rhetnek hozz\u00e1, a szem\u00e9lyzeti, a b\u00e9r- \u00e9s munka\u00fcgyi \u00e1s egy\u00e9b szem\u00e9lyes adatokat tartalmaz\u00f3 iratokat biztons\u00e1gosan elz\u00e1rva kell tartani.<br \/>\n(8) Biztos\u00edtani kell az adatok \u00e9s az azokat hordoz\u00f3 eszk\u00f6z\u00f6k, iratok megfelel\u0151 fizikai v\u00e9delm\u00e9t.<br \/>\nVII. FEJEZET<br \/>\nA T\u00c1RSAS\u00c1G ADATFELDOLGOZ\u00d3 TEV\u00c9KENYS\u00c9GE<br \/>\n30.\u00a7 Adatfeldolgoz\u00f3 tev\u00e9kenys\u00e9gek<br \/>\nA T\u00e1rsas\u00e1g az al\u00e1bbi tev\u00e9kenys\u00e9gek tekintet\u00e9ben v\u00e9gez adatfeldolgoz\u00e1st:<br \/>\n6920 \u2013 Sz\u00e1mviteli, k\u00f6nyvvizsg\u00e1l\u00f3i, ad\u00f3szak\u00e9rt\u0151i tev\u00e9kenys\u00e9g<br \/>\n6311 \u2013 Adatfeldolgoz\u00e1s, web-hoszting szolg\u00e1ltat\u00e1s<br \/>\n6312 \u2013 Vil\u00e1gh\u00e1l\u00f3-port\u00e1l szolg\u00e1ltat\u00e1s<br \/>\n5320 \u2013 Egy\u00e9b postai, fut\u00e1rpostai tev\u00e9kenys\u00e9g<br \/>\n31. \u00a7 Adatfeldolgoz\u00f3i garanciany\u00fajt\u00e1s<br \/>\n(1) A T\u00e1rsas\u00e1g adatfeldolgoz\u00f3k\u00e9nt garant\u00e1lja \u2013 k\u00fcl\u00f6n\u00f6sen a szak\u00e9rtelem, a megb\u00edzhat\u00f3s\u00e1g \u00e9s az er\u0151forr\u00e1sok tekintet\u00e9ben \u2013 hogy a Rendelet k\u00f6vetelm\u00e9nyeinek teljes\u00fcl\u00e9s\u00e9t biztos\u00edt\u00f3 technikai \u00e9s szervez\u00e9si int\u00e9zked\u00e9seket v\u00e9grehajtja, ide\u00e9rtve az adatkezel\u00e9s biztons\u00e1g\u00e1t is.<br \/>\n(2) Az Adatfeldolgoz\u00f3 tev\u00e9kenys\u00e9ge sor\u00e1n biztos\u00edtja, hogy az \u00e9rintett szem\u00e9lyes adatokhoz val\u00f3 hozz\u00e1f\u00e9r\u00e9sre feljogos\u00edtott szem\u00e9lyek \u2013 ha jogszab\u00e1lyon alapul\u00f3 megfelel\u0151 titoktart\u00e1si k\u00f6telezetts\u00e9g hat\u00e1lya alatt egy\u00e9bk\u00e9nt nem \u00e1llnak \u2013 az \u00e1ltaluk megismert szem\u00e9lyes adatok vonatkoz\u00e1s\u00e1ban titoktart\u00e1si k\u00f6telezetts\u00e9get v\u00e1llaljanak. Az alkalmazand\u00f3 Titoktart\u00e1si nyilatkozat sz\u00f6veg\u00e9t jelen szab\u00e1lyzat 8. sz\u00e1m\u00fa Mell\u00e9klete tartalmazza.<br \/>\n(7) A T\u00e1rsas\u00e1g megfelel\u0151 hardver \u00e9s szoftver eszk\u00f6z\u00f6kkel rendelkezik., az adatkezel\u00e9s jogszer\u0171s\u00e9g\u00e9nek \u00e9s az \u00e9rintettek jogai v\u00e9delm\u00e9nek biztos\u00edt\u00e1s\u00e1ra alkalmas m\u0171szaki \u00e9s szervez\u00e9si int\u00e9zked\u00e9sek v\u00e9grehajt\u00e1s\u00e1ra k\u00f6telezetts\u00e9get v\u00e1llal.<br \/>\n(8) A T\u00e1rsas\u00e1g az \u00e1llami szervekkel val\u00f3 elektronikus kapcsolattart\u00e1s jogi \u00e9s technikai felt\u00e9teleivel rendelkezik.<br \/>\n(10) T\u00e1rsas\u00e1gunk v\u00e1llalja, hogy a megb\u00edz\u00f3 adatkezel\u0151 rendelkez\u00e9s\u00e9re bocs\u00e1t minden olyan inform\u00e1ci\u00f3t, amely az adatfeldolgoz\u00f3 ig\u00e9nybev\u00e9tel\u00e9re vonatkoz\u00f3 jogi rendelkez\u00e9seknek val\u00f3 megfelel\u00e9s igazol\u00e1s\u00e1hoz sz\u00fcks\u00e9ges.<br \/>\n32. \u00a7 A megbiz\u00f3 (adatkezel\u0151) k\u00f6telezetts\u00e9gei \u00e9s jogai<br \/>\n1. Adatkezel\u0151 jogosult ellen\u0151rizni Adatfeldolgoz\u00f3n\u00e1l a szerz\u0151d\u00e9s szerinti tev\u00e9kenys\u00e9g v\u00e9grehajt\u00e1s\u00e1t.<br \/>\n2. Adatkezel\u0151nek a szerz\u0151d\u00e9sben meghat\u00e1rozott feladatokkal kapcsolatos utas\u00edt\u00e1sai jogszer\u0171s\u00e9g\u00e9\u00e9rt az Adatkezel\u0151t terheli felel\u0151ss\u00e9g, ugyanakkor az Adatfeldolgoz\u00f3 k\u00f6teles halad\u00e9ktalanul jelezni az Adatkezel\u0151nek, amennyiben Adatkezel\u0151 utas\u00edt\u00e1sa vagy annak v\u00e9grehajt\u00e1sa jogszab\u00e1lyba \u00fctk\u00f6zne.<br \/>\n3. Az Adatkezel\u0151 k\u00f6telezetts\u00e9ge, hogy az \u00e9rintett term\u00e9szetes szem\u00e9lyeket jelen szerz\u0151d\u00e9s szerinti adatfeldolgoz\u00e1sr\u00f3l t\u00e1j\u00e9koztassa, ha jogszab\u00e1ly el\u0151\u00edrja, hozz\u00e1j\u00e1rul\u00e1sukat beszerezze.<br \/>\n33. \u00a7 T\u00e1rsas\u00e1gunk, mint adatfeldolgoz\u00f3 k\u00f6telezetts\u00e9gei \u00e9s jogai<br \/>\n1. Utas\u00edt\u00e1si jog: Az Adatfeldolgoz\u00f3 tev\u00e9kenys\u00e9ge sor\u00e1n kiz\u00e1r\u00f3lag az Adatkezel\u0151 \u00edr\u00e1sbeli utas\u00edt\u00e1sa alapj\u00e1n j\u00e1r el.<br \/>\n2. Titoktart\u00e1s: Az Adatfeldolgoz\u00f3 tev\u00e9kenys\u00e9ge sor\u00e1n biztos\u00edtja, hogy az \u00e9rintett szem\u00e9lyes adatokhoz val\u00f3 hozz\u00e1f\u00e9r\u00e9sre feljogos\u00edtott szem\u00e9lyek \u2013 ha jogszab\u00e1lyon alapul\u00f3 megfelel\u0151 titoktart\u00e1si k\u00f6telezetts\u00e9g hat\u00e1lya alatt egy\u00e9bk\u00e9nt nem \u00e1llnak \u2013 az \u00e1ltaluk megismert szem\u00e9lyes adatok vonatkoz\u00e1s\u00e1ban titoktart\u00e1si k\u00f6telezetts\u00e9get v\u00e1llaljanak.<br \/>\n3. Adatbiztons\u00e1g: Az Adatfeldolgoz\u00f3 a tudom\u00e1ny \u00e9s technol\u00f3gia \u00e1ll\u00e1sa \u00e9s a megval\u00f3s\u00edt\u00e1s k\u00f6lts\u00e9gei, tov\u00e1bb\u00e1 az adatkezel\u00e9s jellege, hat\u00f3k\u00f6re, k\u00f6r\u00fclm\u00e9nyei \u00e9s c\u00e9ljai, valamint a term\u00e9szetes szem\u00e9lyek jogaira \u00e9s szabads\u00e1gaira jelentett, v\u00e1ltoz\u00f3 val\u00f3sz\u00edn\u0171s\u00e9g\u0171 \u00e9s s\u00falyoss\u00e1g\u00fa kock\u00e1zat figyelembev\u00e9tel\u00e9vel megfelel\u0151 technikai \u00e9s szervez\u00e9si int\u00e9zked\u00e9seket hajt v\u00e9gre annak \u00e9rdek\u00e9ben, hogy a kock\u00e1zat m\u00e9rt\u00e9k\u00e9nek megfelel\u0151 szint\u0171 adatbiztons\u00e1got garant\u00e1lja. Az Adatfeldolgoz\u00f3 int\u00e9zked\u00e9seket hoz annak biztos\u00edt\u00e1s\u00e1ra, hogy az ir\u00e1ny\u00edt\u00e1sa alatt elj\u00e1r\u00f3, a szem\u00e9lyes adatokhoz hozz\u00e1f\u00e9r\u00e9ssel rendelkez\u0151 term\u00e9szetes szem\u00e9lyek kiz\u00e1r\u00f3lag az adatkezel\u0151 utas\u00edt\u00e1s\u00e1nak megfelel\u0151en kezelhess\u00e9k az eml\u00edtett adatokat, kiv\u00e9ve, ha az ett\u0151l val\u00f3 elt\u00e9r\u00e9sre uni\u00f3s vagy tag\u00e1llami jog k\u00f6telezi \u0151ket. Az Adatfeldolgoz\u00f3 gondoskodik arr\u00f3l, hogy a t\u00e1rolt adatokhoz bels\u0151 rendszeren kereszt\u00fcl vagy k\u00f6zvetlen hozz\u00e1f\u00e9r\u00e9s \u00fatj\u00e1n kiz\u00e1r\u00f3lag az arra feljogos\u00edtott szem\u00e9lyek, \u00e9s kiz\u00e1r\u00f3lag az adatkezel\u00e9s c\u00e9lj\u00e1val \u00f6sszef\u00fcgg\u00e9sben f\u00e9rjenek hozz\u00e1. Az Adatfeldolgoz\u00f3 gondoskodik a felhaszn\u00e1lt eszk\u00f6z\u00f6k sz\u00fcks\u00e9ges, rendszeres karbantart\u00e1s\u00e1r\u00f3l, fejleszt\u00e9s\u00e9r\u0151l. Az adatokat t\u00e1rol\u00f3 eszk\u00f6zt megfelel\u0151 fizikai v\u00e9delemmel ell\u00e1tott z\u00e1rt helyis\u00e9gben helyezi el, gondoskodik annak fizikai v\u00e9delm\u00e9r\u0151l is. Adatfeldolgoz\u00f3 a szerz\u0151d\u00e9sben meghat\u00e1rozott feladatok ell\u00e1t\u00e1sa \u00e9rdek\u00e9ben megfelel\u0151 ismerettel \u00e9s gyakorlattal rendelkez\u0151 szem\u00e9lyeket k\u00f6teles ig\u00e9nybe venni. K\u00f6teles tov\u00e1bb\u00e1 gondoskodni az \u00e1ltala ig\u00e9nybe vett szem\u00e9lyek felk\u00e9sz\u00edt\u00e9s\u00e9r\u0151l a betartand\u00f3 adatv\u00e9delmi jogszab\u00e1lyi rendelkez\u00e9sek, a jelen szerz\u0151d\u00e9sben foglalt k\u00f6telezetts\u00e9gek, valamint az adatfelv\u00e9tel c\u00e9lja \u00e9s m\u00f3dja tekintet\u00e9ben.<br \/>\n4. Tov\u00e1bbi adatfeldolgoz\u00f3 ig\u00e9nybev\u00e9tele: Az Adatfeldolgoz\u00f3 v\u00e1llalja, hogy tov\u00e1bbi adatfeldolgoz\u00f3t csak a Rendeletben \u00e9s az Infotv-ben meghat\u00e1rozott felt\u00e9telek teljes\u00edt\u00e9se mellett vesz ig\u00e9nybe. Az adatkezel\u0151 jelen szerz\u0151d\u00e9sben \u00e1ltal\u00e1nos felhatalmaz\u00e1st ad az Adatfeldolgoz\u00f3nak, hogy tov\u00e1bbi adatfeldolgoz\u00f3t (alv\u00e1llalkoz\u00f3t) vegyen ig\u00e9nybe . Az Adatfeldolgoz\u00f3 a tov\u00e1bbi adatfeldolgoz\u00f3 ig\u00e9nybe v\u00e9tel\u00e9t megel\u0151z\u0151en t\u00e1j\u00e9koztatja az adatkezel\u0151t a tov\u00e1bbi adatfeldolgoz\u00f3 szem\u00e9ly\u00e9r\u0151l, valamint a tov\u00e1bbi adatfeldolgoz\u00f3 \u00e1ltal v\u00e9gzend\u0151 tervezett feladatokr\u00f3l. Ha az adatkezel\u0151 ezen t\u00e1j\u00e9koztat\u00e1s alapj\u00e1n a tov\u00e1bbi adatfeldolgoz\u00f3 ig\u00e9nybe v\u00e9tel\u00e9vel szemben kifog\u00e1st emel, a tov\u00e1bbi adatfeldolgoz\u00f3 ig\u00e9nybev\u00e9tel\u00e9re az adatfeldolgoz\u00f3 kiz\u00e1r\u00f3lag a kifog\u00e1sban megjel\u00f6lt felt\u00e9telek teljes\u00edt\u00e9se eset\u00e9n jogosult. Ha az adatfeldolgoz\u00f3 bizonyos, az adatkezel\u0151 nev\u00e9ben v\u00e9gzett konkr\u00e9t adatkezel\u00e9si tev\u00e9kenys\u00e9gekhez tov\u00e1bbi adatfeldolgoz\u00f3 szolg\u00e1ltat\u00e1sait is ig\u00e9nybe veszi, erre k\u00f6teles \u00edr\u00e1sba foglalt szerz\u0151d\u00e9st k\u00f6tni, \u00e9s abban a tov\u00e1bbi adatfeldolgoz\u00f3ra is ugyanazokat az adatv\u00e9delmi k\u00f6telezetts\u00e9geket telep\u00edteni, mint amelyek az adatkezel\u0151 \u00e9s az adatfeldolgoz\u00f3 k\u00f6z\u00f6tt l\u00e9trej\u00f6tt jelen szerz\u0151d\u00e9sben szerepelnek, k\u00fcl\u00f6n\u00f6sen \u00fagy, hogy a tov\u00e1bbi adatfeldolgoz\u00f3nak megfelel\u0151 garanci\u00e1kat kell ny\u00fajtania a megfelel\u0151 technikai \u00e9s szervez\u00e9si int\u00e9zked\u00e9sek v\u00e9grehajt\u00e1s\u00e1ra, \u00e9s ez\u00e1ltal biztos\u00edtania kell, hogy az adatkezel\u00e9s megfeleljen e rendelet k\u00f6vetelm\u00e9nyeinek. Ha a tov\u00e1bbi adatfeldolgoz\u00f3 nem teljes\u00edti adatv\u00e9delmi k\u00f6telezetts\u00e9geit, az \u0151t megb\u00edz\u00f3 adatfeldolgoz\u00f3 teljes felel\u0151ss\u00e9ggel tartozik az adatkezel\u0151 fel\u00e9 a tov\u00e1bbi adatfeldolgoz\u00f3 k\u00f6telezetts\u00e9geinek a teljes\u00edt\u00e9s\u00e9\u00e9rt.<br \/>\n5. Egy\u00fcttm\u0171k\u00f6d\u00e9s az Adatkezel\u0151vel:<br \/>\na) T\u00e1rsas\u00e1gunk, mint adatfeldolgoz\u00f3 tev\u00e9kenys\u00e9ge sor\u00e1n minden megfelel\u0151 eszk\u00f6zzel seg\u00edti az Adatkezel\u0151t az \u00e9rintettek jogai \u00e9rv\u00e9nyes\u00edt\u00e9s\u00e9nek el\u0151seg\u00edt\u00e9se, ezzel kapcsolatos k\u00f6telezetts\u00e9gei teljes\u00edt\u00e9se \u00e9rdek\u00e9ben.<br \/>\nb) T\u00e1rsas\u00e1gunk, mint Adatfeldolgoz\u00f3 seg\u00edti az adatkezel\u0151t a Rendelet 32\u201336. cikk (Adatbiztons\u00e1g, Adatv\u00e9delmi hat\u00e1svizsg\u00e1lat \u00e9s el\u0151zetes konzult\u00e1ci\u00f3) szerinti k\u00f6telezetts\u00e9gek teljes\u00edt\u00e9s\u00e9ben, figyelembe v\u00e9ve az adatkezel\u00e9s jelleg\u00e9t \u00e9s az adatfeldolgoz\u00f3 rendelkez\u00e9s\u00e9re \u00e1ll\u00f3 inform\u00e1ci\u00f3kat.<br \/>\nc) T\u00e1rsas\u00e1gunk, mint adatfeldolgoz\u00f3 az adatkezel\u0151 rendelkez\u00e9s\u00e9re bocs\u00e1t minden olyan inform\u00e1ci\u00f3t, amely a Rendelet 28. cikk\u00e9ben (Az adatfeldolgoz\u00f3) meghat\u00e1rozott k\u00f6telezetts\u00e9gek teljes\u00edt\u00e9s\u00e9nek igazol\u00e1s\u00e1hoz sz\u00fcks\u00e9ges, tov\u00e1bb\u00e1 amely lehet\u0151v\u00e9 teszi \u00e9s el\u0151seg\u00edti az adatkezel\u0151 \u00e1ltal vagy az \u00e1ltala megb\u00edzott m\u00e1s ellen\u0151r \u00e1ltal v\u00e9gzett auditokat, bele\u00e9rtve a helysz\u00edni vizsg\u00e1latokat is. Ezen ponttal kapcsolatban az adatfeldolgoz\u00f3 halad\u00e9ktalanul t\u00e1j\u00e9koztatja az adatkezel\u0151t, ha \u00fagy v\u00e9li, hogy annak valamely utas\u00edt\u00e1sa s\u00e9rti ezt a rendeletet vagy a tag\u00e1llami vagy uni\u00f3s adatv\u00e9delmi rendelkez\u00e9seket.<\/p>\n<p>34.\u00a7 A T\u00e1rsas\u00e1g adatfeldolgoz\u00e1si tev\u00e9kenys\u00e9g\u00e9nek \u00e1ltal\u00e1nos szerz\u0151d\u00e9si felt\u00e9telei<br \/>\n(1) A T\u00e1rsas\u00e1g az adatfeldolgoz\u00e1si tev\u00e9kenys\u00e9gre a megb\u00edz\u00f3val \u00edr\u00e1sbeli szerz\u0151d\u00e9st k\u00f6t.<br \/>\n(2) A T\u00e1rsas\u00e1g adatfeldolgoz\u00e1si tev\u00e9kenys\u00e9g\u00e9nek \u00e1ltal\u00e1nos szerz\u0151d\u00e9si felt\u00e9teleit jelen szab\u00e1lyzat 9. sz\u00e1m\u00fa mell\u00e9klete tartalmazza.<br \/>\n(3) Az \u00e1ltal\u00e1nos szerz\u0151d\u00e9si felt\u00e9tel tartalm\u00e1t a m\u00e1sik f\u00e9llel a szerz\u0151d\u00e9sk\u00f6t\u00e9st megel\u0151z\u0151en meg kell ismertetni, \u00e9s azt a m\u00e1sik f\u00e9lnek el kell fogadnia.<\/p>\n<p>VIII. FEJEZET<br \/>\nADATV\u00c9DELMI INCIDENSEK KEZEL\u00c9SE<br \/>\n35. \u00a7 Az adatv\u00e9delmi incidens fogalma<br \/>\n(1) Adatv\u00e9delmi incidens:: a biztons\u00e1g olyan s\u00e9r\u00fcl\u00e9se, amely a tov\u00e1bb\u00edtott, t\u00e1rolt vagy m\u00e1s m\u00f3don kezelt szem\u00e9lyes adatok v\u00e9letlen vagy jogellenes megsemmis\u00edt\u00e9s\u00e9t, elveszt\u00e9s\u00e9t, megv\u00e1ltoztat\u00e1s\u00e1t, jogosulatlan k\u00f6zl\u00e9s\u00e9t vagy az azokhoz val\u00f3 jogosulatlan hozz\u00e1f\u00e9r\u00e9st eredm\u00e9nyezi; (Rendelet 4. cikk 12.)<br \/>\n(2) A leggyakoribb jelentett incidensek lehetnek p\u00e9ld\u00e1ul: a laptop vagy mobil telefon elveszt\u00e9se, szem\u00e9lyes adatok nem biztons\u00e1gos t\u00e1rol\u00e1sa (pl. szemetesbe dobott fizet\u00e9si pap\u00edrok); adatok nem biztons\u00e1gos tov\u00e1bb\u00edt\u00e1sa, \u00fcgyf\u00e9l- \u00e9s vev\u0151- partnerlist\u00e1k illet\u00e9ktelen m\u00e1sol\u00e1sa, tov\u00e1bb\u00edt\u00e1sa, szerver elleni t\u00e1mad\u00e1sok, honlap felt\u00f6r\u00e9se.<br \/>\n36. \u00a7 Adatv\u00e9delmi incidensek kezel\u00e9s, orvosl\u00e1sa<br \/>\n(1) Adatv\u00e9delmi incidensek megel\u0151z\u00e9se, kezel\u00e9se, a vonatkoz\u00f3 jogi el\u0151\u00edr\u00e1sok betart\u00e1sa a T\u00e1rsas\u00e1g vezet\u0151j\u00e9nek feladata.<br \/>\n(2) Az informatikai rendszereken napl\u00f3zni kell a hozz\u00e1f\u00e9r\u00e9seket \u00e9s hozz\u00e1f\u00e9r\u00e9si kis\u00e9rleteket, \u00e9s ezeket folyamatosan elemezni kell.<br \/>\n(3) Amennyiben a t\u00e1rsas\u00e1g ellen\u0151rz\u00e9sre jogosult munkav\u00e1llal\u00f3i a feladataik ell\u00e1t\u00e1sa sor\u00e1n adatv\u00e9delmi incidenst \u00e9szlelnek, halad\u00e9ktalanul \u00e9rtes\u00edteni\u00fck kell a T\u00e1rsas\u00e1g vezet\u0151j\u00e9t.<br \/>\n(4) A T\u00e1rsas\u00e1g munkav\u00e1llal\u00f3i k\u00f6telesek jelenteni a T\u00e1rsas\u00e1g vezet\u0151j\u00e9nek, vagy a munk\u00e1ltat\u00f3i jogok gyakorl\u00f3j\u00e1nak, ha adatv\u00e9delmi incidenst, vagy arra utal\u00f3 esem\u00e9nyt \u00e9szlelnek.<br \/>\n(5) Adatv\u00e9delmi incidens bejelenthet\u0151 a T\u00e1rsas\u00e1g k\u00f6zponti e-mail c\u00edm\u00e9n, telefonsz\u00e1m\u00e1n, amelyen a munkav\u00e1llal\u00f3k, szerz\u0151d\u0151 partnerek, \u00e9rintettek jelenteni tudj\u00e1k az alapul szolg\u00e1l\u00f3 esem\u00e9nyeket, biztons\u00e1gi gyenges\u00e9geket.<br \/>\n(6) Adatv\u00e9delmi incidens bejelent\u00e9se eset\u00e9n a T\u00e1rsas\u00e1g vezet\u0151je \u2013 az informatikai, p\u00e9nz\u00fcgyi \u00e9s m\u0171k\u00f6d\u00e9si vezet\u0151 bevon\u00e1s\u00e1val \u2013 halad\u00e9ktalanul megvizsg\u00e1lja a bejelent\u00e9st, ennek sor\u00e1n azonos\u00edtani kell az incidenst, el kell d\u00f6nteni, hogy val\u00f3di incidensr\u0151l, vagy t\u00e9ves riaszt\u00e1sr\u00f3l van sz\u00f3. Meg kell vizsg\u00e1lni \u00e9s meg kell \u00e1llap\u00edtani:<br \/>\na. az incidens bek\u00f6vetkez\u00e9s\u00e9nek id\u0151pontj\u00e1t \u00e9s hely\u00e9t,<br \/>\nb. az incidens le\u00edr\u00e1s\u00e1t, k\u00f6r\u00fclm\u00e9nyeit, hat\u00e1sait,<br \/>\nc. az incidens sor\u00e1n kompromitt\u00e1l\u00f3dott adatok k\u00f6r\u00e9t, sz\u00e1moss\u00e1g\u00e1t,<br \/>\nd. a kompromitt\u00e1l\u00f3dott adatokkal \u00e9rintett szem\u00e9lyek k\u00f6r\u00e9t,<br \/>\ne. az incidens elh\u00e1r\u00edt\u00e1sa \u00e9rdek\u00e9ben tett int\u00e9zked\u00e9sek le\u00edr\u00e1s\u00e1t,<br \/>\nf. a k\u00e1r megel\u0151z\u00e9se, elh\u00e1r\u00edt\u00e1sa, cs\u00f6kkent\u00e9se \u00e9rdek\u00e9ben tett int\u00e9zked\u00e9sek le\u00edr\u00e1s\u00e1t.<br \/>\n(7) Adatv\u00e9delmi incidens bek\u00f6vetkez\u00e9se eset\u00e9n az \u00e9rintett rendszereket, szem\u00e9lyeket, adatokat be kell hat\u00e1rolni \u00e9s el kell k\u00fcl\u00f6n\u00edteni \u00e9s gondoskodni kell az incidens bek\u00f6vetkez\u00e9s\u00e9t al\u00e1t\u00e1maszt\u00f3 bizony\u00edt\u00e9kok begy\u0171jt\u00e9s\u00e9r\u0151l \u00e9s meg\u0151rz\u00e9s\u00e9r\u0151l. Ezt k\u00f6vet\u0151en lehet megkezdeni a k\u00e1rok helyre\u00e1ll\u00edt\u00e1s\u00e1t \u00e9s a jogszer\u0171 m\u0171k\u00f6d\u00e9s vissza\u00e1ll\u00edt\u00e1s\u00e1t.<br \/>\n37. \u00a7 Adatv\u00e9delmi incidensek nyilv\u00e1ntart\u00e1sa<br \/>\n(1) Az adatv\u00e9delmi incidensekr\u0151l nyilv\u00e1ntart\u00e1st kell vezetni, amely tartalmazza:<br \/>\na) az \u00e9rintett szem\u00e9lyes adatok k\u00f6r\u00e9t,<br \/>\nb) az adatv\u00e9delmi incidenssel \u00e9rintettek k\u00f6r\u00e9t \u00e9s sz\u00e1m\u00e1t,<br \/>\nc) az adatv\u00e9delmi incidens id\u0151pontj\u00e1t,<br \/>\nd) az adatv\u00e9delmi incidens k\u00f6r\u00fclm\u00e9nyeit, hat\u00e1sait,<br \/>\ne) az adatv\u00e9delmi incidens orvosl\u00e1s\u00e1ra megtett int\u00e9zked\u00e9seket,<br \/>\nf) az adatkezel\u00e9st el\u0151\u00edr\u00f3 jogszab\u00e1lyban meghat\u00e1rozott egy\u00e9b adatokat.<br \/>\n(2) A nyilv\u00e1ntart\u00e1sban szerepl\u0151 adatv\u00e9delmi incidensekre vonatkoz\u00f3 adatokat 5 \u00e9vig meg kell \u0151rizni.<\/p>\n<p>IX. FEJEZET<br \/>\nAZ \u00c9RINTETT SZEM\u00c9LY JOGAI<br \/>\n38.\u00a7 \u00d6sszefoglal\u00f3 t\u00e1j\u00e9koztat\u00e1s az \u00e9rintett jogair\u00f3l<br \/>\nE pontban az \u00e1ttekinthet\u0151s\u00e9g \u00e9s \u00e1tl\u00e1that\u00f3s\u00e1g kedv\u00e9\u00e9rt r\u00f6viden \u00f6sszefoglaljuk az \u00e9rintett jogait, amelyek gyakorl\u00e1s\u00e1ra vonatkoz\u00f3 r\u00e9szletes t\u00e1j\u00e9koztat\u00e1st a k\u00f6vetkez\u0151 fejezetben adjuk meg.<br \/>\nEl\u0151zetes t\u00e1j\u00e9koz\u00f3d\u00e1shoz val\u00f3 jog<br \/>\nAz \u00e9rintett jogosult arra, hogy az adatkezel\u00e9ssel \u00f6sszef\u00fcgg\u0151 t\u00e9nyekr\u0151l \u00e9s inform\u00e1ci\u00f3kr\u00f3l az adatkezel\u00e9s megkezd\u00e9s\u00e9t megel\u0151z\u0151en t\u00e1j\u00e9koztat\u00e1st kapjon.<br \/>\n(Rendelet 13-14. cikk)<br \/>\nA r\u00e9szletszab\u00e1lyokr\u00f3l a k\u00f6vetkez\u0151 fejezetben adunk t\u00e1j\u00e9koztat\u00e1st.<br \/>\nAz \u00e9rintett hozz\u00e1f\u00e9r\u00e9si joga<br \/>\nAz \u00e9rintett jogosult arra, hogy az Adatkezel\u0151t\u0151l visszajelz\u00e9st kapjon arra vonatkoz\u00f3an, hogy szem\u00e9lyes adatainak kezel\u00e9se folyamatban van-e, \u00e9s ha ilyen adatkezel\u00e9s folyamatban van, jogosult arra, hogy a szem\u00e9lyes adatokhoz \u00e9s a Rendeletben meghat\u00e1rozott kapcsol\u00f3d\u00f3 inform\u00e1ci\u00f3khoz hozz\u00e1f\u00e9r\u00e9st kapjon. (Rendelet 15. cikk).<br \/>\nA r\u00e9szletszab\u00e1lyokr\u00f3l a k\u00f6vetkez\u0151 fejezetben adunk t\u00e1j\u00e9koztat\u00e1st.<br \/>\nA helyesb\u00edt\u00e9shez val\u00f3 jog<br \/>\nAz \u00e9rintett jogosult arra, hogy k\u00e9r\u00e9s\u00e9re az Adatkezel\u0151 indokolatlan k\u00e9sedelem n\u00e9lk\u00fcl helyesb\u00edtse a r\u00e1 vonatkoz\u00f3 pontatlan szem\u00e9lyes adatokat. Figyelembe v\u00e9ve az adatkezel\u00e9s c\u00e9lj\u00e1t, az \u00e9rintett jogosult arra, hogy k\u00e9rje a hi\u00e1nyos szem\u00e9lyes adatok \u2013 egyebek mellett kieg\u00e9sz\u00edt\u0151 nyilatkozat \u00fatj\u00e1n t\u00f6rt\u00e9n\u0151 \u2013 kieg\u00e9sz\u00edt\u00e9s\u00e9t. (Rendelet 16. cikk).<br \/>\nA t\u00f6rl\u00e9shez val\u00f3 jog (\u201eaz elfeledtet\u00e9shez val\u00f3 jog\u201d)<br \/>\n1. Az \u00e9rintett jogosult arra, hogy k\u00e9r\u00e9s\u00e9re az Adatkezel\u0151 indokolatlan k\u00e9sedelem n\u00e9lk\u00fcl t\u00f6r\u00f6lje a r\u00e1 vonatkoz\u00f3 szem\u00e9lyes adatokat, az Adatkezel\u0151 pedig k\u00f6teles arra, hogy az \u00e9rintettre vonatkoz\u00f3 szem\u00e9lyes adatokat indokolatlan k\u00e9sedelem n\u00e9lk\u00fcl t\u00f6r\u00f6lje, ha a Rendeltben meghat\u00e1rozott indokok valamelyike fenn\u00e1ll. (Rendelet 17. cikk)<br \/>\nA r\u00e9szletszab\u00e1lyokr\u00f3l a k\u00f6vetkez\u0151 fejezetben adunk t\u00e1j\u00e9koztat\u00e1st.<br \/>\nAz adatkezel\u00e9s korl\u00e1toz\u00e1s\u00e1hoz val\u00f3 jog<br \/>\nAz \u00e9rintett jogosult arra, hogy k\u00e9r\u00e9s\u00e9re az Adatkezel\u0151 korl\u00e1tozza az adatkezel\u00e9st ha a rendeltben meghat\u00e1rozott felt\u00e9telek teljes\u00fclnek. (Rendelet 18. cikk)<br \/>\nA r\u00e9szletszab\u00e1lyokr\u00f3l a k\u00f6vetkez\u0151 fejezetben adunk t\u00e1j\u00e9koztat\u00e1st.<br \/>\nA szem\u00e9lyes adatok helyesb\u00edt\u00e9s\u00e9hez vagy t\u00f6rl\u00e9s\u00e9hez, illetve az adatkezel\u00e9s korl\u00e1toz\u00e1s\u00e1hoz kapcsol\u00f3d\u00f3 \u00e9rtes\u00edt\u00e9si k\u00f6telezetts\u00e9g<br \/>\nAz Adatkezel\u0151 minden olyan c\u00edmzettet t\u00e1j\u00e9koztat valamennyi helyesb\u00edt\u00e9sr\u0151l, t\u00f6rl\u00e9sr\u0151l vagy adatkezel\u00e9s-korl\u00e1toz\u00e1sr\u00f3l, akivel, illetve amellyel a szem\u00e9lyes adatot k\u00f6z\u00f6lt\u00e9k, kiv\u00e9ve, ha ez lehetetlennek bizonyul, vagy ar\u00e1nytalanul nagy er\u0151fesz\u00edt\u00e9st ig\u00e9nyel. Az \u00e9rintettet k\u00e9r\u00e9s\u00e9re az Adatkezel\u0151 t\u00e1j\u00e9koztatja e c\u00edmzettekr\u0151l.<br \/>\n(Rendelet 19. cikk)<br \/>\nAz adathordozhat\u00f3s\u00e1ghoz val\u00f3 jog<br \/>\nA Rendeletben \u00edrt felt\u00e9telekkel az \u00e9rintett jogosult arra, hogy a r\u00e1 vonatkoz\u00f3, \u00e1ltala egy Adatkezel\u0151 rendelkez\u00e9s\u00e9re bocs\u00e1tott szem\u00e9lyes adatokat tagolt, sz\u00e9les k\u00f6rben haszn\u00e1lt, g\u00e9ppel olvashat\u00f3 form\u00e1tumban megkapja, tov\u00e1bb\u00e1 jogosult arra, hogy ezeket az adatokat egy m\u00e1sik Adatkezel\u0151nek tov\u00e1bb\u00edtsa an\u00e9lk\u00fcl, hogy ezt akad\u00e1lyozn\u00e1 az az Adatkezel\u0151, amelynek a szem\u00e9lyes adatokat a rendelkez\u00e9s\u00e9re bocs\u00e1totta. (Rendelet 20. cikk)<br \/>\nA r\u00e9szletszab\u00e1lyokr\u00f3l a k\u00f6vetkez\u0151 fejezetben adunk t\u00e1j\u00e9koztat\u00e1st.<br \/>\nA tiltakoz\u00e1shoz val\u00f3 jog<br \/>\nAz \u00e9rintett jogosult arra, hogy a saj\u00e1t helyzet\u00e9vel kapcsolatos okokb\u00f3l b\u00e1rmikor tiltakozzon szem\u00e9lyes adatainak a Rendelet 6. cikk (1) bekezd\u00e9s\u00e9nek e) pontj\u00e1n (az adatkezel\u00e9s k\u00f6z\u00e9rdek\u0171 vagy az Adatkezel\u0151re ruh\u00e1zott k\u00f6zhatalmi jogos\u00edtv\u00e1ny gyakorl\u00e1s\u00e1nak keret\u00e9ben v\u00e9gzett feladat v\u00e9grehajt\u00e1s\u00e1hoz sz\u00fcks\u00e9ges) vagy f) pontj\u00e1n (az adatkezel\u00e9s az Adatkezel\u0151 vagy egy harmadik f\u00e9l jogos \u00e9rdekeinek \u00e9rv\u00e9nyes\u00edt\u00e9s\u00e9hez sz\u00fcks\u00e9g.<br \/>\n(Rendelet 21. cikk)<br \/>\nA r\u00e9szletszab\u00e1lyokr\u00f3l a k\u00f6vetkez\u0151 fejezetben adunk t\u00e1j\u00e9koztat\u00e1st.<br \/>\nAutomatiz\u00e1lt d\u00f6nt\u00e9shozatal egyedi \u00fcgyekben, bele\u00e9rtve a profilalkot\u00e1st<br \/>\nAz \u00e9rintett jogosult arra, hogy ne terjedjen ki r\u00e1 az olyan, kiz\u00e1r\u00f3lag automatiz\u00e1lt adatkezel\u00e9sen \u2013 ide\u00e9rtve a profilalkot\u00e1st is \u2013 alapul\u00f3 d\u00f6nt\u00e9s hat\u00e1lya, amely r\u00e1 n\u00e9zve joghat\u00e1ssal j\u00e1rna vagy \u0151t hasonl\u00f3k\u00e9ppen jelent\u0151s m\u00e9rt\u00e9kben \u00e9rinten\u00e9.<br \/>\n(Rendelet 22. cikk)<br \/>\nA r\u00e9szletszab\u00e1lyokr\u00f3l a k\u00f6vetkez\u0151 fejezetben adunk t\u00e1j\u00e9koztat\u00e1st.<br \/>\nKorl\u00e1toz\u00e1sok<br \/>\nAz Adatkezel\u0151re vagy adatfeldolgoz\u00f3ra alkalmazand\u00f3 uni\u00f3s vagy tag\u00e1llami jog jogalkot\u00e1si int\u00e9zked\u00e9sekkel korl\u00e1tozhatja a 12\u201322. cikkben \u00e9s a 34. cikkben foglalt, valamint a 12\u201322. cikkben meghat\u00e1rozott jogokkal \u00e9s k\u00f6telezetts\u00e9gekkel \u00f6sszhangban (Rendelet 23. cikk).<br \/>\nA r\u00e9szletszab\u00e1lyokr\u00f3l a k\u00f6vetkez\u0151 fejezetben adunk t\u00e1j\u00e9koztat\u00e1st.<br \/>\nAz \u00e9rintett t\u00e1j\u00e9koztat\u00e1sa az adatv\u00e9delmi incidensr\u0151l<br \/>\nHa az adatv\u00e9delmi incidens val\u00f3sz\u00edn\u0171s\u00edthet\u0151en magas kock\u00e1zattal j\u00e1r a term\u00e9szetes szem\u00e9lyek jogaira \u00e9s szabads\u00e1gaira n\u00e9zve, az Adatkezel\u0151 indokolatlan k\u00e9sedelem n\u00e9lk\u00fcl t\u00e1j\u00e9koztatja az \u00e9rintettet az adatv\u00e9delmi incidensr\u0151l.<br \/>\n(Rendelet 34. cikk)<br \/>\nA r\u00e9szletszab\u00e1lyokr\u00f3l a k\u00f6vetkez\u0151 fejezetben adunk t\u00e1j\u00e9koztat\u00e1st.<br \/>\nA fel\u00fcgyeleti hat\u00f3s\u00e1gn\u00e1l t\u00f6rt\u00e9n\u0151 panaszt\u00e9telhez val\u00f3 jog (hat\u00f3s\u00e1gi jogorvoslathoz val\u00f3 jog)<br \/>\nAz \u00e9rintett jogosult arra, hogy panaszt tegyen egy fel\u00fcgyeleti hat\u00f3s\u00e1gn\u00e1l \u2013 k\u00fcl\u00f6n\u00f6sen a szok\u00e1sos tart\u00f3zkod\u00e1si helye, a munkahelye vagy a felt\u00e9telezett jogs\u00e9rt\u00e9s helye szerinti tag\u00e1llamban \u2013, ha az \u00e9rintett meg\u00edt\u00e9l\u00e9se szerint a r\u00e1 vonatkoz\u00f3 szem\u00e9lyes adatok kezel\u00e9se megs\u00e9rti a Rendeletet. (Rendelet 77. cikk)<br \/>\nA r\u00e9szletszab\u00e1lyokr\u00f3l a k\u00f6vetkez\u0151 fejezetben adunk t\u00e1j\u00e9koztat\u00e1st.<br \/>\nA fel\u00fcgyeleti hat\u00f3s\u00e1ggal szembeni hat\u00e9kony b\u00edr\u00f3s\u00e1gi jogorvoslathoz val\u00f3 jog<br \/>\nMinden term\u00e9szetes \u00e9s jogi szem\u00e9ly jogosult a hat\u00e9kony b\u00edr\u00f3s\u00e1gi jogorvoslatra a fel\u00fcgyeleti hat\u00f3s\u00e1g r\u00e1 vonatkoz\u00f3, jogilag k\u00f6telez\u0151 erej\u0171 d\u00f6nt\u00e9s\u00e9vel szemben, vagy ha a fel\u00fcgyeleti hat\u00f3s\u00e1g nem foglalkozik a panasszal, vagy h\u00e1rom h\u00f3napon bel\u00fcl nem t\u00e1j\u00e9koztatja az \u00e9rintettet a beny\u00fajtott panasszal kapcsolatos elj\u00e1r\u00e1si fejlem\u00e9nyekr\u0151l vagy annak eredm\u00e9ny\u00e9r\u0151l.<br \/>\n(Rendelet 78. cikk)<br \/>\nA r\u00e9szletszab\u00e1lyokr\u00f3l a k\u00f6vetkez\u0151 fejezetben adunk t\u00e1j\u00e9koztat\u00e1st.<br \/>\nAz adatkezel\u0151vel vagy az adatfeldolgoz\u00f3val szembeni hat\u00e9kony b\u00edr\u00f3s\u00e1gi jogorvoslathoz val\u00f3 jog<br \/>\nMinden \u00e9rintett hat\u00e9kony b\u00edr\u00f3s\u00e1gi jogorvoslatra jogosult, ha meg\u00edt\u00e9l\u00e9se szerint a szem\u00e9lyes adatainak e rendeletnek nem megfelel\u0151 kezel\u00e9se k\u00f6vetkezt\u00e9ben megs\u00e9rtett\u00e9k az e rendelet szerinti jogait. (Rendelet 79. cikk)<br \/>\nA r\u00e9szletszab\u00e1lyokr\u00f3l a k\u00f6vetkez\u0151 fejezetben adunk t\u00e1j\u00e9koztat\u00e1st.<br \/>\n39.\u00a7 R\u00e9szletes t\u00e1j\u00e9koztat\u00e1s az \u00e9rintett jogair\u00f3l<br \/>\nEl\u0151zetes t\u00e1j\u00e9koz\u00f3d\u00e1shoz val\u00f3 jog<br \/>\nAz \u00e9rintett jogosult arra, hogy az adatkezel\u00e9ssel \u00f6sszef\u00fcgg\u0151 t\u00e9nyekr\u0151l \u00e9s inform\u00e1ci\u00f3kr\u00f3l az adatkezel\u00e9s megkezd\u00e9s\u00e9t megel\u0151z\u0151en t\u00e1j\u00e9koztat\u00e1st kapjon<\/p>\n<p>A) Rendelkez\u00e9sre bocs\u00e1tand\u00f3 inform\u00e1ci\u00f3k, ha a szem\u00e9lyes adatokat az \u00e9rintett\u0151l gy\u0171jtik<br \/>\n1. Ha az \u00e9rintettre vonatkoz\u00f3 szem\u00e9lyes adatokat az \u00e9rintett\u0151l gy\u0171jtik, az adatkezel\u0151 a szem\u00e9lyes adatok megszerz\u00e9s\u00e9nek id\u0151pontj\u00e1ban az \u00e9rintett rendelkez\u00e9s\u00e9re bocs\u00e1tja a k\u00f6vetkez\u0151 inform\u00e1ci\u00f3k mindegyik\u00e9t:<br \/>\na) az adatkezel\u0151nek \u00e9s \u2013 ha van ilyen \u2013 az adatkezel\u0151 k\u00e9pvisel\u0151j\u00e9nek a kil\u00e9te \u00e9s el\u00e9rhet\u0151s\u00e9gei;<br \/>\nb) az adatv\u00e9delmi tisztvisel\u0151 el\u00e9rhet\u0151s\u00e9gei, ha van ilyen;<br \/>\nc) a szem\u00e9lyes adatok tervezett kezel\u00e9s\u00e9nek c\u00e9lja, valamint az adatkezel\u00e9s jogalapja;<br \/>\nd) a Rendelet 6. cikk (1) bekezd\u00e9s\u00e9nek f) pontj\u00e1n (jogos \u00e9rdek \u00e9rv\u00e9nyes\u00edt\u00e9s) alapul\u00f3 adatkezel\u00e9s eset\u00e9n, az adatkezel\u0151 vagy harmadik f\u00e9l jogos \u00e9rdekei;<br \/>\ne) adott esetben a szem\u00e9lyes adatok c\u00edmzettjei, illetve a c\u00edmzettek kateg\u00f3ri\u00e1i, ha van ilyen;<br \/>\nf) adott esetben annak t\u00e9nye, hogy az adatkezel\u0151 harmadik orsz\u00e1gba vagy nemzetk\u00f6zi szervezet r\u00e9sz\u00e9re k\u00edv\u00e1nja tov\u00e1bb\u00edtani a szem\u00e9lyes adatokat, tov\u00e1bb\u00e1 a Bizotts\u00e1g megfelel\u0151s\u00e9gi hat\u00e1rozat\u00e1nak l\u00e9te vagy annak hi\u00e1nya, vagy a Rendelet 46. cikkben, a 47. cikkben vagy a 49. cikk (1) bekezd\u00e9s\u00e9nek m\u00e1sodik albekezd\u00e9s\u00e9ben eml\u00edtett adattov\u00e1bb\u00edt\u00e1s eset\u00e9n a megfelel\u0151 \u00e9s alkalmas garanci\u00e1k megjel\u00f6l\u00e9se, valamint az azok m\u00e1solat\u00e1nak megszerz\u00e9s\u00e9re szolg\u00e1l\u00f3 m\u00f3dokra vagy az azok el\u00e9rhet\u0151s\u00e9g\u00e9re val\u00f3 hivatkoz\u00e1s.<br \/>\n2. Az 1. pontban eml\u00edtett inform\u00e1ci\u00f3k mellett az adatkezel\u0151 a szem\u00e9lyes adatok megszerz\u00e9s\u00e9nek id\u0151pontj\u00e1ban, annak \u00e9rdek\u00e9ben, hogy a tisztess\u00e9ges \u00e9s \u00e1tl\u00e1that\u00f3 adatkezel\u00e9st biztos\u00edtsa, az \u00e9rintettet a k\u00f6vetkez\u0151 kieg\u00e9sz\u00edt\u0151 inform\u00e1ci\u00f3kr\u00f3l t\u00e1j\u00e9koztatja:<br \/>\na) a szem\u00e9lyes adatok t\u00e1rol\u00e1s\u00e1nak id\u0151tartam\u00e1r\u00f3l, vagy ha ez nem lehets\u00e9ges, ezen id\u0151tartam meghat\u00e1roz\u00e1s\u00e1nak szempontjair\u00f3l;<br \/>\nb) az \u00e9rintett azon jog\u00e1r\u00f3l, hogy k\u00e9relmezheti az adatkezel\u0151t\u0151l a r\u00e1 vonatkoz\u00f3 szem\u00e9lyes adatokhoz val\u00f3 hozz\u00e1f\u00e9r\u00e9st, azok helyesb\u00edt\u00e9s\u00e9t, t\u00f6rl\u00e9s\u00e9t vagy kezel\u00e9s\u00e9nek korl\u00e1toz\u00e1s\u00e1t, \u00e9s tiltakozhat az ilyen szem\u00e9lyes adatok kezel\u00e9se ellen, valamint az \u00e9rintett adathordozhat\u00f3s\u00e1ghoz val\u00f3 jog\u00e1r\u00f3l;<br \/>\nc) a Rendelet 6. cikk (1) bekezd\u00e9s\u00e9nek a) pontj\u00e1n (az \u00e9rintett hozz\u00e1j\u00e1rul\u00e1sa) vagy a 9. cikk (2) bekezd\u00e9s\u00e9nek a) pontj\u00e1n (az \u00e9rintett hozz\u00e1j\u00e1rul\u00e1sa) alapul\u00f3 adatkezel\u00e9s eset\u00e9n a hozz\u00e1j\u00e1rul\u00e1s b\u00e1rmely id\u0151pontban t\u00f6rt\u00e9n\u0151 visszavon\u00e1s\u00e1hoz val\u00f3 jog, amely nem \u00e9rinti a visszavon\u00e1s el\u0151tt a hozz\u00e1j\u00e1rul\u00e1s alapj\u00e1n v\u00e9grehajtott adatkezel\u00e9s jogszer\u0171s\u00e9g\u00e9t;<br \/>\nd) a fel\u00fcgyeleti hat\u00f3s\u00e1ghoz c\u00edmzett panasz beny\u00fajt\u00e1s\u00e1nak jog\u00e1r\u00f3l;<br \/>\ne) arr\u00f3l, hogy a szem\u00e9lyes adat szolg\u00e1ltat\u00e1sa jogszab\u00e1lyon vagy szerz\u0151d\u00e9ses k\u00f6telezetts\u00e9gen alapul vagy szerz\u0151d\u00e9s k\u00f6t\u00e9s\u00e9nek el\u0151felt\u00e9tele-e, valamint hogy az \u00e9rintett k\u00f6teles-e a szem\u00e9lyes adatokat megadni, tov\u00e1bb\u00e1 hogy milyen lehets\u00e9ges k\u00f6vetkezm\u00e9nyeikkel j\u00e1rhat az adatszolg\u00e1ltat\u00e1s elmarad\u00e1sa;<br \/>\nf) a Rendelet 22. cikk (1) \u00e9s (4) bekezd\u00e9s\u00e9ben eml\u00edtett automatiz\u00e1lt d\u00f6nt\u00e9shozatal t\u00e9nye, ide\u00e9rtve a profilalkot\u00e1st is, valamint legal\u00e1bb ezekben az esetekben az alkalmazott logik\u00e1ra \u00e9s arra vonatkoz\u00f3an \u00e9rthet\u0151 inform\u00e1ci\u00f3k, hogy az ilyen adatkezel\u00e9s milyen jelent\u0151s\u00e9ggel, \u00e9s az \u00e9rintettre n\u00e9zve milyen v\u00e1rhat\u00f3 k\u00f6vetkezm\u00e9nyekkel b\u00edr.<br \/>\n3. Ha az adatkezel\u0151 a szem\u00e9lyes adatokon a gy\u0171jt\u00e9s\u00fck c\u00e9lj\u00e1t\u00f3l elt\u00e9r\u0151 c\u00e9lb\u00f3l tov\u00e1bbi adatkezel\u00e9st k\u00edv\u00e1n v\u00e9gezni, a tov\u00e1bbi adatkezel\u00e9st megel\u0151z\u0151en t\u00e1j\u00e9koztatnia kell az \u00e9rintettet err\u0151l az elt\u00e9r\u0151 c\u00e9lr\u00f3l \u00e9s a (2) bekezd\u00e9sben eml\u00edtett minden relev\u00e1ns kieg\u00e9sz\u00edt\u0151 inform\u00e1ci\u00f3r\u00f3l.<br \/>\n4. Az 1-3. pontok nem alkalmazand\u00f3, ha \u00e9s amilyen m\u00e9rt\u00e9kben az \u00e9rintett m\u00e1r rendelkezik az inform\u00e1ci\u00f3kkal.<br \/>\n(Rendelet 13. cikk)<br \/>\nB) Rendelkez\u00e9sre bocs\u00e1tand\u00f3 inform\u00e1ci\u00f3k, ha a szem\u00e9lyes adatokat nem az \u00e9rintett\u0151l szerezt\u00e9k meg<br \/>\n1. Ha a szem\u00e9lyes adatokat nem az \u00e9rintett\u0151l szerezt\u00e9k meg, az adatkezel\u0151 az \u00e9rintett rendelkez\u00e9s\u00e9re bocs\u00e1tja a k\u00f6vetkez\u0151 inform\u00e1ci\u00f3kat:<br \/>\na) az adatkezel\u0151nek \u00e9s \u2013 ha van ilyen \u2013 az adatkezel\u0151 k\u00e9pvisel\u0151j\u00e9nek a kil\u00e9te \u00e9s el\u00e9rhet\u0151s\u00e9gei;<br \/>\nb) az adatv\u00e9delmi tisztvisel\u0151 el\u00e9rhet\u0151s\u00e9gei, ha van ilyen;<br \/>\nc) a szem\u00e9lyes adatok tervezett kezel\u00e9s\u00e9nek c\u00e9lja, valamint az adatkezel\u00e9s jogalapja;<br \/>\nd) az \u00e9rintett szem\u00e9lyes adatok kateg\u00f3ri\u00e1i;<br \/>\ne) a szem\u00e9lyes adatok c\u00edmzettjei, illetve a c\u00edmzettek kateg\u00f3ri\u00e1i, ha van ilyen;<br \/>\nf) adott esetben annak t\u00e9nye, hogy az adatkezel\u0151 valamely harmadik orsz\u00e1gbeli c\u00edmzett vagy valamely nemzetk\u00f6zi szervezet r\u00e9sz\u00e9re k\u00edv\u00e1nja tov\u00e1bb\u00edtani a szem\u00e9lyes adatokat, tov\u00e1bb\u00e1 a Bizotts\u00e1g megfelel\u0151s\u00e9gi hat\u00e1rozat\u00e1nak l\u00e9te vagy annak hi\u00e1nya, vagy a Rendelet 46. cikkben, a 47. cikkben vagy a 49. cikk (1) bekezd\u00e9s\u00e9nek m\u00e1sodik albekezd\u00e9s\u00e9ben eml\u00edtett adattov\u00e1bb\u00edt\u00e1s eset\u00e9n a megfelel\u0151 \u00e9s alkalmas garanci\u00e1k megjel\u00f6l\u00e9se, valamint az ezek m\u00e1solat\u00e1nak megszerz\u00e9s\u00e9re szolg\u00e1l\u00f3 m\u00f3dokra vagy az el\u00e9rhet\u0151s\u00e9g\u00fckre val\u00f3 hivatkoz\u00e1s.<br \/>\n2. Az 1. pontban eml\u00edtett inform\u00e1ci\u00f3k mellett az adatkezel\u0151 az \u00e9rintett rendelkez\u00e9s\u00e9re bocs\u00e1tja az \u00e9rintettre n\u00e9zve tisztess\u00e9ges \u00e9s \u00e1tl\u00e1that\u00f3 adatkezel\u00e9s biztos\u00edt\u00e1s\u00e1hoz sz\u00fcks\u00e9ges k\u00f6vetkez\u0151 kieg\u00e9sz\u00edt\u0151 inform\u00e1ci\u00f3kat:<br \/>\na) a szem\u00e9lyes adatok t\u00e1rol\u00e1s\u00e1nak id\u0151tartama, vagy ha ez nem lehets\u00e9ges, ezen id\u0151tartam meghat\u00e1roz\u00e1s\u00e1nak szempontjai;<br \/>\nb) ha az adatkezel\u00e9s a Rendelet 6. cikk (1) bekezd\u00e9s\u00e9nek f) pontj\u00e1n (jogos \u00e9rdek) alapul, az adatkezel\u0151 vagy harmadik f\u00e9l jogos \u00e9rdekeir\u0151l;<br \/>\nc) az \u00e9rintett azon joga, hogy k\u00e9relmezheti az adatkezel\u0151t\u0151l a r\u00e1 vonatkoz\u00f3 szem\u00e9lyes adatokhoz val\u00f3 hozz\u00e1f\u00e9r\u00e9st, azok helyesb\u00edt\u00e9s\u00e9t, t\u00f6rl\u00e9s\u00e9t vagy kezel\u00e9s\u00e9nek korl\u00e1toz\u00e1s\u00e1t, \u00e9s tiltakozhat a szem\u00e9lyes adatok kezel\u00e9se ellen, valamint az \u00e9rintett adathordozhat\u00f3s\u00e1ghoz val\u00f3 joga;<br \/>\nd) a Rendelet 6. cikk (1) bekezd\u00e9s\u00e9nek a) pontj\u00e1n (az \u00e9rintett hozz\u00e1j\u00e1rul\u00e1sa) vagy a 9. cikk (2) bekezd\u00e9s\u00e9nek a) pontj\u00e1n (az \u00e9rintett hozz\u00e1j\u00e1rul\u00e1sa) alapul\u00f3 adatkezel\u00e9s eset\u00e9n a hozz\u00e1j\u00e1rul\u00e1s b\u00e1rmely id\u0151pontban val\u00f3 visszavon\u00e1s\u00e1hoz val\u00f3 jog, amely nem \u00e9rinti a visszavon\u00e1s el\u0151tt a hozz\u00e1j\u00e1rul\u00e1s alapj\u00e1n v\u00e9grehajtott adatkezel\u00e9s jogszer\u0171s\u00e9g\u00e9t;<br \/>\ne) a valamely fel\u00fcgyeleti hat\u00f3s\u00e1ghoz c\u00edmzett panasz beny\u00fajt\u00e1s\u00e1nak joga;<br \/>\nf) a szem\u00e9lyes adatok forr\u00e1sa \u00e9s adott esetben az, hogy az adatok nyilv\u00e1nosan hozz\u00e1f\u00e9rhet\u0151 forr\u00e1sokb\u00f3l sz\u00e1rmaznak-e; \u00e9s<br \/>\ng) a Rendelet 22. cikk (1) \u00e9s (4) bekezd\u00e9s\u00e9ben eml\u00edtett automatiz\u00e1lt d\u00f6nt\u00e9shozatal t\u00e9nye, ide\u00e9rtve a profilalkot\u00e1st is, valamint legal\u00e1bb ezekben az esetekben az alkalmazott logik\u00e1ra \u00e9s arra vonatkoz\u00f3 \u00e9rthet\u0151 inform\u00e1ci\u00f3k, hogy az ilyen adatkezel\u00e9s milyen jelent\u0151s\u00e9ggel, \u00e9s az \u00e9rintettre n\u00e9zve milyen v\u00e1rhat\u00f3 k\u00f6vetkezm\u00e9nyekkel b\u00edr.<br \/>\n3. Az adatkezel\u0151 az 1. \u00e9s 2. pont szerinti t\u00e1j\u00e9koztat\u00e1st az al\u00e1bbiak szerint adja meg:<br \/>\na) a szem\u00e9lyes adatok kezel\u00e9s\u00e9nek konkr\u00e9t k\u00f6r\u00fclm\u00e9nyeit tekintetbe v\u00e9ve, a szem\u00e9lyes adatok megszerz\u00e9s\u00e9t\u0151l sz\u00e1m\u00edtott \u00e9szszer\u0171 hat\u00e1rid\u0151n, de legk\u00e9s\u0151bb egy h\u00f3napon bel\u00fcl;<br \/>\nb) ha a szem\u00e9lyes adatokat az \u00e9rintettel val\u00f3 kapcsolattart\u00e1s c\u00e9lj\u00e1ra haszn\u00e1lj\u00e1k, legal\u00e1bb az \u00e9rintettel val\u00f3 els\u0151 kapcsolatfelv\u00e9tel alkalm\u00e1val; vagy<br \/>\nc) ha v\u00e1rhat\u00f3an m\u00e1s c\u00edmzettel is k\u00f6zlik az adatokat, legk\u00e9s\u0151bb a szem\u00e9lyes adatok els\u0151 alkalommal val\u00f3 k\u00f6zl\u00e9sekor.<br \/>\n4. Ha az adatkezel\u0151 a szem\u00e9lyes adatokon a megszerz\u00e9s\u00fck c\u00e9lj\u00e1t\u00f3l elt\u00e9r\u0151 c\u00e9lb\u00f3l tov\u00e1bbi adatkezel\u00e9st k\u00edv\u00e1n v\u00e9gezni, a tov\u00e1bbi adatkezel\u00e9st megel\u0151z\u0151en t\u00e1j\u00e9koztatnia kell az \u00e9rintettet err\u0151l az elt\u00e9r\u0151 c\u00e9lr\u00f3l \u00e9s a 2. pontban eml\u00edtett minden relev\u00e1ns kieg\u00e9sz\u00edt\u0151 inform\u00e1ci\u00f3r\u00f3l.<br \/>\n5. Az 1-5. pontot nem kell alkalmazni, ha \u00e9s amilyen m\u00e9rt\u00e9kben:<br \/>\na) az \u00e9rintett m\u00e1r rendelkezik az inform\u00e1ci\u00f3kkal;<br \/>\nb) a sz\u00f3ban forg\u00f3 inform\u00e1ci\u00f3k rendelkez\u00e9sre bocs\u00e1t\u00e1sa lehetetlennek bizonyul, vagy ar\u00e1nytalanul nagy er\u0151fesz\u00edt\u00e9st ig\u00e9nyelne, k\u00fcl\u00f6n\u00f6sen a k\u00f6z\u00e9rdek\u0171 archiv\u00e1l\u00e1s c\u00e9lj\u00e1b\u00f3l, tudom\u00e1nyos \u00e9s t\u00f6rt\u00e9nelmi kutat\u00e1si c\u00e9lb\u00f3l vagy statisztikai c\u00e9lb\u00f3l, a Rendelet 89. cikk (1) bekezd\u00e9s\u00e9ben foglalt felt\u00e9telek \u00e9s garanci\u00e1k figyelembev\u00e9tel\u00e9vel v\u00e9gzett adatkezel\u00e9s eset\u00e9ben, vagy amennyiben az e cikk (1) bekezd\u00e9s\u00e9ben eml\u00edtett k\u00f6telezetts\u00e9g val\u00f3sz\u00edn\u0171s\u00edthet\u0151en lehetetlenn\u00e9 tenn\u00e9 vagy komolyan vesz\u00e9lyeztetn\u00e9 ezen adatkezel\u00e9s c\u00e9ljainak el\u00e9r\u00e9s\u00e9t. Ilyen esetekben az adatkezel\u0151nek megfelel\u0151 int\u00e9zked\u00e9seket kell hoznia \u2013 az inform\u00e1ci\u00f3k nyilv\u00e1nosan el\u00e9rhet\u0151v\u00e9 t\u00e9tel\u00e9t is ide\u00e9rtve \u2013 az \u00e9rintett jogainak, szabads\u00e1gainak \u00e9s jogos \u00e9rdekeinek v\u00e9delme \u00e9rdek\u00e9ben;<br \/>\nc) az adat megszerz\u00e9s\u00e9t vagy k\u00f6zl\u00e9s\u00e9t kifejezetten el\u0151\u00edrja az adatkezel\u0151re alkalmazand\u00f3 uni\u00f3s vagy tag\u00e1llami jog, amely az \u00e9rintett jogos \u00e9rdekeinek v\u00e9delm\u00e9t szolg\u00e1l\u00f3 megfelel\u0151 int\u00e9zked\u00e9sekr\u0151l rendelkezik; vagy<br \/>\nd) a szem\u00e9lyes adatoknak valamely uni\u00f3s vagy tag\u00e1llami jogban el\u0151\u00edrt szakmai titoktart\u00e1si k\u00f6telezetts\u00e9g alapj\u00e1n, ide\u00e9rtve a jogszab\u00e1lyon alapul\u00f3 titoktart\u00e1si k\u00f6telezetts\u00e9get is, bizalmasnak kell maradnia.<br \/>\n(Rendelet 14. cikk)<br \/>\nAz \u00e9rintett hozz\u00e1f\u00e9r\u00e9si joga<br \/>\n1. Az \u00e9rintett jogosult arra, hogy az Adatkezel\u0151t\u0151l visszajelz\u00e9st kapjon arra vonatkoz\u00f3an, hogy szem\u00e9lyes adatainak kezel\u00e9se folyamatban van-e, \u00e9s ha ilyen adatkezel\u00e9s folyamatban van, jogosult arra, hogy a szem\u00e9lyes adatokhoz \u00e9s a k\u00f6vetkez\u0151 inform\u00e1ci\u00f3khoz hozz\u00e1f\u00e9r\u00e9st kapjon:<br \/>\na) az adatkezel\u00e9s c\u00e9ljai;<br \/>\nb) az \u00e9rintett szem\u00e9lyes adatok kateg\u00f3ri\u00e1i;<br \/>\nc) azon c\u00edmzettek vagy c\u00edmzettek kateg\u00f3ri\u00e1i, akikkel, illetve amelyekkel a szem\u00e9lyes adatokat k\u00f6z\u00f6lt\u00e9k vagy k\u00f6z\u00f6lni fogj\u00e1k, ide\u00e9rtve k\u00fcl\u00f6n\u00f6sen a harmadik orsz\u00e1gbeli c\u00edmzetteket, illetve a nemzetk\u00f6zi szervezeteket;<br \/>\nd) adott esetben a szem\u00e9lyes adatok t\u00e1rol\u00e1s\u00e1nak tervezett id\u0151tartama, vagy ha ez nem lehets\u00e9ges, ezen id\u0151tartam meghat\u00e1roz\u00e1s\u00e1nak szempontjai;<br \/>\ne) az \u00e9rintett azon joga, hogy k\u00e9relmezheti az Adatkezel\u0151t\u0151l a r\u00e1 vonatkoz\u00f3 szem\u00e9lyes adatok helyesb\u00edt\u00e9s\u00e9t, t\u00f6rl\u00e9s\u00e9t vagy kezel\u00e9s\u00e9nek korl\u00e1toz\u00e1s\u00e1t, \u00e9s tiltakozhat az ilyen szem\u00e9lyes adatok kezel\u00e9se ellen;<br \/>\nf) a valamely fel\u00fcgyeleti hat\u00f3s\u00e1ghoz c\u00edmzett panasz beny\u00fajt\u00e1s\u00e1nak joga;<br \/>\ng) ha az adatokat nem az \u00e9rintett\u0151l gy\u0171jt\u00f6tt\u00e9k, a forr\u00e1sukra vonatkoz\u00f3 minden el\u00e9rhet\u0151 inform\u00e1ci\u00f3;<br \/>\nh) a Rendelet 22. cikk (1) \u00e9s (4) bekezd\u00e9s\u00e9ben eml\u00edtett automatiz\u00e1lt d\u00f6nt\u00e9shozatal t\u00e9nye, ide\u00e9rtve a profilalkot\u00e1st is, valamint legal\u00e1bb ezekben az esetekben az alkalmazott logik\u00e1ra \u00e9s arra vonatkoz\u00f3 \u00e9rthet\u0151 inform\u00e1ci\u00f3k, hogy az ilyen adatkezel\u00e9s milyen jelent\u0151s\u00e9ggel b\u00edr, \u00e9s az \u00e9rintettre n\u00e9zve milyen v\u00e1rhat\u00f3 k\u00f6vetkezm\u00e9nyekkel j\u00e1r.<br \/>\n2. Ha szem\u00e9lyes adatoknak harmadik orsz\u00e1gba vagy nemzetk\u00f6zi szervezet r\u00e9sz\u00e9re t\u00f6rt\u00e9n\u0151 tov\u00e1bb\u00edt\u00e1s\u00e1ra ker\u00fcl sor, az \u00e9rintett jogosult arra, hogy t\u00e1j\u00e9koztat\u00e1st kapjon a tov\u00e1bb\u00edt\u00e1sra vonatkoz\u00f3an a Rendelet 46. cikk szerinti megfelel\u0151 garanci\u00e1kr\u00f3l.<br \/>\n3. Az Adatkezel\u0151 az adatkezel\u00e9s t\u00e1rgy\u00e1t k\u00e9pez\u0151 szem\u00e9lyes adatok m\u00e1solat\u00e1t az \u00e9rintett rendelkez\u00e9s\u00e9re bocs\u00e1tja. Az \u00e9rintett \u00e1ltal k\u00e9rt tov\u00e1bbi m\u00e1solatok\u00e9rt az Adatkezel\u0151 az adminisztrat\u00edv k\u00f6lts\u00e9geken alapul\u00f3, \u00e9szszer\u0171 m\u00e9rt\u00e9k\u0171 d\u00edjat sz\u00e1m\u00edthat fel. Ha az \u00e9rintett elektronikus \u00faton ny\u00fajtotta be a k\u00e9relmet, az inform\u00e1ci\u00f3kat sz\u00e9les k\u00f6rben haszn\u00e1lt elektronikus form\u00e1tumban kell rendelkez\u00e9sre bocs\u00e1tani, kiv\u00e9ve, ha az \u00e9rintett m\u00e1sk\u00e9nt k\u00e9ri. A m\u00e1solat ig\u00e9nyl\u00e9s\u00e9re vonatkoz\u00f3 jog nem \u00e9rintheti h\u00e1tr\u00e1nyosan m\u00e1sok jogait \u00e9s szabads\u00e1gait.<br \/>\n(Rendelet 15. cikk)<br \/>\nA t\u00f6rl\u00e9shez val\u00f3 jog (\u201eaz elfeledtet\u00e9shez val\u00f3 jog\u201d)<br \/>\n1. Az \u00e9rintett jogosult arra, hogy k\u00e9r\u00e9s\u00e9re az Adatkezel\u0151 indokolatlan k\u00e9sedelem n\u00e9lk\u00fcl t\u00f6r\u00f6lje a r\u00e1 vonatkoz\u00f3 szem\u00e9lyes adatokat, az Adatkezel\u0151 pedig k\u00f6teles arra, hogy az \u00e9rintettre vonatkoz\u00f3 szem\u00e9lyes adatokat indokolatlan k\u00e9sedelem n\u00e9lk\u00fcl t\u00f6r\u00f6lje, ha az al\u00e1bbi indokok valamelyike fenn\u00e1ll:<br \/>\na) a szem\u00e9lyes adatokra m\u00e1r nincs sz\u00fcks\u00e9g abb\u00f3l a c\u00e9lb\u00f3l, amelyb\u0151l azokat gy\u0171jt\u00f6tt\u00e9k vagy m\u00e1s m\u00f3don kezelt\u00e9k;<br \/>\nb) az \u00e9rintett visszavonja a Rendelet 6. cikk (1) bekezd\u00e9s\u00e9nek a) pontja vagy a 9. cikk (2) bekezd\u00e9s\u00e9nek a) pontja \u00e9rtelm\u00e9ben az adatkezel\u00e9s alapj\u00e1t k\u00e9pez\u0151 hozz\u00e1j\u00e1rul\u00e1s\u00e1t, \u00e9s az adatkezel\u00e9snek nincs m\u00e1s jogalapja;<br \/>\nc) az \u00e9rintett a Rendelet 21. cikk (1) bekezd\u00e9se alapj\u00e1n tiltakozik az adatkezel\u00e9se ellen, \u00e9s nincs els\u0151bbs\u00e9get \u00e9lvez\u0151 jogszer\u0171 ok az adatkezel\u00e9sre, vagy az \u00e9rintett a 21. cikk (2) bekezd\u00e9se alapj\u00e1n tiltakozik az adatkezel\u00e9s ellen;<br \/>\nd) a szem\u00e9lyes adatokat jogellenesen kezelt\u00e9k;<br \/>\ne) a szem\u00e9lyes adatokat az Adatkezel\u0151re alkalmazand\u00f3 uni\u00f3s vagy tag\u00e1llami jogban el\u0151\u00edrt jogi k\u00f6telezetts\u00e9g teljes\u00edt\u00e9s\u00e9hez t\u00f6r\u00f6lni kell;<br \/>\nf) a szem\u00e9lyes adatok gy\u0171jt\u00e9s\u00e9re a Rendelet 8. cikk (1) bekezd\u00e9s\u00e9ben eml\u00edtett, inform\u00e1ci\u00f3s t\u00e1rsadalommal \u00f6sszef\u00fcgg\u0151 szolg\u00e1ltat\u00e1sok k\u00edn\u00e1l\u00e1s\u00e1val kapcsolatosan ker\u00fclt sor.<br \/>\n2. Ha az Adatkezel\u0151 nyilv\u00e1noss\u00e1gra hozta a szem\u00e9lyes adatot, \u00e9s az el\u0151bbi 1. pont \u00e9rtelm\u00e9ben azt t\u00f6r\u00f6lni k\u00f6teles, az el\u00e9rhet\u0151 technol\u00f3gia \u00e9s a megval\u00f3s\u00edt\u00e1s k\u00f6lts\u00e9geinek figyelembev\u00e9tel\u00e9vel megteszi az \u00e9szszer\u0171en elv\u00e1rhat\u00f3 l\u00e9p\u00e9seket \u2013 ide\u00e9rtve technikai int\u00e9zked\u00e9seket \u2013 annak \u00e9rdek\u00e9ben, hogy t\u00e1j\u00e9koztassa az adatokat kezel\u0151 Adatkezel\u0151ket, hogy az \u00e9rintett k\u00e9relmezte t\u0151l\u00fck a sz\u00f3ban forg\u00f3 szem\u00e9lyes adatokra mutat\u00f3 linkek vagy e szem\u00e9lyes adatok m\u00e1solat\u00e1nak, illetve m\u00e1sodp\u00e9ld\u00e1ny\u00e1nak t\u00f6rl\u00e9s\u00e9t.<br \/>\n3. Az 1. \u00e9s 2. pont nem alkalmazand\u00f3, amennyiben az adatkezel\u00e9s sz\u00fcks\u00e9ges:<br \/>\na) a v\u00e9lem\u00e9nynyilv\u00e1n\u00edt\u00e1s szabads\u00e1g\u00e1hoz \u00e9s a t\u00e1j\u00e9koz\u00f3d\u00e1shoz val\u00f3 jog gyakorl\u00e1sa c\u00e9lj\u00e1b\u00f3l;<br \/>\nb) a szem\u00e9lyes adatok kezel\u00e9s\u00e9t el\u0151\u00edr\u00f3, az Adatkezel\u0151re alkalmazand\u00f3 uni\u00f3s vagy tag\u00e1llami jog szerinti k\u00f6telezetts\u00e9g teljes\u00edt\u00e9se, illetve k\u00f6z\u00e9rdekb\u0151l vagy az Adatkezel\u0151re ruh\u00e1zott k\u00f6zhatalmi jogos\u00edtv\u00e1ny gyakorl\u00e1sa keret\u00e9ben v\u00e9gzett feladat v\u00e9grehajt\u00e1sa c\u00e9lj\u00e1b\u00f3l;<br \/>\nc) a Rendelet 9. cikk (2) bekezd\u00e9se h) \u00e9s i) pontj\u00e1nak, valamint a 9. cikk (3) bekezd\u00e9s\u00e9nek megfelel\u0151en a n\u00e9peg\u00e9szs\u00e9g\u00fcgy ter\u00fclet\u00e9t \u00e9rint\u0151 k\u00f6z\u00e9rdek alapj\u00e1n;<br \/>\nd) a Rendelet 89. cikk (1) bekezd\u00e9s\u00e9vel \u00f6sszhangban a k\u00f6z\u00e9rdek\u0171 archiv\u00e1l\u00e1s c\u00e9lj\u00e1b\u00f3l, tudom\u00e1nyos \u00e9s t\u00f6rt\u00e9nelmi kutat\u00e1si c\u00e9lb\u00f3l vagy statisztikai c\u00e9lb\u00f3l, amennyiben az 1. pontban eml\u00edtett jog val\u00f3sz\u00edn\u0171s\u00edthet\u0151en lehetetlenn\u00e9 tenn\u00e9 vagy komolyan vesz\u00e9lyeztetn\u00e9 ezt az adatkezel\u00e9st; vagy<br \/>\ne) jogi ig\u00e9nyek el\u0151terjeszt\u00e9s\u00e9hez, \u00e9rv\u00e9nyes\u00edt\u00e9s\u00e9hez, illetve v\u00e9delm\u00e9hez.<br \/>\n(Rendelet 17. cikk)<br \/>\nAz adatkezel\u00e9s korl\u00e1toz\u00e1s\u00e1hoz val\u00f3 jog<br \/>\n1. Az \u00e9rintett jogosult arra, hogy k\u00e9r\u00e9s\u00e9re az Adatkezel\u0151 korl\u00e1tozza az adatkezel\u00e9st, ha az al\u00e1bbiak valamelyike teljes\u00fcl:<br \/>\na) az \u00e9rintett vitatja a szem\u00e9lyes adatok pontoss\u00e1g\u00e1t, ez esetben a korl\u00e1toz\u00e1s arra az id\u0151tartamra vonatkozik, amely lehet\u0151v\u00e9 teszi, hogy az Adatkezel\u0151 ellen\u0151rizze a szem\u00e9lyes adatok pontoss\u00e1g\u00e1t;<br \/>\nb) az adatkezel\u00e9s jogellenes, \u00e9s az \u00e9rintett ellenzi az adatok t\u00f6rl\u00e9s\u00e9t, \u00e9s ehelyett k\u00e9ri azok felhaszn\u00e1l\u00e1s\u00e1nak korl\u00e1toz\u00e1s\u00e1t;<br \/>\nc) az Adatkezel\u0151nek m\u00e1r nincs sz\u00fcks\u00e9ge a szem\u00e9lyes adatokra adatkezel\u00e9s c\u00e9lj\u00e1b\u00f3l, de az \u00e9rintett ig\u00e9nyli azokat jogi ig\u00e9nyek el\u0151terjeszt\u00e9s\u00e9hez, \u00e9rv\u00e9nyes\u00edt\u00e9s\u00e9hez vagy v\u00e9delm\u00e9hez; vagy<br \/>\nd) az \u00e9rintett a Rendelet 21. cikk (1) bekezd\u00e9se szerint tiltakozott az adatkezel\u00e9s ellen; ez esetben a korl\u00e1toz\u00e1s arra az id\u0151tartamra vonatkozik, am\u00edg meg\u00e1llap\u00edt\u00e1sra nem ker\u00fcl, hogy az Adatkezel\u0151 jogos indokai els\u0151bbs\u00e9get \u00e9lveznek-e az \u00e9rintett jogos indokaival szemben.<br \/>\n2. Ha az adatkezel\u00e9s az 1. pont alapj\u00e1n korl\u00e1toz\u00e1s al\u00e1 esik, az ilyen szem\u00e9lyes adatokat a t\u00e1rol\u00e1s kiv\u00e9tel\u00e9vel csak az \u00e9rintett hozz\u00e1j\u00e1rul\u00e1s\u00e1val, vagy jogi ig\u00e9nyek el\u0151terjeszt\u00e9s\u00e9hez, \u00e9rv\u00e9nyes\u00edt\u00e9s\u00e9hez vagy v\u00e9delm\u00e9hez, vagy m\u00e1s term\u00e9szetes vagy jogi szem\u00e9ly jogainak v\u00e9delme \u00e9rdek\u00e9ben, vagy az Uni\u00f3, illetve valamely tag\u00e1llam fontos k\u00f6z\u00e9rdek\u00e9b\u0151l lehet kezelni.<br \/>\n3. Az Adatkezel\u0151 az \u00e9rintettet, akinek a k\u00e9r\u00e9s\u00e9re az 1. pont alapj\u00e1n korl\u00e1tozt\u00e1k az adatkezel\u00e9st, az adatkezel\u00e9s korl\u00e1toz\u00e1s\u00e1nak felold\u00e1s\u00e1r\u00f3l el\u0151zetesen t\u00e1j\u00e9koztatja.<br \/>\n(Rendelet 18. cikk)<br \/>\nAz adathordozhat\u00f3s\u00e1ghoz val\u00f3 jog<br \/>\n1. Az \u00e9rintett jogosult arra, hogy a r\u00e1 vonatkoz\u00f3, \u00e1ltala egy Adatkezel\u0151 rendelkez\u00e9s\u00e9re bocs\u00e1tott szem\u00e9lyes adatokat tagolt, sz\u00e9les k\u00f6rben haszn\u00e1lt, g\u00e9ppel olvashat\u00f3 form\u00e1tumban megkapja, tov\u00e1bb\u00e1 jogosult arra, hogy ezeket az adatokat egy m\u00e1sik Adatkezel\u0151nek tov\u00e1bb\u00edtsa an\u00e9lk\u00fcl, hogy ezt akad\u00e1lyozn\u00e1 az az Adatkezel\u0151, amelynek a szem\u00e9lyes adatokat a rendelkez\u00e9s\u00e9re bocs\u00e1totta, ha:<br \/>\na) az adatkezel\u00e9s a Rendelet 6. cikk (1) bekezd\u00e9s\u00e9nek a) pontja vagy a 9. cikk (2) bekezd\u00e9s\u00e9nek a) pontja szerinti hozz\u00e1j\u00e1rul\u00e1son, vagy a 6. cikk (1) bekezd\u00e9s\u00e9nek b) pontja szerinti szerz\u0151d\u00e9sen alapul; \u00e9s<br \/>\nb) az adatkezel\u00e9s automatiz\u00e1lt m\u00f3don t\u00f6rt\u00e9nik.<br \/>\n2. Az adatok hordozhat\u00f3s\u00e1g\u00e1hoz val\u00f3 jog 1. pont szerinti gyakorl\u00e1sa sor\u00e1n az \u00e9rintett jogosult arra, hogy \u2013 ha ez technikailag megval\u00f3s\u00edthat\u00f3 \u2013 k\u00e9rje a szem\u00e9lyes adatok Adatkezel\u0151k k\u00f6z\u00f6tti k\u00f6zvetlen tov\u00e1bb\u00edt\u00e1s\u00e1t.<br \/>\n3. E jog jog gyakorl\u00e1sa nem s\u00e9rtheti a Rendelet 17. cikk\u00e9t. Az eml\u00edtett jog nem alkalmazand\u00f3 abban az esetben, ha az adatkezel\u00e9s k\u00f6z\u00e9rdek\u0171 vagy az Adatkezel\u0151re ruh\u00e1zott k\u00f6zhatalmi jogos\u00edtv\u00e1nyai gyakorl\u00e1s\u00e1nak keret\u00e9ben v\u00e9gzett feladat v\u00e9grehajt\u00e1s\u00e1hoz sz\u00fcks\u00e9ges.<br \/>\n4. Az 1. pontban eml\u00edtett jog nem \u00e9rintheti h\u00e1tr\u00e1nyosan m\u00e1sok jogait \u00e9s szabads\u00e1gait.<br \/>\n(Rendelet 20. cikk)<br \/>\nA tiltakoz\u00e1shoz val\u00f3 jog<br \/>\n1. Az \u00e9rintett jogosult arra, hogy a saj\u00e1t helyzet\u00e9vel kapcsolatos okokb\u00f3l b\u00e1rmikor tiltakozzon szem\u00e9lyes adatainak a Rendelet 6. cikk (1) bekezd\u00e9s\u00e9nek e) pontj\u00e1n (az adatkezel\u00e9s k\u00f6z\u00e9rdek\u0171 vagy az Adatkezel\u0151re ruh\u00e1zott k\u00f6zhatalmi jogos\u00edtv\u00e1ny gyakorl\u00e1s\u00e1nak keret\u00e9ben v\u00e9gzett feladat v\u00e9grehajt\u00e1s\u00e1hoz sz\u00fcks\u00e9ges) vagy f) pontj\u00e1n (az adatkezel\u00e9s az Adatkezel\u0151 vagy egy harmadik f\u00e9l jogos \u00e9rdekeinek \u00e9rv\u00e9nyes\u00edt\u00e9s\u00e9hez sz\u00fcks\u00e9ges) alapul\u00f3 kezel\u00e9se ellen, ide\u00e9rtve az eml\u00edtett rendelkez\u00e9seken alapul\u00f3 profilalkot\u00e1st is. Ebben az esetben az Adatkezel\u0151 a szem\u00e9lyes adatokat nem kezelheti tov\u00e1bb, kiv\u00e9ve, ha az Adatkezel\u0151 bizony\u00edtja, hogy az adatkezel\u00e9st olyan k\u00e9nyszer\u00edt\u0151 erej\u0171 jogos okok indokolj\u00e1k, amelyek els\u0151bbs\u00e9get \u00e9lveznek az \u00e9rintett \u00e9rdekeivel, jogaival \u00e9s szabads\u00e1gaival szemben, vagy amelyek jogi ig\u00e9nyek el\u0151terjeszt\u00e9s\u00e9hez, \u00e9rv\u00e9nyes\u00edt\u00e9s\u00e9hez vagy v\u00e9delm\u00e9hez kapcsol\u00f3dnak.<br \/>\n2. Ha a szem\u00e9lyes adatok kezel\u00e9se k\u00f6zvetlen \u00fczletszerz\u00e9s \u00e9rdek\u00e9ben t\u00f6rt\u00e9nik, az \u00e9rintett jogosult arra, hogy b\u00e1rmikor tiltakozzon a r\u00e1 vonatkoz\u00f3 szem\u00e9lyes adatok e c\u00e9lb\u00f3l t\u00f6rt\u00e9n\u0151 kezel\u00e9se ellen, ide\u00e9rtve a profilalkot\u00e1st is, amennyiben az a k\u00f6zvetlen \u00fczletszerz\u00e9shez kapcsol\u00f3dik.<br \/>\n3. Ha az \u00e9rintett tiltakozik a szem\u00e9lyes adatok k\u00f6zvetlen \u00fczletszerz\u00e9s \u00e9rdek\u00e9ben t\u00f6rt\u00e9n\u0151 kezel\u00e9se ellen, akkor a szem\u00e9lyes adatok a tov\u00e1bbiakban e c\u00e9lb\u00f3l nem kezelhet\u0151k.<br \/>\n4. Az 1. \u00e9s 2. pontokban eml\u00edtett jogra legk\u00e9s\u0151bb az \u00e9rintettel val\u00f3 els\u0151 kapcsolatfelv\u00e9tel sor\u00e1n kifejezetten fel kell h\u00edvni annak figyelm\u00e9t, \u00e9s az erre vonatkoz\u00f3 t\u00e1j\u00e9koztat\u00e1st egy\u00e9rtelm\u0171en \u00e9s minden m\u00e1s inform\u00e1ci\u00f3t\u00f3l elk\u00fcl\u00f6n\u00edtve kell megjelen\u00edteni.<br \/>\n5. Az inform\u00e1ci\u00f3s t\u00e1rsadalommal \u00f6sszef\u00fcgg\u0151 szolg\u00e1ltat\u00e1sok ig\u00e9nybev\u00e9tel\u00e9hez kapcsol\u00f3d\u00f3an \u00e9s a 2002\/58\/EK ir\u00e1nyelvt\u0151l elt\u00e9rve az \u00e9rintett a tiltakoz\u00e1shoz val\u00f3 jogot m\u0171szaki el\u0151\u00edr\u00e1sokon alapul\u00f3 automatiz\u00e1lt eszk\u00f6z\u00f6kkel is gyakorolhatja.<br \/>\n6. Ha a szem\u00e9lyes adatok kezel\u00e9s\u00e9re a Rendelet 89. cikk (1) bekezd\u00e9s\u00e9nek megfelel\u0151en tudom\u00e1nyos \u00e9s t\u00f6rt\u00e9nelmi kutat\u00e1si c\u00e9lb\u00f3l vagy statisztikai c\u00e9lb\u00f3l ker\u00fcl sor, az \u00e9rintett jogosult arra, hogy a saj\u00e1t helyzet\u00e9vel kapcsolatos okokb\u00f3l tiltakozhasson a r\u00e1 vonatkoz\u00f3 szem\u00e9lyes adatok kezel\u00e9se ellen, kiv\u00e9ve, ha az adatkezel\u00e9sre k\u00f6z\u00e9rdek\u0171 okb\u00f3l v\u00e9gzett feladat v\u00e9grehajt\u00e1sa \u00e9rdek\u00e9ben van sz\u00fcks\u00e9g.<br \/>\n(Rendelet 21. cikk)<br \/>\nAutomatiz\u00e1lt d\u00f6nt\u00e9shozatal egyedi \u00fcgyekben, bele\u00e9rtve a profilalkot\u00e1st<br \/>\n1. Az \u00e9rintett jogosult arra, hogy ne terjedjen ki r\u00e1 az olyan, kiz\u00e1r\u00f3lag automatiz\u00e1lt adatkezel\u00e9sen \u2013 ide\u00e9rtve a profilalkot\u00e1st is \u2013 alapul\u00f3 d\u00f6nt\u00e9s hat\u00e1lya, amely r\u00e1 n\u00e9zve joghat\u00e1ssal j\u00e1rna vagy \u0151t hasonl\u00f3k\u00e9ppen jelent\u0151s m\u00e9rt\u00e9kben \u00e9rinten\u00e9.<br \/>\n2. Az 1. pont nem alkalmazand\u00f3 abban az esetben, ha a d\u00f6nt\u00e9s:<br \/>\na) az \u00e9rintett \u00e9s az Adatkezel\u0151 k\u00f6z\u00f6tti szerz\u0151d\u00e9s megk\u00f6t\u00e9se vagy teljes\u00edt\u00e9se \u00e9rdek\u00e9ben sz\u00fcks\u00e9ges;<br \/>\nb) meghozatal\u00e1t az Adatkezel\u0151re alkalmazand\u00f3 olyan uni\u00f3s vagy tag\u00e1llami jog teszi lehet\u0151v\u00e9, amely az \u00e9rintett jogainak \u00e9s szabads\u00e1gainak, valamint jogos \u00e9rdekeinek v\u00e9delm\u00e9t szolg\u00e1l\u00f3 megfelel\u0151 int\u00e9zked\u00e9seket is meg\u00e1llap\u00edt; vagy<br \/>\nc) az \u00e9rintett kifejezett hozz\u00e1j\u00e1rul\u00e1s\u00e1n alapul.<br \/>\n3. A 2. pont a) \u00e9s c) pontj\u00e1ban eml\u00edtett esetekben az Adatkezel\u0151 k\u00f6teles megfelel\u0151 int\u00e9zked\u00e9seket tenni az \u00e9rintett jogainak, szabads\u00e1gainak \u00e9s jogos \u00e9rdekeinek v\u00e9delme \u00e9rdek\u00e9ben, ide\u00e9rtve az \u00e9rintettnek legal\u00e1bb azt a jog\u00e1t, hogy az Adatkezel\u0151 r\u00e9sz\u00e9r\u0151l emberi beavatkoz\u00e1st k\u00e9rjen, \u00e1ll\u00e1spontj\u00e1t kifejezze, \u00e9s a d\u00f6nt\u00e9ssel szemben kifog\u00e1st ny\u00fajtson be.<br \/>\n4. A 2. pontban eml\u00edtett d\u00f6nt\u00e9sek nem alapulhatnak a szem\u00e9lyes adatoknak a Rendelet 9. cikk (1) bekezd\u00e9s\u00e9ben eml\u00edtett k\u00fcl\u00f6nleges kateg\u00f3ri\u00e1in, kiv\u00e9ve, ha a 9. cikk (2) bekezd\u00e9s\u00e9nek a) vagy g) pontja alkalmazand\u00f3, \u00e9s az \u00e9rintett jogainak, szabads\u00e1gainak \u00e9s jogos \u00e9rdekeinek v\u00e9delme \u00e9rdek\u00e9ben megfelel\u0151 int\u00e9zked\u00e9sek megt\u00e9tel\u00e9re ker\u00fclt sor.<br \/>\n(Rendelet 22. cikk)<br \/>\nKorl\u00e1toz\u00e1sok<br \/>\n1. Az Adatkezel\u0151re vagy adatfeldolgoz\u00f3ra alkalmazand\u00f3 uni\u00f3s vagy tag\u00e1llami jog jogalkot\u00e1si int\u00e9zked\u00e9sekkel korl\u00e1tozhatja a Rendelet 12\u201322. cikkben \u00e9s a 34. cikkben foglalt, valamint a 12\u201322. cikkben meghat\u00e1rozott jogokkal \u00e9s k\u00f6telezetts\u00e9gekkel \u00f6sszhangban l\u00e9v\u0151 rendelkez\u00e9sei tekintet\u00e9ben az 5. cikkben foglalt jogok \u00e9s k\u00f6telezetts\u00e9gek hat\u00e1ly\u00e1t, ha a korl\u00e1toz\u00e1s tiszteletben tartja az alapvet\u0151 jogok \u00e9s szabads\u00e1gok l\u00e9nyeges tartalm\u00e1t, valamint az al\u00e1bbiak v\u00e9delm\u00e9hez sz\u00fcks\u00e9ges \u00e9s ar\u00e1nyos int\u00e9zked\u00e9s egy demokratikus t\u00e1rsadalomban:<br \/>\na) nemzetbiztons\u00e1g;<br \/>\nb) honv\u00e9delem;<br \/>\nc) k\u00f6zbiztons\u00e1g;<br \/>\nd) b\u0171ncselekm\u00e9nyek megel\u0151z\u00e9se, nyomoz\u00e1sa, felder\u00edt\u00e9se vagy a v\u00e1delj\u00e1r\u00e1s lefolytat\u00e1sa, illetve b\u00fcntet\u0151jogi szankci\u00f3k v\u00e9grehajt\u00e1sa, bele\u00e9rtve a k\u00f6zbiztons\u00e1got fenyeget\u0151 vesz\u00e9lyekkel szembeni v\u00e9delmet \u00e9s e vesz\u00e9lyek megel\u0151z\u00e9s\u00e9t;<br \/>\ne) az Uni\u00f3 vagy valamely tag\u00e1llam egy\u00e9b fontos, \u00e1ltal\u00e1nos k\u00f6z\u00e9rdek\u0171 c\u00e9lkit\u0171z\u00e9sei, k\u00fcl\u00f6n\u00f6sen az Uni\u00f3 vagy valamely tag\u00e1llam fontos gazdas\u00e1gi vagy p\u00e9nz\u00fcgyi \u00e9rdeke, bele\u00e9rtve a monet\u00e1ris, a k\u00f6lts\u00e9gvet\u00e9si \u00e9s az ad\u00f3z\u00e1si k\u00e9rd\u00e9seket, a n\u00e9peg\u00e9szs\u00e9g\u00fcgyet \u00e9s a szoci\u00e1lis biztons\u00e1got;<br \/>\nf) a b\u00edr\u00f3i f\u00fcggetlens\u00e9g \u00e9s a b\u00edr\u00f3s\u00e1gi elj\u00e1r\u00e1sok v\u00e9delme;<br \/>\ng) a szab\u00e1lyozott foglalkoz\u00e1sok eset\u00e9ben az etikai v\u00e9ts\u00e9gek megel\u0151z\u00e9se, kivizsg\u00e1l\u00e1sa, felder\u00edt\u00e9se \u00e9s az ezekkel kapcsolatos elj\u00e1r\u00e1sok lefolytat\u00e1sa;<br \/>\nh) az a)\u2013e) \u00e9s a g) pontban eml\u00edtett esetekben \u2013 ak\u00e1r alkalmank\u00e9nt \u2013 a k\u00f6zhatalmi feladatok ell\u00e1t\u00e1s\u00e1hoz kapcsol\u00f3d\u00f3 ellen\u0151rz\u00e9si, vizsg\u00e1lati vagy szab\u00e1lyoz\u00e1si tev\u00e9kenys\u00e9g;<br \/>\ni) az \u00e9rintett v\u00e9delme vagy m\u00e1sok jogainak \u00e9s szabads\u00e1gainak v\u00e9delme;<br \/>\nj) polg\u00e1ri jogi k\u00f6vetel\u00e9sek \u00e9rv\u00e9nyes\u00edt\u00e9se.<br \/>\n2. Az 1. pontban eml\u00edtett jogalkot\u00e1si int\u00e9zked\u00e9sek adott esetben r\u00e9szletes rendelkez\u00e9seket tartalmaznak legal\u00e1bb:<br \/>\na) az adatkezel\u00e9s c\u00e9ljaira vagy az adatkezel\u00e9s kateg\u00f3ri\u00e1ira,<br \/>\nb) a szem\u00e9lyes adatok kateg\u00f3ri\u00e1ira,<br \/>\nc) a bevezetett korl\u00e1toz\u00e1sok hat\u00e1ly\u00e1ra,<br \/>\nd) a vissza\u00e9l\u00e9sre, illetve a jogosulatlan hozz\u00e1f\u00e9r\u00e9sre vagy tov\u00e1bb\u00edt\u00e1s megakad\u00e1lyoz\u00e1s\u00e1t c\u00e9lz\u00f3 garanci\u00e1kra,<br \/>\ne) az Adatkezel\u0151 meghat\u00e1roz\u00e1s\u00e1ra vagy az Adatkezel\u0151k kateg\u00f3ri\u00e1inak meghat\u00e1roz\u00e1s\u00e1ra,<br \/>\nf) az adatt\u00e1rol\u00e1s id\u0151tartam\u00e1ra, valamint az alkalmazand\u00f3 garanci\u00e1kra, figyelembe v\u00e9ve az adatkezel\u00e9s vagy az adatkezel\u00e9si kateg\u00f3ri\u00e1k jelleg\u00e9t, hat\u00e1ly\u00e1t \u00e9s c\u00e9ljait,<br \/>\ng) az \u00e9rintettek jogait \u00e9s szabads\u00e1gait \u00e9rint\u0151 kock\u00e1zatokra, \u00e9s<br \/>\nh) az \u00e9rintettek arra vonatkoz\u00f3 jog\u00e1ra, hogy t\u00e1j\u00e9koztat\u00e1st kapjanak a korl\u00e1toz\u00e1sr\u00f3l, kiv\u00e9ve, ha ez h\u00e1tr\u00e1nyosan befoly\u00e1solhatja a korl\u00e1toz\u00e1s c\u00e9lj\u00e1t.<br \/>\n(Rendelet 23. cikk)<br \/>\nAz \u00e9rintett t\u00e1j\u00e9koztat\u00e1sa az adatv\u00e9delmi incidensr\u0151l<br \/>\n1. Ha az adatv\u00e9delmi incidens val\u00f3sz\u00edn\u0171s\u00edthet\u0151en magas kock\u00e1zattal j\u00e1r a term\u00e9szetes szem\u00e9lyek jogaira \u00e9s szabads\u00e1gaira n\u00e9zve, az Adatkezel\u0151 indokolatlan k\u00e9sedelem n\u00e9lk\u00fcl t\u00e1j\u00e9koztatja az \u00e9rintettet az adatv\u00e9delmi incidensr\u0151l.<br \/>\n2. Az 1. pontban eml\u00edtett, az \u00e9rintett r\u00e9sz\u00e9re adott t\u00e1j\u00e9koztat\u00e1sban vil\u00e1gosan \u00e9s k\u00f6z\u00e9rthet\u0151en ismertetni kell az adatv\u00e9delmi incidens jelleg\u00e9t, \u00e9s k\u00f6z\u00f6lni kell legal\u00e1bb a Rendelet 33. cikk (3) bekezd\u00e9s\u00e9nek b), c) \u00e9s d) pontj\u00e1ban eml\u00edtett inform\u00e1ci\u00f3kat \u00e9s int\u00e9zked\u00e9seket.<br \/>\n3. Az \u00e9rintettet nem kell az 1. pontban eml\u00edtettek szerint t\u00e1j\u00e9koztatni, ha a k\u00f6vetkez\u0151 felt\u00e9telek b\u00e1rmelyike teljes\u00fcl:<br \/>\na) az Adatkezel\u0151 megfelel\u0151 technikai \u00e9s szervez\u00e9si v\u00e9delmi int\u00e9zked\u00e9seket hajtott v\u00e9gre, \u00e9s ezeket az int\u00e9zked\u00e9seket az adatv\u00e9delmi incidens \u00e1ltal \u00e9rintett adatok tekintet\u00e9ben alkalmazt\u00e1k, k\u00fcl\u00f6n\u00f6sen azokat az int\u00e9zked\u00e9seket \u2013 mint p\u00e9ld\u00e1ul a titkos\u00edt\u00e1s alkalmaz\u00e1sa \u2013, amelyek a szem\u00e9lyes adatokhoz val\u00f3 hozz\u00e1f\u00e9r\u00e9sre fel nem jogos\u00edtott szem\u00e9lyek sz\u00e1m\u00e1ra \u00e9rtelmezhetetlenn\u00e9 teszik az adatokat;<br \/>\nb) az Adatkezel\u0151 az adatv\u00e9delmi incidenst k\u00f6vet\u0151en olyan tov\u00e1bbi int\u00e9zked\u00e9seket tett, amelyek biztos\u00edtj\u00e1k, hogy az \u00e9rintett jogaira \u00e9s szabads\u00e1gaira jelentett, az 1. pontban eml\u00edtett magas kock\u00e1zat a tov\u00e1bbiakban val\u00f3sz\u00edn\u0171s\u00edthet\u0151en nem val\u00f3sul meg;<br \/>\nc) a t\u00e1j\u00e9koztat\u00e1s ar\u00e1nytalan er\u0151fesz\u00edt\u00e9st tenne sz\u00fcks\u00e9gess\u00e9. Ilyen esetekben az \u00e9rintetteket nyilv\u00e1nosan k\u00f6zz\u00e9tett inform\u00e1ci\u00f3k \u00fatj\u00e1n kell t\u00e1j\u00e9koztatni, vagy olyan hasonl\u00f3 int\u00e9zked\u00e9st kell hozni, amely biztos\u00edtja az \u00e9rintettek hasonl\u00f3an hat\u00e9kony t\u00e1j\u00e9koztat\u00e1s\u00e1t.<br \/>\n4. Ha az Adatkezel\u0151 m\u00e9g nem \u00e9rtes\u00edtette az \u00e9rintettet az adatv\u00e9delmi incidensr\u0151l, a fel\u00fcgyeleti hat\u00f3s\u00e1g, miut\u00e1n m\u00e9rlegelte, hogy az adatv\u00e9delmi incidens val\u00f3sz\u00edn\u0171s\u00edthet\u0151en magas kock\u00e1zattal j\u00e1r-e, elrendelheti az \u00e9rintett t\u00e1j\u00e9koztat\u00e1s\u00e1t, vagy meg\u00e1llap\u00edthatja a 3. pontban eml\u00edtett felt\u00e9telek valamelyik\u00e9nek teljes\u00fcl\u00e9s\u00e9t.<br \/>\n(Rendelet 34. cikk)<br \/>\nA fel\u00fcgyeleti hat\u00f3s\u00e1gn\u00e1l t\u00f6rt\u00e9n\u0151 panaszt\u00e9telhez val\u00f3 jog<br \/>\n1. Az egy\u00e9b k\u00f6zigazgat\u00e1si vagy b\u00edr\u00f3s\u00e1gi jogorvoslatok s\u00e9relme n\u00e9lk\u00fcl, minden \u00e9rintett jogosult arra, hogy panaszt tegyen egy fel\u00fcgyeleti hat\u00f3s\u00e1gn\u00e1l \u2013 k\u00fcl\u00f6n\u00f6sen a szok\u00e1sos tart\u00f3zkod\u00e1si helye, a munkahelye vagy a felt\u00e9telezett jogs\u00e9rt\u00e9s helye szerinti tag\u00e1llamban \u2013, ha az \u00e9rintett meg\u00edt\u00e9l\u00e9se szerint a r\u00e1 vonatkoz\u00f3 szem\u00e9lyes adatok kezel\u00e9se megs\u00e9rti e rendeletet.<br \/>\n2. Az a fel\u00fcgyeleti hat\u00f3s\u00e1g, amelyhez a panaszt beny\u00fajtott\u00e1k, k\u00f6teles t\u00e1j\u00e9koztatni az \u00fcgyfelet a panasszal kapcsolatos elj\u00e1r\u00e1si fejlem\u00e9nyekr\u0151l \u00e9s annak eredm\u00e9ny\u00e9r\u0151l, ide\u00e9rtve azt is, hogy a Rendelet 78. cikk alapj\u00e1n az \u00fcgyf\u00e9l jogosult b\u00edr\u00f3s\u00e1gi jogorvoslattal \u00e9lni.<br \/>\n(Rendelet 77. cikk)<br \/>\nA fel\u00fcgyeleti hat\u00f3s\u00e1ggal szembeni hat\u00e9kony b\u00edr\u00f3s\u00e1gi jogorvoslathoz val\u00f3 jog<br \/>\n1. Az egy\u00e9b k\u00f6zigazgat\u00e1si vagy nem b\u00edr\u00f3s\u00e1gi \u00fatra tartoz\u00f3 jogorvoslatok s\u00e9relme n\u00e9lk\u00fcl, minden term\u00e9szetes \u00e9s jogi szem\u00e9ly jogosult a hat\u00e9kony b\u00edr\u00f3s\u00e1gi jogorvoslatra a fel\u00fcgyeleti hat\u00f3s\u00e1g r\u00e1 vonatkoz\u00f3, jogilag k\u00f6telez\u0151 erej\u0171 d\u00f6nt\u00e9s\u00e9vel szemben.<br \/>\n2. Az egy\u00e9b k\u00f6zigazgat\u00e1si vagy nem b\u00edr\u00f3s\u00e1gi \u00fatra tartoz\u00f3 jogorvoslatok s\u00e9relme n\u00e9lk\u00fcl, minden \u00e9rintett jogosult a hat\u00e9kony b\u00edr\u00f3s\u00e1gi jogorvoslatra, ha a Rendelet 55. vagy 56. cikk alapj\u00e1n illet\u00e9kes fel\u00fcgyeleti hat\u00f3s\u00e1g nem foglalkozik a panasszal, vagy h\u00e1rom h\u00f3napon bel\u00fcl nem t\u00e1j\u00e9koztatja az \u00e9rintettet a 77. cikk alapj\u00e1n beny\u00fajtott panasszal kapcsolatos elj\u00e1r\u00e1si fejlem\u00e9nyekr\u0151l vagy annak eredm\u00e9ny\u00e9r\u0151l.<br \/>\n3. A fel\u00fcgyeleti hat\u00f3s\u00e1ggal szembeni elj\u00e1r\u00e1st a fel\u00fcgyeleti hat\u00f3s\u00e1g sz\u00e9khelye szerinti tag\u00e1llam b\u00edr\u00f3s\u00e1ga el\u0151tt kell megind\u00edtani.<br \/>\n4. Ha a fel\u00fcgyeleti hat\u00f3s\u00e1g olyan d\u00f6nt\u00e9se ellen ind\u00edtanak elj\u00e1r\u00e1st, amellyel kapcsolatban az egys\u00e9gess\u00e9gi mechanizmus keret\u00e9ben a Test\u00fclet el\u0151z\u0151leg v\u00e9lem\u00e9nyt bocs\u00e1tott ki vagy d\u00f6nt\u00e9st hozott, a fel\u00fcgyeleti hat\u00f3s\u00e1g k\u00f6teles ezt a v\u00e9lem\u00e9nyt vagy d\u00f6nt\u00e9st a b\u00edr\u00f3s\u00e1gnak megk\u00fcldeni.<br \/>\n(Rendelet 78. cikk)<br \/>\nAz adatkezel\u0151vel vagy az adatfeldolgoz\u00f3val szembeni hat\u00e9kony b\u00edr\u00f3s\u00e1gi jogorvoslathoz val\u00f3 jog<br \/>\n1. A rendelkez\u00e9sre \u00e1ll\u00f3 k\u00f6zigazgat\u00e1si vagy nem b\u00edr\u00f3s\u00e1gi \u00fatra tartoz\u00f3 jogorvoslatok \u2013 k\u00f6zt\u00fck a fel\u00fcgyeleti hat\u00f3s\u00e1gn\u00e1l t\u00f6rt\u00e9n\u0151 panaszt\u00e9telhez val\u00f3, Rendelet 77. cikk szerinti jog \u2013 s\u00e9relme n\u00e9lk\u00fcl, minden \u00e9rintett hat\u00e9kony b\u00edr\u00f3s\u00e1gi jogorvoslatra jogosult, ha meg\u00edt\u00e9l\u00e9se szerint a szem\u00e9lyes adatainak e rendeletnek nem megfelel\u0151 kezel\u00e9se k\u00f6vetkezt\u00e9ben megs\u00e9rtett\u00e9k az e rendelet szerinti jogait.<br \/>\n2. Az adatkezel\u0151vel vagy az adatfeldolgoz\u00f3val szembeni elj\u00e1r\u00e1st az adatkezel\u0151 vagy az adatfeldolgoz\u00f3 tev\u00e9kenys\u00e9gi helye szerinti tag\u00e1llam b\u00edr\u00f3s\u00e1ga el\u0151tt kell megind\u00edtani. Az ilyen elj\u00e1r\u00e1s megind\u00edthat\u00f3 az \u00e9rintett szok\u00e1sos tart\u00f3zkod\u00e1si helye szerinti tag\u00e1llam b\u00edr\u00f3s\u00e1ga el\u0151tt is, kiv\u00e9ve, ha az adatkezel\u0151 vagy az adatfeldolgoz\u00f3 valamely tag\u00e1llamnak a k\u00f6zhatalmi jogk\u00f6r\u00e9ben elj\u00e1r\u00f3 k\u00f6zhatalmi szerve.<br \/>\n(Rendelet 79. cikk)<\/p>\n<p>X. FEJEZET<br \/>\nAZ \u00c9RINTETT K\u00c9RELM\u00c9NEK EL\u0150TERJESZT\u00c9SE,<br \/>\nAZ ADATKEZEL\u0150 INT\u00c9ZKED\u00c9SEI<br \/>\n40.\u00a7 Int\u00e9zked\u00e9sek az \u00e9rintett k\u00e9relme alapj\u00e1n<br \/>\n(1) A T\u00e1rsas\u00e1gunk, mint adatkezel\u0151 indokolatlan k\u00e9sedelem n\u00e9lk\u00fcl, de mindenf\u00e9lek\u00e9ppen a k\u00e9relem be\u00e9rkez\u00e9s\u00e9t\u0151l sz\u00e1m\u00edtott egy h\u00f3napon bel\u00fcl t\u00e1j\u00e9koztatja az \u00e9rintettet a jogai gyakorl\u00e1s\u00e1ra ir\u00e1nyul\u00f3 k\u00e9relme nyom\u00e1n hozott int\u00e9zked\u00e9sekr\u0151l.<br \/>\n(2) Sz\u00fcks\u00e9g eset\u00e9n, figyelembe v\u00e9ve a k\u00e9relem \u00f6sszetetts\u00e9g\u00e9t \u00e9s a k\u00e9relmek sz\u00e1m\u00e1t, ez a hat\u00e1rid\u0151 tov\u00e1bbi k\u00e9t h\u00f3nappal meghosszabb\u00edthat\u00f3. A hat\u00e1rid\u0151 meghosszabb\u00edt\u00e1s\u00e1r\u00f3l az Adatkezel\u0151 a k\u00e9sedelem okainak megjel\u00f6l\u00e9s\u00e9vel a k\u00e9relem k\u00e9zhezv\u00e9tel\u00e9t\u0151l sz\u00e1m\u00edtott egy h\u00f3napon bel\u00fcl t\u00e1j\u00e9koztatja az \u00e9rintettet.<br \/>\n(3) Ha az \u00e9rintett elektronikus \u00faton ny\u00fajtotta be a k\u00e9relmet, a t\u00e1j\u00e9koztat\u00e1st lehet\u0151s\u00e9g szerint elektronikus \u00faton kell megadni, kiv\u00e9ve, ha az \u00e9rintett azt m\u00e1sk\u00e9nt k\u00e9ri.<br \/>\n(4) Ha az Adatkezel\u0151 nem tesz int\u00e9zked\u00e9seket az \u00e9rintett k\u00e9relme nyom\u00e1n, k\u00e9sedelem n\u00e9lk\u00fcl, de legk\u00e9s\u0151bb a k\u00e9relem be\u00e9rkez\u00e9s\u00e9t\u0151l sz\u00e1m\u00edtott egy h\u00f3napon bel\u00fcl t\u00e1j\u00e9koztatja az \u00e9rintettet az int\u00e9zked\u00e9s elmarad\u00e1s\u00e1nak okair\u00f3l, valamint arr\u00f3l, hogy az \u00e9rintett panaszt ny\u00fajthat be valamely fel\u00fcgyeleti hat\u00f3s\u00e1gn\u00e1l, \u00e9s \u00e9lhet b\u00edr\u00f3s\u00e1gi jogorvoslati jog\u00e1val.<br \/>\n(5) T\u00e1rsas\u00e1gunk, mint Adatkezel\u0151 a Rendelet 13. \u00e9s 14. cikk szerinti inform\u00e1ci\u00f3kat \u00e9s az \u00e9rintett jogair\u00f3l sz\u00f3l\u00f3 t\u00e1j\u00e9koztat\u00e1st (Rendelt 15-22. \u00e9s 34. cikk) \u00e9s int\u00e9zked\u00e9st d\u00edjmentesen biztos\u00edtja. Ha az \u00e9rintett k\u00e9relme egy\u00e9rtelm\u0171en megalapozatlan vagy \u2013 k\u00fcl\u00f6n\u00f6sen ism\u00e9tl\u0151d\u0151 jellege miatt \u2013 t\u00falz\u00f3, az Adatkezel\u0151, figyelemmel a k\u00e9rt inform\u00e1ci\u00f3 vagy t\u00e1j\u00e9koztat\u00e1s ny\u00fajt\u00e1s\u00e1val vagy a k\u00e9rt int\u00e9zked\u00e9s meghozatal\u00e1val j\u00e1r\u00f3 adminisztrat\u00edv k\u00f6lts\u00e9gekre:<br \/>\na) 6.350,-Ft \u00f6sszeg\u0171 d\u00edjat sz\u00e1m\u00edthat fel, vagy<br \/>\nb) megtagadhatja a k\u00e9relem alapj\u00e1n t\u00f6rt\u00e9n\u0151 int\u00e9zked\u00e9st.<br \/>\nA k\u00e9relem egy\u00e9rtelm\u0171en megalapozatlan vagy t\u00falz\u00f3 jelleg\u00e9nek bizony\u00edt\u00e1sa az Adatkezel\u0151t terheli.<br \/>\n(6) Ha T\u00e1rsas\u00e1gunknak, mint Adatkezel\u0151nek megalapozott k\u00e9ts\u00e9gei vannak a k\u00e9relmet beny\u00fajt\u00f3 term\u00e9szetes szem\u00e9ly kil\u00e9t\u00e9vel kapcsolatban, tov\u00e1bbi, az \u00e9rintett szem\u00e9lyazonoss\u00e1g\u00e1nak meger\u0151s\u00edt\u00e9s\u00e9hez sz\u00fcks\u00e9ges inform\u00e1ci\u00f3k ny\u00fajt\u00e1s\u00e1t k\u00e9rheti.<br \/>\nXI. FEJEZET<br \/>\nZ\u00c1R\u00d3 RENDELKEZ\u00c9SEK<br \/>\n41. \u00a7 A Szab\u00e1lyzat meg\u00e1llap\u00edt\u00e1sa \u00e9s m\u00f3dos\u00edt\u00e1sa<br \/>\nA Szab\u00e1lyzat meg\u00e1llap\u00edt\u00e1s\u00e1ra \u00e9s m\u00f3dos\u00edt\u00e1s\u00e1ra a T\u00e1rsas\u00e1g \u00fcgyvezet\u0151je jogosult.<br \/>\n42. \u00a7 Int\u00e9zked\u00e9sek a szab\u00e1lyzat megismertet\u00e9se<br \/>\nE Szab\u00e1lyzat rendelkez\u00e9seit meg kell ismertetni a T\u00e1rsas\u00e1g valamennyi munkav\u00e1llal\u00f3j\u00e1val (foglalkoztatottj\u00e1val), \u00e9s a munkav\u00e9gz\u00e9sre ir\u00e1nyul\u00f3 szerz\u0151d\u00e9sekben el\u0151 kell \u00edrni, hogy betart\u00e1sa \u00e9s \u00e9rv\u00e9nyes\u00edt\u00e9se minden munkav\u00e1llal\u00f3 (foglalkoztatott) l\u00e9nyeges munkak\u00f6ri k\u00f6telezetts\u00e9ge. A munkaszerz\u0151d\u00e9si kik\u00f6t\u00e9s mint\u00e1ja jelen szab\u00e1lyzat 10. sz\u00e1m\u00fa mell\u00e9klete tartalmazza.<br \/>\nADATV\u00c9DELMI IR\u00c1NYELVEK:<br \/>\nAdatv\u00e9delmi ir\u00e1nyelvek<br \/>\nKik vagyunk<br \/>\nA weboldalunk c\u00edme: https:\/\/infocart.hu\/foglalas<br \/>\nMelyek azok a szem\u00e9lyes adatok, amiket gy\u0171jt\u00fcnk \u00e9s milyen c\u00e9llal gy\u0171jtj\u00fck ezeket<br \/>\nHozz\u00e1sz\u00f3l\u00e1sok<br \/>\nHozz\u00e1sz\u00f3l\u00e1s bek\u00fcld\u00e9sekor a hozz\u00e1sz\u00f3l\u00e1si \u0171rlapban megadottakon k\u00edv\u00fcl begy\u0171jt\u00e9sre ker\u00fcl a hozz\u00e1sz\u00f3l\u00f3 IP c\u00edme \u00e9s a b\u00f6ng\u00e9sz\u0151azonos\u00edt\u00f3 karakterl\u00e1nc a k\u00e9retlen tartalmak kisz\u0171r\u00e9se c\u00e9lj\u00e1b\u00f3l.<br \/>\nEgy szem\u00e9lytelen\u00edtett, az e-mail c\u00edmb\u0151l el\u0151\u00e1ll\u00edtott karakterl\u00e1nc (hashnek szok\u00e1s nevezni) ker\u00fcl tov\u00e1bb\u00edt\u00e1sra a Gravatar szolg\u00e1ltat\u00e1s fel\u00e9, ha ez az oldalon haszn\u00e1latban van. A Gravatar szolg\u00e1ltat\u00e1s felt\u00e9telei az al\u00e1bbi c\u00edmen tekinthet\u0151ek meg: https:\/\/automattic.com\/privacy\/. A hozz\u00e1sz\u00f3l\u00e1s elfogad\u00e1sa ut\u00e1n, a hozz\u00e1sz\u00f3l\u00e1sunk tartalma \u00e9s a profil k\u00e9p\u00fcnk is megjelenik nyilv\u00e1nosan.<br \/>\nM\u00e9dia<br \/>\nAmennyiben regisztr\u00e1lt felhaszn\u00e1l\u00f3 \u00e1ltal ker\u00fcl k\u00e9p felt\u00f6lt\u00e9sre a honlapra, ker\u00fclni kell az az olyan EXIF-eket, amelyekben GPS poz\u00edci\u00f3 adatok is szerepelnek. A honlap l\u00e1togat\u00f3i ezeket let\u00f6lthetik \u00e9s kinyerhetik a helyadatokat a honlapon tal\u00e1lhat\u00f3 k\u00e9pekb\u0151l.<br \/>\nKapcsolatfelv\u00e9teli \u0171rlapok<br \/>\nS\u00fctik<br \/>\nHa hozz\u00e1sz\u00f3l\u00e1st adsz a honlapodon, bejelentkezve maradhatsz a megadott neved, e-mail-ed \u00e9s webc\u00edmed elt\u00e1rol\u00e1s\u00e1val egy s\u00fctiben. A t\u00e1rol\u00e1s a te k\u00e9nyelmi c\u00e9lokat szolg\u00e1lja az\u00e9rt, hogy a k\u00f6vetkez\u0151 hozz\u00e1sz\u00f3l\u00e1skor ezeket az adatmez\u0151ket ne kelljen kit\u00f6ltened. Ezeknek a s\u00fctiknek a lej\u00e1rati ideje 1 \u00e9v.<br \/>\nHa rendelkez\u00fcnk felhaszn\u00e1l\u00f3i fi\u00f3kkal \u00e9s be is vagyunk jelentkezve erre a honlapra, akkor \u00e1tmeneti s\u00fctiket \u00e1ll\u00edtunk be, annak \u00e9rdek\u00e9ben, hogy meg\u00e1llap\u00edtsuk, hogy a b\u00f6ng\u00e9sz\u0151 elfogadja-e a s\u00fctiket. Ezek a s\u00fctik nem tartalmaznak szem\u00e9lyes inform\u00e1ci\u00f3t, \u00e9s t\u00f6rl\u0151dnek, ahogy bez\u00e1rjuk a b\u00f6ng\u00e9sz\u0151t.<br \/>\nA honlapra t\u00f6rt\u00e9n\u0151 bejelentkez\u00e9skor t\u00f6bb s\u00fctit hozunk l\u00e9tre, amely elmenti a bejelentkez\u00e9si inform\u00e1ci\u00f3t \u00e9s a szerkeszt\u0151fel\u00fclet megjelen\u00edt\u00e9si opci\u00f3it. A bejelentkez\u00e9si s\u00fctik k\u00e9t napig \u00e9rv\u00e9nyesek, a szerkeszt\u0151fel\u00fclet megjelen\u00edt\u00e9si opci\u00f3it t\u00e1rol\u00f3 s\u00fcti egy \u00e9vig. Amennyiben az \u201cEml\u00e9kezz r\u00e1m\u201d opci\u00f3t bejel\u00f6lj\u00fck, a bejelentkez\u00e9s k\u00e9t h\u00e9tig folytat\u00f3dik. Kijelentkez\u00e9skor a bejelentkez\u00e9si s\u00fctik elt\u00e1vol\u00edt\u00e1sra ker\u00fclnek.<br \/>\nAmennyiben bejegyz\u00e9st vagy oldalt szerkeszt\u00fcnk, egy \u00fajabb s\u00fctit t\u00e1rol el a b\u00f6ng\u00e9sz\u0151nk. Ez a s\u00fcti nem tartalmaz szem\u00e9lyes adatot, egyszer\u0171en csak a bejegyz\u00e9s azonos\u00edt\u00f3 sz\u00e1m\u00e1t t\u00e1rolja, amelyet szerkesztett\u00fcnk. Egy nap m\u00falva j\u00e1r le az \u00e9rv\u00e9nyess\u00e9ge.<br \/>\nM\u00e1s honlapokr\u00f3l sz\u00e1rmaz\u00f3 be\u00e1gyazott tartalmak<br \/>\nA honlapon el\u00e9rhet\u0151 bejegyz\u00e9sek k\u00fcls\u0151 forr\u00e1sb\u00f3l sz\u00e1rmaz\u00f3 be\u00e1gyazott tartalmakat (pl. vide\u00f3k, k\u00e9pek, cikkek stb.) haszn\u00e1lhatnak. A k\u00fcls\u0151 forr\u00e1sb\u00f3l sz\u00e1rmaz\u00f3 be\u00e1gyazott tartalmak pontosan \u00fagy viselkednek, mintha megl\u00e1togattunk volna egy m\u00e1sik honlapot.<br \/>\nEzek a webhelyek lehets\u00e9ges, hogy adatot gy\u0171jtenek a l\u00e1togat\u00f3kr\u00f3l, s\u00fctiket vagy harmadik f\u00e9lt\u0151l sz\u00e1rmaz\u00f3 k\u00f6vet\u0151k\u00f3dot haszn\u00e1lnak, figyelik a be\u00e1gyazott tartalommal kapcsolatos felhaszn\u00e1l\u00f3i viselked\u00e9st, ha rendelkez\u00fcnk felhaszn\u00e1l\u00f3i fi\u00f3kkal \u00e9s be vagyunk jelentkezve az oldalra.<br \/>\nAnalitika<br \/>\nKivel osztjuk meg a felhaszn\u00e1l\u00f3i adatokat<br \/>\nMennyi ideig \u0151rizz\u00fck a szem\u00e9lyes adatot<br \/>\nHa hozz\u00e1sz\u00f3lunk, a hozz\u00e1sz\u00f3l\u00e1s \u00e9s annak metaadatai nem meghat\u00e1rozhat\u00f3 ideig a rendszerben maradnak. Ennek c\u00e9lja, hogy az \u00f6sszes ezt k\u00f6vet\u0151 b\u00e1rmely hozz\u00e1sz\u00f3l\u00e1s \u00e1ltalunk megismertt\u00e9 \u00e9s j\u00f3v\u00e1hagyott\u00e1 v\u00e1ljon, azaz ne ker\u00fclj\u00f6n fel a moder\u00e1land\u00f3 hozz\u00e1sz\u00f3l\u00e1sok list\u00e1j\u00e1ra.<br \/>\nA honlapon regisztr\u00e1lt felhaszn\u00e1l\u00f3k (ha vannak ilyenek) szem\u00e9lyes adatai a saj\u00e1t felhaszn\u00e1l\u00f3i profiljukban is t\u00e1rol\u00e1sra ker\u00fclnek. Minden felhaszn\u00e1l\u00f3 megtekintheti, szerkesztheti vagy t\u00f6r\u00f6lheti a szem\u00e9lyes adatait b\u00e1rmikor (kiv\u00e9ve, hogy nem v\u00e1ltoztathatja meg a saj\u00e1t felhaszn\u00e1l\u00f3i nev\u00e9t). A honlap rendszergazd\u00e1i ezen inform\u00e1ci\u00f3kat szint\u00e9n megtekinthetik \u00e9s szerkeszthetik.<br \/>\nMilyen jogokkal rendelkezik a felhaszn\u00e1l\u00f3 a saj\u00e1t adatai kapcs\u00e1n<br \/>\nA weboldalon regisztr\u00e1lt fi\u00f3k vagy hozz\u00e1sz\u00f3l\u00e1s \u00edr\u00e1sa eset\u00e9n k\u00e9rhet\u0151 a szem\u00e9lyes adatok export f\u00e1jlban t\u00f6rt\u00e9n\u0151 megk\u00fcld\u00e9se, amely b\u00e1rmilyen adatot tartalmaz, amit kor\u00e1bban a felhaszn\u00e1l\u00f3 rendelkez\u00e9s\u00fcnkre bocs\u00e1tott. K\u00e9rhet\u0151 tov\u00e1bb\u00e1, hogy b\u00e1rmilyen kor\u00e1bban megadott szem\u00e9lyes adatot t\u00f6r\u00f6lj\u00fck. Ez nem vonatkozik azokra az adatokra, amelyeket adminisztr\u00e1ci\u00f3s, jogi vagy biztons\u00e1gi okokb\u00f3l k\u00f6telez\u0151 meg\u0151rizn\u00fcnk.<br \/>\nHov\u00e1 tov\u00e1bb\u00edtjuk az adatokat<br \/>\nA l\u00e1togat\u00f3k \u00e1ltal bek\u00fcld\u00f6tt hozz\u00e1sz\u00f3l\u00e1sokat automatikus spamsz\u0171r\u0151 szolg\u00e1ltat\u00e1s ellen\u0151rizheti.<\/p>\n","protected":false},"excerpt":{"rendered":"<p>Tartalma: \u00c1ltal\u00e1nos Szerz\u0151d\u00e9si Felt\u00e9tele \u2013 Adatv\u00e9delmi Szab\u00e1lyzat, Adatkezel\u00e9si Szab\u00e1lyzat &nbsp; ADATV\u00c9DELMI SZAB\u00c1LYZAT Adatv\u00e9delmi Szab\u00e1lyzat Adatv\u00e9delmi politika Adatv\u00e9delmi Szab\u00e1lyzata az InfoCart-Team Bt. tulajdon\u00e1ban l\u00e9v\u0151 weboldalakra vonatkoz\u00f3an. T\u00e9telesen: infocart.hu, bal1.hu, ujravezetni.hu honlapok \u00c9rv\u00e9nyess\u00e9g kezdete: 2019.09.17. Az \u00fczemeltet\u0151-tulajdonos Infocart-Team Bt. tiszteletben tartja a l\u00e1togat\u00f3k \u00e9s felhaszn\u00e1l\u00f3k szem\u00e9lyhez f\u0171z\u0151d\u0151 jogait \u00e9s biztos\u00edtja a l\u00e1togat\u00f3k \u00e9s felhaszn\u00e1l\u00f3k mag\u00e1nszf\u00e9r\u00e1j\u00e1nak v\u00e9delm\u00e9t. Infocart-team &#8230;.&nbsp;&nbsp;<a class=\" special\" href=\"https:\/\/ujravezetni.hu\/cimlap\/privacy-policy\/\">Read More<\/a><\/p>\n","protected":false},"author":1,"featured_media":0,"parent":0,"menu_order":0,"comment_status":"closed","ping_status":"open","template":"","meta":{"pagelayer_contact_templates":[],"_pagelayer_content":"","footnotes":""},"class_list":["post-3","page","type-page","status-publish","hentry"],"_links":{"self":[{"href":"https:\/\/ujravezetni.hu\/cimlap\/wp-json\/wp\/v2\/pages\/3","targetHints":{"allow":["GET"]}}],"collection":[{"href":"https:\/\/ujravezetni.hu\/cimlap\/wp-json\/wp\/v2\/pages"}],"about":[{"href":"https:\/\/ujravezetni.hu\/cimlap\/wp-json\/wp\/v2\/types\/page"}],"author":[{"embeddable":true,"href":"https:\/\/ujravezetni.hu\/cimlap\/wp-json\/wp\/v2\/users\/1"}],"replies":[{"embeddable":true,"href":"https:\/\/ujravezetni.hu\/cimlap\/wp-json\/wp\/v2\/comments?post=3"}],"version-history":[{"count":10,"href":"https:\/\/ujravezetni.hu\/cimlap\/wp-json\/wp\/v2\/pages\/3\/revisions"}],"predecessor-version":[{"id":331,"href":"https:\/\/ujravezetni.hu\/cimlap\/wp-json\/wp\/v2\/pages\/3\/revisions\/331"}],"wp:attachment":[{"href":"https:\/\/ujravezetni.hu\/cimlap\/wp-json\/wp\/v2\/media?parent=3"}],"curies":[{"name":"wp","href":"https:\/\/api.w.org\/{rel}","templated":true}]}}